{"id":3629,"date":"2024-03-07T16:26:49","date_gmt":"2024-03-07T15:26:49","guid":{"rendered":"https:\/\/anthonyrojo.com\/?page_id=3629"},"modified":"2026-02-02T17:07:55","modified_gmt":"2026-02-02T16:07:55","slug":"reportages_culture","status":"publish","type":"page","link":"https:\/\/anthonyrojo.com\/?page_id=3629","title":{"rendered":"Reportages culture"},"content":{"rendered":"\t\t<div data-elementor-type=\"wp-page\" data-elementor-id=\"3629\" class=\"elementor elementor-3629\">\n\t\t\t\t<div class=\"elementor-element elementor-element-ce30f79 e-flex e-con-boxed elementor-invisible e-con e-parent\" data-id=\"ce30f79\" data-element_type=\"container\" data-e-type=\"container\" data-settings=\"{&quot;background_background&quot;:&quot;video&quot;,&quot;background_play_on_mobile&quot;:&quot;yes&quot;,&quot;animation&quot;:&quot;fadeIn&quot;,&quot;background_video_link&quot;:&quot;https:\\\/\\\/www.youtube.com\\\/watch?v=1xUlgVXUN5o&quot;,&quot;background_video_start&quot;:11,&quot;background_video_end&quot;:15,&quot;glcr_ext_is_sticky&quot;:&quot;false&quot;}\">\n\t\t\t\t\t<div class=\"e-con-inner\">\n\t\t<div class=\"elementor-background-video-container\">\n\t\t\t\t\t\t\t<div class=\"elementor-background-video-embed\" role=\"presentation\"><\/div>\n\t\t\t\t\t\t<\/div>\t\t\t<\/div>\n\t\t\t\t<\/div>\n\t\t<div class=\"elementor-element elementor-element-01246b4 e-flex e-con-boxed e-con e-parent\" data-id=\"01246b4\" data-element_type=\"container\" data-e-type=\"container\" data-settings=\"{&quot;background_background&quot;:&quot;classic&quot;,&quot;glcr_ext_is_sticky&quot;:&quot;false&quot;}\">\n\t\t\t\t\t<div class=\"e-con-inner\">\n\t\t<div class=\"elementor-element elementor-element-128d2f5 e-con-full e-flex e-con e-child\" data-id=\"128d2f5\" data-element_type=\"container\" data-e-type=\"container\" data-settings=\"{&quot;glcr_ext_is_sticky&quot;:&quot;false&quot;}\">\n\t\t\t\t<div class=\"elementor-element elementor-element-d044ed8 elementor-invisible elementor-widget elementor-widget-image\" data-id=\"d044ed8\" data-element_type=\"widget\" data-e-type=\"widget\" data-settings=\"{&quot;_animation&quot;:&quot;fadeInUp&quot;,&quot;glcr_ext_is_infinite&quot;:&quot;false&quot;,&quot;glcr_ext_is_scrollme&quot;:&quot;false&quot;}\" data-widget_type=\"image.default\">\n\t\t\t\t<div class=\"elementor-widget-container\">\n\t\t\t\t\t\t\t\t\t\t\t\t\t\t\t<img fetchpriority=\"high\" decoding=\"async\" width=\"512\" height=\"512\" src=\"https:\/\/anthonyrojo.com\/wp-content\/uploads\/2024\/03\/cropped-Logo-Anthony-Rojo-Photographe-Bordeaux3.png\" class=\"attachment-large size-large wp-image-2445\" alt=\"\" srcset=\"https:\/\/anthonyrojo.com\/wp-content\/uploads\/2024\/03\/cropped-Logo-Anthony-Rojo-Photographe-Bordeaux3.png 512w, https:\/\/anthonyrojo.com\/wp-content\/uploads\/2024\/03\/cropped-Logo-Anthony-Rojo-Photographe-Bordeaux3-300x300.png 300w, https:\/\/anthonyrojo.com\/wp-content\/uploads\/2024\/03\/cropped-Logo-Anthony-Rojo-Photographe-Bordeaux3-150x150.png 150w, https:\/\/anthonyrojo.com\/wp-content\/uploads\/2024\/03\/cropped-Logo-Anthony-Rojo-Photographe-Bordeaux3-90x90.png 90w, https:\/\/anthonyrojo.com\/wp-content\/uploads\/2024\/03\/cropped-Logo-Anthony-Rojo-Photographe-Bordeaux3-270x270.png 270w, https:\/\/anthonyrojo.com\/wp-content\/uploads\/2024\/03\/cropped-Logo-Anthony-Rojo-Photographe-Bordeaux3-192x192.png 192w, https:\/\/anthonyrojo.com\/wp-content\/uploads\/2024\/03\/cropped-Logo-Anthony-Rojo-Photographe-Bordeaux3-180x180.png 180w, https:\/\/anthonyrojo.com\/wp-content\/uploads\/2024\/03\/cropped-Logo-Anthony-Rojo-Photographe-Bordeaux3-32x32.png 32w\" sizes=\"(max-width: 512px) 100vw, 512px\" \/>\t\t\t\t\t\t\t\t\t\t\t\t\t\t\t<\/div>\n\t\t\t\t<\/div>\n\t\t\t\t<div class=\"elementor-element elementor-element-5e01893 glcr-title-align-center glcr-title-orientation--horizontal elementor-widget elementor-widget-glcr_title\" data-id=\"5e01893\" data-element_type=\"widget\" data-e-type=\"widget\" data-settings=\"{&quot;glcr_ext_is_infinite&quot;:&quot;false&quot;,&quot;glcr_ext_is_scrollme&quot;:&quot;false&quot;}\" data-widget_type=\"glcr_title.default\">\n\t\t\t\t<div class=\"elementor-widget-container\">\n\t\t\t\t\t<div class=\"glcr-title glcr-title-default glcr-scroll--load\"><h2 class=\"glcr-title-heading\">Culture et cie !<\/h2><div class=\"glcr-title-desc\">Je photographie l\u2019Art l\u00e0 o\u00f9 il s\u2019exprime, qu\u2019il soit accroch\u00e9, jou\u00e9, expos\u00e9 ou v\u00e9cu dans la rue, sur sc\u00e8ne ou en salle. Je vous propose mon regard au service de vos actions culturelles et en pr\u00e9serve l'instant.<\/div><\/div>\t\t\t\t<\/div>\n\t\t\t\t<\/div>\n\t\t\t\t<\/div>\n\t\t\t\t\t<\/div>\n\t\t\t\t<\/div>\n\t\t<div class=\"elementor-element elementor-element-c618b6c elementor-hidden-mobile e-flex e-con-boxed e-con e-parent\" data-id=\"c618b6c\" data-element_type=\"container\" data-e-type=\"container\" data-settings=\"{&quot;glcr_ext_is_sticky&quot;:&quot;false&quot;}\">\n\t\t\t\t\t<div class=\"e-con-inner\">\n\t\t<div class=\"elementor-element elementor-element-78e8ec2 e-con-full e-flex e-con e-child\" data-id=\"78e8ec2\" data-element_type=\"container\" data-e-type=\"container\" data-settings=\"{&quot;background_background&quot;:&quot;classic&quot;,&quot;glcr_ext_is_sticky&quot;:&quot;false&quot;}\">\n\t\t<div class=\"elementor-element elementor-element-50bd122 e-flex e-con-boxed e-con e-child\" data-id=\"50bd122\" data-element_type=\"container\" data-e-type=\"container\" data-settings=\"{&quot;glcr_ext_is_sticky&quot;:&quot;false&quot;}\">\n\t\t\t\t\t<div class=\"e-con-inner\">\n\t\t\t\t<div class=\"elementor-element elementor-element-5be2c27 glcr-title-align-center glcr-title-orientation--horizontal elementor-widget elementor-widget-glcr_title\" data-id=\"5be2c27\" data-element_type=\"widget\" data-e-type=\"widget\" data-settings=\"{&quot;glcr_ext_is_infinite&quot;:&quot;false&quot;,&quot;glcr_ext_is_scrollme&quot;:&quot;false&quot;}\" data-widget_type=\"glcr_title.default\">\n\t\t\t\t<div class=\"elementor-widget-container\">\n\t\t\t\t\t<div class=\"glcr-title glcr-title-default glcr-scroll--load\"><h5 class=\"glcr-title-heading\">Spectacles vivants<\/h5><\/div>\t\t\t\t<\/div>\n\t\t\t\t<\/div>\n\t\t\t\t<div class=\"elementor-element elementor-element-05fac4d gallery-spacing-custom elementor-widget elementor-widget-image-gallery\" data-id=\"05fac4d\" data-element_type=\"widget\" data-e-type=\"widget\" data-settings=\"{&quot;glcr_ext_is_infinite&quot;:&quot;false&quot;,&quot;glcr_ext_is_scrollme&quot;:&quot;false&quot;}\" data-widget_type=\"image-gallery.default\">\n\t\t\t\t<div class=\"elementor-widget-container\">\n\t\t\t\t\t\t\t<div class=\"elementor-image-gallery\">\n\t\t\t<div id='gallery-1' class='gallery galleryid-3629 gallery-columns-3 gallery-size-glcr_image_size_square'><dl class='gallery-item'>\n\t\t\t<dt class='gallery-icon landscape'>\n\t\t\t\t<a data-elementor-open-lightbox=\"yes\" data-elementor-lightbox-slideshow=\"05fac4d\" data-elementor-lightbox-title=\"Orchestre National Bordeaux Aquitaine avec le soliste Lucas Debargue dirig\u00e9 par Joseph Swensen - Auditorium de Bordeaux\" data-e-action-hash=\"#elementor-action%3Aaction%3Dlightbox%26settings%3DeyJpZCI6NzgxMCwidXJsIjoiaHR0cHM6XC9cL2FudGhvbnlyb2pvLmNvbVwvd3AtY29udGVudFwvdXBsb2Fkc1wvMjAyNlwvMDJcL0FudGhvbnktUm9qby1QaG90b2dyYXBoZS1zcGVjdGFjbGVzLXZpdmFudHMtYm9yZGVhdXgtYXVkaW9yaXVtLTEtc2NhbGVkLmpwZyIsInNsaWRlc2hvdyI6IjA1ZmFjNGQifQ%3D%3D\" href='https:\/\/anthonyrojo.com\/wp-content\/uploads\/2026\/02\/Anthony-Rojo-Photographe-spectacles-vivants-bordeaux-audiorium-1-scaled.jpg'><img decoding=\"async\" width=\"750\" height=\"750\" data-src=\"https:\/\/anthonyrojo.com\/wp-content\/uploads\/2026\/02\/Anthony-Rojo-Photographe-spectacles-vivants-bordeaux-audiorium-1-750x750.jpg\" class=\"attachment-glcr_image_size_square size-glcr_image_size_square lazyload\" alt=\"\" data-srcset=\"https:\/\/anthonyrojo.com\/wp-content\/uploads\/2026\/02\/Anthony-Rojo-Photographe-spectacles-vivants-bordeaux-audiorium-1-750x750.jpg 750w, https:\/\/anthonyrojo.com\/wp-content\/uploads\/2026\/02\/Anthony-Rojo-Photographe-spectacles-vivants-bordeaux-audiorium-1-150x150.jpg 150w, https:\/\/anthonyrojo.com\/wp-content\/uploads\/2026\/02\/Anthony-Rojo-Photographe-spectacles-vivants-bordeaux-audiorium-1-90x90.jpg 90w, https:\/\/anthonyrojo.com\/wp-content\/uploads\/2026\/02\/Anthony-Rojo-Photographe-spectacles-vivants-bordeaux-audiorium-1-1300x1300.jpg 1300w\" data-sizes=\"(max-width: 750px) 100vw, 750px\" src=\"data:image\/svg+xml;base64,PHN2ZyB3aWR0aD0iMSIgaGVpZ2h0PSIxIiB4bWxucz0iaHR0cDovL3d3dy53My5vcmcvMjAwMC9zdmciPjwvc3ZnPg==\" style=\"--smush-placeholder-width: 750px; --smush-placeholder-aspect-ratio: 750\/750;\" \/><\/a>\n\t\t\t<\/dt><\/dl><dl class='gallery-item'>\n\t\t\t<dt class='gallery-icon landscape'>\n\t\t\t\t<a data-elementor-open-lightbox=\"yes\" data-elementor-lightbox-slideshow=\"05fac4d\" data-elementor-lightbox-title=\"Op\u00e9ra &quot;Company&quot; - Production G\u00e9n\u00e9ration Op\u00e9ra  - Op\u00e9ra National de Bordeaux\" data-e-action-hash=\"#elementor-action%3Aaction%3Dlightbox%26settings%3DeyJpZCI6NzE3OCwidXJsIjoiaHR0cHM6XC9cL2FudGhvbnlyb2pvLmNvbVwvd3AtY29udGVudFwvdXBsb2Fkc1wvMjAyNVwvMTFcLzAxLUFudGhvbnktUm9qby1QaG90b2dyYXBoZS1zcGVjdGFjbGVzLXZpdmFudHMtYm9yZGVhdXgtQ29tcGFueS1PcGVyYS1OYXRpb25hbC1HcmFuZC1UaGVhdHJlLXNjYWxlZC5qcGciLCJzbGlkZXNob3ciOiIwNWZhYzRkIn0%3D\" href='https:\/\/anthonyrojo.com\/wp-content\/uploads\/2025\/11\/01-Anthony-Rojo-Photographe-spectacles-vivants-bordeaux-Company-Opera-National-Grand-Theatre-scaled.jpg'><img decoding=\"async\" width=\"750\" height=\"750\" data-src=\"https:\/\/anthonyrojo.com\/wp-content\/uploads\/2025\/11\/01-Anthony-Rojo-Photographe-spectacles-vivants-bordeaux-Company-Opera-National-Grand-Theatre-750x750.jpg\" class=\"attachment-glcr_image_size_square size-glcr_image_size_square lazyload\" alt=\"\" data-srcset=\"https:\/\/anthonyrojo.com\/wp-content\/uploads\/2025\/11\/01-Anthony-Rojo-Photographe-spectacles-vivants-bordeaux-Company-Opera-National-Grand-Theatre-750x750.jpg 750w, https:\/\/anthonyrojo.com\/wp-content\/uploads\/2025\/11\/01-Anthony-Rojo-Photographe-spectacles-vivants-bordeaux-Company-Opera-National-Grand-Theatre-150x150.jpg 150w, https:\/\/anthonyrojo.com\/wp-content\/uploads\/2025\/11\/01-Anthony-Rojo-Photographe-spectacles-vivants-bordeaux-Company-Opera-National-Grand-Theatre-90x90.jpg 90w, https:\/\/anthonyrojo.com\/wp-content\/uploads\/2025\/11\/01-Anthony-Rojo-Photographe-spectacles-vivants-bordeaux-Company-Opera-National-Grand-Theatre-1300x1300.jpg 1300w\" data-sizes=\"(max-width: 750px) 100vw, 750px\" src=\"data:image\/svg+xml;base64,PHN2ZyB3aWR0aD0iMSIgaGVpZ2h0PSIxIiB4bWxucz0iaHR0cDovL3d3dy53My5vcmcvMjAwMC9zdmciPjwvc3ZnPg==\" style=\"--smush-placeholder-width: 750px; --smush-placeholder-aspect-ratio: 750\/750;\" \/><\/a>\n\t\t\t<\/dt><\/dl><dl class='gallery-item'>\n\t\t\t<dt class='gallery-icon landscape'>\n\t\t\t\t<a data-elementor-open-lightbox=\"yes\" data-elementor-lightbox-slideshow=\"05fac4d\" data-elementor-lightbox-title=\"Spectacle L&#039;Air d&#039;apr\u00e8s - Compagnie Crazy R - Festival Un \u00e9t\u00e9 au Grand-Parc par la Salle des F\u00eates de Bordeaux Grand-Parc\" data-e-action-hash=\"#elementor-action%3Aaction%3Dlightbox%26settings%3DeyJpZCI6NjY5MSwidXJsIjoiaHR0cHM6XC9cL2FudGhvbnlyb2pvLmNvbVwvd3AtY29udGVudFwvdXBsb2Fkc1wvMjAyNFwvMDhcL0FudGhvbnktUm9qby1QaG90b2dyYXBoZS1zcGVjdGFjbGVzLXZpdmFudHMtYm9yZGVhdXgtQ3JhenktUi1zY2FsZWQuanBnIiwic2xpZGVzaG93IjoiMDVmYWM0ZCJ9\" href='https:\/\/anthonyrojo.com\/wp-content\/uploads\/2024\/08\/Anthony-Rojo-Photographe-spectacles-vivants-bordeaux-Crazy-R-scaled.jpg'><img decoding=\"async\" width=\"750\" height=\"750\" data-src=\"https:\/\/anthonyrojo.com\/wp-content\/uploads\/2024\/08\/Anthony-Rojo-Photographe-spectacles-vivants-bordeaux-Crazy-R-750x750.jpg\" class=\"attachment-glcr_image_size_square size-glcr_image_size_square lazyload\" alt=\"\" data-srcset=\"https:\/\/anthonyrojo.com\/wp-content\/uploads\/2024\/08\/Anthony-Rojo-Photographe-spectacles-vivants-bordeaux-Crazy-R-750x750.jpg 750w, https:\/\/anthonyrojo.com\/wp-content\/uploads\/2024\/08\/Anthony-Rojo-Photographe-spectacles-vivants-bordeaux-Crazy-R-150x150.jpg 150w, https:\/\/anthonyrojo.com\/wp-content\/uploads\/2024\/08\/Anthony-Rojo-Photographe-spectacles-vivants-bordeaux-Crazy-R-90x90.jpg 90w, https:\/\/anthonyrojo.com\/wp-content\/uploads\/2024\/08\/Anthony-Rojo-Photographe-spectacles-vivants-bordeaux-Crazy-R-1300x1300.jpg 1300w\" data-sizes=\"(max-width: 750px) 100vw, 750px\" src=\"data:image\/svg+xml;base64,PHN2ZyB3aWR0aD0iMSIgaGVpZ2h0PSIxIiB4bWxucz0iaHR0cDovL3d3dy53My5vcmcvMjAwMC9zdmciPjwvc3ZnPg==\" style=\"--smush-placeholder-width: 750px; --smush-placeholder-aspect-ratio: 750\/750;\" \/><\/a>\n\t\t\t<\/dt><\/dl><br style=\"clear: both\" \/><dl class='gallery-item'>\n\t\t\t<dt class='gallery-icon landscape'>\n\t\t\t\t<a data-elementor-open-lightbox=\"yes\" data-elementor-lightbox-slideshow=\"05fac4d\" data-elementor-lightbox-title=\"Spectacle Objectif Miami - Compagnie Les Dolphin Apocalypse - Ouverture de saison culturelle du Champ de Foire - Saint-Andr\u00e9-de-Cubzac\" data-e-action-hash=\"#elementor-action%3Aaction%3Dlightbox%26settings%3DeyJpZCI6MzY1NCwidXJsIjoiaHR0cHM6XC9cL2FudGhvbnlyb2pvLmNvbVwvd3AtY29udGVudFwvdXBsb2Fkc1wvMjAyNFwvMDNcLzAxLUFudGhvbnktUm9qby1QaG90b2dyYXBoZS1zcGVjdGFjbGVzLXZpdmFudHMtYm9yZGVhdXgtMS1zY2FsZWQuanBnIiwic2xpZGVzaG93IjoiMDVmYWM0ZCJ9\" href='https:\/\/anthonyrojo.com\/wp-content\/uploads\/2024\/03\/01-Anthony-Rojo-Photographe-spectacles-vivants-bordeaux-1-scaled.jpg'><img decoding=\"async\" width=\"750\" height=\"750\" data-src=\"https:\/\/anthonyrojo.com\/wp-content\/uploads\/2024\/03\/01-Anthony-Rojo-Photographe-spectacles-vivants-bordeaux-1-750x750.jpg\" class=\"attachment-glcr_image_size_square size-glcr_image_size_square lazyload\" alt=\"\" data-srcset=\"https:\/\/anthonyrojo.com\/wp-content\/uploads\/2024\/03\/01-Anthony-Rojo-Photographe-spectacles-vivants-bordeaux-1-750x750.jpg 750w, https:\/\/anthonyrojo.com\/wp-content\/uploads\/2024\/03\/01-Anthony-Rojo-Photographe-spectacles-vivants-bordeaux-1-150x150.jpg 150w, https:\/\/anthonyrojo.com\/wp-content\/uploads\/2024\/03\/01-Anthony-Rojo-Photographe-spectacles-vivants-bordeaux-1-90x90.jpg 90w, https:\/\/anthonyrojo.com\/wp-content\/uploads\/2024\/03\/01-Anthony-Rojo-Photographe-spectacles-vivants-bordeaux-1-1300x1300.jpg 1300w\" data-sizes=\"(max-width: 750px) 100vw, 750px\" src=\"data:image\/svg+xml;base64,PHN2ZyB3aWR0aD0iMSIgaGVpZ2h0PSIxIiB4bWxucz0iaHR0cDovL3d3dy53My5vcmcvMjAwMC9zdmciPjwvc3ZnPg==\" style=\"--smush-placeholder-width: 750px; --smush-placeholder-aspect-ratio: 750\/750;\" \/><\/a>\n\t\t\t<\/dt><\/dl><dl class='gallery-item'>\n\t\t\t<dt class='gallery-icon landscape'>\n\t\t\t\t<a data-elementor-open-lightbox=\"yes\" data-elementor-lightbox-slideshow=\"05fac4d\" data-elementor-lightbox-title=\"&quot;Concert dessin\u00e9 : les plan\u00e8tes&quot; dans le cadre du Festival Gribouillis avec l&#039;Orchestre d&#039;harmonie de Bordeaux - Bordeaux\" data-e-action-hash=\"#elementor-action%3Aaction%3Dlightbox%26settings%3DeyJpZCI6NzE5NiwidXJsIjoiaHR0cHM6XC9cL2FudGhvbnlyb2pvLmNvbVwvd3AtY29udGVudFwvdXBsb2Fkc1wvMjAyNVwvMTFcLzAxLUFudGhvbnktUm9qby1QaG90b2dyYXBoZS1zcGVjdGFjbGVzLXZpdmFudHMtYm9yZGVhdXgtMjAyMC0zLmpwZyIsInNsaWRlc2hvdyI6IjA1ZmFjNGQifQ%3D%3D\" href='https:\/\/anthonyrojo.com\/wp-content\/uploads\/2025\/11\/01-Anthony-Rojo-Photographe-spectacles-vivants-bordeaux-2020-3.jpg'><img decoding=\"async\" width=\"750\" height=\"750\" data-src=\"https:\/\/anthonyrojo.com\/wp-content\/uploads\/2025\/11\/01-Anthony-Rojo-Photographe-spectacles-vivants-bordeaux-2020-3-750x750.jpg\" class=\"attachment-glcr_image_size_square size-glcr_image_size_square lazyload\" alt=\"\" data-srcset=\"https:\/\/anthonyrojo.com\/wp-content\/uploads\/2025\/11\/01-Anthony-Rojo-Photographe-spectacles-vivants-bordeaux-2020-3-750x750.jpg 750w, https:\/\/anthonyrojo.com\/wp-content\/uploads\/2025\/11\/01-Anthony-Rojo-Photographe-spectacles-vivants-bordeaux-2020-3-150x150.jpg 150w, https:\/\/anthonyrojo.com\/wp-content\/uploads\/2025\/11\/01-Anthony-Rojo-Photographe-spectacles-vivants-bordeaux-2020-3-90x90.jpg 90w\" data-sizes=\"(max-width: 750px) 100vw, 750px\" src=\"data:image\/svg+xml;base64,PHN2ZyB3aWR0aD0iMSIgaGVpZ2h0PSIxIiB4bWxucz0iaHR0cDovL3d3dy53My5vcmcvMjAwMC9zdmciPjwvc3ZnPg==\" style=\"--smush-placeholder-width: 750px; --smush-placeholder-aspect-ratio: 750\/750;\" \/><\/a>\n\t\t\t<\/dt><\/dl><dl class='gallery-item'>\n\t\t\t<dt class='gallery-icon landscape'>\n\t\t\t\t<a data-elementor-open-lightbox=\"yes\" data-elementor-lightbox-slideshow=\"05fac4d\" data-elementor-lightbox-title=\"Spectacle Motel - Le Mar Collectif - Le Champ de Foire Saint-Andr\u00e9-de-Cubzac\" data-e-action-hash=\"#elementor-action%3Aaction%3Dlightbox%26settings%3DeyJpZCI6MzgxMSwidXJsIjoiaHR0cHM6XC9cL2FudGhvbnlyb2pvLmNvbVwvd3AtY29udGVudFwvdXBsb2Fkc1wvMjAyNFwvMDNcL0FudGhvbnktUm9qby1QaG90b2dyYXBoZS1zcGVjdGFjbGVzLXZpdmFudHMtYm9yZGVhdXgtTU9URUwtc2NhbGVkLmpwZyIsInNsaWRlc2hvdyI6IjA1ZmFjNGQifQ%3D%3D\" href='https:\/\/anthonyrojo.com\/wp-content\/uploads\/2024\/03\/Anthony-Rojo-Photographe-spectacles-vivants-bordeaux-MOTEL-scaled.jpg'><img decoding=\"async\" width=\"750\" height=\"750\" data-src=\"https:\/\/anthonyrojo.com\/wp-content\/uploads\/2024\/03\/Anthony-Rojo-Photographe-spectacles-vivants-bordeaux-MOTEL-750x750.jpg\" class=\"attachment-glcr_image_size_square size-glcr_image_size_square lazyload\" alt=\"\" data-srcset=\"https:\/\/anthonyrojo.com\/wp-content\/uploads\/2024\/03\/Anthony-Rojo-Photographe-spectacles-vivants-bordeaux-MOTEL-750x750.jpg 750w, https:\/\/anthonyrojo.com\/wp-content\/uploads\/2024\/03\/Anthony-Rojo-Photographe-spectacles-vivants-bordeaux-MOTEL-150x150.jpg 150w, https:\/\/anthonyrojo.com\/wp-content\/uploads\/2024\/03\/Anthony-Rojo-Photographe-spectacles-vivants-bordeaux-MOTEL-90x90.jpg 90w, https:\/\/anthonyrojo.com\/wp-content\/uploads\/2024\/03\/Anthony-Rojo-Photographe-spectacles-vivants-bordeaux-MOTEL-1300x1300.jpg 1300w\" data-sizes=\"(max-width: 750px) 100vw, 750px\" src=\"data:image\/svg+xml;base64,PHN2ZyB3aWR0aD0iMSIgaGVpZ2h0PSIxIiB4bWxucz0iaHR0cDovL3d3dy53My5vcmcvMjAwMC9zdmciPjwvc3ZnPg==\" style=\"--smush-placeholder-width: 750px; --smush-placeholder-aspect-ratio: 750\/750;\" \/><\/a>\n\t\t\t<\/dt><\/dl><br style=\"clear: both\" \/><dl class='gallery-item'>\n\t\t\t<dt class='gallery-icon landscape'>\n\t\t\t\t<a data-elementor-open-lightbox=\"yes\" data-elementor-lightbox-slideshow=\"05fac4d\" data-elementor-lightbox-title=\"Spectacle \u201cLa beaut\u00e9 dans mon quartier&quot; par la Compagnie Tango Nomade dans le cadre du Festival &quot;Un \u00e9t\u00e9 au Grand-Parc&quot; par la Salle des F\u00eates Bordeaux Grand-Parc - Bordeaux\" data-e-action-hash=\"#elementor-action%3Aaction%3Dlightbox%26settings%3DeyJpZCI6NzE4NCwidXJsIjoiaHR0cHM6XC9cL2FudGhvbnlyb2pvLmNvbVwvd3AtY29udGVudFwvdXBsb2Fkc1wvMjAyNVwvMTFcLzAxLUFudGhvbnktUm9qby1QaG90b2dyYXBoZS1zcGVjdGFjbGVzLXZpdmFudHMtYm9yZGVhdXgtVGFuZ28tbm9tYWRlLXNjYWxlZC5qcGciLCJzbGlkZXNob3ciOiIwNWZhYzRkIn0%3D\" href='https:\/\/anthonyrojo.com\/wp-content\/uploads\/2025\/11\/01-Anthony-Rojo-Photographe-spectacles-vivants-bordeaux-Tango-nomade-scaled.jpg'><img decoding=\"async\" width=\"750\" height=\"750\" data-src=\"https:\/\/anthonyrojo.com\/wp-content\/uploads\/2025\/11\/01-Anthony-Rojo-Photographe-spectacles-vivants-bordeaux-Tango-nomade-750x750.jpg\" class=\"attachment-glcr_image_size_square size-glcr_image_size_square lazyload\" alt=\"\" data-srcset=\"https:\/\/anthonyrojo.com\/wp-content\/uploads\/2025\/11\/01-Anthony-Rojo-Photographe-spectacles-vivants-bordeaux-Tango-nomade-750x750.jpg 750w, https:\/\/anthonyrojo.com\/wp-content\/uploads\/2025\/11\/01-Anthony-Rojo-Photographe-spectacles-vivants-bordeaux-Tango-nomade-150x150.jpg 150w, https:\/\/anthonyrojo.com\/wp-content\/uploads\/2025\/11\/01-Anthony-Rojo-Photographe-spectacles-vivants-bordeaux-Tango-nomade-90x90.jpg 90w, https:\/\/anthonyrojo.com\/wp-content\/uploads\/2025\/11\/01-Anthony-Rojo-Photographe-spectacles-vivants-bordeaux-Tango-nomade-1300x1300.jpg 1300w\" data-sizes=\"(max-width: 750px) 100vw, 750px\" src=\"data:image\/svg+xml;base64,PHN2ZyB3aWR0aD0iMSIgaGVpZ2h0PSIxIiB4bWxucz0iaHR0cDovL3d3dy53My5vcmcvMjAwMC9zdmciPjwvc3ZnPg==\" style=\"--smush-placeholder-width: 750px; --smush-placeholder-aspect-ratio: 750\/750;\" \/><\/a>\n\t\t\t<\/dt><\/dl><dl class='gallery-item'>\n\t\t\t<dt class='gallery-icon landscape'>\n\t\t\t\t<a data-elementor-open-lightbox=\"yes\" data-elementor-lightbox-slideshow=\"05fac4d\" data-elementor-lightbox-title=\"Op\u00e9ra Tosca - Op\u00e9ra National de Bordeaux\" data-e-action-hash=\"#elementor-action%3Aaction%3Dlightbox%26settings%3DeyJpZCI6MzY1NSwidXJsIjoiaHR0cHM6XC9cL2FudGhvbnlyb2pvLmNvbVwvd3AtY29udGVudFwvdXBsb2Fkc1wvMjAyNFwvMDNcLzAxLUFudGhvbnktUm9qby1QaG90b2dyYXBoZS1zcGVjdGFjbGVzLXZpdmFudHMtYm9yZGVhdXgtMi1zY2FsZWQuanBnIiwic2xpZGVzaG93IjoiMDVmYWM0ZCJ9\" href='https:\/\/anthonyrojo.com\/wp-content\/uploads\/2024\/03\/01-Anthony-Rojo-Photographe-spectacles-vivants-bordeaux-2-scaled.jpg'><img decoding=\"async\" width=\"750\" height=\"750\" data-src=\"https:\/\/anthonyrojo.com\/wp-content\/uploads\/2024\/03\/01-Anthony-Rojo-Photographe-spectacles-vivants-bordeaux-2-750x750.jpg\" class=\"attachment-glcr_image_size_square size-glcr_image_size_square lazyload\" alt=\"\" data-srcset=\"https:\/\/anthonyrojo.com\/wp-content\/uploads\/2024\/03\/01-Anthony-Rojo-Photographe-spectacles-vivants-bordeaux-2-750x750.jpg 750w, https:\/\/anthonyrojo.com\/wp-content\/uploads\/2024\/03\/01-Anthony-Rojo-Photographe-spectacles-vivants-bordeaux-2-150x150.jpg 150w, https:\/\/anthonyrojo.com\/wp-content\/uploads\/2024\/03\/01-Anthony-Rojo-Photographe-spectacles-vivants-bordeaux-2-90x90.jpg 90w, https:\/\/anthonyrojo.com\/wp-content\/uploads\/2024\/03\/01-Anthony-Rojo-Photographe-spectacles-vivants-bordeaux-2-1300x1300.jpg 1300w\" data-sizes=\"(max-width: 750px) 100vw, 750px\" src=\"data:image\/svg+xml;base64,PHN2ZyB3aWR0aD0iMSIgaGVpZ2h0PSIxIiB4bWxucz0iaHR0cDovL3d3dy53My5vcmcvMjAwMC9zdmciPjwvc3ZnPg==\" style=\"--smush-placeholder-width: 750px; --smush-placeholder-aspect-ratio: 750\/750;\" \/><\/a>\n\t\t\t<\/dt><\/dl><dl class='gallery-item'>\n\t\t\t<dt class='gallery-icon landscape'>\n\t\t\t\t<a data-elementor-open-lightbox=\"yes\" data-elementor-lightbox-slideshow=\"05fac4d\" data-elementor-lightbox-title=\"Spectacle &quot;Lemniscate&quot; par la Compagnie Bivouac dans le cadre du Festival &quot;Un \u00e9t\u00e9 au Grand-Parc&quot; par la Salle des F\u00eates Bordeaux Grand-Parc - Bordeaux\" data-e-action-hash=\"#elementor-action%3Aaction%3Dlightbox%26settings%3DeyJpZCI6NzE3NywidXJsIjoiaHR0cHM6XC9cL2FudGhvbnlyb2pvLmNvbVwvd3AtY29udGVudFwvdXBsb2Fkc1wvMjAyNVwvMTFcLzAxLUFudGhvbnktUm9qby1QaG90b2dyYXBoZS1zcGVjdGFjbGVzLXZpdmFudHMtYm9yZGVhdXgtQ29tcGFnbmllLUJpdm91YWMtc2NhbGVkLmpwZyIsInNsaWRlc2hvdyI6IjA1ZmFjNGQifQ%3D%3D\" href='https:\/\/anthonyrojo.com\/wp-content\/uploads\/2025\/11\/01-Anthony-Rojo-Photographe-spectacles-vivants-bordeaux-Compagnie-Bivouac-scaled.jpg'><img decoding=\"async\" width=\"750\" height=\"750\" data-src=\"https:\/\/anthonyrojo.com\/wp-content\/uploads\/2025\/11\/01-Anthony-Rojo-Photographe-spectacles-vivants-bordeaux-Compagnie-Bivouac-750x750.jpg\" class=\"attachment-glcr_image_size_square size-glcr_image_size_square lazyload\" alt=\"\" data-srcset=\"https:\/\/anthonyrojo.com\/wp-content\/uploads\/2025\/11\/01-Anthony-Rojo-Photographe-spectacles-vivants-bordeaux-Compagnie-Bivouac-750x750.jpg 750w, https:\/\/anthonyrojo.com\/wp-content\/uploads\/2025\/11\/01-Anthony-Rojo-Photographe-spectacles-vivants-bordeaux-Compagnie-Bivouac-150x150.jpg 150w, https:\/\/anthonyrojo.com\/wp-content\/uploads\/2025\/11\/01-Anthony-Rojo-Photographe-spectacles-vivants-bordeaux-Compagnie-Bivouac-90x90.jpg 90w, https:\/\/anthonyrojo.com\/wp-content\/uploads\/2025\/11\/01-Anthony-Rojo-Photographe-spectacles-vivants-bordeaux-Compagnie-Bivouac-1300x1300.jpg 1300w\" data-sizes=\"(max-width: 750px) 100vw, 750px\" src=\"data:image\/svg+xml;base64,PHN2ZyB3aWR0aD0iMSIgaGVpZ2h0PSIxIiB4bWxucz0iaHR0cDovL3d3dy53My5vcmcvMjAwMC9zdmciPjwvc3ZnPg==\" style=\"--smush-placeholder-width: 750px; --smush-placeholder-aspect-ratio: 750\/750;\" \/><\/a>\n\t\t\t<\/dt><\/dl><br style=\"clear: both\" \/><dl class='gallery-item'>\n\t\t\t<dt class='gallery-icon landscape'>\n\t\t\t\t<a data-elementor-open-lightbox=\"yes\" data-elementor-lightbox-slideshow=\"05fac4d\" data-elementor-lightbox-title=\"Spectalce &quot;Naqatou&quot; par la Compagnie SUM dans le cadre du Festival &quot;Bobine de fil&quot; par la Salle des F\u00eates Bordeaux Grand-Parc - Bordeaux\" data-e-action-hash=\"#elementor-action%3Aaction%3Dlightbox%26settings%3DeyJpZCI6NzE4MywidXJsIjoiaHR0cHM6XC9cL2FudGhvbnlyb2pvLmNvbVwvd3AtY29udGVudFwvdXBsb2Fkc1wvMjAyNVwvMTFcLzAxLUFudGhvbnktUm9qby1QaG90b2dyYXBoZS1zcGVjdGFjbGVzLXZpdmFudHMtYm9yZGVhdXgtTmFxYXRvdS1jb21wYWduaWUtc29uLWRlLXRvaWxlLXNjYWxlZC5qcGciLCJzbGlkZXNob3ciOiIwNWZhYzRkIn0%3D\" href='https:\/\/anthonyrojo.com\/wp-content\/uploads\/2025\/11\/01-Anthony-Rojo-Photographe-spectacles-vivants-bordeaux-Naqatou-compagnie-son-de-toile-scaled.jpg'><img decoding=\"async\" width=\"750\" height=\"750\" data-src=\"https:\/\/anthonyrojo.com\/wp-content\/uploads\/2025\/11\/01-Anthony-Rojo-Photographe-spectacles-vivants-bordeaux-Naqatou-compagnie-son-de-toile-750x750.jpg\" class=\"attachment-glcr_image_size_square size-glcr_image_size_square lazyload\" alt=\"\" data-srcset=\"https:\/\/anthonyrojo.com\/wp-content\/uploads\/2025\/11\/01-Anthony-Rojo-Photographe-spectacles-vivants-bordeaux-Naqatou-compagnie-son-de-toile-750x750.jpg 750w, https:\/\/anthonyrojo.com\/wp-content\/uploads\/2025\/11\/01-Anthony-Rojo-Photographe-spectacles-vivants-bordeaux-Naqatou-compagnie-son-de-toile-150x150.jpg 150w, https:\/\/anthonyrojo.com\/wp-content\/uploads\/2025\/11\/01-Anthony-Rojo-Photographe-spectacles-vivants-bordeaux-Naqatou-compagnie-son-de-toile-90x90.jpg 90w, https:\/\/anthonyrojo.com\/wp-content\/uploads\/2025\/11\/01-Anthony-Rojo-Photographe-spectacles-vivants-bordeaux-Naqatou-compagnie-son-de-toile-1300x1300.jpg 1300w\" data-sizes=\"(max-width: 750px) 100vw, 750px\" src=\"data:image\/svg+xml;base64,PHN2ZyB3aWR0aD0iMSIgaGVpZ2h0PSIxIiB4bWxucz0iaHR0cDovL3d3dy53My5vcmcvMjAwMC9zdmciPjwvc3ZnPg==\" style=\"--smush-placeholder-width: 750px; --smush-placeholder-aspect-ratio: 750\/750;\" \/><\/a>\n\t\t\t<\/dt><\/dl><dl class='gallery-item'>\n\t\t\t<dt class='gallery-icon landscape'>\n\t\t\t\t<a data-elementor-open-lightbox=\"yes\" data-elementor-lightbox-slideshow=\"05fac4d\" data-elementor-lightbox-title=\"Ballet Gershwin Tempo - Op\u00e9ra National de Bordeaux\" data-e-action-hash=\"#elementor-action%3Aaction%3Dlightbox%26settings%3DeyJpZCI6MzY1NywidXJsIjoiaHR0cHM6XC9cL2FudGhvbnlyb2pvLmNvbVwvd3AtY29udGVudFwvdXBsb2Fkc1wvMjAyNFwvMDNcLzAxLUFudGhvbnktUm9qby1QaG90b2dyYXBoZS1zcGVjdGFjbGVzLXZpdmFudHMtYm9yZGVhdXgtNC5qcGciLCJzbGlkZXNob3ciOiIwNWZhYzRkIn0%3D\" href='https:\/\/anthonyrojo.com\/wp-content\/uploads\/2024\/03\/01-Anthony-Rojo-Photographe-spectacles-vivants-bordeaux-4.jpg'><img decoding=\"async\" width=\"750\" height=\"750\" data-src=\"https:\/\/anthonyrojo.com\/wp-content\/uploads\/2024\/03\/01-Anthony-Rojo-Photographe-spectacles-vivants-bordeaux-4-750x750.jpg\" class=\"attachment-glcr_image_size_square size-glcr_image_size_square lazyload\" alt=\"\" data-srcset=\"https:\/\/anthonyrojo.com\/wp-content\/uploads\/2024\/03\/01-Anthony-Rojo-Photographe-spectacles-vivants-bordeaux-4-750x750.jpg 750w, https:\/\/anthonyrojo.com\/wp-content\/uploads\/2024\/03\/01-Anthony-Rojo-Photographe-spectacles-vivants-bordeaux-4-150x150.jpg 150w, https:\/\/anthonyrojo.com\/wp-content\/uploads\/2024\/03\/01-Anthony-Rojo-Photographe-spectacles-vivants-bordeaux-4-90x90.jpg 90w, https:\/\/anthonyrojo.com\/wp-content\/uploads\/2024\/03\/01-Anthony-Rojo-Photographe-spectacles-vivants-bordeaux-4-1300x1300.jpg 1300w\" data-sizes=\"(max-width: 750px) 100vw, 750px\" src=\"data:image\/svg+xml;base64,PHN2ZyB3aWR0aD0iMSIgaGVpZ2h0PSIxIiB4bWxucz0iaHR0cDovL3d3dy53My5vcmcvMjAwMC9zdmciPjwvc3ZnPg==\" style=\"--smush-placeholder-width: 750px; --smush-placeholder-aspect-ratio: 750\/750;\" \/><\/a>\n\t\t\t<\/dt><\/dl><dl class='gallery-item'>\n\t\t\t<dt class='gallery-icon landscape'>\n\t\t\t\t<a data-elementor-open-lightbox=\"yes\" data-elementor-lightbox-slideshow=\"05fac4d\" data-elementor-lightbox-title=\"Festival CHARIVARI - Bo\u00eete Noire par l&#039;association Le Grand Incendie Base sous Marine - Bordeaux\" data-e-action-hash=\"#elementor-action%3Aaction%3Dlightbox%26settings%3DeyJpZCI6NzE4NywidXJsIjoiaHR0cHM6XC9cL2FudGhvbnlyb2pvLmNvbVwvd3AtY29udGVudFwvdXBsb2Fkc1wvMjAyNVwvMTFcLzAxLUFudGhvbnktUm9qby1QaG90b2dyYXBoZS1zcGVjdGFjbGVzLXZpdmFudHMtYm9yZGVhdXgtSmVubmEtTWFydmluLTIuanBnIiwic2xpZGVzaG93IjoiMDVmYWM0ZCJ9\" href='https:\/\/anthonyrojo.com\/wp-content\/uploads\/2025\/11\/01-Anthony-Rojo-Photographe-spectacles-vivants-bordeaux-Jenna-Marvin-2.jpg'><img decoding=\"async\" width=\"750\" height=\"750\" data-src=\"https:\/\/anthonyrojo.com\/wp-content\/uploads\/2025\/11\/01-Anthony-Rojo-Photographe-spectacles-vivants-bordeaux-Jenna-Marvin-2-750x750.jpg\" class=\"attachment-glcr_image_size_square size-glcr_image_size_square lazyload\" alt=\"\" data-srcset=\"https:\/\/anthonyrojo.com\/wp-content\/uploads\/2025\/11\/01-Anthony-Rojo-Photographe-spectacles-vivants-bordeaux-Jenna-Marvin-2-750x750.jpg 750w, https:\/\/anthonyrojo.com\/wp-content\/uploads\/2025\/11\/01-Anthony-Rojo-Photographe-spectacles-vivants-bordeaux-Jenna-Marvin-2-150x150.jpg 150w, https:\/\/anthonyrojo.com\/wp-content\/uploads\/2025\/11\/01-Anthony-Rojo-Photographe-spectacles-vivants-bordeaux-Jenna-Marvin-2-90x90.jpg 90w\" data-sizes=\"(max-width: 750px) 100vw, 750px\" src=\"data:image\/svg+xml;base64,PHN2ZyB3aWR0aD0iMSIgaGVpZ2h0PSIxIiB4bWxucz0iaHR0cDovL3d3dy53My5vcmcvMjAwMC9zdmciPjwvc3ZnPg==\" style=\"--smush-placeholder-width: 750px; --smush-placeholder-aspect-ratio: 750\/750;\" \/><\/a>\n\t\t\t<\/dt><\/dl><br style=\"clear: both\" \/><dl class='gallery-item'>\n\t\t\t<dt class='gallery-icon landscape'>\n\t\t\t\t<a data-elementor-open-lightbox=\"yes\" data-elementor-lightbox-slideshow=\"05fac4d\" data-elementor-lightbox-title=\"Spectacle Deter - Compagnie Sohr\u00e2b Chitan - Service culture Saint-Andr\u00e9-de-Cubzac\" data-e-action-hash=\"#elementor-action%3Aaction%3Dlightbox%26settings%3DeyJpZCI6MzY2MiwidXJsIjoiaHR0cHM6XC9cL2FudGhvbnlyb2pvLmNvbVwvd3AtY29udGVudFwvdXBsb2Fkc1wvMjAyNFwvMDNcLzAxLUFudGhvbnktUm9qby1QaG90b2dyYXBoZS1zcGVjdGFjbGVzLXZpdmFudHMtYm9yZGVhdXgtOS1zY2FsZWQuanBnIiwic2xpZGVzaG93IjoiMDVmYWM0ZCJ9\" href='https:\/\/anthonyrojo.com\/wp-content\/uploads\/2024\/03\/01-Anthony-Rojo-Photographe-spectacles-vivants-bordeaux-9-scaled.jpg'><img decoding=\"async\" width=\"750\" height=\"750\" data-src=\"https:\/\/anthonyrojo.com\/wp-content\/uploads\/2024\/03\/01-Anthony-Rojo-Photographe-spectacles-vivants-bordeaux-9-750x750.jpg\" class=\"attachment-glcr_image_size_square size-glcr_image_size_square lazyload\" alt=\"\" data-srcset=\"https:\/\/anthonyrojo.com\/wp-content\/uploads\/2024\/03\/01-Anthony-Rojo-Photographe-spectacles-vivants-bordeaux-9-750x750.jpg 750w, https:\/\/anthonyrojo.com\/wp-content\/uploads\/2024\/03\/01-Anthony-Rojo-Photographe-spectacles-vivants-bordeaux-9-150x150.jpg 150w, https:\/\/anthonyrojo.com\/wp-content\/uploads\/2024\/03\/01-Anthony-Rojo-Photographe-spectacles-vivants-bordeaux-9-90x90.jpg 90w, https:\/\/anthonyrojo.com\/wp-content\/uploads\/2024\/03\/01-Anthony-Rojo-Photographe-spectacles-vivants-bordeaux-9-1300x1300.jpg 1300w\" data-sizes=\"(max-width: 750px) 100vw, 750px\" src=\"data:image\/svg+xml;base64,PHN2ZyB3aWR0aD0iMSIgaGVpZ2h0PSIxIiB4bWxucz0iaHR0cDovL3d3dy53My5vcmcvMjAwMC9zdmciPjwvc3ZnPg==\" style=\"--smush-placeholder-width: 750px; --smush-placeholder-aspect-ratio: 750\/750;\" \/><\/a>\n\t\t\t<\/dt><\/dl><dl class='gallery-item'>\n\t\t\t<dt class='gallery-icon landscape'>\n\t\t\t\t<a data-elementor-open-lightbox=\"yes\" data-elementor-lightbox-slideshow=\"05fac4d\" data-elementor-lightbox-title=\"Op\u00e9ra Barble Bleue - Op\u00e9ra National de Bordeaux\" data-e-action-hash=\"#elementor-action%3Aaction%3Dlightbox%26settings%3DeyJpZCI6MzY1OSwidXJsIjoiaHR0cHM6XC9cL2FudGhvbnlyb2pvLmNvbVwvd3AtY29udGVudFwvdXBsb2Fkc1wvMjAyNFwvMDNcLzAxLUFudGhvbnktUm9qby1QaG90b2dyYXBoZS1zcGVjdGFjbGVzLXZpdmFudHMtYm9yZGVhdXgtNi1zY2FsZWQuanBnIiwic2xpZGVzaG93IjoiMDVmYWM0ZCJ9\" href='https:\/\/anthonyrojo.com\/wp-content\/uploads\/2024\/03\/01-Anthony-Rojo-Photographe-spectacles-vivants-bordeaux-6-scaled.jpg'><img decoding=\"async\" width=\"750\" height=\"750\" data-src=\"https:\/\/anthonyrojo.com\/wp-content\/uploads\/2024\/03\/01-Anthony-Rojo-Photographe-spectacles-vivants-bordeaux-6-750x750.jpg\" class=\"attachment-glcr_image_size_square size-glcr_image_size_square lazyload\" alt=\"\" data-srcset=\"https:\/\/anthonyrojo.com\/wp-content\/uploads\/2024\/03\/01-Anthony-Rojo-Photographe-spectacles-vivants-bordeaux-6-750x750.jpg 750w, https:\/\/anthonyrojo.com\/wp-content\/uploads\/2024\/03\/01-Anthony-Rojo-Photographe-spectacles-vivants-bordeaux-6-150x150.jpg 150w, https:\/\/anthonyrojo.com\/wp-content\/uploads\/2024\/03\/01-Anthony-Rojo-Photographe-spectacles-vivants-bordeaux-6-90x90.jpg 90w, https:\/\/anthonyrojo.com\/wp-content\/uploads\/2024\/03\/01-Anthony-Rojo-Photographe-spectacles-vivants-bordeaux-6-1300x1300.jpg 1300w\" data-sizes=\"(max-width: 750px) 100vw, 750px\" src=\"data:image\/svg+xml;base64,PHN2ZyB3aWR0aD0iMSIgaGVpZ2h0PSIxIiB4bWxucz0iaHR0cDovL3d3dy53My5vcmcvMjAwMC9zdmciPjwvc3ZnPg==\" style=\"--smush-placeholder-width: 750px; --smush-placeholder-aspect-ratio: 750\/750;\" \/><\/a>\n\t\t\t<\/dt><\/dl><dl class='gallery-item'>\n\t\t\t<dt class='gallery-icon landscape'>\n\t\t\t\t<a data-elementor-open-lightbox=\"yes\" data-elementor-lightbox-slideshow=\"05fac4d\" data-elementor-lightbox-title=\"Spectacle Peter Pan - Julie Teuf production TnBA\" data-e-action-hash=\"#elementor-action%3Aaction%3Dlightbox%26settings%3DeyJpZCI6NDgzNSwidXJsIjoiaHR0cHM6XC9cL2FudGhvbnlyb2pvLmNvbVwvd3AtY29udGVudFwvdXBsb2Fkc1wvMjAyNFwvMDNcLzAxLUFudGhvbnktUm9qby1QaG90b2dyYXBoZS1zcGVjdGFjbGVzLXZpdmFudHMtYm9yZGVhdXgtMTYuanBnIiwic2xpZGVzaG93IjoiMDVmYWM0ZCJ9\" href='https:\/\/anthonyrojo.com\/wp-content\/uploads\/2024\/03\/01-Anthony-Rojo-Photographe-spectacles-vivants-bordeaux-16.jpg'><img decoding=\"async\" width=\"750\" height=\"750\" data-src=\"https:\/\/anthonyrojo.com\/wp-content\/uploads\/2024\/03\/01-Anthony-Rojo-Photographe-spectacles-vivants-bordeaux-16-750x750.jpg\" class=\"attachment-glcr_image_size_square size-glcr_image_size_square lazyload\" alt=\"\" data-srcset=\"https:\/\/anthonyrojo.com\/wp-content\/uploads\/2024\/03\/01-Anthony-Rojo-Photographe-spectacles-vivants-bordeaux-16-750x750.jpg 750w, https:\/\/anthonyrojo.com\/wp-content\/uploads\/2024\/03\/01-Anthony-Rojo-Photographe-spectacles-vivants-bordeaux-16-150x150.jpg 150w, https:\/\/anthonyrojo.com\/wp-content\/uploads\/2024\/03\/01-Anthony-Rojo-Photographe-spectacles-vivants-bordeaux-16-90x90.jpg 90w, https:\/\/anthonyrojo.com\/wp-content\/uploads\/2024\/03\/01-Anthony-Rojo-Photographe-spectacles-vivants-bordeaux-16-1300x1300.jpg 1300w\" data-sizes=\"(max-width: 750px) 100vw, 750px\" src=\"data:image\/svg+xml;base64,PHN2ZyB3aWR0aD0iMSIgaGVpZ2h0PSIxIiB4bWxucz0iaHR0cDovL3d3dy53My5vcmcvMjAwMC9zdmciPjwvc3ZnPg==\" style=\"--smush-placeholder-width: 750px; --smush-placeholder-aspect-ratio: 750\/750;\" \/><\/a>\n\t\t\t<\/dt><\/dl><br style=\"clear: both\" \/><dl class='gallery-item'>\n\t\t\t<dt class='gallery-icon landscape'>\n\t\t\t\t<a data-elementor-open-lightbox=\"yes\" data-elementor-lightbox-slideshow=\"05fac4d\" data-elementor-lightbox-title=\"Orchestre d&#039;harmonie de Bordeaux - Bordeaux\" data-e-action-hash=\"#elementor-action%3Aaction%3Dlightbox%26settings%3DeyJpZCI6NzE4OSwidXJsIjoiaHR0cHM6XC9cL2FudGhvbnlyb2pvLmNvbVwvd3AtY29udGVudFwvdXBsb2Fkc1wvMjAyNVwvMTFcLzAxLUFudGhvbnktUm9qby1QaG90b2dyYXBoZS1zcGVjdGFjbGVzLXZpdmFudHMtYm9yZGVhdXgtMjAxOS0xLXNjYWxlZC5qcGciLCJzbGlkZXNob3ciOiIwNWZhYzRkIn0%3D\" href='https:\/\/anthonyrojo.com\/wp-content\/uploads\/2025\/11\/01-Anthony-Rojo-Photographe-spectacles-vivants-bordeaux-2019-1-scaled.jpg'><img decoding=\"async\" width=\"750\" height=\"750\" data-src=\"https:\/\/anthonyrojo.com\/wp-content\/uploads\/2025\/11\/01-Anthony-Rojo-Photographe-spectacles-vivants-bordeaux-2019-1-750x750.jpg\" class=\"attachment-glcr_image_size_square size-glcr_image_size_square lazyload\" alt=\"\" data-srcset=\"https:\/\/anthonyrojo.com\/wp-content\/uploads\/2025\/11\/01-Anthony-Rojo-Photographe-spectacles-vivants-bordeaux-2019-1-750x750.jpg 750w, https:\/\/anthonyrojo.com\/wp-content\/uploads\/2025\/11\/01-Anthony-Rojo-Photographe-spectacles-vivants-bordeaux-2019-1-150x150.jpg 150w, https:\/\/anthonyrojo.com\/wp-content\/uploads\/2025\/11\/01-Anthony-Rojo-Photographe-spectacles-vivants-bordeaux-2019-1-90x90.jpg 90w, https:\/\/anthonyrojo.com\/wp-content\/uploads\/2025\/11\/01-Anthony-Rojo-Photographe-spectacles-vivants-bordeaux-2019-1-1300x1300.jpg 1300w\" data-sizes=\"(max-width: 750px) 100vw, 750px\" src=\"data:image\/svg+xml;base64,PHN2ZyB3aWR0aD0iMSIgaGVpZ2h0PSIxIiB4bWxucz0iaHR0cDovL3d3dy53My5vcmcvMjAwMC9zdmciPjwvc3ZnPg==\" style=\"--smush-placeholder-width: 750px; --smush-placeholder-aspect-ratio: 750\/750;\" \/><\/a>\n\t\t\t<\/dt><\/dl><dl class='gallery-item'>\n\t\t\t<dt class='gallery-icon landscape'>\n\t\t\t\t<a data-elementor-open-lightbox=\"yes\" data-elementor-lightbox-slideshow=\"05fac4d\" data-elementor-lightbox-title=\"Op\u00e9ra Madame Butterfly - Op\u00e9ra National de Bordeaux\" data-e-action-hash=\"#elementor-action%3Aaction%3Dlightbox%26settings%3DeyJpZCI6MzY2NiwidXJsIjoiaHR0cHM6XC9cL2FudGhvbnlyb2pvLmNvbVwvd3AtY29udGVudFwvdXBsb2Fkc1wvMjAyNFwvMDNcLzAxLUFudGhvbnktUm9qby1QaG90b2dyYXBoZS1zcGVjdGFjbGVzLXZpdmFudHMtYm9yZGVhdXgtMTMtc2NhbGVkLmpwZyIsInNsaWRlc2hvdyI6IjA1ZmFjNGQifQ%3D%3D\" href='https:\/\/anthonyrojo.com\/wp-content\/uploads\/2024\/03\/01-Anthony-Rojo-Photographe-spectacles-vivants-bordeaux-13-scaled.jpg'><img decoding=\"async\" width=\"750\" height=\"750\" data-src=\"https:\/\/anthonyrojo.com\/wp-content\/uploads\/2024\/03\/01-Anthony-Rojo-Photographe-spectacles-vivants-bordeaux-13-750x750.jpg\" class=\"attachment-glcr_image_size_square size-glcr_image_size_square lazyload\" alt=\"\" data-srcset=\"https:\/\/anthonyrojo.com\/wp-content\/uploads\/2024\/03\/01-Anthony-Rojo-Photographe-spectacles-vivants-bordeaux-13-750x750.jpg 750w, https:\/\/anthonyrojo.com\/wp-content\/uploads\/2024\/03\/01-Anthony-Rojo-Photographe-spectacles-vivants-bordeaux-13-150x150.jpg 150w, https:\/\/anthonyrojo.com\/wp-content\/uploads\/2024\/03\/01-Anthony-Rojo-Photographe-spectacles-vivants-bordeaux-13-90x90.jpg 90w, https:\/\/anthonyrojo.com\/wp-content\/uploads\/2024\/03\/01-Anthony-Rojo-Photographe-spectacles-vivants-bordeaux-13-1300x1300.jpg 1300w\" data-sizes=\"(max-width: 750px) 100vw, 750px\" src=\"data:image\/svg+xml;base64,PHN2ZyB3aWR0aD0iMSIgaGVpZ2h0PSIxIiB4bWxucz0iaHR0cDovL3d3dy53My5vcmcvMjAwMC9zdmciPjwvc3ZnPg==\" style=\"--smush-placeholder-width: 750px; --smush-placeholder-aspect-ratio: 750\/750;\" \/><\/a>\n\t\t\t<\/dt><\/dl><dl class='gallery-item'>\n\t\t\t<dt class='gallery-icon landscape'>\n\t\t\t\t<a data-elementor-open-lightbox=\"yes\" data-elementor-lightbox-slideshow=\"05fac4d\" data-elementor-lightbox-title=\"Spectacle &quot;Inclassables&quot; par la Companie La naine rouge dans le cadre du Festival &quot;Bobine de fil&quot; par la Salle des F\u00eates Bordeaux Grand-Parc - Bordeaux\" data-e-action-hash=\"#elementor-action%3Aaction%3Dlightbox%26settings%3DeyJpZCI6NzE3MiwidXJsIjoiaHR0cHM6XC9cL2FudGhvbnlyb2pvLmNvbVwvd3AtY29udGVudFwvdXBsb2Fkc1wvMjAyNVwvMTFcLzAxLUFudGhvbnktUm9qby1QaG90b2dyYXBoZS1zcGVjdGFjbGVzLXZpdmFudHMtYm9yZGVhdXgtMjAxOC1zY2FsZWQuanBnIiwic2xpZGVzaG93IjoiMDVmYWM0ZCJ9\" href='https:\/\/anthonyrojo.com\/wp-content\/uploads\/2025\/11\/01-Anthony-Rojo-Photographe-spectacles-vivants-bordeaux-2018-scaled.jpg'><img decoding=\"async\" width=\"750\" height=\"750\" data-src=\"https:\/\/anthonyrojo.com\/wp-content\/uploads\/2025\/11\/01-Anthony-Rojo-Photographe-spectacles-vivants-bordeaux-2018-750x750.jpg\" class=\"attachment-glcr_image_size_square size-glcr_image_size_square lazyload\" alt=\"\" data-srcset=\"https:\/\/anthonyrojo.com\/wp-content\/uploads\/2025\/11\/01-Anthony-Rojo-Photographe-spectacles-vivants-bordeaux-2018-750x750.jpg 750w, https:\/\/anthonyrojo.com\/wp-content\/uploads\/2025\/11\/01-Anthony-Rojo-Photographe-spectacles-vivants-bordeaux-2018-150x150.jpg 150w, https:\/\/anthonyrojo.com\/wp-content\/uploads\/2025\/11\/01-Anthony-Rojo-Photographe-spectacles-vivants-bordeaux-2018-90x90.jpg 90w, https:\/\/anthonyrojo.com\/wp-content\/uploads\/2025\/11\/01-Anthony-Rojo-Photographe-spectacles-vivants-bordeaux-2018-1300x1300.jpg 1300w\" data-sizes=\"(max-width: 750px) 100vw, 750px\" src=\"data:image\/svg+xml;base64,PHN2ZyB3aWR0aD0iMSIgaGVpZ2h0PSIxIiB4bWxucz0iaHR0cDovL3d3dy53My5vcmcvMjAwMC9zdmciPjwvc3ZnPg==\" style=\"--smush-placeholder-width: 750px; --smush-placeholder-aspect-ratio: 750\/750;\" \/><\/a>\n\t\t\t<\/dt><\/dl><br style=\"clear: both\" \/><dl class='gallery-item'>\n\t\t\t<dt class='gallery-icon landscape'>\n\t\t\t\t<a data-elementor-open-lightbox=\"yes\" data-elementor-lightbox-slideshow=\"05fac4d\" data-elementor-lightbox-title=\"Concert Taranta Lanera dans le cadre du Festival &quot;Un \u00e9t\u00e9 au Grand-Parc&quot; par la Salle des F\u00eates Bordeaux Grand-Parc - Bordeaux\" data-e-action-hash=\"#elementor-action%3Aaction%3Dlightbox%26settings%3DeyJpZCI6NzE3MCwidXJsIjoiaHR0cHM6XC9cL2FudGhvbnlyb2pvLmNvbVwvd3AtY29udGVudFwvdXBsb2Fkc1wvMjAyNVwvMTFcLzAxLUFudGhvbnktUm9qby1QaG90b2dyYXBoZS1zcGVjdGFjbGVzLXZpdmFudHMtYm9yZGVhdXgtMjAxNi1zY2FsZWQuanBnIiwic2xpZGVzaG93IjoiMDVmYWM0ZCJ9\" href='https:\/\/anthonyrojo.com\/wp-content\/uploads\/2025\/11\/01-Anthony-Rojo-Photographe-spectacles-vivants-bordeaux-2016-scaled.jpg'><img decoding=\"async\" width=\"750\" height=\"750\" data-src=\"https:\/\/anthonyrojo.com\/wp-content\/uploads\/2025\/11\/01-Anthony-Rojo-Photographe-spectacles-vivants-bordeaux-2016-750x750.jpg\" class=\"attachment-glcr_image_size_square size-glcr_image_size_square lazyload\" alt=\"\" data-srcset=\"https:\/\/anthonyrojo.com\/wp-content\/uploads\/2025\/11\/01-Anthony-Rojo-Photographe-spectacles-vivants-bordeaux-2016-750x750.jpg 750w, https:\/\/anthonyrojo.com\/wp-content\/uploads\/2025\/11\/01-Anthony-Rojo-Photographe-spectacles-vivants-bordeaux-2016-150x150.jpg 150w, https:\/\/anthonyrojo.com\/wp-content\/uploads\/2025\/11\/01-Anthony-Rojo-Photographe-spectacles-vivants-bordeaux-2016-90x90.jpg 90w, https:\/\/anthonyrojo.com\/wp-content\/uploads\/2025\/11\/01-Anthony-Rojo-Photographe-spectacles-vivants-bordeaux-2016-1300x1300.jpg 1300w\" data-sizes=\"(max-width: 750px) 100vw, 750px\" src=\"data:image\/svg+xml;base64,PHN2ZyB3aWR0aD0iMSIgaGVpZ2h0PSIxIiB4bWxucz0iaHR0cDovL3d3dy53My5vcmcvMjAwMC9zdmciPjwvc3ZnPg==\" style=\"--smush-placeholder-width: 750px; --smush-placeholder-aspect-ratio: 750\/750;\" \/><\/a>\n\t\t\t<\/dt><\/dl><dl class='gallery-item'>\n\t\t\t<dt class='gallery-icon landscape'>\n\t\t\t\t<a data-elementor-open-lightbox=\"yes\" data-elementor-lightbox-slideshow=\"05fac4d\" data-elementor-lightbox-title=\"Concert du groupe &quot;Fantom tribute band&quot; dans le cadre de la soir\u00e9e &quot;Le Bal Fant\u00f4me&quot; par la Salle des F\u00eates Bordeaux Grand-Parc - Bordeaux\" data-e-action-hash=\"#elementor-action%3Aaction%3Dlightbox%26settings%3DeyJpZCI6NzE5NywidXJsIjoiaHR0cHM6XC9cL2FudGhvbnlyb2pvLmNvbVwvd3AtY29udGVudFwvdXBsb2Fkc1wvMjAyNVwvMTFcLzAxLUFudGhvbnktUm9qby1QaG90b2dyYXBoZS1zcGVjdGFjbGVzLXZpdmFudHMtYm9yZGVhdXgtMjAyMS0zLmpwZyIsInNsaWRlc2hvdyI6IjA1ZmFjNGQifQ%3D%3D\" href='https:\/\/anthonyrojo.com\/wp-content\/uploads\/2025\/11\/01-Anthony-Rojo-Photographe-spectacles-vivants-bordeaux-2021-3.jpg'><img decoding=\"async\" width=\"750\" height=\"750\" data-src=\"https:\/\/anthonyrojo.com\/wp-content\/uploads\/2025\/11\/01-Anthony-Rojo-Photographe-spectacles-vivants-bordeaux-2021-3-750x750.jpg\" class=\"attachment-glcr_image_size_square size-glcr_image_size_square lazyload\" alt=\"\" data-srcset=\"https:\/\/anthonyrojo.com\/wp-content\/uploads\/2025\/11\/01-Anthony-Rojo-Photographe-spectacles-vivants-bordeaux-2021-3-750x750.jpg 750w, https:\/\/anthonyrojo.com\/wp-content\/uploads\/2025\/11\/01-Anthony-Rojo-Photographe-spectacles-vivants-bordeaux-2021-3-150x150.jpg 150w, https:\/\/anthonyrojo.com\/wp-content\/uploads\/2025\/11\/01-Anthony-Rojo-Photographe-spectacles-vivants-bordeaux-2021-3-90x90.jpg 90w\" data-sizes=\"(max-width: 750px) 100vw, 750px\" src=\"data:image\/svg+xml;base64,PHN2ZyB3aWR0aD0iMSIgaGVpZ2h0PSIxIiB4bWxucz0iaHR0cDovL3d3dy53My5vcmcvMjAwMC9zdmciPjwvc3ZnPg==\" style=\"--smush-placeholder-width: 750px; --smush-placeholder-aspect-ratio: 750\/750;\" \/><\/a>\n\t\t\t<\/dt><\/dl><dl class='gallery-item'>\n\t\t\t<dt class='gallery-icon landscape'>\n\t\t\t\t<a data-elementor-open-lightbox=\"yes\" data-elementor-lightbox-slideshow=\"05fac4d\" data-elementor-lightbox-title=\"Spectacle de marionnettes KIBOKO dans le cadre du Festival &quot;Bobine de fil&quot; par la Salle des F\u00eates Bordeaux Grand-Parc - Bordeaux\" data-e-action-hash=\"#elementor-action%3Aaction%3Dlightbox%26settings%3DeyJpZCI6NzE3MSwidXJsIjoiaHR0cHM6XC9cL2FudGhvbnlyb2pvLmNvbVwvd3AtY29udGVudFwvdXBsb2Fkc1wvMjAyNVwvMTFcLzAxLUFudGhvbnktUm9qby1QaG90b2dyYXBoZS1zcGVjdGFjbGVzLXZpdmFudHMtYm9yZGVhdXgtMjAxNy1zY2FsZWQuanBnIiwic2xpZGVzaG93IjoiMDVmYWM0ZCJ9\" href='https:\/\/anthonyrojo.com\/wp-content\/uploads\/2025\/11\/01-Anthony-Rojo-Photographe-spectacles-vivants-bordeaux-2017-scaled.jpg'><img decoding=\"async\" width=\"750\" height=\"750\" data-src=\"https:\/\/anthonyrojo.com\/wp-content\/uploads\/2025\/11\/01-Anthony-Rojo-Photographe-spectacles-vivants-bordeaux-2017-750x750.jpg\" class=\"attachment-glcr_image_size_square size-glcr_image_size_square lazyload\" alt=\"\" data-srcset=\"https:\/\/anthonyrojo.com\/wp-content\/uploads\/2025\/11\/01-Anthony-Rojo-Photographe-spectacles-vivants-bordeaux-2017-750x750.jpg 750w, https:\/\/anthonyrojo.com\/wp-content\/uploads\/2025\/11\/01-Anthony-Rojo-Photographe-spectacles-vivants-bordeaux-2017-150x150.jpg 150w, https:\/\/anthonyrojo.com\/wp-content\/uploads\/2025\/11\/01-Anthony-Rojo-Photographe-spectacles-vivants-bordeaux-2017-90x90.jpg 90w, https:\/\/anthonyrojo.com\/wp-content\/uploads\/2025\/11\/01-Anthony-Rojo-Photographe-spectacles-vivants-bordeaux-2017-1300x1300.jpg 1300w\" data-sizes=\"(max-width: 750px) 100vw, 750px\" src=\"data:image\/svg+xml;base64,PHN2ZyB3aWR0aD0iMSIgaGVpZ2h0PSIxIiB4bWxucz0iaHR0cDovL3d3dy53My5vcmcvMjAwMC9zdmciPjwvc3ZnPg==\" style=\"--smush-placeholder-width: 750px; --smush-placeholder-aspect-ratio: 750\/750;\" \/><\/a>\n\t\t\t<\/dt><\/dl><br style=\"clear: both\" \/><dl class='gallery-item'>\n\t\t\t<dt class='gallery-icon landscape'>\n\t\t\t\t<a data-elementor-open-lightbox=\"yes\" data-elementor-lightbox-slideshow=\"05fac4d\" data-elementor-lightbox-title=\"Spectacle participatif - Collectif Silex Artifice Vivant\" data-e-action-hash=\"#elementor-action%3Aaction%3Dlightbox%26settings%3DeyJpZCI6NzE2NywidXJsIjoiaHR0cHM6XC9cL2FudGhvbnlyb2pvLmNvbVwvd3AtY29udGVudFwvdXBsb2Fkc1wvMjAyNVwvMTFcLzAxLUFudGhvbnktUm9qby1QaG90b2dyYXBoZS1zcGVjdGFjbGVzLXZpdmFudHMtYm9yZGVhdXgtMjAxMy1zY2FsZWQuanBnIiwic2xpZGVzaG93IjoiMDVmYWM0ZCJ9\" href='https:\/\/anthonyrojo.com\/wp-content\/uploads\/2025\/11\/01-Anthony-Rojo-Photographe-spectacles-vivants-bordeaux-2013-scaled.jpg'><img decoding=\"async\" width=\"750\" height=\"750\" data-src=\"https:\/\/anthonyrojo.com\/wp-content\/uploads\/2025\/11\/01-Anthony-Rojo-Photographe-spectacles-vivants-bordeaux-2013-750x750.jpg\" class=\"attachment-glcr_image_size_square size-glcr_image_size_square lazyload\" alt=\"\" data-srcset=\"https:\/\/anthonyrojo.com\/wp-content\/uploads\/2025\/11\/01-Anthony-Rojo-Photographe-spectacles-vivants-bordeaux-2013-750x750.jpg 750w, https:\/\/anthonyrojo.com\/wp-content\/uploads\/2025\/11\/01-Anthony-Rojo-Photographe-spectacles-vivants-bordeaux-2013-150x150.jpg 150w, https:\/\/anthonyrojo.com\/wp-content\/uploads\/2025\/11\/01-Anthony-Rojo-Photographe-spectacles-vivants-bordeaux-2013-90x90.jpg 90w, https:\/\/anthonyrojo.com\/wp-content\/uploads\/2025\/11\/01-Anthony-Rojo-Photographe-spectacles-vivants-bordeaux-2013-1300x1300.jpg 1300w\" data-sizes=\"(max-width: 750px) 100vw, 750px\" src=\"data:image\/svg+xml;base64,PHN2ZyB3aWR0aD0iMSIgaGVpZ2h0PSIxIiB4bWxucz0iaHR0cDovL3d3dy53My5vcmcvMjAwMC9zdmciPjwvc3ZnPg==\" style=\"--smush-placeholder-width: 750px; --smush-placeholder-aspect-ratio: 750\/750;\" \/><\/a>\n\t\t\t<\/dt><\/dl><dl class='gallery-item'>\n\t\t\t<dt class='gallery-icon landscape'>\n\t\t\t\t<a data-elementor-open-lightbox=\"yes\" data-elementor-lightbox-slideshow=\"05fac4d\" data-elementor-lightbox-title=\"Spectacle  Asha et B\u00e9kir, le myst\u00e8re des r\u00e9cits \u00e9vapor\u00e9s&quot; par la Compagnie Bogolem dans le cadre du Festival &quot;Bobine de fil&quot; par la Salle des F\u00eates Bordeaux Grand-Parc - Bordeaux\" data-e-action-hash=\"#elementor-action%3Aaction%3Dlightbox%26settings%3DeyJpZCI6NzE3NiwidXJsIjoiaHR0cHM6XC9cL2FudGhvbnlyb2pvLmNvbVwvd3AtY29udGVudFwvdXBsb2Fkc1wvMjAyNVwvMTFcLzAxLUFudGhvbnktUm9qby1QaG90b2dyYXBoZS1zcGVjdGFjbGVzLXZpdmFudHMtYm9yZGVhdXgtQXNoYS1ldC1CZWtpci1jb21wYWduaWUtYm9nb2xlbS1zY2FsZWQuanBnIiwic2xpZGVzaG93IjoiMDVmYWM0ZCJ9\" href='https:\/\/anthonyrojo.com\/wp-content\/uploads\/2025\/11\/01-Anthony-Rojo-Photographe-spectacles-vivants-bordeaux-Asha-et-Bekir-compagnie-bogolem-scaled.jpg'><img decoding=\"async\" width=\"750\" height=\"750\" data-src=\"https:\/\/anthonyrojo.com\/wp-content\/uploads\/2025\/11\/01-Anthony-Rojo-Photographe-spectacles-vivants-bordeaux-Asha-et-Bekir-compagnie-bogolem-750x750.jpg\" class=\"attachment-glcr_image_size_square size-glcr_image_size_square lazyload\" alt=\"\" data-srcset=\"https:\/\/anthonyrojo.com\/wp-content\/uploads\/2025\/11\/01-Anthony-Rojo-Photographe-spectacles-vivants-bordeaux-Asha-et-Bekir-compagnie-bogolem-750x750.jpg 750w, https:\/\/anthonyrojo.com\/wp-content\/uploads\/2025\/11\/01-Anthony-Rojo-Photographe-spectacles-vivants-bordeaux-Asha-et-Bekir-compagnie-bogolem-150x150.jpg 150w, https:\/\/anthonyrojo.com\/wp-content\/uploads\/2025\/11\/01-Anthony-Rojo-Photographe-spectacles-vivants-bordeaux-Asha-et-Bekir-compagnie-bogolem-90x90.jpg 90w, https:\/\/anthonyrojo.com\/wp-content\/uploads\/2025\/11\/01-Anthony-Rojo-Photographe-spectacles-vivants-bordeaux-Asha-et-Bekir-compagnie-bogolem-1300x1300.jpg 1300w\" data-sizes=\"(max-width: 750px) 100vw, 750px\" src=\"data:image\/svg+xml;base64,PHN2ZyB3aWR0aD0iMSIgaGVpZ2h0PSIxIiB4bWxucz0iaHR0cDovL3d3dy53My5vcmcvMjAwMC9zdmciPjwvc3ZnPg==\" style=\"--smush-placeholder-width: 750px; --smush-placeholder-aspect-ratio: 750\/750;\" \/><\/a>\n\t\t\t<\/dt><\/dl><dl class='gallery-item'>\n\t\t\t<dt class='gallery-icon landscape'>\n\t\t\t\t<a data-elementor-open-lightbox=\"yes\" data-elementor-lightbox-slideshow=\"05fac4d\" data-elementor-lightbox-title=\"Spectacle de fin d&#039;ann\u00e9e par les \u00e9l\u00e8ves du Cours Florent - Bordeaux\" data-e-action-hash=\"#elementor-action%3Aaction%3Dlightbox%26settings%3DeyJpZCI6NzE3OSwidXJsIjoiaHR0cHM6XC9cL2FudGhvbnlyb2pvLmNvbVwvd3AtY29udGVudFwvdXBsb2Fkc1wvMjAyNVwvMTFcLzAxLUFudGhvbnktUm9qby1QaG90b2dyYXBoZS1zcGVjdGFjbGVzLXZpdmFudHMtYm9yZGVhdXgtQ291cnMtRmxvcmVudC1hLXNjYWxlZC5qcGciLCJzbGlkZXNob3ciOiIwNWZhYzRkIn0%3D\" href='https:\/\/anthonyrojo.com\/wp-content\/uploads\/2025\/11\/01-Anthony-Rojo-Photographe-spectacles-vivants-bordeaux-Cours-Florent-a-scaled.jpg'><img decoding=\"async\" width=\"750\" height=\"750\" data-src=\"https:\/\/anthonyrojo.com\/wp-content\/uploads\/2025\/11\/01-Anthony-Rojo-Photographe-spectacles-vivants-bordeaux-Cours-Florent-a-750x750.jpg\" class=\"attachment-glcr_image_size_square size-glcr_image_size_square lazyload\" alt=\"\" data-srcset=\"https:\/\/anthonyrojo.com\/wp-content\/uploads\/2025\/11\/01-Anthony-Rojo-Photographe-spectacles-vivants-bordeaux-Cours-Florent-a-750x750.jpg 750w, https:\/\/anthonyrojo.com\/wp-content\/uploads\/2025\/11\/01-Anthony-Rojo-Photographe-spectacles-vivants-bordeaux-Cours-Florent-a-150x150.jpg 150w, https:\/\/anthonyrojo.com\/wp-content\/uploads\/2025\/11\/01-Anthony-Rojo-Photographe-spectacles-vivants-bordeaux-Cours-Florent-a-90x90.jpg 90w, https:\/\/anthonyrojo.com\/wp-content\/uploads\/2025\/11\/01-Anthony-Rojo-Photographe-spectacles-vivants-bordeaux-Cours-Florent-a-1300x1300.jpg 1300w\" data-sizes=\"(max-width: 750px) 100vw, 750px\" src=\"data:image\/svg+xml;base64,PHN2ZyB3aWR0aD0iMSIgaGVpZ2h0PSIxIiB4bWxucz0iaHR0cDovL3d3dy53My5vcmcvMjAwMC9zdmciPjwvc3ZnPg==\" style=\"--smush-placeholder-width: 750px; --smush-placeholder-aspect-ratio: 750\/750;\" \/><\/a>\n\t\t\t<\/dt><\/dl><br style=\"clear: both\" \/><dl class='gallery-item'>\n\t\t\t<dt class='gallery-icon landscape'>\n\t\t\t\t<a data-elementor-open-lightbox=\"yes\" data-elementor-lightbox-slideshow=\"05fac4d\" data-elementor-lightbox-title=\"Spectacle de fin d&#039;ann\u00e9e par les \u00e9l\u00e8ves du Cours Florent - Bordeaux\" data-e-action-hash=\"#elementor-action%3Aaction%3Dlightbox%26settings%3DeyJpZCI6NzE4MCwidXJsIjoiaHR0cHM6XC9cL2FudGhvbnlyb2pvLmNvbVwvd3AtY29udGVudFwvdXBsb2Fkc1wvMjAyNVwvMTFcLzAxLUFudGhvbnktUm9qby1QaG90b2dyYXBoZS1zcGVjdGFjbGVzLXZpdmFudHMtYm9yZGVhdXgtQ291cnMtRmxvcmVudC1zY2FsZWQuanBnIiwic2xpZGVzaG93IjoiMDVmYWM0ZCJ9\" href='https:\/\/anthonyrojo.com\/wp-content\/uploads\/2025\/11\/01-Anthony-Rojo-Photographe-spectacles-vivants-bordeaux-Cours-Florent-scaled.jpg'><img decoding=\"async\" width=\"750\" height=\"750\" data-src=\"https:\/\/anthonyrojo.com\/wp-content\/uploads\/2025\/11\/01-Anthony-Rojo-Photographe-spectacles-vivants-bordeaux-Cours-Florent-750x750.jpg\" class=\"attachment-glcr_image_size_square size-glcr_image_size_square lazyload\" alt=\"\" data-srcset=\"https:\/\/anthonyrojo.com\/wp-content\/uploads\/2025\/11\/01-Anthony-Rojo-Photographe-spectacles-vivants-bordeaux-Cours-Florent-750x750.jpg 750w, https:\/\/anthonyrojo.com\/wp-content\/uploads\/2025\/11\/01-Anthony-Rojo-Photographe-spectacles-vivants-bordeaux-Cours-Florent-150x150.jpg 150w, https:\/\/anthonyrojo.com\/wp-content\/uploads\/2025\/11\/01-Anthony-Rojo-Photographe-spectacles-vivants-bordeaux-Cours-Florent-90x90.jpg 90w, https:\/\/anthonyrojo.com\/wp-content\/uploads\/2025\/11\/01-Anthony-Rojo-Photographe-spectacles-vivants-bordeaux-Cours-Florent-1300x1300.jpg 1300w\" data-sizes=\"(max-width: 750px) 100vw, 750px\" src=\"data:image\/svg+xml;base64,PHN2ZyB3aWR0aD0iMSIgaGVpZ2h0PSIxIiB4bWxucz0iaHR0cDovL3d3dy53My5vcmcvMjAwMC9zdmciPjwvc3ZnPg==\" style=\"--smush-placeholder-width: 750px; --smush-placeholder-aspect-ratio: 750\/750;\" \/><\/a>\n\t\t\t<\/dt><\/dl><dl class='gallery-item'>\n\t\t\t<dt class='gallery-icon landscape'>\n\t\t\t\t<a data-elementor-open-lightbox=\"yes\" data-elementor-lightbox-slideshow=\"05fac4d\" data-elementor-lightbox-title=\"Spectacle Les Arnach\u00e9s - Collectif Tarabiscot\u00e9 - Service culture Saint-Andr\u00e9-de-Cubzac\" data-e-action-hash=\"#elementor-action%3Aaction%3Dlightbox%26settings%3DeyJpZCI6MzY1NiwidXJsIjoiaHR0cHM6XC9cL2FudGhvbnlyb2pvLmNvbVwvd3AtY29udGVudFwvdXBsb2Fkc1wvMjAyNFwvMDNcLzAxLUFudGhvbnktUm9qby1QaG90b2dyYXBoZS1zcGVjdGFjbGVzLXZpdmFudHMtYm9yZGVhdXgtMy1zY2FsZWQuanBnIiwic2xpZGVzaG93IjoiMDVmYWM0ZCJ9\" href='https:\/\/anthonyrojo.com\/wp-content\/uploads\/2024\/03\/01-Anthony-Rojo-Photographe-spectacles-vivants-bordeaux-3-scaled.jpg'><img decoding=\"async\" width=\"750\" height=\"750\" data-src=\"https:\/\/anthonyrojo.com\/wp-content\/uploads\/2024\/03\/01-Anthony-Rojo-Photographe-spectacles-vivants-bordeaux-3-750x750.jpg\" class=\"attachment-glcr_image_size_square size-glcr_image_size_square lazyload\" alt=\"\" data-srcset=\"https:\/\/anthonyrojo.com\/wp-content\/uploads\/2024\/03\/01-Anthony-Rojo-Photographe-spectacles-vivants-bordeaux-3-750x750.jpg 750w, https:\/\/anthonyrojo.com\/wp-content\/uploads\/2024\/03\/01-Anthony-Rojo-Photographe-spectacles-vivants-bordeaux-3-150x150.jpg 150w, https:\/\/anthonyrojo.com\/wp-content\/uploads\/2024\/03\/01-Anthony-Rojo-Photographe-spectacles-vivants-bordeaux-3-90x90.jpg 90w, https:\/\/anthonyrojo.com\/wp-content\/uploads\/2024\/03\/01-Anthony-Rojo-Photographe-spectacles-vivants-bordeaux-3-1300x1300.jpg 1300w\" data-sizes=\"(max-width: 750px) 100vw, 750px\" src=\"data:image\/svg+xml;base64,PHN2ZyB3aWR0aD0iMSIgaGVpZ2h0PSIxIiB4bWxucz0iaHR0cDovL3d3dy53My5vcmcvMjAwMC9zdmciPjwvc3ZnPg==\" style=\"--smush-placeholder-width: 750px; --smush-placeholder-aspect-ratio: 750\/750;\" \/><\/a>\n\t\t\t<\/dt><\/dl><dl class='gallery-item'>\n\t\t\t<dt class='gallery-icon landscape'>\n\t\t\t\t<a data-elementor-open-lightbox=\"yes\" data-elementor-lightbox-slideshow=\"05fac4d\" data-elementor-lightbox-title=\"\u201cLes aventures de Ketchup et Grouy\u00e8re\u201d par la Compagnie Georges - Lalande de Fronsac\" data-e-action-hash=\"#elementor-action%3Aaction%3Dlightbox%26settings%3DeyJpZCI6NzE4MiwidXJsIjoiaHR0cHM6XC9cL2FudGhvbnlyb2pvLmNvbVwvd3AtY29udGVudFwvdXBsb2Fkc1wvMjAyNVwvMTFcLzAxLUFudGhvbnktUm9qby1QaG90b2dyYXBoZS1zcGVjdGFjbGVzLXZpdmFudHMtYm9yZGVhdXgtS2V0Y2h1cC1ldC1Hcm91eWVyZS1zY2FsZWQuanBnIiwic2xpZGVzaG93IjoiMDVmYWM0ZCJ9\" href='https:\/\/anthonyrojo.com\/wp-content\/uploads\/2025\/11\/01-Anthony-Rojo-Photographe-spectacles-vivants-bordeaux-Ketchup-et-Grouyere-scaled.jpg'><img decoding=\"async\" width=\"750\" height=\"750\" data-src=\"https:\/\/anthonyrojo.com\/wp-content\/uploads\/2025\/11\/01-Anthony-Rojo-Photographe-spectacles-vivants-bordeaux-Ketchup-et-Grouyere-750x750.jpg\" class=\"attachment-glcr_image_size_square size-glcr_image_size_square lazyload\" alt=\"\" data-srcset=\"https:\/\/anthonyrojo.com\/wp-content\/uploads\/2025\/11\/01-Anthony-Rojo-Photographe-spectacles-vivants-bordeaux-Ketchup-et-Grouyere-750x750.jpg 750w, https:\/\/anthonyrojo.com\/wp-content\/uploads\/2025\/11\/01-Anthony-Rojo-Photographe-spectacles-vivants-bordeaux-Ketchup-et-Grouyere-150x150.jpg 150w, https:\/\/anthonyrojo.com\/wp-content\/uploads\/2025\/11\/01-Anthony-Rojo-Photographe-spectacles-vivants-bordeaux-Ketchup-et-Grouyere-90x90.jpg 90w, https:\/\/anthonyrojo.com\/wp-content\/uploads\/2025\/11\/01-Anthony-Rojo-Photographe-spectacles-vivants-bordeaux-Ketchup-et-Grouyere-1300x1300.jpg 1300w\" data-sizes=\"(max-width: 750px) 100vw, 750px\" src=\"data:image\/svg+xml;base64,PHN2ZyB3aWR0aD0iMSIgaGVpZ2h0PSIxIiB4bWxucz0iaHR0cDovL3d3dy53My5vcmcvMjAwMC9zdmciPjwvc3ZnPg==\" style=\"--smush-placeholder-width: 750px; --smush-placeholder-aspect-ratio: 750\/750;\" \/><\/a>\n\t\t\t<\/dt><\/dl><br style=\"clear: both\" \/><dl class='gallery-item'>\n\t\t\t<dt class='gallery-icon landscape'>\n\t\t\t\t<a data-elementor-open-lightbox=\"yes\" data-elementor-lightbox-slideshow=\"05fac4d\" data-elementor-lightbox-title=\"Spectacle Direction Los Angeles - Compagnie Les Dolphin Apocalypse - Ouverture de saison du Champ de Foire - Saint-Andr\u00e9-de-Cubzac\" data-e-action-hash=\"#elementor-action%3Aaction%3Dlightbox%26settings%3DeyJpZCI6NzE5MiwidXJsIjoiaHR0cHM6XC9cL2FudGhvbnlyb2pvLmNvbVwvd3AtY29udGVudFwvdXBsb2Fkc1wvMjAyNVwvMTFcLzAxLUFudGhvbnktUm9qby1QaG90b2dyYXBoZS1zcGVjdGFjbGVzLXZpdmFudHMtYm9yZGVhdXgtMjAxMi0xLXNjYWxlZC5qcGciLCJzbGlkZXNob3ciOiIwNWZhYzRkIn0%3D\" href='https:\/\/anthonyrojo.com\/wp-content\/uploads\/2025\/11\/01-Anthony-Rojo-Photographe-spectacles-vivants-bordeaux-2012-1-scaled.jpg'><img decoding=\"async\" width=\"750\" height=\"750\" data-src=\"https:\/\/anthonyrojo.com\/wp-content\/uploads\/2025\/11\/01-Anthony-Rojo-Photographe-spectacles-vivants-bordeaux-2012-1-750x750.jpg\" class=\"attachment-glcr_image_size_square size-glcr_image_size_square lazyload\" alt=\"\" data-srcset=\"https:\/\/anthonyrojo.com\/wp-content\/uploads\/2025\/11\/01-Anthony-Rojo-Photographe-spectacles-vivants-bordeaux-2012-1-750x750.jpg 750w, https:\/\/anthonyrojo.com\/wp-content\/uploads\/2025\/11\/01-Anthony-Rojo-Photographe-spectacles-vivants-bordeaux-2012-1-150x150.jpg 150w, https:\/\/anthonyrojo.com\/wp-content\/uploads\/2025\/11\/01-Anthony-Rojo-Photographe-spectacles-vivants-bordeaux-2012-1-90x90.jpg 90w, https:\/\/anthonyrojo.com\/wp-content\/uploads\/2025\/11\/01-Anthony-Rojo-Photographe-spectacles-vivants-bordeaux-2012-1-1300x1300.jpg 1300w\" data-sizes=\"(max-width: 750px) 100vw, 750px\" src=\"data:image\/svg+xml;base64,PHN2ZyB3aWR0aD0iMSIgaGVpZ2h0PSIxIiB4bWxucz0iaHR0cDovL3d3dy53My5vcmcvMjAwMC9zdmciPjwvc3ZnPg==\" style=\"--smush-placeholder-width: 750px; --smush-placeholder-aspect-ratio: 750\/750;\" \/><\/a>\n\t\t\t<\/dt><\/dl><dl class='gallery-item'>\n\t\t\t<dt class='gallery-icon landscape'>\n\t\t\t\t<a data-elementor-open-lightbox=\"yes\" data-elementor-lightbox-slideshow=\"05fac4d\" data-elementor-lightbox-title=\"dans le cadre du Festival &quot;Un \u00e9t\u00e9 au Grand-Parc&quot; par la Salle des F\u00eates Bordeaux Grand-Parc - Bordeaux\" data-e-action-hash=\"#elementor-action%3Aaction%3Dlightbox%26settings%3DeyJpZCI6NzE5OCwidXJsIjoiaHR0cHM6XC9cL2FudGhvbnlyb2pvLmNvbVwvd3AtY29udGVudFwvdXBsb2Fkc1wvMjAyNVwvMTFcLzAxLUFudGhvbnktUm9qby1QaG90b2dyYXBoZS1zcGVjdGFjbGVzLXZpdmFudHMtYm9yZGVhdXgtMjAxNS0zLmpwZyIsInNsaWRlc2hvdyI6IjA1ZmFjNGQifQ%3D%3D\" href='https:\/\/anthonyrojo.com\/wp-content\/uploads\/2025\/11\/01-Anthony-Rojo-Photographe-spectacles-vivants-bordeaux-2015-3.jpg'><img decoding=\"async\" width=\"750\" height=\"750\" data-src=\"https:\/\/anthonyrojo.com\/wp-content\/uploads\/2025\/11\/01-Anthony-Rojo-Photographe-spectacles-vivants-bordeaux-2015-3-750x750.jpg\" class=\"attachment-glcr_image_size_square size-glcr_image_size_square lazyload\" alt=\"\" data-srcset=\"https:\/\/anthonyrojo.com\/wp-content\/uploads\/2025\/11\/01-Anthony-Rojo-Photographe-spectacles-vivants-bordeaux-2015-3-750x750.jpg 750w, https:\/\/anthonyrojo.com\/wp-content\/uploads\/2025\/11\/01-Anthony-Rojo-Photographe-spectacles-vivants-bordeaux-2015-3-150x150.jpg 150w, https:\/\/anthonyrojo.com\/wp-content\/uploads\/2025\/11\/01-Anthony-Rojo-Photographe-spectacles-vivants-bordeaux-2015-3-90x90.jpg 90w\" data-sizes=\"(max-width: 750px) 100vw, 750px\" src=\"data:image\/svg+xml;base64,PHN2ZyB3aWR0aD0iMSIgaGVpZ2h0PSIxIiB4bWxucz0iaHR0cDovL3d3dy53My5vcmcvMjAwMC9zdmciPjwvc3ZnPg==\" style=\"--smush-placeholder-width: 750px; --smush-placeholder-aspect-ratio: 750\/750;\" \/><\/a>\n\t\t\t<\/dt><\/dl><dl class='gallery-item'>\n\t\t\t<dt class='gallery-icon landscape'>\n\t\t\t\t<a data-elementor-open-lightbox=\"yes\" data-elementor-lightbox-slideshow=\"05fac4d\" data-elementor-lightbox-title=\"R\u00e9p\u00e9tition participative de danse - Malandain Ballet Biarritz\" data-e-action-hash=\"#elementor-action%3Aaction%3Dlightbox%26settings%3DeyJpZCI6MzY2MCwidXJsIjoiaHR0cHM6XC9cL2FudGhvbnlyb2pvLmNvbVwvd3AtY29udGVudFwvdXBsb2Fkc1wvMjAyNFwvMDNcLzAxLUFudGhvbnktUm9qby1QaG90b2dyYXBoZS1zcGVjdGFjbGVzLXZpdmFudHMtYm9yZGVhdXgtNy1zY2FsZWQuanBnIiwic2xpZGVzaG93IjoiMDVmYWM0ZCJ9\" href='https:\/\/anthonyrojo.com\/wp-content\/uploads\/2024\/03\/01-Anthony-Rojo-Photographe-spectacles-vivants-bordeaux-7-scaled.jpg'><img decoding=\"async\" width=\"750\" height=\"750\" data-src=\"https:\/\/anthonyrojo.com\/wp-content\/uploads\/2024\/03\/01-Anthony-Rojo-Photographe-spectacles-vivants-bordeaux-7-750x750.jpg\" class=\"attachment-glcr_image_size_square size-glcr_image_size_square lazyload\" alt=\"\" data-srcset=\"https:\/\/anthonyrojo.com\/wp-content\/uploads\/2024\/03\/01-Anthony-Rojo-Photographe-spectacles-vivants-bordeaux-7-750x750.jpg 750w, https:\/\/anthonyrojo.com\/wp-content\/uploads\/2024\/03\/01-Anthony-Rojo-Photographe-spectacles-vivants-bordeaux-7-150x150.jpg 150w, https:\/\/anthonyrojo.com\/wp-content\/uploads\/2024\/03\/01-Anthony-Rojo-Photographe-spectacles-vivants-bordeaux-7-90x90.jpg 90w, https:\/\/anthonyrojo.com\/wp-content\/uploads\/2024\/03\/01-Anthony-Rojo-Photographe-spectacles-vivants-bordeaux-7-1300x1300.jpg 1300w\" data-sizes=\"(max-width: 750px) 100vw, 750px\" src=\"data:image\/svg+xml;base64,PHN2ZyB3aWR0aD0iMSIgaGVpZ2h0PSIxIiB4bWxucz0iaHR0cDovL3d3dy53My5vcmcvMjAwMC9zdmciPjwvc3ZnPg==\" style=\"--smush-placeholder-width: 750px; --smush-placeholder-aspect-ratio: 750\/750;\" \/><\/a>\n\t\t\t<\/dt><\/dl><br style=\"clear: both\" \/><dl class='gallery-item'>\n\t\t\t<dt class='gallery-icon landscape'>\n\t\t\t\t<a data-elementor-open-lightbox=\"yes\" data-elementor-lightbox-slideshow=\"05fac4d\" data-elementor-lightbox-title=\"Concert du groupe The Wackids - Ouverture de saison du Champ de Foire - Saint-Andr\u00e9-de-Cubzac\" data-e-action-hash=\"#elementor-action%3Aaction%3Dlightbox%26settings%3DeyJpZCI6NzE4NSwidXJsIjoiaHR0cHM6XC9cL2FudGhvbnlyb2pvLmNvbVwvd3AtY29udGVudFwvdXBsb2Fkc1wvMjAyNVwvMTFcLzAxLUFudGhvbnktUm9qby1QaG90b2dyYXBoZS1zcGVjdGFjbGVzLXZpdmFudHMtYm9yZGVhdXgtVGhlLXdhY2tpZHMuanBnIiwic2xpZGVzaG93IjoiMDVmYWM0ZCJ9\" href='https:\/\/anthonyrojo.com\/wp-content\/uploads\/2025\/11\/01-Anthony-Rojo-Photographe-spectacles-vivants-bordeaux-The-wackids.jpg'><img decoding=\"async\" width=\"750\" height=\"750\" data-src=\"https:\/\/anthonyrojo.com\/wp-content\/uploads\/2025\/11\/01-Anthony-Rojo-Photographe-spectacles-vivants-bordeaux-The-wackids-750x750.jpg\" class=\"attachment-glcr_image_size_square size-glcr_image_size_square lazyload\" alt=\"\" data-srcset=\"https:\/\/anthonyrojo.com\/wp-content\/uploads\/2025\/11\/01-Anthony-Rojo-Photographe-spectacles-vivants-bordeaux-The-wackids-750x750.jpg 750w, https:\/\/anthonyrojo.com\/wp-content\/uploads\/2025\/11\/01-Anthony-Rojo-Photographe-spectacles-vivants-bordeaux-The-wackids-150x150.jpg 150w, https:\/\/anthonyrojo.com\/wp-content\/uploads\/2025\/11\/01-Anthony-Rojo-Photographe-spectacles-vivants-bordeaux-The-wackids-90x90.jpg 90w, https:\/\/anthonyrojo.com\/wp-content\/uploads\/2025\/11\/01-Anthony-Rojo-Photographe-spectacles-vivants-bordeaux-The-wackids-1300x1300.jpg 1300w\" data-sizes=\"(max-width: 750px) 100vw, 750px\" src=\"data:image\/svg+xml;base64,PHN2ZyB3aWR0aD0iMSIgaGVpZ2h0PSIxIiB4bWxucz0iaHR0cDovL3d3dy53My5vcmcvMjAwMC9zdmciPjwvc3ZnPg==\" style=\"--smush-placeholder-width: 750px; --smush-placeholder-aspect-ratio: 750\/750;\" \/><\/a>\n\t\t\t<\/dt><\/dl><dl class='gallery-item'>\n\t\t\t<dt class='gallery-icon landscape'>\n\t\t\t\t<a data-elementor-open-lightbox=\"yes\" data-elementor-lightbox-slideshow=\"05fac4d\" data-elementor-lightbox-title=\"Spectacle Viewing party Luni - Drag queen et Drag king\" data-e-action-hash=\"#elementor-action%3Aaction%3Dlightbox%26settings%3DeyJpZCI6MzY2MywidXJsIjoiaHR0cHM6XC9cL2FudGhvbnlyb2pvLmNvbVwvd3AtY29udGVudFwvdXBsb2Fkc1wvMjAyNFwvMDNcLzAxLUFudGhvbnktUm9qby1QaG90b2dyYXBoZS1zcGVjdGFjbGVzLXZpdmFudHMtYm9yZGVhdXgtMTAtc2NhbGVkLmpwZyIsInNsaWRlc2hvdyI6IjA1ZmFjNGQifQ%3D%3D\" href='https:\/\/anthonyrojo.com\/wp-content\/uploads\/2024\/03\/01-Anthony-Rojo-Photographe-spectacles-vivants-bordeaux-10-scaled.jpg'><img decoding=\"async\" width=\"750\" height=\"750\" data-src=\"https:\/\/anthonyrojo.com\/wp-content\/uploads\/2024\/03\/01-Anthony-Rojo-Photographe-spectacles-vivants-bordeaux-10-750x750.jpg\" class=\"attachment-glcr_image_size_square size-glcr_image_size_square lazyload\" alt=\"\" data-srcset=\"https:\/\/anthonyrojo.com\/wp-content\/uploads\/2024\/03\/01-Anthony-Rojo-Photographe-spectacles-vivants-bordeaux-10-750x750.jpg 750w, https:\/\/anthonyrojo.com\/wp-content\/uploads\/2024\/03\/01-Anthony-Rojo-Photographe-spectacles-vivants-bordeaux-10-150x150.jpg 150w, https:\/\/anthonyrojo.com\/wp-content\/uploads\/2024\/03\/01-Anthony-Rojo-Photographe-spectacles-vivants-bordeaux-10-90x90.jpg 90w, https:\/\/anthonyrojo.com\/wp-content\/uploads\/2024\/03\/01-Anthony-Rojo-Photographe-spectacles-vivants-bordeaux-10-1300x1300.jpg 1300w\" data-sizes=\"(max-width: 750px) 100vw, 750px\" src=\"data:image\/svg+xml;base64,PHN2ZyB3aWR0aD0iMSIgaGVpZ2h0PSIxIiB4bWxucz0iaHR0cDovL3d3dy53My5vcmcvMjAwMC9zdmciPjwvc3ZnPg==\" style=\"--smush-placeholder-width: 750px; --smush-placeholder-aspect-ratio: 750\/750;\" \/><\/a>\n\t\t\t<\/dt><\/dl><dl class='gallery-item'>\n\t\t\t<dt class='gallery-icon landscape'>\n\t\t\t\t<a data-elementor-open-lightbox=\"yes\" data-elementor-lightbox-slideshow=\"05fac4d\" data-elementor-lightbox-title=\"Spectacle Viewing party Luni - Drag queen et Drag king\" data-e-action-hash=\"#elementor-action%3Aaction%3Dlightbox%26settings%3DeyJpZCI6MzY2NCwidXJsIjoiaHR0cHM6XC9cL2FudGhvbnlyb2pvLmNvbVwvd3AtY29udGVudFwvdXBsb2Fkc1wvMjAyNFwvMDNcLzAxLUFudGhvbnktUm9qby1QaG90b2dyYXBoZS1zcGVjdGFjbGVzLXZpdmFudHMtYm9yZGVhdXgtMTEtc2NhbGVkLmpwZyIsInNsaWRlc2hvdyI6IjA1ZmFjNGQifQ%3D%3D\" href='https:\/\/anthonyrojo.com\/wp-content\/uploads\/2024\/03\/01-Anthony-Rojo-Photographe-spectacles-vivants-bordeaux-11-scaled.jpg'><img decoding=\"async\" width=\"750\" height=\"750\" data-src=\"https:\/\/anthonyrojo.com\/wp-content\/uploads\/2024\/03\/01-Anthony-Rojo-Photographe-spectacles-vivants-bordeaux-11-750x750.jpg\" class=\"attachment-glcr_image_size_square size-glcr_image_size_square lazyload\" alt=\"\" data-srcset=\"https:\/\/anthonyrojo.com\/wp-content\/uploads\/2024\/03\/01-Anthony-Rojo-Photographe-spectacles-vivants-bordeaux-11-750x750.jpg 750w, https:\/\/anthonyrojo.com\/wp-content\/uploads\/2024\/03\/01-Anthony-Rojo-Photographe-spectacles-vivants-bordeaux-11-150x150.jpg 150w, https:\/\/anthonyrojo.com\/wp-content\/uploads\/2024\/03\/01-Anthony-Rojo-Photographe-spectacles-vivants-bordeaux-11-90x90.jpg 90w, https:\/\/anthonyrojo.com\/wp-content\/uploads\/2024\/03\/01-Anthony-Rojo-Photographe-spectacles-vivants-bordeaux-11-1300x1300.jpg 1300w\" data-sizes=\"(max-width: 750px) 100vw, 750px\" src=\"data:image\/svg+xml;base64,PHN2ZyB3aWR0aD0iMSIgaGVpZ2h0PSIxIiB4bWxucz0iaHR0cDovL3d3dy53My5vcmcvMjAwMC9zdmciPjwvc3ZnPg==\" style=\"--smush-placeholder-width: 750px; --smush-placeholder-aspect-ratio: 750\/750;\" \/><\/a>\n\t\t\t<\/dt><\/dl><br style=\"clear: both\" \/><dl class='gallery-item'>\n\t\t\t<dt class='gallery-icon landscape'>\n\t\t\t\t<a data-elementor-open-lightbox=\"yes\" data-elementor-lightbox-slideshow=\"05fac4d\" data-elementor-lightbox-title=\"Spectacle Viewing party Luni - Drag queen et Drag king\" data-e-action-hash=\"#elementor-action%3Aaction%3Dlightbox%26settings%3DeyJpZCI6MzY2NSwidXJsIjoiaHR0cHM6XC9cL2FudGhvbnlyb2pvLmNvbVwvd3AtY29udGVudFwvdXBsb2Fkc1wvMjAyNFwvMDNcLzAxLUFudGhvbnktUm9qby1QaG90b2dyYXBoZS1zcGVjdGFjbGVzLXZpdmFudHMtYm9yZGVhdXgtMTItc2NhbGVkLmpwZyIsInNsaWRlc2hvdyI6IjA1ZmFjNGQifQ%3D%3D\" href='https:\/\/anthonyrojo.com\/wp-content\/uploads\/2024\/03\/01-Anthony-Rojo-Photographe-spectacles-vivants-bordeaux-12-scaled.jpg'><img decoding=\"async\" width=\"750\" height=\"750\" data-src=\"https:\/\/anthonyrojo.com\/wp-content\/uploads\/2024\/03\/01-Anthony-Rojo-Photographe-spectacles-vivants-bordeaux-12-750x750.jpg\" class=\"attachment-glcr_image_size_square size-glcr_image_size_square lazyload\" alt=\"\" data-srcset=\"https:\/\/anthonyrojo.com\/wp-content\/uploads\/2024\/03\/01-Anthony-Rojo-Photographe-spectacles-vivants-bordeaux-12-750x750.jpg 750w, https:\/\/anthonyrojo.com\/wp-content\/uploads\/2024\/03\/01-Anthony-Rojo-Photographe-spectacles-vivants-bordeaux-12-150x150.jpg 150w, https:\/\/anthonyrojo.com\/wp-content\/uploads\/2024\/03\/01-Anthony-Rojo-Photographe-spectacles-vivants-bordeaux-12-90x90.jpg 90w, https:\/\/anthonyrojo.com\/wp-content\/uploads\/2024\/03\/01-Anthony-Rojo-Photographe-spectacles-vivants-bordeaux-12-1300x1300.jpg 1300w\" data-sizes=\"(max-width: 750px) 100vw, 750px\" src=\"data:image\/svg+xml;base64,PHN2ZyB3aWR0aD0iMSIgaGVpZ2h0PSIxIiB4bWxucz0iaHR0cDovL3d3dy53My5vcmcvMjAwMC9zdmciPjwvc3ZnPg==\" style=\"--smush-placeholder-width: 750px; --smush-placeholder-aspect-ratio: 750\/750;\" \/><\/a>\n\t\t\t<\/dt><\/dl>\n\t\t\t<br style='clear: both' \/>\n\t\t<\/div>\n\t\t<\/div>\n\t\t\t\t\t\t<\/div>\n\t\t\t\t<\/div>\n\t\t\t\t\t<\/div>\n\t\t\t\t<\/div>\n\t\t\t\t<\/div>\n\t\t<div class=\"elementor-element elementor-element-b5cc0fd e-con-full e-flex e-con e-child\" data-id=\"b5cc0fd\" data-element_type=\"container\" data-e-type=\"container\" data-settings=\"{&quot;glcr_ext_is_sticky&quot;:&quot;false&quot;}\">\n\t\t<div class=\"elementor-element elementor-element-ac4c1bb e-flex e-con-boxed e-con e-child\" data-id=\"ac4c1bb\" data-element_type=\"container\" data-e-type=\"container\" data-settings=\"{&quot;glcr_ext_is_sticky&quot;:&quot;false&quot;}\">\n\t\t\t\t\t<div class=\"e-con-inner\">\n\t\t\t\t<div class=\"elementor-element elementor-element-526229e glcr-title-align-center glcr-title-orientation--horizontal elementor-widget elementor-widget-glcr_title\" data-id=\"526229e\" data-element_type=\"widget\" data-e-type=\"widget\" data-settings=\"{&quot;glcr_ext_is_infinite&quot;:&quot;false&quot;,&quot;glcr_ext_is_scrollme&quot;:&quot;false&quot;}\" data-widget_type=\"glcr_title.default\">\n\t\t\t\t<div class=\"elementor-widget-container\">\n\t\t\t\t\t<div class=\"glcr-title glcr-title-default glcr-scroll--load\"><div class=\"glcr-title-heading\">Expositions artistiques<\/div><\/div>\t\t\t\t<\/div>\n\t\t\t\t<\/div>\n\t\t\t\t<div class=\"elementor-element elementor-element-3e0e80c gallery-spacing-custom elementor-widget elementor-widget-image-gallery\" data-id=\"3e0e80c\" data-element_type=\"widget\" data-e-type=\"widget\" data-settings=\"{&quot;glcr_ext_is_infinite&quot;:&quot;false&quot;,&quot;glcr_ext_is_scrollme&quot;:&quot;false&quot;}\" data-widget_type=\"image-gallery.default\">\n\t\t\t\t<div class=\"elementor-widget-container\">\n\t\t\t\t\t\t\t<div class=\"elementor-image-gallery\">\n\t\t\t<div id='gallery-2' class='gallery galleryid-3629 gallery-columns-2 gallery-size-glcr_image_size_square'><dl class='gallery-item'>\n\t\t\t<dt class='gallery-icon landscape'>\n\t\t\t\t<a data-elementor-open-lightbox=\"yes\" data-elementor-lightbox-slideshow=\"3e0e80c\" data-elementor-lightbox-title=\"Vernissage de l&#039;exposition \u00ab Qu\u2019allons-nous faire, Jorge ? \u00bfQu\u00e9 vamos a hacer, Jorge? \u00bb au Frac MECA Nouvelle-Aquitaine - Bordeaux\" data-e-action-hash=\"#elementor-action%3Aaction%3Dlightbox%26settings%3DeyJpZCI6NzE2NCwidXJsIjoiaHR0cHM6XC9cL2FudGhvbnlyb2pvLmNvbVwvd3AtY29udGVudFwvdXBsb2Fkc1wvMjAyNVwvMTFcLzEtQW50aG9ueS1Sb2pvLVBob3RvZ3JhcGhlLWV4cG9zaXRpb24tY3VsdHVyZS1ib3JkZWF1eC1GUkFDLU1FQ0EtTk9VVkVMTEUtc2NhbGVkLmpwZyIsInNsaWRlc2hvdyI6IjNlMGU4MGMifQ%3D%3D\" href='https:\/\/anthonyrojo.com\/wp-content\/uploads\/2025\/11\/1-Anthony-Rojo-Photographe-exposition-culture-bordeaux-FRAC-MECA-NOUVELLE-scaled.jpg'><img decoding=\"async\" width=\"750\" height=\"750\" data-src=\"https:\/\/anthonyrojo.com\/wp-content\/uploads\/2025\/11\/1-Anthony-Rojo-Photographe-exposition-culture-bordeaux-FRAC-MECA-NOUVELLE-750x750.jpg\" class=\"attachment-glcr_image_size_square size-glcr_image_size_square lazyload\" alt=\"\" data-srcset=\"https:\/\/anthonyrojo.com\/wp-content\/uploads\/2025\/11\/1-Anthony-Rojo-Photographe-exposition-culture-bordeaux-FRAC-MECA-NOUVELLE-750x750.jpg 750w, https:\/\/anthonyrojo.com\/wp-content\/uploads\/2025\/11\/1-Anthony-Rojo-Photographe-exposition-culture-bordeaux-FRAC-MECA-NOUVELLE-150x150.jpg 150w, https:\/\/anthonyrojo.com\/wp-content\/uploads\/2025\/11\/1-Anthony-Rojo-Photographe-exposition-culture-bordeaux-FRAC-MECA-NOUVELLE-90x90.jpg 90w, https:\/\/anthonyrojo.com\/wp-content\/uploads\/2025\/11\/1-Anthony-Rojo-Photographe-exposition-culture-bordeaux-FRAC-MECA-NOUVELLE-1300x1300.jpg 1300w\" data-sizes=\"(max-width: 750px) 100vw, 750px\" src=\"data:image\/svg+xml;base64,PHN2ZyB3aWR0aD0iMSIgaGVpZ2h0PSIxIiB4bWxucz0iaHR0cDovL3d3dy53My5vcmcvMjAwMC9zdmciPjwvc3ZnPg==\" style=\"--smush-placeholder-width: 750px; --smush-placeholder-aspect-ratio: 750\/750;\" \/><\/a>\n\t\t\t<\/dt><\/dl><dl class='gallery-item'>\n\t\t\t<dt class='gallery-icon landscape'>\n\t\t\t\t<a data-elementor-open-lightbox=\"yes\" data-elementor-lightbox-slideshow=\"3e0e80c\" data-elementor-lightbox-title=\"Exposition LASCAUX \u00e0 Cap Sciences - Bordeaux\" data-e-action-hash=\"#elementor-action%3Aaction%3Dlightbox%26settings%3DeyJpZCI6NzE2NSwidXJsIjoiaHR0cHM6XC9cL2FudGhvbnlyb2pvLmNvbVwvd3AtY29udGVudFwvdXBsb2Fkc1wvMjAyNVwvMTFcLzEtQW50aG9ueS1Sb2pvLVBob3RvZ3JhcGhlLWV4cG9zaXRpb24tY3VsdHVyZS1ib3JkZWF1eC1MYXNjYXV4LUNhcC1TY2llbmNlcy1zY2FsZWQuanBnIiwic2xpZGVzaG93IjoiM2UwZTgwYyJ9\" href='https:\/\/anthonyrojo.com\/wp-content\/uploads\/2025\/11\/1-Anthony-Rojo-Photographe-exposition-culture-bordeaux-Lascaux-Cap-Sciences-scaled.jpg'><img decoding=\"async\" width=\"750\" height=\"750\" data-src=\"https:\/\/anthonyrojo.com\/wp-content\/uploads\/2025\/11\/1-Anthony-Rojo-Photographe-exposition-culture-bordeaux-Lascaux-Cap-Sciences-750x750.jpg\" class=\"attachment-glcr_image_size_square size-glcr_image_size_square lazyload\" alt=\"\" data-srcset=\"https:\/\/anthonyrojo.com\/wp-content\/uploads\/2025\/11\/1-Anthony-Rojo-Photographe-exposition-culture-bordeaux-Lascaux-Cap-Sciences-750x750.jpg 750w, https:\/\/anthonyrojo.com\/wp-content\/uploads\/2025\/11\/1-Anthony-Rojo-Photographe-exposition-culture-bordeaux-Lascaux-Cap-Sciences-150x150.jpg 150w, https:\/\/anthonyrojo.com\/wp-content\/uploads\/2025\/11\/1-Anthony-Rojo-Photographe-exposition-culture-bordeaux-Lascaux-Cap-Sciences-90x90.jpg 90w, https:\/\/anthonyrojo.com\/wp-content\/uploads\/2025\/11\/1-Anthony-Rojo-Photographe-exposition-culture-bordeaux-Lascaux-Cap-Sciences-1300x1300.jpg 1300w\" data-sizes=\"(max-width: 750px) 100vw, 750px\" src=\"data:image\/svg+xml;base64,PHN2ZyB3aWR0aD0iMSIgaGVpZ2h0PSIxIiB4bWxucz0iaHR0cDovL3d3dy53My5vcmcvMjAwMC9zdmciPjwvc3ZnPg==\" style=\"--smush-placeholder-width: 750px; --smush-placeholder-aspect-ratio: 750\/750;\" \/><\/a>\n\t\t\t<\/dt><\/dl><br style=\"clear: both\" \/><dl class='gallery-item'>\n\t\t\t<dt class='gallery-icon landscape'>\n\t\t\t\t<a data-elementor-open-lightbox=\"yes\" data-elementor-lightbox-slideshow=\"3e0e80c\" data-elementor-lightbox-title=\"Vernissage exposition &quot;Les visions silencieuses&quot; Val\u00e9rie Belin - Mus\u00e9e des Beaux-Arts de Bordeaux\" data-e-action-hash=\"#elementor-action%3Aaction%3Dlightbox%26settings%3DeyJpZCI6NjQ3NywidXJsIjoiaHR0cHM6XC9cL2FudGhvbnlyb2pvLmNvbVwvd3AtY29udGVudFwvdXBsb2Fkc1wvMjAyNFwvMDVcLzEtQW50aG9ueS1Sb2pvLVBob3RvZ3JhcGhlLWV2ZW5lbWVudHMtY3VsdHVyZWxsZXMtYm9yZGVhdXgtMTYtc2NhbGVkLmpwZyIsInNsaWRlc2hvdyI6IjNlMGU4MGMifQ%3D%3D\" href='https:\/\/anthonyrojo.com\/wp-content\/uploads\/2024\/05\/1-Anthony-Rojo-Photographe-evenements-culturelles-bordeaux-16-scaled.jpg'><img decoding=\"async\" width=\"750\" height=\"750\" data-src=\"https:\/\/anthonyrojo.com\/wp-content\/uploads\/2024\/05\/1-Anthony-Rojo-Photographe-evenements-culturelles-bordeaux-16-750x750.jpg\" class=\"attachment-glcr_image_size_square size-glcr_image_size_square lazyload\" alt=\"\" data-srcset=\"https:\/\/anthonyrojo.com\/wp-content\/uploads\/2024\/05\/1-Anthony-Rojo-Photographe-evenements-culturelles-bordeaux-16-750x750.jpg 750w, https:\/\/anthonyrojo.com\/wp-content\/uploads\/2024\/05\/1-Anthony-Rojo-Photographe-evenements-culturelles-bordeaux-16-150x150.jpg 150w, https:\/\/anthonyrojo.com\/wp-content\/uploads\/2024\/05\/1-Anthony-Rojo-Photographe-evenements-culturelles-bordeaux-16-90x90.jpg 90w, https:\/\/anthonyrojo.com\/wp-content\/uploads\/2024\/05\/1-Anthony-Rojo-Photographe-evenements-culturelles-bordeaux-16-1300x1300.jpg 1300w\" data-sizes=\"(max-width: 750px) 100vw, 750px\" src=\"data:image\/svg+xml;base64,PHN2ZyB3aWR0aD0iMSIgaGVpZ2h0PSIxIiB4bWxucz0iaHR0cDovL3d3dy53My5vcmcvMjAwMC9zdmciPjwvc3ZnPg==\" style=\"--smush-placeholder-width: 750px; --smush-placeholder-aspect-ratio: 750\/750;\" \/><\/a>\n\t\t\t<\/dt><\/dl><dl class='gallery-item'>\n\t\t\t<dt class='gallery-icon landscape'>\n\t\t\t\t<a data-elementor-open-lightbox=\"yes\" data-elementor-lightbox-slideshow=\"3e0e80c\" data-elementor-lightbox-title=\"Exposition &quot;Les visions silencieuses&quot; Val\u00e9rie Belin - Mus\u00e9e des Beaux-Arts de Bordeaux\" data-e-action-hash=\"#elementor-action%3Aaction%3Dlightbox%26settings%3DeyJpZCI6NjQ3NiwidXJsIjoiaHR0cHM6XC9cL2FudGhvbnlyb2pvLmNvbVwvd3AtY29udGVudFwvdXBsb2Fkc1wvMjAyNFwvMDVcLzEtQW50aG9ueS1Sb2pvLVBob3RvZ3JhcGhlLWV2ZW5lbWVudHMtY3VsdHVyZWxsZXMtYm9yZGVhdXgtMTUtc2NhbGVkLmpwZyIsInNsaWRlc2hvdyI6IjNlMGU4MGMifQ%3D%3D\" href='https:\/\/anthonyrojo.com\/wp-content\/uploads\/2024\/05\/1-Anthony-Rojo-Photographe-evenements-culturelles-bordeaux-15-scaled.jpg'><img decoding=\"async\" width=\"750\" height=\"750\" data-src=\"https:\/\/anthonyrojo.com\/wp-content\/uploads\/2024\/05\/1-Anthony-Rojo-Photographe-evenements-culturelles-bordeaux-15-750x750.jpg\" class=\"attachment-glcr_image_size_square size-glcr_image_size_square lazyload\" alt=\"\" data-srcset=\"https:\/\/anthonyrojo.com\/wp-content\/uploads\/2024\/05\/1-Anthony-Rojo-Photographe-evenements-culturelles-bordeaux-15-750x750.jpg 750w, https:\/\/anthonyrojo.com\/wp-content\/uploads\/2024\/05\/1-Anthony-Rojo-Photographe-evenements-culturelles-bordeaux-15-150x150.jpg 150w, https:\/\/anthonyrojo.com\/wp-content\/uploads\/2024\/05\/1-Anthony-Rojo-Photographe-evenements-culturelles-bordeaux-15-90x90.jpg 90w, https:\/\/anthonyrojo.com\/wp-content\/uploads\/2024\/05\/1-Anthony-Rojo-Photographe-evenements-culturelles-bordeaux-15-1300x1300.jpg 1300w\" data-sizes=\"(max-width: 750px) 100vw, 750px\" src=\"data:image\/svg+xml;base64,PHN2ZyB3aWR0aD0iMSIgaGVpZ2h0PSIxIiB4bWxucz0iaHR0cDovL3d3dy53My5vcmcvMjAwMC9zdmciPjwvc3ZnPg==\" style=\"--smush-placeholder-width: 750px; --smush-placeholder-aspect-ratio: 750\/750;\" \/><\/a>\n\t\t\t<\/dt><\/dl><br style=\"clear: both\" \/><dl class='gallery-item'>\n\t\t\t<dt class='gallery-icon landscape'>\n\t\t\t\t<a data-elementor-open-lightbox=\"yes\" data-elementor-lightbox-slideshow=\"3e0e80c\" data-elementor-lightbox-title=\"Exposition Georges Rousse, Base sous marine - Bordeaux\" data-e-action-hash=\"#elementor-action%3Aaction%3Dlightbox%26settings%3DeyJpZCI6MzY0MSwidXJsIjoiaHR0cHM6XC9cL2FudGhvbnlyb2pvLmNvbVwvd3AtY29udGVudFwvdXBsb2Fkc1wvMjAyNFwvMDNcLzEtQW50aG9ueS1Sb2pvLVBob3RvZ3JhcGhlLWV4cG9zaXRpb24tY3VsdHVyZS1ib3JkZWF1eC0xLXNjYWxlZC5qcGciLCJzbGlkZXNob3ciOiIzZTBlODBjIn0%3D\" href='https:\/\/anthonyrojo.com\/wp-content\/uploads\/2024\/03\/1-Anthony-Rojo-Photographe-exposition-culture-bordeaux-1-scaled.jpg'><img decoding=\"async\" width=\"750\" height=\"750\" data-src=\"https:\/\/anthonyrojo.com\/wp-content\/uploads\/2024\/03\/1-Anthony-Rojo-Photographe-exposition-culture-bordeaux-1-750x750.jpg\" class=\"attachment-glcr_image_size_square size-glcr_image_size_square lazyload\" alt=\"\" data-srcset=\"https:\/\/anthonyrojo.com\/wp-content\/uploads\/2024\/03\/1-Anthony-Rojo-Photographe-exposition-culture-bordeaux-1-750x750.jpg 750w, https:\/\/anthonyrojo.com\/wp-content\/uploads\/2024\/03\/1-Anthony-Rojo-Photographe-exposition-culture-bordeaux-1-150x150.jpg 150w, https:\/\/anthonyrojo.com\/wp-content\/uploads\/2024\/03\/1-Anthony-Rojo-Photographe-exposition-culture-bordeaux-1-90x90.jpg 90w, https:\/\/anthonyrojo.com\/wp-content\/uploads\/2024\/03\/1-Anthony-Rojo-Photographe-exposition-culture-bordeaux-1-1300x1300.jpg 1300w\" data-sizes=\"(max-width: 750px) 100vw, 750px\" src=\"data:image\/svg+xml;base64,PHN2ZyB3aWR0aD0iMSIgaGVpZ2h0PSIxIiB4bWxucz0iaHR0cDovL3d3dy53My5vcmcvMjAwMC9zdmciPjwvc3ZnPg==\" style=\"--smush-placeholder-width: 750px; --smush-placeholder-aspect-ratio: 750\/750;\" \/><\/a>\n\t\t\t<\/dt><\/dl><dl class='gallery-item'>\n\t\t\t<dt class='gallery-icon landscape'>\n\t\t\t\t<a data-elementor-open-lightbox=\"yes\" data-elementor-lightbox-slideshow=\"3e0e80c\" data-elementor-lightbox-title=\"Exposition Sous les mers par National Geographic au Mus\u00e9e Mer Marine - Bordeaux\" data-e-action-hash=\"#elementor-action%3Aaction%3Dlightbox%26settings%3DeyJpZCI6MzY0MiwidXJsIjoiaHR0cHM6XC9cL2FudGhvbnlyb2pvLmNvbVwvd3AtY29udGVudFwvdXBsb2Fkc1wvMjAyNFwvMDNcLzEtQW50aG9ueS1Sb2pvLVBob3RvZ3JhcGhlLWV4cG9zaXRpb24tY3VsdHVyZS1ib3JkZWF1eC0yLXNjYWxlZC5qcGciLCJzbGlkZXNob3ciOiIzZTBlODBjIn0%3D\" href='https:\/\/anthonyrojo.com\/wp-content\/uploads\/2024\/03\/1-Anthony-Rojo-Photographe-exposition-culture-bordeaux-2-scaled.jpg'><img decoding=\"async\" width=\"750\" height=\"750\" data-src=\"https:\/\/anthonyrojo.com\/wp-content\/uploads\/2024\/03\/1-Anthony-Rojo-Photographe-exposition-culture-bordeaux-2-750x750.jpg\" class=\"attachment-glcr_image_size_square size-glcr_image_size_square lazyload\" alt=\"\" data-srcset=\"https:\/\/anthonyrojo.com\/wp-content\/uploads\/2024\/03\/1-Anthony-Rojo-Photographe-exposition-culture-bordeaux-2-750x750.jpg 750w, https:\/\/anthonyrojo.com\/wp-content\/uploads\/2024\/03\/1-Anthony-Rojo-Photographe-exposition-culture-bordeaux-2-150x150.jpg 150w, https:\/\/anthonyrojo.com\/wp-content\/uploads\/2024\/03\/1-Anthony-Rojo-Photographe-exposition-culture-bordeaux-2-90x90.jpg 90w, https:\/\/anthonyrojo.com\/wp-content\/uploads\/2024\/03\/1-Anthony-Rojo-Photographe-exposition-culture-bordeaux-2-1300x1300.jpg 1300w\" data-sizes=\"(max-width: 750px) 100vw, 750px\" src=\"data:image\/svg+xml;base64,PHN2ZyB3aWR0aD0iMSIgaGVpZ2h0PSIxIiB4bWxucz0iaHR0cDovL3d3dy53My5vcmcvMjAwMC9zdmciPjwvc3ZnPg==\" style=\"--smush-placeholder-width: 750px; --smush-placeholder-aspect-ratio: 750\/750;\" \/><\/a>\n\t\t\t<\/dt><\/dl><br style=\"clear: both\" \/><dl class='gallery-item'>\n\t\t\t<dt class='gallery-icon landscape'>\n\t\t\t\t<a data-elementor-open-lightbox=\"yes\" data-elementor-lightbox-slideshow=\"3e0e80c\" data-elementor-lightbox-title=\"Exposition Keith Haring, the political line au Mus\u00e9e d&#039;Art Moderne de Paris - Paris\" data-e-action-hash=\"#elementor-action%3Aaction%3Dlightbox%26settings%3DeyJpZCI6MzY0MywidXJsIjoiaHR0cHM6XC9cL2FudGhvbnlyb2pvLmNvbVwvd3AtY29udGVudFwvdXBsb2Fkc1wvMjAyNFwvMDNcLzEtQW50aG9ueS1Sb2pvLVBob3RvZ3JhcGhlLWV4cG9zaXRpb24tY3VsdHVyZS1ib3JkZWF1eC0zLXNjYWxlZC5qcGciLCJzbGlkZXNob3ciOiIzZTBlODBjIn0%3D\" href='https:\/\/anthonyrojo.com\/wp-content\/uploads\/2024\/03\/1-Anthony-Rojo-Photographe-exposition-culture-bordeaux-3-scaled.jpg'><img decoding=\"async\" width=\"750\" height=\"750\" data-src=\"https:\/\/anthonyrojo.com\/wp-content\/uploads\/2024\/03\/1-Anthony-Rojo-Photographe-exposition-culture-bordeaux-3-750x750.jpg\" class=\"attachment-glcr_image_size_square size-glcr_image_size_square lazyload\" alt=\"\" data-srcset=\"https:\/\/anthonyrojo.com\/wp-content\/uploads\/2024\/03\/1-Anthony-Rojo-Photographe-exposition-culture-bordeaux-3-750x750.jpg 750w, https:\/\/anthonyrojo.com\/wp-content\/uploads\/2024\/03\/1-Anthony-Rojo-Photographe-exposition-culture-bordeaux-3-150x150.jpg 150w, https:\/\/anthonyrojo.com\/wp-content\/uploads\/2024\/03\/1-Anthony-Rojo-Photographe-exposition-culture-bordeaux-3-90x90.jpg 90w, https:\/\/anthonyrojo.com\/wp-content\/uploads\/2024\/03\/1-Anthony-Rojo-Photographe-exposition-culture-bordeaux-3-1300x1300.jpg 1300w\" data-sizes=\"(max-width: 750px) 100vw, 750px\" src=\"data:image\/svg+xml;base64,PHN2ZyB3aWR0aD0iMSIgaGVpZ2h0PSIxIiB4bWxucz0iaHR0cDovL3d3dy53My5vcmcvMjAwMC9zdmciPjwvc3ZnPg==\" style=\"--smush-placeholder-width: 750px; --smush-placeholder-aspect-ratio: 750\/750;\" \/><\/a>\n\t\t\t<\/dt><\/dl><dl class='gallery-item'>\n\t\t\t<dt class='gallery-icon landscape'>\n\t\t\t\t<a data-elementor-open-lightbox=\"yes\" data-elementor-lightbox-slideshow=\"3e0e80c\" data-elementor-lightbox-title=\"Expostion T-Rex, secrets de famille d&#039;un dinosaure \u00e0 Cap Science - Bordeaux\" data-e-action-hash=\"#elementor-action%3Aaction%3Dlightbox%26settings%3DeyJpZCI6MzY0NCwidXJsIjoiaHR0cHM6XC9cL2FudGhvbnlyb2pvLmNvbVwvd3AtY29udGVudFwvdXBsb2Fkc1wvMjAyNFwvMDNcLzEtQW50aG9ueS1Sb2pvLVBob3RvZ3JhcGhlLWV4cG9zaXRpb24tY3VsdHVyZS1ib3JkZWF1eC00LXNjYWxlZC5qcGciLCJzbGlkZXNob3ciOiIzZTBlODBjIn0%3D\" href='https:\/\/anthonyrojo.com\/wp-content\/uploads\/2024\/03\/1-Anthony-Rojo-Photographe-exposition-culture-bordeaux-4-scaled.jpg'><img decoding=\"async\" width=\"750\" height=\"750\" data-src=\"https:\/\/anthonyrojo.com\/wp-content\/uploads\/2024\/03\/1-Anthony-Rojo-Photographe-exposition-culture-bordeaux-4-750x750.jpg\" class=\"attachment-glcr_image_size_square size-glcr_image_size_square lazyload\" alt=\"\" data-srcset=\"https:\/\/anthonyrojo.com\/wp-content\/uploads\/2024\/03\/1-Anthony-Rojo-Photographe-exposition-culture-bordeaux-4-750x750.jpg 750w, https:\/\/anthonyrojo.com\/wp-content\/uploads\/2024\/03\/1-Anthony-Rojo-Photographe-exposition-culture-bordeaux-4-150x150.jpg 150w, https:\/\/anthonyrojo.com\/wp-content\/uploads\/2024\/03\/1-Anthony-Rojo-Photographe-exposition-culture-bordeaux-4-90x90.jpg 90w, https:\/\/anthonyrojo.com\/wp-content\/uploads\/2024\/03\/1-Anthony-Rojo-Photographe-exposition-culture-bordeaux-4-1300x1300.jpg 1300w\" data-sizes=\"(max-width: 750px) 100vw, 750px\" src=\"data:image\/svg+xml;base64,PHN2ZyB3aWR0aD0iMSIgaGVpZ2h0PSIxIiB4bWxucz0iaHR0cDovL3d3dy53My5vcmcvMjAwMC9zdmciPjwvc3ZnPg==\" style=\"--smush-placeholder-width: 750px; --smush-placeholder-aspect-ratio: 750\/750;\" \/><\/a>\n\t\t\t<\/dt><\/dl><br style=\"clear: both\" \/><dl class='gallery-item'>\n\t\t\t<dt class='gallery-icon landscape'>\n\t\t\t\t<a data-elementor-open-lightbox=\"yes\" data-elementor-lightbox-slideshow=\"3e0e80c\" data-elementor-lightbox-title=\"Exposition d&#039;automne \u00e0 l&#039;Institut culturel Bernard Magrez - Bordeaux\" data-e-action-hash=\"#elementor-action%3Aaction%3Dlightbox%26settings%3DeyJpZCI6MzY0NSwidXJsIjoiaHR0cHM6XC9cL2FudGhvbnlyb2pvLmNvbVwvd3AtY29udGVudFwvdXBsb2Fkc1wvMjAyNFwvMDNcLzEtQW50aG9ueS1Sb2pvLVBob3RvZ3JhcGhlLWV4cG9zaXRpb24tY3VsdHVyZS1ib3JkZWF1eC01LXNjYWxlZC5qcGciLCJzbGlkZXNob3ciOiIzZTBlODBjIn0%3D\" href='https:\/\/anthonyrojo.com\/wp-content\/uploads\/2024\/03\/1-Anthony-Rojo-Photographe-exposition-culture-bordeaux-5-scaled.jpg'><img decoding=\"async\" width=\"750\" height=\"750\" data-src=\"https:\/\/anthonyrojo.com\/wp-content\/uploads\/2024\/03\/1-Anthony-Rojo-Photographe-exposition-culture-bordeaux-5-750x750.jpg\" class=\"attachment-glcr_image_size_square size-glcr_image_size_square lazyload\" alt=\"\" data-srcset=\"https:\/\/anthonyrojo.com\/wp-content\/uploads\/2024\/03\/1-Anthony-Rojo-Photographe-exposition-culture-bordeaux-5-750x750.jpg 750w, https:\/\/anthonyrojo.com\/wp-content\/uploads\/2024\/03\/1-Anthony-Rojo-Photographe-exposition-culture-bordeaux-5-150x150.jpg 150w, https:\/\/anthonyrojo.com\/wp-content\/uploads\/2024\/03\/1-Anthony-Rojo-Photographe-exposition-culture-bordeaux-5-90x90.jpg 90w, https:\/\/anthonyrojo.com\/wp-content\/uploads\/2024\/03\/1-Anthony-Rojo-Photographe-exposition-culture-bordeaux-5-1300x1300.jpg 1300w\" data-sizes=\"(max-width: 750px) 100vw, 750px\" src=\"data:image\/svg+xml;base64,PHN2ZyB3aWR0aD0iMSIgaGVpZ2h0PSIxIiB4bWxucz0iaHR0cDovL3d3dy53My5vcmcvMjAwMC9zdmciPjwvc3ZnPg==\" style=\"--smush-placeholder-width: 750px; --smush-placeholder-aspect-ratio: 750\/750;\" \/><\/a>\n\t\t\t<\/dt><\/dl><dl class='gallery-item'>\n\t\t\t<dt class='gallery-icon landscape'>\n\t\t\t\t<a data-elementor-open-lightbox=\"yes\" data-elementor-lightbox-slideshow=\"3e0e80c\" data-elementor-lightbox-title=\"Exposition R\u00eaves de Venise \u00e0 l&#039;Institut culturel Bernard Magrez - Bordeaux\" data-e-action-hash=\"#elementor-action%3Aaction%3Dlightbox%26settings%3DeyJpZCI6MzY0NiwidXJsIjoiaHR0cHM6XC9cL2FudGhvbnlyb2pvLmNvbVwvd3AtY29udGVudFwvdXBsb2Fkc1wvMjAyNFwvMDNcLzEtQW50aG9ueS1Sb2pvLVBob3RvZ3JhcGhlLWV4cG9zaXRpb24tY3VsdHVyZS1ib3JkZWF1eC02LXNjYWxlZC5qcGciLCJzbGlkZXNob3ciOiIzZTBlODBjIn0%3D\" href='https:\/\/anthonyrojo.com\/wp-content\/uploads\/2024\/03\/1-Anthony-Rojo-Photographe-exposition-culture-bordeaux-6-scaled.jpg'><img decoding=\"async\" width=\"750\" height=\"750\" data-src=\"https:\/\/anthonyrojo.com\/wp-content\/uploads\/2024\/03\/1-Anthony-Rojo-Photographe-exposition-culture-bordeaux-6-750x750.jpg\" class=\"attachment-glcr_image_size_square size-glcr_image_size_square lazyload\" alt=\"\" data-srcset=\"https:\/\/anthonyrojo.com\/wp-content\/uploads\/2024\/03\/1-Anthony-Rojo-Photographe-exposition-culture-bordeaux-6-750x750.jpg 750w, https:\/\/anthonyrojo.com\/wp-content\/uploads\/2024\/03\/1-Anthony-Rojo-Photographe-exposition-culture-bordeaux-6-150x150.jpg 150w, https:\/\/anthonyrojo.com\/wp-content\/uploads\/2024\/03\/1-Anthony-Rojo-Photographe-exposition-culture-bordeaux-6-90x90.jpg 90w, https:\/\/anthonyrojo.com\/wp-content\/uploads\/2024\/03\/1-Anthony-Rojo-Photographe-exposition-culture-bordeaux-6-1300x1300.jpg 1300w\" data-sizes=\"(max-width: 750px) 100vw, 750px\" src=\"data:image\/svg+xml;base64,PHN2ZyB3aWR0aD0iMSIgaGVpZ2h0PSIxIiB4bWxucz0iaHR0cDovL3d3dy53My5vcmcvMjAwMC9zdmciPjwvc3ZnPg==\" style=\"--smush-placeholder-width: 750px; --smush-placeholder-aspect-ratio: 750\/750;\" \/><\/a>\n\t\t\t<\/dt><\/dl><br style=\"clear: both\" \/><dl class='gallery-item'>\n\t\t\t<dt class='gallery-icon landscape'>\n\t\t\t\t<a data-elementor-open-lightbox=\"yes\" data-elementor-lightbox-slideshow=\"3e0e80c\" data-elementor-lightbox-title=\"Exposition Expressions urbaines \u00e0 l&#039;Institut culturel Bernard Magrez - Bordeaux\" data-e-action-hash=\"#elementor-action%3Aaction%3Dlightbox%26settings%3DeyJpZCI6MzY0NywidXJsIjoiaHR0cHM6XC9cL2FudGhvbnlyb2pvLmNvbVwvd3AtY29udGVudFwvdXBsb2Fkc1wvMjAyNFwvMDNcLzEtQW50aG9ueS1Sb2pvLVBob3RvZ3JhcGhlLWV4cG9zaXRpb24tY3VsdHVyZS1ib3JkZWF1eC03LXNjYWxlZC5qcGciLCJzbGlkZXNob3ciOiIzZTBlODBjIn0%3D\" href='https:\/\/anthonyrojo.com\/wp-content\/uploads\/2024\/03\/1-Anthony-Rojo-Photographe-exposition-culture-bordeaux-7-scaled.jpg'><img decoding=\"async\" width=\"750\" height=\"750\" data-src=\"https:\/\/anthonyrojo.com\/wp-content\/uploads\/2024\/03\/1-Anthony-Rojo-Photographe-exposition-culture-bordeaux-7-750x750.jpg\" class=\"attachment-glcr_image_size_square size-glcr_image_size_square lazyload\" alt=\"\" data-srcset=\"https:\/\/anthonyrojo.com\/wp-content\/uploads\/2024\/03\/1-Anthony-Rojo-Photographe-exposition-culture-bordeaux-7-750x750.jpg 750w, https:\/\/anthonyrojo.com\/wp-content\/uploads\/2024\/03\/1-Anthony-Rojo-Photographe-exposition-culture-bordeaux-7-150x150.jpg 150w, https:\/\/anthonyrojo.com\/wp-content\/uploads\/2024\/03\/1-Anthony-Rojo-Photographe-exposition-culture-bordeaux-7-90x90.jpg 90w, https:\/\/anthonyrojo.com\/wp-content\/uploads\/2024\/03\/1-Anthony-Rojo-Photographe-exposition-culture-bordeaux-7-1300x1300.jpg 1300w\" data-sizes=\"(max-width: 750px) 100vw, 750px\" src=\"data:image\/svg+xml;base64,PHN2ZyB3aWR0aD0iMSIgaGVpZ2h0PSIxIiB4bWxucz0iaHR0cDovL3d3dy53My5vcmcvMjAwMC9zdmciPjwvc3ZnPg==\" style=\"--smush-placeholder-width: 750px; --smush-placeholder-aspect-ratio: 750\/750;\" \/><\/a>\n\t\t\t<\/dt><\/dl><dl class='gallery-item'>\n\t\t\t<dt class='gallery-icon landscape'>\n\t\t\t\t<a data-elementor-open-lightbox=\"yes\" data-elementor-lightbox-slideshow=\"3e0e80c\" data-elementor-lightbox-title=\"Exposition Oh couleurs ! au Mus\u00e9e des arts d\u00e9coratifs de Bordeaux - Bordeaux\" data-e-action-hash=\"#elementor-action%3Aaction%3Dlightbox%26settings%3DeyJpZCI6MzgxMCwidXJsIjoiaHR0cHM6XC9cL2FudGhvbnlyb2pvLmNvbVwvd3AtY29udGVudFwvdXBsb2Fkc1wvMjAyNFwvMDNcL0FudGhvbnktUm9qby1QaG90b2dyYXBoZS1zcGVjdGFjbGVzLXZpdmFudHMtYm9yZGVhdXgtTVVTRUUtQVJULURFQ08tc2NhbGVkLmpwZyIsInNsaWRlc2hvdyI6IjNlMGU4MGMifQ%3D%3D\" href='https:\/\/anthonyrojo.com\/wp-content\/uploads\/2024\/03\/Anthony-Rojo-Photographe-spectacles-vivants-bordeaux-MUSEE-ART-DECO-scaled.jpg'><img decoding=\"async\" width=\"750\" height=\"750\" data-src=\"https:\/\/anthonyrojo.com\/wp-content\/uploads\/2024\/03\/Anthony-Rojo-Photographe-spectacles-vivants-bordeaux-MUSEE-ART-DECO-750x750.jpg\" class=\"attachment-glcr_image_size_square size-glcr_image_size_square lazyload\" alt=\"\" data-srcset=\"https:\/\/anthonyrojo.com\/wp-content\/uploads\/2024\/03\/Anthony-Rojo-Photographe-spectacles-vivants-bordeaux-MUSEE-ART-DECO-750x750.jpg 750w, https:\/\/anthonyrojo.com\/wp-content\/uploads\/2024\/03\/Anthony-Rojo-Photographe-spectacles-vivants-bordeaux-MUSEE-ART-DECO-150x150.jpg 150w, https:\/\/anthonyrojo.com\/wp-content\/uploads\/2024\/03\/Anthony-Rojo-Photographe-spectacles-vivants-bordeaux-MUSEE-ART-DECO-90x90.jpg 90w, https:\/\/anthonyrojo.com\/wp-content\/uploads\/2024\/03\/Anthony-Rojo-Photographe-spectacles-vivants-bordeaux-MUSEE-ART-DECO-1300x1300.jpg 1300w\" data-sizes=\"(max-width: 750px) 100vw, 750px\" src=\"data:image\/svg+xml;base64,PHN2ZyB3aWR0aD0iMSIgaGVpZ2h0PSIxIiB4bWxucz0iaHR0cDovL3d3dy53My5vcmcvMjAwMC9zdmciPjwvc3ZnPg==\" style=\"--smush-placeholder-width: 750px; --smush-placeholder-aspect-ratio: 750\/750;\" \/><\/a>\n\t\t\t<\/dt><\/dl><br style=\"clear: both\" \/><dl class='gallery-item'>\n\t\t\t<dt class='gallery-icon landscape'>\n\t\t\t\t<a data-elementor-open-lightbox=\"yes\" data-elementor-lightbox-slideshow=\"3e0e80c\" data-elementor-lightbox-title=\"Exposition de Xu Zhen &quot;European Thousand-Arms Classical Sculpture - Nantes\" data-e-action-hash=\"#elementor-action%3Aaction%3Dlightbox%26settings%3DeyJpZCI6MzY0OCwidXJsIjoiaHR0cHM6XC9cL2FudGhvbnlyb2pvLmNvbVwvd3AtY29udGVudFwvdXBsb2Fkc1wvMjAyNFwvMDNcLzEtQW50aG9ueS1Sb2pvLVBob3RvZ3JhcGhlLWV4cG9zaXRpb24tY3VsdHVyZS1ib3JkZWF1eC04LXNjYWxlZC5qcGciLCJzbGlkZXNob3ciOiIzZTBlODBjIn0%3D\" href='https:\/\/anthonyrojo.com\/wp-content\/uploads\/2024\/03\/1-Anthony-Rojo-Photographe-exposition-culture-bordeaux-8-scaled.jpg'><img decoding=\"async\" width=\"750\" height=\"750\" data-src=\"https:\/\/anthonyrojo.com\/wp-content\/uploads\/2024\/03\/1-Anthony-Rojo-Photographe-exposition-culture-bordeaux-8-750x750.jpg\" class=\"attachment-glcr_image_size_square size-glcr_image_size_square lazyload\" alt=\"\" data-srcset=\"https:\/\/anthonyrojo.com\/wp-content\/uploads\/2024\/03\/1-Anthony-Rojo-Photographe-exposition-culture-bordeaux-8-750x750.jpg 750w, https:\/\/anthonyrojo.com\/wp-content\/uploads\/2024\/03\/1-Anthony-Rojo-Photographe-exposition-culture-bordeaux-8-150x150.jpg 150w, https:\/\/anthonyrojo.com\/wp-content\/uploads\/2024\/03\/1-Anthony-Rojo-Photographe-exposition-culture-bordeaux-8-90x90.jpg 90w, https:\/\/anthonyrojo.com\/wp-content\/uploads\/2024\/03\/1-Anthony-Rojo-Photographe-exposition-culture-bordeaux-8-1300x1300.jpg 1300w\" data-sizes=\"(max-width: 750px) 100vw, 750px\" src=\"data:image\/svg+xml;base64,PHN2ZyB3aWR0aD0iMSIgaGVpZ2h0PSIxIiB4bWxucz0iaHR0cDovL3d3dy53My5vcmcvMjAwMC9zdmciPjwvc3ZnPg==\" style=\"--smush-placeholder-width: 750px; --smush-placeholder-aspect-ratio: 750\/750;\" \/><\/a>\n\t\t\t<\/dt><\/dl><dl class='gallery-item'>\n\t\t\t<dt class='gallery-icon landscape'>\n\t\t\t\t<a data-elementor-open-lightbox=\"yes\" data-elementor-lightbox-slideshow=\"3e0e80c\" data-elementor-lightbox-title=\"Exposition de Philippe Ramette &quot;Eloge du d\u00e9placement&quot; - Nantes\" data-e-action-hash=\"#elementor-action%3Aaction%3Dlightbox%26settings%3DeyJpZCI6MzY0OSwidXJsIjoiaHR0cHM6XC9cL2FudGhvbnlyb2pvLmNvbVwvd3AtY29udGVudFwvdXBsb2Fkc1wvMjAyNFwvMDNcLzEtQW50aG9ueS1Sb2pvLVBob3RvZ3JhcGhlLWV4cG9zaXRpb24tY3VsdHVyZS1ib3JkZWF1eC05LXNjYWxlZC5qcGciLCJzbGlkZXNob3ciOiIzZTBlODBjIn0%3D\" href='https:\/\/anthonyrojo.com\/wp-content\/uploads\/2024\/03\/1-Anthony-Rojo-Photographe-exposition-culture-bordeaux-9-scaled.jpg'><img decoding=\"async\" width=\"750\" height=\"750\" data-src=\"https:\/\/anthonyrojo.com\/wp-content\/uploads\/2024\/03\/1-Anthony-Rojo-Photographe-exposition-culture-bordeaux-9-750x750.jpg\" class=\"attachment-glcr_image_size_square size-glcr_image_size_square lazyload\" alt=\"\" data-srcset=\"https:\/\/anthonyrojo.com\/wp-content\/uploads\/2024\/03\/1-Anthony-Rojo-Photographe-exposition-culture-bordeaux-9-750x750.jpg 750w, https:\/\/anthonyrojo.com\/wp-content\/uploads\/2024\/03\/1-Anthony-Rojo-Photographe-exposition-culture-bordeaux-9-150x150.jpg 150w, https:\/\/anthonyrojo.com\/wp-content\/uploads\/2024\/03\/1-Anthony-Rojo-Photographe-exposition-culture-bordeaux-9-90x90.jpg 90w, https:\/\/anthonyrojo.com\/wp-content\/uploads\/2024\/03\/1-Anthony-Rojo-Photographe-exposition-culture-bordeaux-9-1300x1300.jpg 1300w\" data-sizes=\"(max-width: 750px) 100vw, 750px\" src=\"data:image\/svg+xml;base64,PHN2ZyB3aWR0aD0iMSIgaGVpZ2h0PSIxIiB4bWxucz0iaHR0cDovL3d3dy53My5vcmcvMjAwMC9zdmciPjwvc3ZnPg==\" style=\"--smush-placeholder-width: 750px; --smush-placeholder-aspect-ratio: 750\/750;\" \/><\/a>\n\t\t\t<\/dt><\/dl><br style=\"clear: both\" \/><dl class='gallery-item'>\n\t\t\t<dt class='gallery-icon landscape'>\n\t\t\t\t<a data-elementor-open-lightbox=\"yes\" data-elementor-lightbox-slideshow=\"3e0e80c\" data-elementor-lightbox-title=\"Exposition permanente au Mus\u00e9e d&#039;Aquitaine - Bordeaux\" data-e-action-hash=\"#elementor-action%3Aaction%3Dlightbox%26settings%3DeyJpZCI6MzY1MCwidXJsIjoiaHR0cHM6XC9cL2FudGhvbnlyb2pvLmNvbVwvd3AtY29udGVudFwvdXBsb2Fkc1wvMjAyNFwvMDNcLzEtQW50aG9ueS1Sb2pvLVBob3RvZ3JhcGhlLWV4cG9zaXRpb24tY3VsdHVyZS1ib3JkZWF1eC0xMC1zY2FsZWQuanBnIiwic2xpZGVzaG93IjoiM2UwZTgwYyJ9\" href='https:\/\/anthonyrojo.com\/wp-content\/uploads\/2024\/03\/1-Anthony-Rojo-Photographe-exposition-culture-bordeaux-10-scaled.jpg'><img decoding=\"async\" width=\"750\" height=\"750\" data-src=\"https:\/\/anthonyrojo.com\/wp-content\/uploads\/2024\/03\/1-Anthony-Rojo-Photographe-exposition-culture-bordeaux-10-750x750.jpg\" class=\"attachment-glcr_image_size_square size-glcr_image_size_square lazyload\" alt=\"\" data-srcset=\"https:\/\/anthonyrojo.com\/wp-content\/uploads\/2024\/03\/1-Anthony-Rojo-Photographe-exposition-culture-bordeaux-10-750x750.jpg 750w, https:\/\/anthonyrojo.com\/wp-content\/uploads\/2024\/03\/1-Anthony-Rojo-Photographe-exposition-culture-bordeaux-10-150x150.jpg 150w, https:\/\/anthonyrojo.com\/wp-content\/uploads\/2024\/03\/1-Anthony-Rojo-Photographe-exposition-culture-bordeaux-10-90x90.jpg 90w, https:\/\/anthonyrojo.com\/wp-content\/uploads\/2024\/03\/1-Anthony-Rojo-Photographe-exposition-culture-bordeaux-10-1300x1300.jpg 1300w\" data-sizes=\"(max-width: 750px) 100vw, 750px\" src=\"data:image\/svg+xml;base64,PHN2ZyB3aWR0aD0iMSIgaGVpZ2h0PSIxIiB4bWxucz0iaHR0cDovL3d3dy53My5vcmcvMjAwMC9zdmciPjwvc3ZnPg==\" style=\"--smush-placeholder-width: 750px; --smush-placeholder-aspect-ratio: 750\/750;\" \/><\/a>\n\t\t\t<\/dt><\/dl><dl class='gallery-item'>\n\t\t\t<dt class='gallery-icon landscape'>\n\t\t\t\t<a data-elementor-open-lightbox=\"yes\" data-elementor-lightbox-slideshow=\"3e0e80c\" data-elementor-lightbox-title=\"Anniversaire du Capc Mus\u00e9e d&#039;art contemporain - Bordeaux\" data-e-action-hash=\"#elementor-action%3Aaction%3Dlightbox%26settings%3DeyJpZCI6MzY1MSwidXJsIjoiaHR0cHM6XC9cL2FudGhvbnlyb2pvLmNvbVwvd3AtY29udGVudFwvdXBsb2Fkc1wvMjAyNFwvMDNcLzEtQW50aG9ueS1Sb2pvLVBob3RvZ3JhcGhlLWV4cG9zaXRpb24tY3VsdHVyZS1ib3JkZWF1eC0xMS1zY2FsZWQuanBnIiwic2xpZGVzaG93IjoiM2UwZTgwYyJ9\" href='https:\/\/anthonyrojo.com\/wp-content\/uploads\/2024\/03\/1-Anthony-Rojo-Photographe-exposition-culture-bordeaux-11-scaled.jpg'><img decoding=\"async\" width=\"750\" height=\"750\" data-src=\"https:\/\/anthonyrojo.com\/wp-content\/uploads\/2024\/03\/1-Anthony-Rojo-Photographe-exposition-culture-bordeaux-11-750x750.jpg\" class=\"attachment-glcr_image_size_square size-glcr_image_size_square lazyload\" alt=\"\" data-srcset=\"https:\/\/anthonyrojo.com\/wp-content\/uploads\/2024\/03\/1-Anthony-Rojo-Photographe-exposition-culture-bordeaux-11-750x750.jpg 750w, https:\/\/anthonyrojo.com\/wp-content\/uploads\/2024\/03\/1-Anthony-Rojo-Photographe-exposition-culture-bordeaux-11-150x150.jpg 150w, https:\/\/anthonyrojo.com\/wp-content\/uploads\/2024\/03\/1-Anthony-Rojo-Photographe-exposition-culture-bordeaux-11-90x90.jpg 90w, https:\/\/anthonyrojo.com\/wp-content\/uploads\/2024\/03\/1-Anthony-Rojo-Photographe-exposition-culture-bordeaux-11-1300x1300.jpg 1300w\" data-sizes=\"(max-width: 750px) 100vw, 750px\" src=\"data:image\/svg+xml;base64,PHN2ZyB3aWR0aD0iMSIgaGVpZ2h0PSIxIiB4bWxucz0iaHR0cDovL3d3dy53My5vcmcvMjAwMC9zdmciPjwvc3ZnPg==\" style=\"--smush-placeholder-width: 750px; --smush-placeholder-aspect-ratio: 750\/750;\" \/><\/a>\n\t\t\t<\/dt><\/dl><br style=\"clear: both\" \/><dl class='gallery-item'>\n\t\t\t<dt class='gallery-icon landscape'>\n\t\t\t\t<a data-elementor-open-lightbox=\"yes\" data-elementor-lightbox-slideshow=\"3e0e80c\" data-elementor-lightbox-title=\"Exposition sur le commerce triangulaire, Mus\u00e9e d&#039;Aquitaine - Bordeaux\" data-e-action-hash=\"#elementor-action%3Aaction%3Dlightbox%26settings%3DeyJpZCI6MzY1MiwidXJsIjoiaHR0cHM6XC9cL2FudGhvbnlyb2pvLmNvbVwvd3AtY29udGVudFwvdXBsb2Fkc1wvMjAyNFwvMDNcLzEtQW50aG9ueS1Sb2pvLVBob3RvZ3JhcGhlLWV4cG9zaXRpb24tY3VsdHVyZS1ib3JkZWF1eC0xMi1zY2FsZWQuanBnIiwic2xpZGVzaG93IjoiM2UwZTgwYyJ9\" href='https:\/\/anthonyrojo.com\/wp-content\/uploads\/2024\/03\/1-Anthony-Rojo-Photographe-exposition-culture-bordeaux-12-scaled.jpg'><img decoding=\"async\" width=\"750\" height=\"750\" data-src=\"https:\/\/anthonyrojo.com\/wp-content\/uploads\/2024\/03\/1-Anthony-Rojo-Photographe-exposition-culture-bordeaux-12-750x750.jpg\" class=\"attachment-glcr_image_size_square size-glcr_image_size_square lazyload\" alt=\"\" data-srcset=\"https:\/\/anthonyrojo.com\/wp-content\/uploads\/2024\/03\/1-Anthony-Rojo-Photographe-exposition-culture-bordeaux-12-750x750.jpg 750w, https:\/\/anthonyrojo.com\/wp-content\/uploads\/2024\/03\/1-Anthony-Rojo-Photographe-exposition-culture-bordeaux-12-150x150.jpg 150w, https:\/\/anthonyrojo.com\/wp-content\/uploads\/2024\/03\/1-Anthony-Rojo-Photographe-exposition-culture-bordeaux-12-90x90.jpg 90w, https:\/\/anthonyrojo.com\/wp-content\/uploads\/2024\/03\/1-Anthony-Rojo-Photographe-exposition-culture-bordeaux-12-1300x1300.jpg 1300w\" data-sizes=\"(max-width: 750px) 100vw, 750px\" src=\"data:image\/svg+xml;base64,PHN2ZyB3aWR0aD0iMSIgaGVpZ2h0PSIxIiB4bWxucz0iaHR0cDovL3d3dy53My5vcmcvMjAwMC9zdmciPjwvc3ZnPg==\" style=\"--smush-placeholder-width: 750px; --smush-placeholder-aspect-ratio: 750\/750;\" \/><\/a>\n\t\t\t<\/dt><\/dl><dl class='gallery-item'>\n\t\t\t<dt class='gallery-icon landscape'>\n\t\t\t\t<a data-elementor-open-lightbox=\"yes\" data-elementor-lightbox-slideshow=\"3e0e80c\" data-elementor-lightbox-title=\"Exposition sur le commerce triangulaire, Mus\u00e9e d&#039;Aquitaine - Bordeaux\" data-e-action-hash=\"#elementor-action%3Aaction%3Dlightbox%26settings%3DeyJpZCI6MzY1MywidXJsIjoiaHR0cHM6XC9cL2FudGhvbnlyb2pvLmNvbVwvd3AtY29udGVudFwvdXBsb2Fkc1wvMjAyNFwvMDNcLzEtQW50aG9ueS1Sb2pvLVBob3RvZ3JhcGhlLWV4cG9zaXRpb24tY3VsdHVyZS1ib3JkZWF1eC0xMy1zY2FsZWQuanBnIiwic2xpZGVzaG93IjoiM2UwZTgwYyJ9\" href='https:\/\/anthonyrojo.com\/wp-content\/uploads\/2024\/03\/1-Anthony-Rojo-Photographe-exposition-culture-bordeaux-13-scaled.jpg'><img decoding=\"async\" width=\"750\" height=\"750\" data-src=\"https:\/\/anthonyrojo.com\/wp-content\/uploads\/2024\/03\/1-Anthony-Rojo-Photographe-exposition-culture-bordeaux-13-750x750.jpg\" class=\"attachment-glcr_image_size_square size-glcr_image_size_square lazyload\" alt=\"\" data-srcset=\"https:\/\/anthonyrojo.com\/wp-content\/uploads\/2024\/03\/1-Anthony-Rojo-Photographe-exposition-culture-bordeaux-13-750x750.jpg 750w, https:\/\/anthonyrojo.com\/wp-content\/uploads\/2024\/03\/1-Anthony-Rojo-Photographe-exposition-culture-bordeaux-13-150x150.jpg 150w, https:\/\/anthonyrojo.com\/wp-content\/uploads\/2024\/03\/1-Anthony-Rojo-Photographe-exposition-culture-bordeaux-13-90x90.jpg 90w, https:\/\/anthonyrojo.com\/wp-content\/uploads\/2024\/03\/1-Anthony-Rojo-Photographe-exposition-culture-bordeaux-13-1300x1300.jpg 1300w\" data-sizes=\"(max-width: 750px) 100vw, 750px\" src=\"data:image\/svg+xml;base64,PHN2ZyB3aWR0aD0iMSIgaGVpZ2h0PSIxIiB4bWxucz0iaHR0cDovL3d3dy53My5vcmcvMjAwMC9zdmciPjwvc3ZnPg==\" style=\"--smush-placeholder-width: 750px; --smush-placeholder-aspect-ratio: 750\/750;\" \/><\/a>\n\t\t\t<\/dt><\/dl><br style=\"clear: both\" \/>\n\t\t<\/div>\n\t\t<\/div>\n\t\t\t\t\t\t<\/div>\n\t\t\t\t<\/div>\n\t\t\t\t\t<\/div>\n\t\t\t\t<\/div>\n\t\t\t\t<\/div>\n\t\t<div class=\"elementor-element elementor-element-9b500b8 e-con-full e-flex e-con e-child\" data-id=\"9b500b8\" data-element_type=\"container\" data-e-type=\"container\" data-settings=\"{&quot;glcr_ext_is_sticky&quot;:&quot;false&quot;}\">\n\t\t<div class=\"elementor-element elementor-element-3a76314 e-flex e-con-boxed e-con e-child\" data-id=\"3a76314\" data-element_type=\"container\" data-e-type=\"container\" data-settings=\"{&quot;glcr_ext_is_sticky&quot;:&quot;false&quot;}\">\n\t\t\t\t\t<div class=\"e-con-inner\">\n\t\t\t\t<div class=\"elementor-element elementor-element-287a4ff glcr-title-align-center glcr-title-orientation--horizontal elementor-widget elementor-widget-glcr_title\" data-id=\"287a4ff\" data-element_type=\"widget\" data-e-type=\"widget\" data-settings=\"{&quot;glcr_ext_is_infinite&quot;:&quot;false&quot;,&quot;glcr_ext_is_scrollme&quot;:&quot;false&quot;}\" data-widget_type=\"glcr_title.default\">\n\t\t\t\t<div class=\"elementor-widget-container\">\n\t\t\t\t\t<div class=\"glcr-title glcr-title-default glcr-scroll--load\"><h5 class=\"glcr-title-heading\">\u00c9v\u00e9nementiels culturels<\/h5><\/div>\t\t\t\t<\/div>\n\t\t\t\t<\/div>\n\t\t\t\t<div class=\"elementor-element elementor-element-e392004 gallery-spacing-custom elementor-widget elementor-widget-image-gallery\" data-id=\"e392004\" data-element_type=\"widget\" data-e-type=\"widget\" data-settings=\"{&quot;glcr_ext_is_infinite&quot;:&quot;false&quot;,&quot;glcr_ext_is_scrollme&quot;:&quot;false&quot;}\" data-widget_type=\"image-gallery.default\">\n\t\t\t\t<div class=\"elementor-widget-container\">\n\t\t\t\t\t\t\t<div class=\"elementor-image-gallery\">\n\t\t\t<div id='gallery-3' class='gallery galleryid-3629 gallery-columns-2 gallery-size-glcr_image_size_square'><dl class='gallery-item'>\n\t\t\t<dt class='gallery-icon landscape'>\n\t\t\t\t<a data-elementor-open-lightbox=\"yes\" data-elementor-lightbox-slideshow=\"e392004\" data-elementor-lightbox-title=\"Festival Mecanik Paradize - Toulouse\" data-e-action-hash=\"#elementor-action%3Aaction%3Dlightbox%26settings%3DeyJpZCI6MzY2OCwidXJsIjoiaHR0cHM6XC9cL2FudGhvbnlyb2pvLmNvbVwvd3AtY29udGVudFwvdXBsb2Fkc1wvMjAyNFwvMDNcLzEtQW50aG9ueS1Sb2pvLVBob3RvZ3JhcGhlLWV2ZW5lbWVudHMtY3VsdHVyZWxsZXMtYm9yZGVhdXgtMS1zY2FsZWQuanBnIiwic2xpZGVzaG93IjoiZTM5MjAwNCJ9\" href='https:\/\/anthonyrojo.com\/wp-content\/uploads\/2024\/03\/1-Anthony-Rojo-Photographe-evenements-culturelles-bordeaux-1-scaled.jpg'><img decoding=\"async\" width=\"750\" height=\"750\" data-src=\"https:\/\/anthonyrojo.com\/wp-content\/uploads\/2024\/03\/1-Anthony-Rojo-Photographe-evenements-culturelles-bordeaux-1-750x750.jpg\" class=\"attachment-glcr_image_size_square size-glcr_image_size_square lazyload\" alt=\"\" data-srcset=\"https:\/\/anthonyrojo.com\/wp-content\/uploads\/2024\/03\/1-Anthony-Rojo-Photographe-evenements-culturelles-bordeaux-1-750x750.jpg 750w, https:\/\/anthonyrojo.com\/wp-content\/uploads\/2024\/03\/1-Anthony-Rojo-Photographe-evenements-culturelles-bordeaux-1-150x150.jpg 150w, https:\/\/anthonyrojo.com\/wp-content\/uploads\/2024\/03\/1-Anthony-Rojo-Photographe-evenements-culturelles-bordeaux-1-90x90.jpg 90w, https:\/\/anthonyrojo.com\/wp-content\/uploads\/2024\/03\/1-Anthony-Rojo-Photographe-evenements-culturelles-bordeaux-1-1300x1300.jpg 1300w\" data-sizes=\"(max-width: 750px) 100vw, 750px\" src=\"data:image\/svg+xml;base64,PHN2ZyB3aWR0aD0iMSIgaGVpZ2h0PSIxIiB4bWxucz0iaHR0cDovL3d3dy53My5vcmcvMjAwMC9zdmciPjwvc3ZnPg==\" style=\"--smush-placeholder-width: 750px; --smush-placeholder-aspect-ratio: 750\/750;\" \/><\/a>\n\t\t\t<\/dt><\/dl><dl class='gallery-item'>\n\t\t\t<dt class='gallery-icon landscape'>\n\t\t\t\t<a data-elementor-open-lightbox=\"yes\" data-elementor-lightbox-slideshow=\"e392004\" data-elementor-lightbox-title=\"Festival Mecanik Paradize - Toulouse\" data-e-action-hash=\"#elementor-action%3Aaction%3Dlightbox%26settings%3DeyJpZCI6MzY2OSwidXJsIjoiaHR0cHM6XC9cL2FudGhvbnlyb2pvLmNvbVwvd3AtY29udGVudFwvdXBsb2Fkc1wvMjAyNFwvMDNcLzEtQW50aG9ueS1Sb2pvLVBob3RvZ3JhcGhlLWV2ZW5lbWVudHMtY3VsdHVyZWxsZXMtYm9yZGVhdXgtMi1zY2FsZWQuanBnIiwic2xpZGVzaG93IjoiZTM5MjAwNCJ9\" href='https:\/\/anthonyrojo.com\/wp-content\/uploads\/2024\/03\/1-Anthony-Rojo-Photographe-evenements-culturelles-bordeaux-2-scaled.jpg'><img decoding=\"async\" width=\"750\" height=\"750\" data-src=\"https:\/\/anthonyrojo.com\/wp-content\/uploads\/2024\/03\/1-Anthony-Rojo-Photographe-evenements-culturelles-bordeaux-2-750x750.jpg\" class=\"attachment-glcr_image_size_square size-glcr_image_size_square lazyload\" alt=\"\" data-srcset=\"https:\/\/anthonyrojo.com\/wp-content\/uploads\/2024\/03\/1-Anthony-Rojo-Photographe-evenements-culturelles-bordeaux-2-750x750.jpg 750w, https:\/\/anthonyrojo.com\/wp-content\/uploads\/2024\/03\/1-Anthony-Rojo-Photographe-evenements-culturelles-bordeaux-2-150x150.jpg 150w, https:\/\/anthonyrojo.com\/wp-content\/uploads\/2024\/03\/1-Anthony-Rojo-Photographe-evenements-culturelles-bordeaux-2-90x90.jpg 90w, https:\/\/anthonyrojo.com\/wp-content\/uploads\/2024\/03\/1-Anthony-Rojo-Photographe-evenements-culturelles-bordeaux-2-1300x1300.jpg 1300w\" data-sizes=\"(max-width: 750px) 100vw, 750px\" src=\"data:image\/svg+xml;base64,PHN2ZyB3aWR0aD0iMSIgaGVpZ2h0PSIxIiB4bWxucz0iaHR0cDovL3d3dy53My5vcmcvMjAwMC9zdmciPjwvc3ZnPg==\" style=\"--smush-placeholder-width: 750px; --smush-placeholder-aspect-ratio: 750\/750;\" \/><\/a>\n\t\t\t<\/dt><\/dl><br style=\"clear: both\" \/><dl class='gallery-item'>\n\t\t\t<dt class='gallery-icon landscape'>\n\t\t\t\t<a data-elementor-open-lightbox=\"yes\" data-elementor-lightbox-slideshow=\"e392004\" data-elementor-lightbox-title=\"Festival Mecanik Paradize - Toulouse\" data-e-action-hash=\"#elementor-action%3Aaction%3Dlightbox%26settings%3DeyJpZCI6MzY3MCwidXJsIjoiaHR0cHM6XC9cL2FudGhvbnlyb2pvLmNvbVwvd3AtY29udGVudFwvdXBsb2Fkc1wvMjAyNFwvMDNcLzEtQW50aG9ueS1Sb2pvLVBob3RvZ3JhcGhlLWV2ZW5lbWVudHMtY3VsdHVyZWxsZXMtYm9yZGVhdXgtMy1zY2FsZWQuanBnIiwic2xpZGVzaG93IjoiZTM5MjAwNCJ9\" href='https:\/\/anthonyrojo.com\/wp-content\/uploads\/2024\/03\/1-Anthony-Rojo-Photographe-evenements-culturelles-bordeaux-3-scaled.jpg'><img decoding=\"async\" width=\"750\" height=\"750\" data-src=\"https:\/\/anthonyrojo.com\/wp-content\/uploads\/2024\/03\/1-Anthony-Rojo-Photographe-evenements-culturelles-bordeaux-3-750x750.jpg\" class=\"attachment-glcr_image_size_square size-glcr_image_size_square lazyload\" alt=\"\" data-srcset=\"https:\/\/anthonyrojo.com\/wp-content\/uploads\/2024\/03\/1-Anthony-Rojo-Photographe-evenements-culturelles-bordeaux-3-750x750.jpg 750w, https:\/\/anthonyrojo.com\/wp-content\/uploads\/2024\/03\/1-Anthony-Rojo-Photographe-evenements-culturelles-bordeaux-3-150x150.jpg 150w, https:\/\/anthonyrojo.com\/wp-content\/uploads\/2024\/03\/1-Anthony-Rojo-Photographe-evenements-culturelles-bordeaux-3-90x90.jpg 90w, https:\/\/anthonyrojo.com\/wp-content\/uploads\/2024\/03\/1-Anthony-Rojo-Photographe-evenements-culturelles-bordeaux-3-1300x1300.jpg 1300w\" data-sizes=\"(max-width: 750px) 100vw, 750px\" src=\"data:image\/svg+xml;base64,PHN2ZyB3aWR0aD0iMSIgaGVpZ2h0PSIxIiB4bWxucz0iaHR0cDovL3d3dy53My5vcmcvMjAwMC9zdmciPjwvc3ZnPg==\" style=\"--smush-placeholder-width: 750px; --smush-placeholder-aspect-ratio: 750\/750;\" \/><\/a>\n\t\t\t<\/dt><\/dl><dl class='gallery-item'>\n\t\t\t<dt class='gallery-icon landscape'>\n\t\t\t\t<a data-elementor-open-lightbox=\"yes\" data-elementor-lightbox-slideshow=\"e392004\" data-elementor-lightbox-title=\"Festival Mecanik Paradize - Toulouse\" data-e-action-hash=\"#elementor-action%3Aaction%3Dlightbox%26settings%3DeyJpZCI6MzY3MSwidXJsIjoiaHR0cHM6XC9cL2FudGhvbnlyb2pvLmNvbVwvd3AtY29udGVudFwvdXBsb2Fkc1wvMjAyNFwvMDNcLzEtQW50aG9ueS1Sb2pvLVBob3RvZ3JhcGhlLWV2ZW5lbWVudHMtY3VsdHVyZWxsZXMtYm9yZGVhdXgtNC1zY2FsZWQuanBnIiwic2xpZGVzaG93IjoiZTM5MjAwNCJ9\" href='https:\/\/anthonyrojo.com\/wp-content\/uploads\/2024\/03\/1-Anthony-Rojo-Photographe-evenements-culturelles-bordeaux-4-scaled.jpg'><img decoding=\"async\" width=\"750\" height=\"750\" data-src=\"https:\/\/anthonyrojo.com\/wp-content\/uploads\/2024\/03\/1-Anthony-Rojo-Photographe-evenements-culturelles-bordeaux-4-750x750.jpg\" class=\"attachment-glcr_image_size_square size-glcr_image_size_square lazyload\" alt=\"\" data-srcset=\"https:\/\/anthonyrojo.com\/wp-content\/uploads\/2024\/03\/1-Anthony-Rojo-Photographe-evenements-culturelles-bordeaux-4-750x750.jpg 750w, https:\/\/anthonyrojo.com\/wp-content\/uploads\/2024\/03\/1-Anthony-Rojo-Photographe-evenements-culturelles-bordeaux-4-150x150.jpg 150w, https:\/\/anthonyrojo.com\/wp-content\/uploads\/2024\/03\/1-Anthony-Rojo-Photographe-evenements-culturelles-bordeaux-4-90x90.jpg 90w, https:\/\/anthonyrojo.com\/wp-content\/uploads\/2024\/03\/1-Anthony-Rojo-Photographe-evenements-culturelles-bordeaux-4-1300x1300.jpg 1300w\" data-sizes=\"(max-width: 750px) 100vw, 750px\" src=\"data:image\/svg+xml;base64,PHN2ZyB3aWR0aD0iMSIgaGVpZ2h0PSIxIiB4bWxucz0iaHR0cDovL3d3dy53My5vcmcvMjAwMC9zdmciPjwvc3ZnPg==\" style=\"--smush-placeholder-width: 750px; --smush-placeholder-aspect-ratio: 750\/750;\" \/><\/a>\n\t\t\t<\/dt><\/dl><br style=\"clear: both\" \/><dl class='gallery-item'>\n\t\t\t<dt class='gallery-icon landscape'>\n\t\t\t\t<a data-elementor-open-lightbox=\"yes\" data-elementor-lightbox-slideshow=\"e392004\" data-elementor-lightbox-title=\"Festival Mecanik Paradize - Toulouse\" data-e-action-hash=\"#elementor-action%3Aaction%3Dlightbox%26settings%3DeyJpZCI6MzY3MiwidXJsIjoiaHR0cHM6XC9cL2FudGhvbnlyb2pvLmNvbVwvd3AtY29udGVudFwvdXBsb2Fkc1wvMjAyNFwvMDNcLzEtQW50aG9ueS1Sb2pvLVBob3RvZ3JhcGhlLWV2ZW5lbWVudHMtY3VsdHVyZWxsZXMtYm9yZGVhdXgtNS1zY2FsZWQuanBnIiwic2xpZGVzaG93IjoiZTM5MjAwNCJ9\" href='https:\/\/anthonyrojo.com\/wp-content\/uploads\/2024\/03\/1-Anthony-Rojo-Photographe-evenements-culturelles-bordeaux-5-scaled.jpg'><img decoding=\"async\" width=\"750\" height=\"750\" data-src=\"https:\/\/anthonyrojo.com\/wp-content\/uploads\/2024\/03\/1-Anthony-Rojo-Photographe-evenements-culturelles-bordeaux-5-750x750.jpg\" class=\"attachment-glcr_image_size_square size-glcr_image_size_square lazyload\" alt=\"\" data-srcset=\"https:\/\/anthonyrojo.com\/wp-content\/uploads\/2024\/03\/1-Anthony-Rojo-Photographe-evenements-culturelles-bordeaux-5-750x750.jpg 750w, https:\/\/anthonyrojo.com\/wp-content\/uploads\/2024\/03\/1-Anthony-Rojo-Photographe-evenements-culturelles-bordeaux-5-150x150.jpg 150w, https:\/\/anthonyrojo.com\/wp-content\/uploads\/2024\/03\/1-Anthony-Rojo-Photographe-evenements-culturelles-bordeaux-5-90x90.jpg 90w, https:\/\/anthonyrojo.com\/wp-content\/uploads\/2024\/03\/1-Anthony-Rojo-Photographe-evenements-culturelles-bordeaux-5-1300x1300.jpg 1300w\" data-sizes=\"(max-width: 750px) 100vw, 750px\" src=\"data:image\/svg+xml;base64,PHN2ZyB3aWR0aD0iMSIgaGVpZ2h0PSIxIiB4bWxucz0iaHR0cDovL3d3dy53My5vcmcvMjAwMC9zdmciPjwvc3ZnPg==\" style=\"--smush-placeholder-width: 750px; --smush-placeholder-aspect-ratio: 750\/750;\" \/><\/a>\n\t\t\t<\/dt><\/dl><dl class='gallery-item'>\n\t\t\t<dt class='gallery-icon landscape'>\n\t\t\t\t<a data-elementor-open-lightbox=\"yes\" data-elementor-lightbox-slideshow=\"e392004\" data-elementor-lightbox-title=\"Festival Agora biennale d&#039;architecture, oeuvre monumentale en carton par Olivier Grosset\u00eate - Bordeaux\" data-e-action-hash=\"#elementor-action%3Aaction%3Dlightbox%26settings%3DeyJpZCI6MzY3MywidXJsIjoiaHR0cHM6XC9cL2FudGhvbnlyb2pvLmNvbVwvd3AtY29udGVudFwvdXBsb2Fkc1wvMjAyNFwvMDNcLzEtQW50aG9ueS1Sb2pvLVBob3RvZ3JhcGhlLWV2ZW5lbWVudHMtY3VsdHVyZWxsZXMtYm9yZGVhdXgtNi1zY2FsZWQuanBnIiwic2xpZGVzaG93IjoiZTM5MjAwNCJ9\" href='https:\/\/anthonyrojo.com\/wp-content\/uploads\/2024\/03\/1-Anthony-Rojo-Photographe-evenements-culturelles-bordeaux-6-scaled.jpg'><img decoding=\"async\" width=\"750\" height=\"750\" data-src=\"https:\/\/anthonyrojo.com\/wp-content\/uploads\/2024\/03\/1-Anthony-Rojo-Photographe-evenements-culturelles-bordeaux-6-750x750.jpg\" class=\"attachment-glcr_image_size_square size-glcr_image_size_square lazyload\" alt=\"\" data-srcset=\"https:\/\/anthonyrojo.com\/wp-content\/uploads\/2024\/03\/1-Anthony-Rojo-Photographe-evenements-culturelles-bordeaux-6-750x750.jpg 750w, https:\/\/anthonyrojo.com\/wp-content\/uploads\/2024\/03\/1-Anthony-Rojo-Photographe-evenements-culturelles-bordeaux-6-150x150.jpg 150w, https:\/\/anthonyrojo.com\/wp-content\/uploads\/2024\/03\/1-Anthony-Rojo-Photographe-evenements-culturelles-bordeaux-6-90x90.jpg 90w, https:\/\/anthonyrojo.com\/wp-content\/uploads\/2024\/03\/1-Anthony-Rojo-Photographe-evenements-culturelles-bordeaux-6-1300x1300.jpg 1300w\" data-sizes=\"(max-width: 750px) 100vw, 750px\" src=\"data:image\/svg+xml;base64,PHN2ZyB3aWR0aD0iMSIgaGVpZ2h0PSIxIiB4bWxucz0iaHR0cDovL3d3dy53My5vcmcvMjAwMC9zdmciPjwvc3ZnPg==\" style=\"--smush-placeholder-width: 750px; --smush-placeholder-aspect-ratio: 750\/750;\" \/><\/a>\n\t\t\t<\/dt><\/dl><br style=\"clear: both\" \/><dl class='gallery-item'>\n\t\t\t<dt class='gallery-icon landscape'>\n\t\t\t\t<a data-elementor-open-lightbox=\"yes\" data-elementor-lightbox-slideshow=\"e392004\" data-elementor-lightbox-title=\"Rencontre avec l&#039;Artiste JR \u00e0 l&#039;Institut Culturel Bernard Magrez - Bordeaux\" data-e-action-hash=\"#elementor-action%3Aaction%3Dlightbox%26settings%3DeyJpZCI6MzY3NCwidXJsIjoiaHR0cHM6XC9cL2FudGhvbnlyb2pvLmNvbVwvd3AtY29udGVudFwvdXBsb2Fkc1wvMjAyNFwvMDNcLzEtQW50aG9ueS1Sb2pvLVBob3RvZ3JhcGhlLWV2ZW5lbWVudHMtY3VsdHVyZWxsZXMtYm9yZGVhdXgtNy1zY2FsZWQuanBnIiwic2xpZGVzaG93IjoiZTM5MjAwNCJ9\" href='https:\/\/anthonyrojo.com\/wp-content\/uploads\/2024\/03\/1-Anthony-Rojo-Photographe-evenements-culturelles-bordeaux-7-scaled.jpg'><img decoding=\"async\" width=\"750\" height=\"750\" data-src=\"https:\/\/anthonyrojo.com\/wp-content\/uploads\/2024\/03\/1-Anthony-Rojo-Photographe-evenements-culturelles-bordeaux-7-750x750.jpg\" class=\"attachment-glcr_image_size_square size-glcr_image_size_square lazyload\" alt=\"\" data-srcset=\"https:\/\/anthonyrojo.com\/wp-content\/uploads\/2024\/03\/1-Anthony-Rojo-Photographe-evenements-culturelles-bordeaux-7-750x750.jpg 750w, https:\/\/anthonyrojo.com\/wp-content\/uploads\/2024\/03\/1-Anthony-Rojo-Photographe-evenements-culturelles-bordeaux-7-150x150.jpg 150w, https:\/\/anthonyrojo.com\/wp-content\/uploads\/2024\/03\/1-Anthony-Rojo-Photographe-evenements-culturelles-bordeaux-7-90x90.jpg 90w, https:\/\/anthonyrojo.com\/wp-content\/uploads\/2024\/03\/1-Anthony-Rojo-Photographe-evenements-culturelles-bordeaux-7-1300x1300.jpg 1300w\" data-sizes=\"(max-width: 750px) 100vw, 750px\" src=\"data:image\/svg+xml;base64,PHN2ZyB3aWR0aD0iMSIgaGVpZ2h0PSIxIiB4bWxucz0iaHR0cDovL3d3dy53My5vcmcvMjAwMC9zdmciPjwvc3ZnPg==\" style=\"--smush-placeholder-width: 750px; --smush-placeholder-aspect-ratio: 750\/750;\" \/><\/a>\n\t\t\t<\/dt><\/dl><dl class='gallery-item'>\n\t\t\t<dt class='gallery-icon landscape'>\n\t\t\t\t<a data-elementor-open-lightbox=\"yes\" data-elementor-lightbox-slideshow=\"e392004\" data-elementor-lightbox-title=\"Conf\u00e9rence par l&#039;A Agence culturelle de Nouvelle-Aquitaine \u00e0 la MECA - Bordeaux\" data-e-action-hash=\"#elementor-action%3Aaction%3Dlightbox%26settings%3DeyJpZCI6NzE2MiwidXJsIjoiaHR0cHM6XC9cL2FudGhvbnlyb2pvLmNvbVwvd3AtY29udGVudFwvdXBsb2Fkc1wvMjAyNVwvMTFcLzAxLUFudGhvbnktUm9qby1QaG90b2dyYXBoZS1zcGVjdGFjbGVzLXZpdmFudHMtQS1BZ2VuY2UtY3VsdHVyZWxsZS1NZWNhLUJvcmRlYXV4LTEtc2NhbGVkLmpwZyIsInNsaWRlc2hvdyI6ImUzOTIwMDQifQ%3D%3D\" href='https:\/\/anthonyrojo.com\/wp-content\/uploads\/2025\/11\/01-Anthony-Rojo-Photographe-spectacles-vivants-A-Agence-culturelle-Meca-Bordeaux-1-scaled.jpg'><img decoding=\"async\" width=\"750\" height=\"750\" data-src=\"https:\/\/anthonyrojo.com\/wp-content\/uploads\/2025\/11\/01-Anthony-Rojo-Photographe-spectacles-vivants-A-Agence-culturelle-Meca-Bordeaux-1-750x750.jpg\" class=\"attachment-glcr_image_size_square size-glcr_image_size_square lazyload\" alt=\"\" data-srcset=\"https:\/\/anthonyrojo.com\/wp-content\/uploads\/2025\/11\/01-Anthony-Rojo-Photographe-spectacles-vivants-A-Agence-culturelle-Meca-Bordeaux-1-750x750.jpg 750w, https:\/\/anthonyrojo.com\/wp-content\/uploads\/2025\/11\/01-Anthony-Rojo-Photographe-spectacles-vivants-A-Agence-culturelle-Meca-Bordeaux-1-150x150.jpg 150w, https:\/\/anthonyrojo.com\/wp-content\/uploads\/2025\/11\/01-Anthony-Rojo-Photographe-spectacles-vivants-A-Agence-culturelle-Meca-Bordeaux-1-90x90.jpg 90w, https:\/\/anthonyrojo.com\/wp-content\/uploads\/2025\/11\/01-Anthony-Rojo-Photographe-spectacles-vivants-A-Agence-culturelle-Meca-Bordeaux-1-1300x1300.jpg 1300w\" data-sizes=\"(max-width: 750px) 100vw, 750px\" src=\"data:image\/svg+xml;base64,PHN2ZyB3aWR0aD0iMSIgaGVpZ2h0PSIxIiB4bWxucz0iaHR0cDovL3d3dy53My5vcmcvMjAwMC9zdmciPjwvc3ZnPg==\" style=\"--smush-placeholder-width: 750px; --smush-placeholder-aspect-ratio: 750\/750;\" \/><\/a>\n\t\t\t<\/dt><\/dl><br style=\"clear: both\" \/><dl class='gallery-item'>\n\t\t\t<dt class='gallery-icon landscape'>\n\t\t\t\t<a data-elementor-open-lightbox=\"yes\" data-elementor-lightbox-slideshow=\"e392004\" data-elementor-lightbox-title=\"Cremaill\u00e8re de Bo\u00eete Noire \u00e0 la Base sous marine  par l&#039;association Le Grand Incendie et D\u00e9zip - Bordeaux\" data-e-action-hash=\"#elementor-action%3Aaction%3Dlightbox%26settings%3DeyJpZCI6NzE1OSwidXJsIjoiaHR0cHM6XC9cL2FudGhvbnlyb2pvLmNvbVwvd3AtY29udGVudFwvdXBsb2Fkc1wvMjAyNVwvMTFcLzEtQW50aG9ueS1Sb2pvLVBob3RvZ3JhcGhlLWV2ZW5lbWVudHMtY3VsdHVyZWxsZXMtYm9yZGVhdXgtYm9pdGUtbm9pcmUtbGUtZ3JhbmQtaW5jZW5kaWUtMS1zY2FsZWQuanBnIiwic2xpZGVzaG93IjoiZTM5MjAwNCJ9\" href='https:\/\/anthonyrojo.com\/wp-content\/uploads\/2025\/11\/1-Anthony-Rojo-Photographe-evenements-culturelles-bordeaux-boite-noire-le-grand-incendie-1-scaled.jpg'><img decoding=\"async\" width=\"750\" height=\"750\" data-src=\"https:\/\/anthonyrojo.com\/wp-content\/uploads\/2025\/11\/1-Anthony-Rojo-Photographe-evenements-culturelles-bordeaux-boite-noire-le-grand-incendie-1-750x750.jpg\" class=\"attachment-glcr_image_size_square size-glcr_image_size_square lazyload\" alt=\"\" data-srcset=\"https:\/\/anthonyrojo.com\/wp-content\/uploads\/2025\/11\/1-Anthony-Rojo-Photographe-evenements-culturelles-bordeaux-boite-noire-le-grand-incendie-1-750x750.jpg 750w, https:\/\/anthonyrojo.com\/wp-content\/uploads\/2025\/11\/1-Anthony-Rojo-Photographe-evenements-culturelles-bordeaux-boite-noire-le-grand-incendie-1-150x150.jpg 150w, https:\/\/anthonyrojo.com\/wp-content\/uploads\/2025\/11\/1-Anthony-Rojo-Photographe-evenements-culturelles-bordeaux-boite-noire-le-grand-incendie-1-90x90.jpg 90w, https:\/\/anthonyrojo.com\/wp-content\/uploads\/2025\/11\/1-Anthony-Rojo-Photographe-evenements-culturelles-bordeaux-boite-noire-le-grand-incendie-1-1300x1300.jpg 1300w\" data-sizes=\"(max-width: 750px) 100vw, 750px\" src=\"data:image\/svg+xml;base64,PHN2ZyB3aWR0aD0iMSIgaGVpZ2h0PSIxIiB4bWxucz0iaHR0cDovL3d3dy53My5vcmcvMjAwMC9zdmciPjwvc3ZnPg==\" style=\"--smush-placeholder-width: 750px; --smush-placeholder-aspect-ratio: 750\/750;\" \/><\/a>\n\t\t\t<\/dt><\/dl><dl class='gallery-item'>\n\t\t\t<dt class='gallery-icon landscape'>\n\t\t\t\t<a data-elementor-open-lightbox=\"yes\" data-elementor-lightbox-slideshow=\"e392004\" data-elementor-lightbox-title=\"Soir\u00e9e caritative Music For Brain \u00e0 l&#039;Institut Culturel Bernard Magrez - Bordeaux\" data-e-action-hash=\"#elementor-action%3Aaction%3Dlightbox%26settings%3DeyJpZCI6MzY3NSwidXJsIjoiaHR0cHM6XC9cL2FudGhvbnlyb2pvLmNvbVwvd3AtY29udGVudFwvdXBsb2Fkc1wvMjAyNFwvMDNcLzEtQW50aG9ueS1Sb2pvLVBob3RvZ3JhcGhlLWV2ZW5lbWVudHMtY3VsdHVyZWxsZXMtYm9yZGVhdXgtOC1zY2FsZWQuanBnIiwic2xpZGVzaG93IjoiZTM5MjAwNCJ9\" href='https:\/\/anthonyrojo.com\/wp-content\/uploads\/2024\/03\/1-Anthony-Rojo-Photographe-evenements-culturelles-bordeaux-8-scaled.jpg'><img decoding=\"async\" width=\"750\" height=\"750\" data-src=\"https:\/\/anthonyrojo.com\/wp-content\/uploads\/2024\/03\/1-Anthony-Rojo-Photographe-evenements-culturelles-bordeaux-8-750x750.jpg\" class=\"attachment-glcr_image_size_square size-glcr_image_size_square lazyload\" alt=\"\" data-srcset=\"https:\/\/anthonyrojo.com\/wp-content\/uploads\/2024\/03\/1-Anthony-Rojo-Photographe-evenements-culturelles-bordeaux-8-750x750.jpg 750w, https:\/\/anthonyrojo.com\/wp-content\/uploads\/2024\/03\/1-Anthony-Rojo-Photographe-evenements-culturelles-bordeaux-8-150x150.jpg 150w, https:\/\/anthonyrojo.com\/wp-content\/uploads\/2024\/03\/1-Anthony-Rojo-Photographe-evenements-culturelles-bordeaux-8-90x90.jpg 90w, https:\/\/anthonyrojo.com\/wp-content\/uploads\/2024\/03\/1-Anthony-Rojo-Photographe-evenements-culturelles-bordeaux-8-1300x1300.jpg 1300w\" data-sizes=\"(max-width: 750px) 100vw, 750px\" src=\"data:image\/svg+xml;base64,PHN2ZyB3aWR0aD0iMSIgaGVpZ2h0PSIxIiB4bWxucz0iaHR0cDovL3d3dy53My5vcmcvMjAwMC9zdmciPjwvc3ZnPg==\" style=\"--smush-placeholder-width: 750px; --smush-placeholder-aspect-ratio: 750\/750;\" \/><\/a>\n\t\t\t<\/dt><\/dl><br style=\"clear: both\" \/><dl class='gallery-item'>\n\t\t\t<dt class='gallery-icon landscape'>\n\t\t\t\t<a data-elementor-open-lightbox=\"yes\" data-elementor-lightbox-slideshow=\"e392004\" data-elementor-lightbox-title=\"Halloween au Mus\u00e9e d&#039;Aquitaine - Bordeaux\" data-e-action-hash=\"#elementor-action%3Aaction%3Dlightbox%26settings%3DeyJpZCI6NzE2MCwidXJsIjoiaHR0cHM6XC9cL2FudGhvbnlyb2pvLmNvbVwvd3AtY29udGVudFwvdXBsb2Fkc1wvMjAyNVwvMTFcLzEtQW50aG9ueS1Sb2pvLVBob3RvZ3JhcGhlLWV2ZW5lbWVudHMtY3VsdHVyZWxsZXMtYm9yZGVhdXgtTXVzZWUtYXF1aXRhaW5lLXNjYWxlZC5qcGciLCJzbGlkZXNob3ciOiJlMzkyMDA0In0%3D\" href='https:\/\/anthonyrojo.com\/wp-content\/uploads\/2025\/11\/1-Anthony-Rojo-Photographe-evenements-culturelles-bordeaux-Musee-aquitaine-scaled.jpg'><img decoding=\"async\" width=\"750\" height=\"750\" data-src=\"https:\/\/anthonyrojo.com\/wp-content\/uploads\/2025\/11\/1-Anthony-Rojo-Photographe-evenements-culturelles-bordeaux-Musee-aquitaine-750x750.jpg\" class=\"attachment-glcr_image_size_square size-glcr_image_size_square lazyload\" alt=\"\" data-srcset=\"https:\/\/anthonyrojo.com\/wp-content\/uploads\/2025\/11\/1-Anthony-Rojo-Photographe-evenements-culturelles-bordeaux-Musee-aquitaine-750x750.jpg 750w, https:\/\/anthonyrojo.com\/wp-content\/uploads\/2025\/11\/1-Anthony-Rojo-Photographe-evenements-culturelles-bordeaux-Musee-aquitaine-150x150.jpg 150w, https:\/\/anthonyrojo.com\/wp-content\/uploads\/2025\/11\/1-Anthony-Rojo-Photographe-evenements-culturelles-bordeaux-Musee-aquitaine-90x90.jpg 90w, https:\/\/anthonyrojo.com\/wp-content\/uploads\/2025\/11\/1-Anthony-Rojo-Photographe-evenements-culturelles-bordeaux-Musee-aquitaine-1300x1300.jpg 1300w\" data-sizes=\"(max-width: 750px) 100vw, 750px\" src=\"data:image\/svg+xml;base64,PHN2ZyB3aWR0aD0iMSIgaGVpZ2h0PSIxIiB4bWxucz0iaHR0cDovL3d3dy53My5vcmcvMjAwMC9zdmciPjwvc3ZnPg==\" style=\"--smush-placeholder-width: 750px; --smush-placeholder-aspect-ratio: 750\/750;\" \/><\/a>\n\t\t\t<\/dt><\/dl><dl class='gallery-item'>\n\t\t\t<dt class='gallery-icon landscape'>\n\t\t\t\t<a data-elementor-open-lightbox=\"yes\" data-elementor-lightbox-slideshow=\"e392004\" data-elementor-lightbox-title=\"Chantier m\u00e9di\u00e9val de Guyenne - Lalande de Fronsac\" data-e-action-hash=\"#elementor-action%3Aaction%3Dlightbox%26settings%3DeyJpZCI6NzE2MSwidXJsIjoiaHR0cHM6XC9cL2FudGhvbnlyb2pvLmNvbVwvd3AtY29udGVudFwvdXBsb2Fkc1wvMjAyNVwvMTFcLzEtQW50aG9ueS1Sb2pvLVBob3RvZ3JhcGhlLWV2ZW5lbWVudHMtY3VsdHVyZWxsZXMtY2hhbnRpZXItbWVkaWV2YWwtZGUtZ3V5ZW5uZS1zY2FsZWQuanBnIiwic2xpZGVzaG93IjoiZTM5MjAwNCJ9\" href='https:\/\/anthonyrojo.com\/wp-content\/uploads\/2025\/11\/1-Anthony-Rojo-Photographe-evenements-culturelles-chantier-medieval-de-guyenne-scaled.jpg'><img decoding=\"async\" width=\"750\" height=\"750\" data-src=\"https:\/\/anthonyrojo.com\/wp-content\/uploads\/2025\/11\/1-Anthony-Rojo-Photographe-evenements-culturelles-chantier-medieval-de-guyenne-750x750.jpg\" class=\"attachment-glcr_image_size_square size-glcr_image_size_square lazyload\" alt=\"\" data-srcset=\"https:\/\/anthonyrojo.com\/wp-content\/uploads\/2025\/11\/1-Anthony-Rojo-Photographe-evenements-culturelles-chantier-medieval-de-guyenne-750x750.jpg 750w, https:\/\/anthonyrojo.com\/wp-content\/uploads\/2025\/11\/1-Anthony-Rojo-Photographe-evenements-culturelles-chantier-medieval-de-guyenne-150x150.jpg 150w, https:\/\/anthonyrojo.com\/wp-content\/uploads\/2025\/11\/1-Anthony-Rojo-Photographe-evenements-culturelles-chantier-medieval-de-guyenne-90x90.jpg 90w, https:\/\/anthonyrojo.com\/wp-content\/uploads\/2025\/11\/1-Anthony-Rojo-Photographe-evenements-culturelles-chantier-medieval-de-guyenne-1300x1300.jpg 1300w\" data-sizes=\"(max-width: 750px) 100vw, 750px\" src=\"data:image\/svg+xml;base64,PHN2ZyB3aWR0aD0iMSIgaGVpZ2h0PSIxIiB4bWxucz0iaHR0cDovL3d3dy53My5vcmcvMjAwMC9zdmciPjwvc3ZnPg==\" style=\"--smush-placeholder-width: 750px; --smush-placeholder-aspect-ratio: 750\/750;\" \/><\/a>\n\t\t\t<\/dt><\/dl><br style=\"clear: both\" \/><dl class='gallery-item'>\n\t\t\t<dt class='gallery-icon landscape'>\n\t\t\t\t<a data-elementor-open-lightbox=\"yes\" data-elementor-lightbox-slideshow=\"e392004\" data-elementor-lightbox-title=\"Evenement caritatif Octobre rose - Bordeaux\" data-e-action-hash=\"#elementor-action%3Aaction%3Dlightbox%26settings%3DeyJpZCI6MzY3NiwidXJsIjoiaHR0cHM6XC9cL2FudGhvbnlyb2pvLmNvbVwvd3AtY29udGVudFwvdXBsb2Fkc1wvMjAyNFwvMDNcLzEtQW50aG9ueS1Sb2pvLVBob3RvZ3JhcGhlLWV2ZW5lbWVudHMtY3VsdHVyZWxsZXMtYm9yZGVhdXgtOS1zY2FsZWQuanBnIiwic2xpZGVzaG93IjoiZTM5MjAwNCJ9\" href='https:\/\/anthonyrojo.com\/wp-content\/uploads\/2024\/03\/1-Anthony-Rojo-Photographe-evenements-culturelles-bordeaux-9-scaled.jpg'><img decoding=\"async\" width=\"750\" height=\"750\" data-src=\"https:\/\/anthonyrojo.com\/wp-content\/uploads\/2024\/03\/1-Anthony-Rojo-Photographe-evenements-culturelles-bordeaux-9-750x750.jpg\" class=\"attachment-glcr_image_size_square size-glcr_image_size_square lazyload\" alt=\"\" data-srcset=\"https:\/\/anthonyrojo.com\/wp-content\/uploads\/2024\/03\/1-Anthony-Rojo-Photographe-evenements-culturelles-bordeaux-9-750x750.jpg 750w, https:\/\/anthonyrojo.com\/wp-content\/uploads\/2024\/03\/1-Anthony-Rojo-Photographe-evenements-culturelles-bordeaux-9-150x150.jpg 150w, https:\/\/anthonyrojo.com\/wp-content\/uploads\/2024\/03\/1-Anthony-Rojo-Photographe-evenements-culturelles-bordeaux-9-90x90.jpg 90w, https:\/\/anthonyrojo.com\/wp-content\/uploads\/2024\/03\/1-Anthony-Rojo-Photographe-evenements-culturelles-bordeaux-9-1300x1300.jpg 1300w\" data-sizes=\"(max-width: 750px) 100vw, 750px\" src=\"data:image\/svg+xml;base64,PHN2ZyB3aWR0aD0iMSIgaGVpZ2h0PSIxIiB4bWxucz0iaHR0cDovL3d3dy53My5vcmcvMjAwMC9zdmciPjwvc3ZnPg==\" style=\"--smush-placeholder-width: 750px; --smush-placeholder-aspect-ratio: 750\/750;\" \/><\/a>\n\t\t\t<\/dt><\/dl><dl class='gallery-item'>\n\t\t\t<dt class='gallery-icon landscape'>\n\t\t\t\t<a data-elementor-open-lightbox=\"yes\" data-elementor-lightbox-slideshow=\"e392004\" data-elementor-lightbox-title=\"F\u00eate du Fleuve - Bordeaux\" data-e-action-hash=\"#elementor-action%3Aaction%3Dlightbox%26settings%3DeyJpZCI6MzY3NywidXJsIjoiaHR0cHM6XC9cL2FudGhvbnlyb2pvLmNvbVwvd3AtY29udGVudFwvdXBsb2Fkc1wvMjAyNFwvMDNcLzEtQW50aG9ueS1Sb2pvLVBob3RvZ3JhcGhlLWV2ZW5lbWVudHMtY3VsdHVyZWxsZXMtYm9yZGVhdXgtMTAtc2NhbGVkLmpwZyIsInNsaWRlc2hvdyI6ImUzOTIwMDQifQ%3D%3D\" href='https:\/\/anthonyrojo.com\/wp-content\/uploads\/2024\/03\/1-Anthony-Rojo-Photographe-evenements-culturelles-bordeaux-10-scaled.jpg'><img decoding=\"async\" width=\"750\" height=\"750\" data-src=\"https:\/\/anthonyrojo.com\/wp-content\/uploads\/2024\/03\/1-Anthony-Rojo-Photographe-evenements-culturelles-bordeaux-10-750x750.jpg\" class=\"attachment-glcr_image_size_square size-glcr_image_size_square lazyload\" alt=\"\" data-srcset=\"https:\/\/anthonyrojo.com\/wp-content\/uploads\/2024\/03\/1-Anthony-Rojo-Photographe-evenements-culturelles-bordeaux-10-750x750.jpg 750w, https:\/\/anthonyrojo.com\/wp-content\/uploads\/2024\/03\/1-Anthony-Rojo-Photographe-evenements-culturelles-bordeaux-10-150x150.jpg 150w, https:\/\/anthonyrojo.com\/wp-content\/uploads\/2024\/03\/1-Anthony-Rojo-Photographe-evenements-culturelles-bordeaux-10-90x90.jpg 90w, https:\/\/anthonyrojo.com\/wp-content\/uploads\/2024\/03\/1-Anthony-Rojo-Photographe-evenements-culturelles-bordeaux-10-1300x1300.jpg 1300w\" data-sizes=\"(max-width: 750px) 100vw, 750px\" src=\"data:image\/svg+xml;base64,PHN2ZyB3aWR0aD0iMSIgaGVpZ2h0PSIxIiB4bWxucz0iaHR0cDovL3d3dy53My5vcmcvMjAwMC9zdmciPjwvc3ZnPg==\" style=\"--smush-placeholder-width: 750px; --smush-placeholder-aspect-ratio: 750\/750;\" \/><\/a>\n\t\t\t<\/dt><\/dl><br style=\"clear: both\" \/><dl class='gallery-item'>\n\t\t\t<dt class='gallery-icon landscape'>\n\t\t\t\t<a data-elementor-open-lightbox=\"yes\" data-elementor-lightbox-slideshow=\"e392004\" data-elementor-lightbox-title=\"F\u00eate du vin - Bordeaux\" data-e-action-hash=\"#elementor-action%3Aaction%3Dlightbox%26settings%3DeyJpZCI6MzY3OCwidXJsIjoiaHR0cHM6XC9cL2FudGhvbnlyb2pvLmNvbVwvd3AtY29udGVudFwvdXBsb2Fkc1wvMjAyNFwvMDNcLzEtQW50aG9ueS1Sb2pvLVBob3RvZ3JhcGhlLWV2ZW5lbWVudHMtY3VsdHVyZWxsZXMtYm9yZGVhdXgtMTEtc2NhbGVkLmpwZyIsInNsaWRlc2hvdyI6ImUzOTIwMDQifQ%3D%3D\" href='https:\/\/anthonyrojo.com\/wp-content\/uploads\/2024\/03\/1-Anthony-Rojo-Photographe-evenements-culturelles-bordeaux-11-scaled.jpg'><img decoding=\"async\" width=\"750\" height=\"750\" data-src=\"https:\/\/anthonyrojo.com\/wp-content\/uploads\/2024\/03\/1-Anthony-Rojo-Photographe-evenements-culturelles-bordeaux-11-750x750.jpg\" class=\"attachment-glcr_image_size_square size-glcr_image_size_square lazyload\" alt=\"\" data-srcset=\"https:\/\/anthonyrojo.com\/wp-content\/uploads\/2024\/03\/1-Anthony-Rojo-Photographe-evenements-culturelles-bordeaux-11-750x750.jpg 750w, https:\/\/anthonyrojo.com\/wp-content\/uploads\/2024\/03\/1-Anthony-Rojo-Photographe-evenements-culturelles-bordeaux-11-150x150.jpg 150w, https:\/\/anthonyrojo.com\/wp-content\/uploads\/2024\/03\/1-Anthony-Rojo-Photographe-evenements-culturelles-bordeaux-11-90x90.jpg 90w, https:\/\/anthonyrojo.com\/wp-content\/uploads\/2024\/03\/1-Anthony-Rojo-Photographe-evenements-culturelles-bordeaux-11-1300x1300.jpg 1300w\" data-sizes=\"(max-width: 750px) 100vw, 750px\" src=\"data:image\/svg+xml;base64,PHN2ZyB3aWR0aD0iMSIgaGVpZ2h0PSIxIiB4bWxucz0iaHR0cDovL3d3dy53My5vcmcvMjAwMC9zdmciPjwvc3ZnPg==\" style=\"--smush-placeholder-width: 750px; --smush-placeholder-aspect-ratio: 750\/750;\" \/><\/a>\n\t\t\t<\/dt><\/dl><dl class='gallery-item'>\n\t\t\t<dt class='gallery-icon landscape'>\n\t\t\t\t<a data-elementor-open-lightbox=\"yes\" data-elementor-lightbox-slideshow=\"e392004\" data-elementor-lightbox-title=\"Travers\u00e9e de Bordeaux \u00e0 la nage - Bordeaux\" data-e-action-hash=\"#elementor-action%3Aaction%3Dlightbox%26settings%3DeyJpZCI6MzY3OSwidXJsIjoiaHR0cHM6XC9cL2FudGhvbnlyb2pvLmNvbVwvd3AtY29udGVudFwvdXBsb2Fkc1wvMjAyNFwvMDNcLzEtQW50aG9ueS1Sb2pvLVBob3RvZ3JhcGhlLWV2ZW5lbWVudHMtY3VsdHVyZWxsZXMtYm9yZGVhdXgtMTItc2NhbGVkLmpwZyIsInNsaWRlc2hvdyI6ImUzOTIwMDQifQ%3D%3D\" href='https:\/\/anthonyrojo.com\/wp-content\/uploads\/2024\/03\/1-Anthony-Rojo-Photographe-evenements-culturelles-bordeaux-12-scaled.jpg'><img decoding=\"async\" width=\"750\" height=\"750\" data-src=\"https:\/\/anthonyrojo.com\/wp-content\/uploads\/2024\/03\/1-Anthony-Rojo-Photographe-evenements-culturelles-bordeaux-12-750x750.jpg\" class=\"attachment-glcr_image_size_square size-glcr_image_size_square lazyload\" alt=\"\" data-srcset=\"https:\/\/anthonyrojo.com\/wp-content\/uploads\/2024\/03\/1-Anthony-Rojo-Photographe-evenements-culturelles-bordeaux-12-750x750.jpg 750w, https:\/\/anthonyrojo.com\/wp-content\/uploads\/2024\/03\/1-Anthony-Rojo-Photographe-evenements-culturelles-bordeaux-12-150x150.jpg 150w, https:\/\/anthonyrojo.com\/wp-content\/uploads\/2024\/03\/1-Anthony-Rojo-Photographe-evenements-culturelles-bordeaux-12-90x90.jpg 90w, https:\/\/anthonyrojo.com\/wp-content\/uploads\/2024\/03\/1-Anthony-Rojo-Photographe-evenements-culturelles-bordeaux-12-1300x1300.jpg 1300w\" data-sizes=\"(max-width: 750px) 100vw, 750px\" src=\"data:image\/svg+xml;base64,PHN2ZyB3aWR0aD0iMSIgaGVpZ2h0PSIxIiB4bWxucz0iaHR0cDovL3d3dy53My5vcmcvMjAwMC9zdmciPjwvc3ZnPg==\" style=\"--smush-placeholder-width: 750px; --smush-placeholder-aspect-ratio: 750\/750;\" \/><\/a>\n\t\t\t<\/dt><\/dl><br style=\"clear: both\" \/><dl class='gallery-item'>\n\t\t\t<dt class='gallery-icon landscape'>\n\t\t\t\t<a data-elementor-open-lightbox=\"yes\" data-elementor-lightbox-slideshow=\"e392004\" data-elementor-lightbox-title=\"Festival Evento, Maison sur la Garonne par l&#039;Op\u00e9ra Paga\u00ef - Bordeaux\" data-e-action-hash=\"#elementor-action%3Aaction%3Dlightbox%26settings%3DeyJpZCI6MzY4MCwidXJsIjoiaHR0cHM6XC9cL2FudGhvbnlyb2pvLmNvbVwvd3AtY29udGVudFwvdXBsb2Fkc1wvMjAyNFwvMDNcLzEtQW50aG9ueS1Sb2pvLVBob3RvZ3JhcGhlLWV2ZW5lbWVudHMtY3VsdHVyZWxsZXMtYm9yZGVhdXgtMTMuanBnIiwic2xpZGVzaG93IjoiZTM5MjAwNCJ9\" href='https:\/\/anthonyrojo.com\/wp-content\/uploads\/2024\/03\/1-Anthony-Rojo-Photographe-evenements-culturelles-bordeaux-13.jpg'><img decoding=\"async\" width=\"750\" height=\"750\" data-src=\"https:\/\/anthonyrojo.com\/wp-content\/uploads\/2024\/03\/1-Anthony-Rojo-Photographe-evenements-culturelles-bordeaux-13-750x750.jpg\" class=\"attachment-glcr_image_size_square size-glcr_image_size_square lazyload\" alt=\"\" data-srcset=\"https:\/\/anthonyrojo.com\/wp-content\/uploads\/2024\/03\/1-Anthony-Rojo-Photographe-evenements-culturelles-bordeaux-13-750x750.jpg 750w, https:\/\/anthonyrojo.com\/wp-content\/uploads\/2024\/03\/1-Anthony-Rojo-Photographe-evenements-culturelles-bordeaux-13-150x150.jpg 150w, https:\/\/anthonyrojo.com\/wp-content\/uploads\/2024\/03\/1-Anthony-Rojo-Photographe-evenements-culturelles-bordeaux-13-90x90.jpg 90w, https:\/\/anthonyrojo.com\/wp-content\/uploads\/2024\/03\/1-Anthony-Rojo-Photographe-evenements-culturelles-bordeaux-13-1300x1300.jpg 1300w\" data-sizes=\"(max-width: 750px) 100vw, 750px\" src=\"data:image\/svg+xml;base64,PHN2ZyB3aWR0aD0iMSIgaGVpZ2h0PSIxIiB4bWxucz0iaHR0cDovL3d3dy53My5vcmcvMjAwMC9zdmciPjwvc3ZnPg==\" style=\"--smush-placeholder-width: 750px; --smush-placeholder-aspect-ratio: 750\/750;\" \/><\/a>\n\t\t\t<\/dt><\/dl><dl class='gallery-item'>\n\t\t\t<dt class='gallery-icon landscape'>\n\t\t\t\t<a data-elementor-open-lightbox=\"yes\" data-elementor-lightbox-slideshow=\"e392004\" data-elementor-lightbox-title=\"C\u00e9r\u00e9monie d&#039;ouverture Festival Evento - Bordeaux\" data-e-action-hash=\"#elementor-action%3Aaction%3Dlightbox%26settings%3DeyJpZCI6MzY4MSwidXJsIjoiaHR0cHM6XC9cL2FudGhvbnlyb2pvLmNvbVwvd3AtY29udGVudFwvdXBsb2Fkc1wvMjAyNFwvMDNcLzEtQW50aG9ueS1Sb2pvLVBob3RvZ3JhcGhlLWV2ZW5lbWVudHMtY3VsdHVyZWxsZXMtYm9yZGVhdXgtMTQtc2NhbGVkLmpwZyIsInNsaWRlc2hvdyI6ImUzOTIwMDQifQ%3D%3D\" href='https:\/\/anthonyrojo.com\/wp-content\/uploads\/2024\/03\/1-Anthony-Rojo-Photographe-evenements-culturelles-bordeaux-14-scaled.jpg'><img decoding=\"async\" width=\"750\" height=\"750\" data-src=\"https:\/\/anthonyrojo.com\/wp-content\/uploads\/2024\/03\/1-Anthony-Rojo-Photographe-evenements-culturelles-bordeaux-14-750x750.jpg\" class=\"attachment-glcr_image_size_square size-glcr_image_size_square lazyload\" alt=\"\" data-srcset=\"https:\/\/anthonyrojo.com\/wp-content\/uploads\/2024\/03\/1-Anthony-Rojo-Photographe-evenements-culturelles-bordeaux-14-750x750.jpg 750w, https:\/\/anthonyrojo.com\/wp-content\/uploads\/2024\/03\/1-Anthony-Rojo-Photographe-evenements-culturelles-bordeaux-14-150x150.jpg 150w, https:\/\/anthonyrojo.com\/wp-content\/uploads\/2024\/03\/1-Anthony-Rojo-Photographe-evenements-culturelles-bordeaux-14-90x90.jpg 90w, https:\/\/anthonyrojo.com\/wp-content\/uploads\/2024\/03\/1-Anthony-Rojo-Photographe-evenements-culturelles-bordeaux-14-1300x1300.jpg 1300w\" data-sizes=\"(max-width: 750px) 100vw, 750px\" src=\"data:image\/svg+xml;base64,PHN2ZyB3aWR0aD0iMSIgaGVpZ2h0PSIxIiB4bWxucz0iaHR0cDovL3d3dy53My5vcmcvMjAwMC9zdmciPjwvc3ZnPg==\" style=\"--smush-placeholder-width: 750px; --smush-placeholder-aspect-ratio: 750\/750;\" \/><\/a>\n\t\t\t<\/dt><\/dl><br style=\"clear: both\" \/>\n\t\t<\/div>\n\t\t<\/div>\n\t\t\t\t\t\t<\/div>\n\t\t\t\t<\/div>\n\t\t\t\t\t<\/div>\n\t\t\t\t<\/div>\n\t\t\t\t<\/div>\n\t\t\t\t\t<\/div>\n\t\t\t\t<\/div>\n\t\t<div class=\"elementor-element elementor-element-0a2b697 e-con-full elementor-hidden-desktop elementor-hidden-tablet e-flex e-con e-parent\" data-id=\"0a2b697\" data-element_type=\"container\" data-e-type=\"container\" data-settings=\"{&quot;glcr_ext_is_sticky&quot;:&quot;false&quot;}\">\n\t\t\t\t<div class=\"elementor-element elementor-element-86fae16 glcr-title-align-center elementor-widget-mobile__width-inherit elementor-hidden-desktop elementor-hidden-tablet glcr-title-orientation--horizontal elementor-widget elementor-widget-glcr_title\" data-id=\"86fae16\" data-element_type=\"widget\" data-e-type=\"widget\" data-settings=\"{&quot;glcr_ext_is_infinite&quot;:&quot;false&quot;,&quot;glcr_ext_is_scrollme&quot;:&quot;false&quot;}\" data-widget_type=\"glcr_title.default\">\n\t\t\t\t<div class=\"elementor-widget-container\">\n\t\t\t\t\t<div class=\"glcr-title glcr-title-default glcr-scroll--load\"><h5 class=\"glcr-title-heading\">Pour plus de confort,<\/h5><\/div>\t\t\t\t<\/div>\n\t\t\t\t<\/div>\n\t\t\t\t<div class=\"elementor-element elementor-element-d21de85 glcr-title-align-center elementor-widget-mobile__width-inherit elementor-hidden-desktop elementor-hidden-tablet glcr-title-orientation--horizontal elementor-widget elementor-widget-glcr_title\" data-id=\"d21de85\" data-element_type=\"widget\" data-e-type=\"widget\" data-settings=\"{&quot;glcr_ext_is_infinite&quot;:&quot;false&quot;,&quot;glcr_ext_is_scrollme&quot;:&quot;false&quot;}\" data-widget_type=\"glcr_title.default\">\n\t\t\t\t<div class=\"elementor-widget-container\">\n\t\t\t\t\t<div class=\"glcr-title glcr-title-default glcr-scroll--load\"><h5 class=\"glcr-title-heading\">basculez votre t\u00e9l\u00e9phone en mode paysage  !<\/h5><\/div>\t\t\t\t<\/div>\n\t\t\t\t<\/div>\n\t\t<div class=\"elementor-element elementor-element-985fb30 e-grid e-con-full e-con e-child\" data-id=\"985fb30\" data-element_type=\"container\" data-e-type=\"container\" data-settings=\"{&quot;shape_divider_top&quot;:&quot;book&quot;,&quot;glcr_ext_is_sticky&quot;:&quot;false&quot;}\">\n\t\t\t\t<div class=\"elementor-shape elementor-shape-top\" aria-hidden=\"true\" data-negative=\"false\">\n\t\t\t<svg xmlns=\"http:\/\/www.w3.org\/2000\/svg\" viewBox=\"0 0 1000 100\" preserveAspectRatio=\"none\">\n\t<path class=\"elementor-shape-fill\" d=\"M194,99c186.7,0.7,305-78.3,306-97.2c1,18.9,119.3,97.9,306,97.2c114.3-0.3,194,0.3,194,0.3s0-91.7,0-100c0,0,0,0,0-0 L0,0v99.3C0,99.3,79.7,98.7,194,99z\"\/>\n<\/svg>\t\t<\/div>\n\t\t<div class=\"elementor-element elementor-element-509be58 e-con-full e-flex e-con e-child\" data-id=\"509be58\" data-element_type=\"container\" data-e-type=\"container\" data-settings=\"{&quot;glcr_ext_is_sticky&quot;:&quot;false&quot;}\">\n\t\t\t\t<div class=\"elementor-element elementor-element-ddac5c2 glcr-title-align-center elementor-widget-mobile__width-inherit glcr-title-orientation--horizontal elementor-widget elementor-widget-glcr_title\" data-id=\"ddac5c2\" data-element_type=\"widget\" data-e-type=\"widget\" data-settings=\"{&quot;glcr_ext_is_infinite&quot;:&quot;false&quot;,&quot;glcr_ext_is_scrollme&quot;:&quot;false&quot;}\" data-widget_type=\"glcr_title.default\">\n\t\t\t\t<div class=\"elementor-widget-container\">\n\t\t\t\t\t<div class=\"glcr-title glcr-title-default glcr-scroll--load\"><h5 class=\"glcr-title-heading\">Spectacles vivants<\/h5><\/div>\t\t\t\t<\/div>\n\t\t\t\t<\/div>\n\t\t\t\t<div class=\"elementor-element elementor-element-ce44caa gallery-spacing-custom elementor-widget elementor-widget-image-gallery\" data-id=\"ce44caa\" data-element_type=\"widget\" data-e-type=\"widget\" data-settings=\"{&quot;glcr_ext_is_infinite&quot;:&quot;false&quot;,&quot;glcr_ext_is_scrollme&quot;:&quot;false&quot;}\" data-widget_type=\"image-gallery.default\">\n\t\t\t\t<div class=\"elementor-widget-container\">\n\t\t\t\t\t\t\t<div class=\"elementor-image-gallery\">\n\t\t\t<div id='gallery-4' class='gallery galleryid-3629 gallery-columns-1 gallery-size-glcr_image_size_square'><dl class='gallery-item'>\n\t\t\t<dt class='gallery-icon landscape'>\n\t\t\t\t<a data-elementor-open-lightbox=\"yes\" data-elementor-lightbox-slideshow=\"ce44caa\" data-elementor-lightbox-title=\"Orchestre National Bordeaux Aquitaine avec le soliste Lucas Debargue dirig\u00e9 par Joseph Swensen - Auditorium de Bordeaux\" data-e-action-hash=\"#elementor-action%3Aaction%3Dlightbox%26settings%3DeyJpZCI6NzgxMCwidXJsIjoiaHR0cHM6XC9cL2FudGhvbnlyb2pvLmNvbVwvd3AtY29udGVudFwvdXBsb2Fkc1wvMjAyNlwvMDJcL0FudGhvbnktUm9qby1QaG90b2dyYXBoZS1zcGVjdGFjbGVzLXZpdmFudHMtYm9yZGVhdXgtYXVkaW9yaXVtLTEtc2NhbGVkLmpwZyIsInNsaWRlc2hvdyI6ImNlNDRjYWEifQ%3D%3D\" href='https:\/\/anthonyrojo.com\/wp-content\/uploads\/2026\/02\/Anthony-Rojo-Photographe-spectacles-vivants-bordeaux-audiorium-1-scaled.jpg'><img decoding=\"async\" width=\"750\" height=\"750\" data-src=\"https:\/\/anthonyrojo.com\/wp-content\/uploads\/2026\/02\/Anthony-Rojo-Photographe-spectacles-vivants-bordeaux-audiorium-1-750x750.jpg\" class=\"attachment-glcr_image_size_square size-glcr_image_size_square lazyload\" alt=\"\" data-srcset=\"https:\/\/anthonyrojo.com\/wp-content\/uploads\/2026\/02\/Anthony-Rojo-Photographe-spectacles-vivants-bordeaux-audiorium-1-750x750.jpg 750w, https:\/\/anthonyrojo.com\/wp-content\/uploads\/2026\/02\/Anthony-Rojo-Photographe-spectacles-vivants-bordeaux-audiorium-1-150x150.jpg 150w, https:\/\/anthonyrojo.com\/wp-content\/uploads\/2026\/02\/Anthony-Rojo-Photographe-spectacles-vivants-bordeaux-audiorium-1-90x90.jpg 90w, https:\/\/anthonyrojo.com\/wp-content\/uploads\/2026\/02\/Anthony-Rojo-Photographe-spectacles-vivants-bordeaux-audiorium-1-1300x1300.jpg 1300w\" data-sizes=\"(max-width: 750px) 100vw, 750px\" src=\"data:image\/svg+xml;base64,PHN2ZyB3aWR0aD0iMSIgaGVpZ2h0PSIxIiB4bWxucz0iaHR0cDovL3d3dy53My5vcmcvMjAwMC9zdmciPjwvc3ZnPg==\" style=\"--smush-placeholder-width: 750px; --smush-placeholder-aspect-ratio: 750\/750;\" \/><\/a>\n\t\t\t<\/dt><\/dl><br style=\"clear: both\" \/><dl class='gallery-item'>\n\t\t\t<dt class='gallery-icon landscape'>\n\t\t\t\t<a data-elementor-open-lightbox=\"yes\" data-elementor-lightbox-slideshow=\"ce44caa\" data-elementor-lightbox-title=\"Op\u00e9ra &quot;Company&quot; - Production G\u00e9n\u00e9ration Op\u00e9ra  - Op\u00e9ra National de Bordeaux\" data-e-action-hash=\"#elementor-action%3Aaction%3Dlightbox%26settings%3DeyJpZCI6NzE3OCwidXJsIjoiaHR0cHM6XC9cL2FudGhvbnlyb2pvLmNvbVwvd3AtY29udGVudFwvdXBsb2Fkc1wvMjAyNVwvMTFcLzAxLUFudGhvbnktUm9qby1QaG90b2dyYXBoZS1zcGVjdGFjbGVzLXZpdmFudHMtYm9yZGVhdXgtQ29tcGFueS1PcGVyYS1OYXRpb25hbC1HcmFuZC1UaGVhdHJlLXNjYWxlZC5qcGciLCJzbGlkZXNob3ciOiJjZTQ0Y2FhIn0%3D\" href='https:\/\/anthonyrojo.com\/wp-content\/uploads\/2025\/11\/01-Anthony-Rojo-Photographe-spectacles-vivants-bordeaux-Company-Opera-National-Grand-Theatre-scaled.jpg'><img decoding=\"async\" width=\"750\" height=\"750\" data-src=\"https:\/\/anthonyrojo.com\/wp-content\/uploads\/2025\/11\/01-Anthony-Rojo-Photographe-spectacles-vivants-bordeaux-Company-Opera-National-Grand-Theatre-750x750.jpg\" class=\"attachment-glcr_image_size_square size-glcr_image_size_square lazyload\" alt=\"\" data-srcset=\"https:\/\/anthonyrojo.com\/wp-content\/uploads\/2025\/11\/01-Anthony-Rojo-Photographe-spectacles-vivants-bordeaux-Company-Opera-National-Grand-Theatre-750x750.jpg 750w, https:\/\/anthonyrojo.com\/wp-content\/uploads\/2025\/11\/01-Anthony-Rojo-Photographe-spectacles-vivants-bordeaux-Company-Opera-National-Grand-Theatre-150x150.jpg 150w, https:\/\/anthonyrojo.com\/wp-content\/uploads\/2025\/11\/01-Anthony-Rojo-Photographe-spectacles-vivants-bordeaux-Company-Opera-National-Grand-Theatre-90x90.jpg 90w, https:\/\/anthonyrojo.com\/wp-content\/uploads\/2025\/11\/01-Anthony-Rojo-Photographe-spectacles-vivants-bordeaux-Company-Opera-National-Grand-Theatre-1300x1300.jpg 1300w\" data-sizes=\"(max-width: 750px) 100vw, 750px\" src=\"data:image\/svg+xml;base64,PHN2ZyB3aWR0aD0iMSIgaGVpZ2h0PSIxIiB4bWxucz0iaHR0cDovL3d3dy53My5vcmcvMjAwMC9zdmciPjwvc3ZnPg==\" style=\"--smush-placeholder-width: 750px; --smush-placeholder-aspect-ratio: 750\/750;\" \/><\/a>\n\t\t\t<\/dt><\/dl><br style=\"clear: both\" \/><dl class='gallery-item'>\n\t\t\t<dt class='gallery-icon landscape'>\n\t\t\t\t<a data-elementor-open-lightbox=\"yes\" data-elementor-lightbox-slideshow=\"ce44caa\" data-elementor-lightbox-title=\"Spectacle L&#039;Air d&#039;apr\u00e8s - Compagnie Crazy R - Festival Un \u00e9t\u00e9 au Grand-Parc par la Salle des F\u00eates de Bordeaux Grand-Parc\" data-e-action-hash=\"#elementor-action%3Aaction%3Dlightbox%26settings%3DeyJpZCI6NjY5MSwidXJsIjoiaHR0cHM6XC9cL2FudGhvbnlyb2pvLmNvbVwvd3AtY29udGVudFwvdXBsb2Fkc1wvMjAyNFwvMDhcL0FudGhvbnktUm9qby1QaG90b2dyYXBoZS1zcGVjdGFjbGVzLXZpdmFudHMtYm9yZGVhdXgtQ3JhenktUi1zY2FsZWQuanBnIiwic2xpZGVzaG93IjoiY2U0NGNhYSJ9\" href='https:\/\/anthonyrojo.com\/wp-content\/uploads\/2024\/08\/Anthony-Rojo-Photographe-spectacles-vivants-bordeaux-Crazy-R-scaled.jpg'><img decoding=\"async\" width=\"750\" height=\"750\" data-src=\"https:\/\/anthonyrojo.com\/wp-content\/uploads\/2024\/08\/Anthony-Rojo-Photographe-spectacles-vivants-bordeaux-Crazy-R-750x750.jpg\" class=\"attachment-glcr_image_size_square size-glcr_image_size_square lazyload\" alt=\"\" data-srcset=\"https:\/\/anthonyrojo.com\/wp-content\/uploads\/2024\/08\/Anthony-Rojo-Photographe-spectacles-vivants-bordeaux-Crazy-R-750x750.jpg 750w, https:\/\/anthonyrojo.com\/wp-content\/uploads\/2024\/08\/Anthony-Rojo-Photographe-spectacles-vivants-bordeaux-Crazy-R-150x150.jpg 150w, https:\/\/anthonyrojo.com\/wp-content\/uploads\/2024\/08\/Anthony-Rojo-Photographe-spectacles-vivants-bordeaux-Crazy-R-90x90.jpg 90w, https:\/\/anthonyrojo.com\/wp-content\/uploads\/2024\/08\/Anthony-Rojo-Photographe-spectacles-vivants-bordeaux-Crazy-R-1300x1300.jpg 1300w\" data-sizes=\"(max-width: 750px) 100vw, 750px\" src=\"data:image\/svg+xml;base64,PHN2ZyB3aWR0aD0iMSIgaGVpZ2h0PSIxIiB4bWxucz0iaHR0cDovL3d3dy53My5vcmcvMjAwMC9zdmciPjwvc3ZnPg==\" style=\"--smush-placeholder-width: 750px; --smush-placeholder-aspect-ratio: 750\/750;\" \/><\/a>\n\t\t\t<\/dt><\/dl><br style=\"clear: both\" \/><dl class='gallery-item'>\n\t\t\t<dt class='gallery-icon landscape'>\n\t\t\t\t<a data-elementor-open-lightbox=\"yes\" data-elementor-lightbox-slideshow=\"ce44caa\" data-elementor-lightbox-title=\"Spectacle Objectif Miami - Compagnie Les Dolphin Apocalypse - Ouverture de saison culturelle du Champ de Foire - Saint-Andr\u00e9-de-Cubzac\" data-e-action-hash=\"#elementor-action%3Aaction%3Dlightbox%26settings%3DeyJpZCI6MzY1NCwidXJsIjoiaHR0cHM6XC9cL2FudGhvbnlyb2pvLmNvbVwvd3AtY29udGVudFwvdXBsb2Fkc1wvMjAyNFwvMDNcLzAxLUFudGhvbnktUm9qby1QaG90b2dyYXBoZS1zcGVjdGFjbGVzLXZpdmFudHMtYm9yZGVhdXgtMS1zY2FsZWQuanBnIiwic2xpZGVzaG93IjoiY2U0NGNhYSJ9\" href='https:\/\/anthonyrojo.com\/wp-content\/uploads\/2024\/03\/01-Anthony-Rojo-Photographe-spectacles-vivants-bordeaux-1-scaled.jpg'><img decoding=\"async\" width=\"750\" height=\"750\" data-src=\"https:\/\/anthonyrojo.com\/wp-content\/uploads\/2024\/03\/01-Anthony-Rojo-Photographe-spectacles-vivants-bordeaux-1-750x750.jpg\" class=\"attachment-glcr_image_size_square size-glcr_image_size_square lazyload\" alt=\"\" data-srcset=\"https:\/\/anthonyrojo.com\/wp-content\/uploads\/2024\/03\/01-Anthony-Rojo-Photographe-spectacles-vivants-bordeaux-1-750x750.jpg 750w, https:\/\/anthonyrojo.com\/wp-content\/uploads\/2024\/03\/01-Anthony-Rojo-Photographe-spectacles-vivants-bordeaux-1-150x150.jpg 150w, https:\/\/anthonyrojo.com\/wp-content\/uploads\/2024\/03\/01-Anthony-Rojo-Photographe-spectacles-vivants-bordeaux-1-90x90.jpg 90w, https:\/\/anthonyrojo.com\/wp-content\/uploads\/2024\/03\/01-Anthony-Rojo-Photographe-spectacles-vivants-bordeaux-1-1300x1300.jpg 1300w\" data-sizes=\"(max-width: 750px) 100vw, 750px\" src=\"data:image\/svg+xml;base64,PHN2ZyB3aWR0aD0iMSIgaGVpZ2h0PSIxIiB4bWxucz0iaHR0cDovL3d3dy53My5vcmcvMjAwMC9zdmciPjwvc3ZnPg==\" style=\"--smush-placeholder-width: 750px; --smush-placeholder-aspect-ratio: 750\/750;\" \/><\/a>\n\t\t\t<\/dt><\/dl><br style=\"clear: both\" \/><dl class='gallery-item'>\n\t\t\t<dt class='gallery-icon landscape'>\n\t\t\t\t<a data-elementor-open-lightbox=\"yes\" data-elementor-lightbox-slideshow=\"ce44caa\" data-elementor-lightbox-title=\"&quot;Concert dessin\u00e9 : les plan\u00e8tes&quot; dans le cadre du Festival Gribouillis avec l&#039;Orchestre d&#039;harmonie de Bordeaux - Bordeaux\" data-e-action-hash=\"#elementor-action%3Aaction%3Dlightbox%26settings%3DeyJpZCI6NzE5NiwidXJsIjoiaHR0cHM6XC9cL2FudGhvbnlyb2pvLmNvbVwvd3AtY29udGVudFwvdXBsb2Fkc1wvMjAyNVwvMTFcLzAxLUFudGhvbnktUm9qby1QaG90b2dyYXBoZS1zcGVjdGFjbGVzLXZpdmFudHMtYm9yZGVhdXgtMjAyMC0zLmpwZyIsInNsaWRlc2hvdyI6ImNlNDRjYWEifQ%3D%3D\" href='https:\/\/anthonyrojo.com\/wp-content\/uploads\/2025\/11\/01-Anthony-Rojo-Photographe-spectacles-vivants-bordeaux-2020-3.jpg'><img decoding=\"async\" width=\"750\" height=\"750\" data-src=\"https:\/\/anthonyrojo.com\/wp-content\/uploads\/2025\/11\/01-Anthony-Rojo-Photographe-spectacles-vivants-bordeaux-2020-3-750x750.jpg\" class=\"attachment-glcr_image_size_square size-glcr_image_size_square lazyload\" alt=\"\" data-srcset=\"https:\/\/anthonyrojo.com\/wp-content\/uploads\/2025\/11\/01-Anthony-Rojo-Photographe-spectacles-vivants-bordeaux-2020-3-750x750.jpg 750w, https:\/\/anthonyrojo.com\/wp-content\/uploads\/2025\/11\/01-Anthony-Rojo-Photographe-spectacles-vivants-bordeaux-2020-3-150x150.jpg 150w, https:\/\/anthonyrojo.com\/wp-content\/uploads\/2025\/11\/01-Anthony-Rojo-Photographe-spectacles-vivants-bordeaux-2020-3-90x90.jpg 90w\" data-sizes=\"(max-width: 750px) 100vw, 750px\" src=\"data:image\/svg+xml;base64,PHN2ZyB3aWR0aD0iMSIgaGVpZ2h0PSIxIiB4bWxucz0iaHR0cDovL3d3dy53My5vcmcvMjAwMC9zdmciPjwvc3ZnPg==\" style=\"--smush-placeholder-width: 750px; --smush-placeholder-aspect-ratio: 750\/750;\" \/><\/a>\n\t\t\t<\/dt><\/dl><br style=\"clear: both\" \/><dl class='gallery-item'>\n\t\t\t<dt class='gallery-icon landscape'>\n\t\t\t\t<a data-elementor-open-lightbox=\"yes\" data-elementor-lightbox-slideshow=\"ce44caa\" data-elementor-lightbox-title=\"Spectacle Motel - Le Mar Collectif - Le Champ de Foire Saint-Andr\u00e9-de-Cubzac\" data-e-action-hash=\"#elementor-action%3Aaction%3Dlightbox%26settings%3DeyJpZCI6MzgxMSwidXJsIjoiaHR0cHM6XC9cL2FudGhvbnlyb2pvLmNvbVwvd3AtY29udGVudFwvdXBsb2Fkc1wvMjAyNFwvMDNcL0FudGhvbnktUm9qby1QaG90b2dyYXBoZS1zcGVjdGFjbGVzLXZpdmFudHMtYm9yZGVhdXgtTU9URUwtc2NhbGVkLmpwZyIsInNsaWRlc2hvdyI6ImNlNDRjYWEifQ%3D%3D\" href='https:\/\/anthonyrojo.com\/wp-content\/uploads\/2024\/03\/Anthony-Rojo-Photographe-spectacles-vivants-bordeaux-MOTEL-scaled.jpg'><img decoding=\"async\" width=\"750\" height=\"750\" data-src=\"https:\/\/anthonyrojo.com\/wp-content\/uploads\/2024\/03\/Anthony-Rojo-Photographe-spectacles-vivants-bordeaux-MOTEL-750x750.jpg\" class=\"attachment-glcr_image_size_square size-glcr_image_size_square lazyload\" alt=\"\" data-srcset=\"https:\/\/anthonyrojo.com\/wp-content\/uploads\/2024\/03\/Anthony-Rojo-Photographe-spectacles-vivants-bordeaux-MOTEL-750x750.jpg 750w, https:\/\/anthonyrojo.com\/wp-content\/uploads\/2024\/03\/Anthony-Rojo-Photographe-spectacles-vivants-bordeaux-MOTEL-150x150.jpg 150w, https:\/\/anthonyrojo.com\/wp-content\/uploads\/2024\/03\/Anthony-Rojo-Photographe-spectacles-vivants-bordeaux-MOTEL-90x90.jpg 90w, https:\/\/anthonyrojo.com\/wp-content\/uploads\/2024\/03\/Anthony-Rojo-Photographe-spectacles-vivants-bordeaux-MOTEL-1300x1300.jpg 1300w\" data-sizes=\"(max-width: 750px) 100vw, 750px\" src=\"data:image\/svg+xml;base64,PHN2ZyB3aWR0aD0iMSIgaGVpZ2h0PSIxIiB4bWxucz0iaHR0cDovL3d3dy53My5vcmcvMjAwMC9zdmciPjwvc3ZnPg==\" style=\"--smush-placeholder-width: 750px; --smush-placeholder-aspect-ratio: 750\/750;\" \/><\/a>\n\t\t\t<\/dt><\/dl><br style=\"clear: both\" \/><dl class='gallery-item'>\n\t\t\t<dt class='gallery-icon landscape'>\n\t\t\t\t<a data-elementor-open-lightbox=\"yes\" data-elementor-lightbox-slideshow=\"ce44caa\" data-elementor-lightbox-title=\"Spectacle \u201cLa beaut\u00e9 dans mon quartier&quot; par la Compagnie Tango Nomade dans le cadre du Festival &quot;Un \u00e9t\u00e9 au Grand-Parc&quot; par la Salle des F\u00eates Bordeaux Grand-Parc - Bordeaux\" data-e-action-hash=\"#elementor-action%3Aaction%3Dlightbox%26settings%3DeyJpZCI6NzE4NCwidXJsIjoiaHR0cHM6XC9cL2FudGhvbnlyb2pvLmNvbVwvd3AtY29udGVudFwvdXBsb2Fkc1wvMjAyNVwvMTFcLzAxLUFudGhvbnktUm9qby1QaG90b2dyYXBoZS1zcGVjdGFjbGVzLXZpdmFudHMtYm9yZGVhdXgtVGFuZ28tbm9tYWRlLXNjYWxlZC5qcGciLCJzbGlkZXNob3ciOiJjZTQ0Y2FhIn0%3D\" href='https:\/\/anthonyrojo.com\/wp-content\/uploads\/2025\/11\/01-Anthony-Rojo-Photographe-spectacles-vivants-bordeaux-Tango-nomade-scaled.jpg'><img decoding=\"async\" width=\"750\" height=\"750\" data-src=\"https:\/\/anthonyrojo.com\/wp-content\/uploads\/2025\/11\/01-Anthony-Rojo-Photographe-spectacles-vivants-bordeaux-Tango-nomade-750x750.jpg\" class=\"attachment-glcr_image_size_square size-glcr_image_size_square lazyload\" alt=\"\" data-srcset=\"https:\/\/anthonyrojo.com\/wp-content\/uploads\/2025\/11\/01-Anthony-Rojo-Photographe-spectacles-vivants-bordeaux-Tango-nomade-750x750.jpg 750w, https:\/\/anthonyrojo.com\/wp-content\/uploads\/2025\/11\/01-Anthony-Rojo-Photographe-spectacles-vivants-bordeaux-Tango-nomade-150x150.jpg 150w, https:\/\/anthonyrojo.com\/wp-content\/uploads\/2025\/11\/01-Anthony-Rojo-Photographe-spectacles-vivants-bordeaux-Tango-nomade-90x90.jpg 90w, https:\/\/anthonyrojo.com\/wp-content\/uploads\/2025\/11\/01-Anthony-Rojo-Photographe-spectacles-vivants-bordeaux-Tango-nomade-1300x1300.jpg 1300w\" data-sizes=\"(max-width: 750px) 100vw, 750px\" src=\"data:image\/svg+xml;base64,PHN2ZyB3aWR0aD0iMSIgaGVpZ2h0PSIxIiB4bWxucz0iaHR0cDovL3d3dy53My5vcmcvMjAwMC9zdmciPjwvc3ZnPg==\" style=\"--smush-placeholder-width: 750px; --smush-placeholder-aspect-ratio: 750\/750;\" \/><\/a>\n\t\t\t<\/dt><\/dl><br style=\"clear: both\" \/><dl class='gallery-item'>\n\t\t\t<dt class='gallery-icon landscape'>\n\t\t\t\t<a data-elementor-open-lightbox=\"yes\" data-elementor-lightbox-slideshow=\"ce44caa\" data-elementor-lightbox-title=\"Op\u00e9ra Tosca - Op\u00e9ra National de Bordeaux\" data-e-action-hash=\"#elementor-action%3Aaction%3Dlightbox%26settings%3DeyJpZCI6MzY1NSwidXJsIjoiaHR0cHM6XC9cL2FudGhvbnlyb2pvLmNvbVwvd3AtY29udGVudFwvdXBsb2Fkc1wvMjAyNFwvMDNcLzAxLUFudGhvbnktUm9qby1QaG90b2dyYXBoZS1zcGVjdGFjbGVzLXZpdmFudHMtYm9yZGVhdXgtMi1zY2FsZWQuanBnIiwic2xpZGVzaG93IjoiY2U0NGNhYSJ9\" href='https:\/\/anthonyrojo.com\/wp-content\/uploads\/2024\/03\/01-Anthony-Rojo-Photographe-spectacles-vivants-bordeaux-2-scaled.jpg'><img decoding=\"async\" width=\"750\" height=\"750\" data-src=\"https:\/\/anthonyrojo.com\/wp-content\/uploads\/2024\/03\/01-Anthony-Rojo-Photographe-spectacles-vivants-bordeaux-2-750x750.jpg\" class=\"attachment-glcr_image_size_square size-glcr_image_size_square lazyload\" alt=\"\" data-srcset=\"https:\/\/anthonyrojo.com\/wp-content\/uploads\/2024\/03\/01-Anthony-Rojo-Photographe-spectacles-vivants-bordeaux-2-750x750.jpg 750w, https:\/\/anthonyrojo.com\/wp-content\/uploads\/2024\/03\/01-Anthony-Rojo-Photographe-spectacles-vivants-bordeaux-2-150x150.jpg 150w, https:\/\/anthonyrojo.com\/wp-content\/uploads\/2024\/03\/01-Anthony-Rojo-Photographe-spectacles-vivants-bordeaux-2-90x90.jpg 90w, https:\/\/anthonyrojo.com\/wp-content\/uploads\/2024\/03\/01-Anthony-Rojo-Photographe-spectacles-vivants-bordeaux-2-1300x1300.jpg 1300w\" data-sizes=\"(max-width: 750px) 100vw, 750px\" src=\"data:image\/svg+xml;base64,PHN2ZyB3aWR0aD0iMSIgaGVpZ2h0PSIxIiB4bWxucz0iaHR0cDovL3d3dy53My5vcmcvMjAwMC9zdmciPjwvc3ZnPg==\" style=\"--smush-placeholder-width: 750px; --smush-placeholder-aspect-ratio: 750\/750;\" \/><\/a>\n\t\t\t<\/dt><\/dl><br style=\"clear: both\" \/><dl class='gallery-item'>\n\t\t\t<dt class='gallery-icon landscape'>\n\t\t\t\t<a data-elementor-open-lightbox=\"yes\" data-elementor-lightbox-slideshow=\"ce44caa\" data-elementor-lightbox-title=\"Spectacle &quot;Lemniscate&quot; par la Compagnie Bivouac dans le cadre du Festival &quot;Un \u00e9t\u00e9 au Grand-Parc&quot; par la Salle des F\u00eates Bordeaux Grand-Parc - Bordeaux\" data-e-action-hash=\"#elementor-action%3Aaction%3Dlightbox%26settings%3DeyJpZCI6NzE3NywidXJsIjoiaHR0cHM6XC9cL2FudGhvbnlyb2pvLmNvbVwvd3AtY29udGVudFwvdXBsb2Fkc1wvMjAyNVwvMTFcLzAxLUFudGhvbnktUm9qby1QaG90b2dyYXBoZS1zcGVjdGFjbGVzLXZpdmFudHMtYm9yZGVhdXgtQ29tcGFnbmllLUJpdm91YWMtc2NhbGVkLmpwZyIsInNsaWRlc2hvdyI6ImNlNDRjYWEifQ%3D%3D\" href='https:\/\/anthonyrojo.com\/wp-content\/uploads\/2025\/11\/01-Anthony-Rojo-Photographe-spectacles-vivants-bordeaux-Compagnie-Bivouac-scaled.jpg'><img decoding=\"async\" width=\"750\" height=\"750\" data-src=\"https:\/\/anthonyrojo.com\/wp-content\/uploads\/2025\/11\/01-Anthony-Rojo-Photographe-spectacles-vivants-bordeaux-Compagnie-Bivouac-750x750.jpg\" class=\"attachment-glcr_image_size_square size-glcr_image_size_square lazyload\" alt=\"\" data-srcset=\"https:\/\/anthonyrojo.com\/wp-content\/uploads\/2025\/11\/01-Anthony-Rojo-Photographe-spectacles-vivants-bordeaux-Compagnie-Bivouac-750x750.jpg 750w, https:\/\/anthonyrojo.com\/wp-content\/uploads\/2025\/11\/01-Anthony-Rojo-Photographe-spectacles-vivants-bordeaux-Compagnie-Bivouac-150x150.jpg 150w, https:\/\/anthonyrojo.com\/wp-content\/uploads\/2025\/11\/01-Anthony-Rojo-Photographe-spectacles-vivants-bordeaux-Compagnie-Bivouac-90x90.jpg 90w, https:\/\/anthonyrojo.com\/wp-content\/uploads\/2025\/11\/01-Anthony-Rojo-Photographe-spectacles-vivants-bordeaux-Compagnie-Bivouac-1300x1300.jpg 1300w\" data-sizes=\"(max-width: 750px) 100vw, 750px\" src=\"data:image\/svg+xml;base64,PHN2ZyB3aWR0aD0iMSIgaGVpZ2h0PSIxIiB4bWxucz0iaHR0cDovL3d3dy53My5vcmcvMjAwMC9zdmciPjwvc3ZnPg==\" style=\"--smush-placeholder-width: 750px; --smush-placeholder-aspect-ratio: 750\/750;\" \/><\/a>\n\t\t\t<\/dt><\/dl><br style=\"clear: both\" \/><dl class='gallery-item'>\n\t\t\t<dt class='gallery-icon landscape'>\n\t\t\t\t<a data-elementor-open-lightbox=\"yes\" data-elementor-lightbox-slideshow=\"ce44caa\" data-elementor-lightbox-title=\"Spectalce &quot;Naqatou&quot; par la Compagnie SUM dans le cadre du Festival &quot;Bobine de fil&quot; par la Salle des F\u00eates Bordeaux Grand-Parc - Bordeaux\" data-e-action-hash=\"#elementor-action%3Aaction%3Dlightbox%26settings%3DeyJpZCI6NzE4MywidXJsIjoiaHR0cHM6XC9cL2FudGhvbnlyb2pvLmNvbVwvd3AtY29udGVudFwvdXBsb2Fkc1wvMjAyNVwvMTFcLzAxLUFudGhvbnktUm9qby1QaG90b2dyYXBoZS1zcGVjdGFjbGVzLXZpdmFudHMtYm9yZGVhdXgtTmFxYXRvdS1jb21wYWduaWUtc29uLWRlLXRvaWxlLXNjYWxlZC5qcGciLCJzbGlkZXNob3ciOiJjZTQ0Y2FhIn0%3D\" href='https:\/\/anthonyrojo.com\/wp-content\/uploads\/2025\/11\/01-Anthony-Rojo-Photographe-spectacles-vivants-bordeaux-Naqatou-compagnie-son-de-toile-scaled.jpg'><img decoding=\"async\" width=\"750\" height=\"750\" data-src=\"https:\/\/anthonyrojo.com\/wp-content\/uploads\/2025\/11\/01-Anthony-Rojo-Photographe-spectacles-vivants-bordeaux-Naqatou-compagnie-son-de-toile-750x750.jpg\" class=\"attachment-glcr_image_size_square size-glcr_image_size_square lazyload\" alt=\"\" data-srcset=\"https:\/\/anthonyrojo.com\/wp-content\/uploads\/2025\/11\/01-Anthony-Rojo-Photographe-spectacles-vivants-bordeaux-Naqatou-compagnie-son-de-toile-750x750.jpg 750w, https:\/\/anthonyrojo.com\/wp-content\/uploads\/2025\/11\/01-Anthony-Rojo-Photographe-spectacles-vivants-bordeaux-Naqatou-compagnie-son-de-toile-150x150.jpg 150w, https:\/\/anthonyrojo.com\/wp-content\/uploads\/2025\/11\/01-Anthony-Rojo-Photographe-spectacles-vivants-bordeaux-Naqatou-compagnie-son-de-toile-90x90.jpg 90w, https:\/\/anthonyrojo.com\/wp-content\/uploads\/2025\/11\/01-Anthony-Rojo-Photographe-spectacles-vivants-bordeaux-Naqatou-compagnie-son-de-toile-1300x1300.jpg 1300w\" data-sizes=\"(max-width: 750px) 100vw, 750px\" src=\"data:image\/svg+xml;base64,PHN2ZyB3aWR0aD0iMSIgaGVpZ2h0PSIxIiB4bWxucz0iaHR0cDovL3d3dy53My5vcmcvMjAwMC9zdmciPjwvc3ZnPg==\" style=\"--smush-placeholder-width: 750px; --smush-placeholder-aspect-ratio: 750\/750;\" \/><\/a>\n\t\t\t<\/dt><\/dl><br style=\"clear: both\" \/><dl class='gallery-item'>\n\t\t\t<dt class='gallery-icon landscape'>\n\t\t\t\t<a data-elementor-open-lightbox=\"yes\" data-elementor-lightbox-slideshow=\"ce44caa\" data-elementor-lightbox-title=\"Ballet Gershwin Tempo - Op\u00e9ra National de Bordeaux\" data-e-action-hash=\"#elementor-action%3Aaction%3Dlightbox%26settings%3DeyJpZCI6MzY1NywidXJsIjoiaHR0cHM6XC9cL2FudGhvbnlyb2pvLmNvbVwvd3AtY29udGVudFwvdXBsb2Fkc1wvMjAyNFwvMDNcLzAxLUFudGhvbnktUm9qby1QaG90b2dyYXBoZS1zcGVjdGFjbGVzLXZpdmFudHMtYm9yZGVhdXgtNC5qcGciLCJzbGlkZXNob3ciOiJjZTQ0Y2FhIn0%3D\" href='https:\/\/anthonyrojo.com\/wp-content\/uploads\/2024\/03\/01-Anthony-Rojo-Photographe-spectacles-vivants-bordeaux-4.jpg'><img decoding=\"async\" width=\"750\" height=\"750\" data-src=\"https:\/\/anthonyrojo.com\/wp-content\/uploads\/2024\/03\/01-Anthony-Rojo-Photographe-spectacles-vivants-bordeaux-4-750x750.jpg\" class=\"attachment-glcr_image_size_square size-glcr_image_size_square lazyload\" alt=\"\" data-srcset=\"https:\/\/anthonyrojo.com\/wp-content\/uploads\/2024\/03\/01-Anthony-Rojo-Photographe-spectacles-vivants-bordeaux-4-750x750.jpg 750w, https:\/\/anthonyrojo.com\/wp-content\/uploads\/2024\/03\/01-Anthony-Rojo-Photographe-spectacles-vivants-bordeaux-4-150x150.jpg 150w, https:\/\/anthonyrojo.com\/wp-content\/uploads\/2024\/03\/01-Anthony-Rojo-Photographe-spectacles-vivants-bordeaux-4-90x90.jpg 90w, https:\/\/anthonyrojo.com\/wp-content\/uploads\/2024\/03\/01-Anthony-Rojo-Photographe-spectacles-vivants-bordeaux-4-1300x1300.jpg 1300w\" data-sizes=\"(max-width: 750px) 100vw, 750px\" src=\"data:image\/svg+xml;base64,PHN2ZyB3aWR0aD0iMSIgaGVpZ2h0PSIxIiB4bWxucz0iaHR0cDovL3d3dy53My5vcmcvMjAwMC9zdmciPjwvc3ZnPg==\" style=\"--smush-placeholder-width: 750px; --smush-placeholder-aspect-ratio: 750\/750;\" \/><\/a>\n\t\t\t<\/dt><\/dl><br style=\"clear: both\" \/><dl class='gallery-item'>\n\t\t\t<dt class='gallery-icon landscape'>\n\t\t\t\t<a data-elementor-open-lightbox=\"yes\" data-elementor-lightbox-slideshow=\"ce44caa\" data-elementor-lightbox-title=\"Festival CHARIVARI - Bo\u00eete Noire par l&#039;association Le Grand Incendie Base sous Marine - Bordeaux\" data-e-action-hash=\"#elementor-action%3Aaction%3Dlightbox%26settings%3DeyJpZCI6NzE4NywidXJsIjoiaHR0cHM6XC9cL2FudGhvbnlyb2pvLmNvbVwvd3AtY29udGVudFwvdXBsb2Fkc1wvMjAyNVwvMTFcLzAxLUFudGhvbnktUm9qby1QaG90b2dyYXBoZS1zcGVjdGFjbGVzLXZpdmFudHMtYm9yZGVhdXgtSmVubmEtTWFydmluLTIuanBnIiwic2xpZGVzaG93IjoiY2U0NGNhYSJ9\" href='https:\/\/anthonyrojo.com\/wp-content\/uploads\/2025\/11\/01-Anthony-Rojo-Photographe-spectacles-vivants-bordeaux-Jenna-Marvin-2.jpg'><img decoding=\"async\" width=\"750\" height=\"750\" data-src=\"https:\/\/anthonyrojo.com\/wp-content\/uploads\/2025\/11\/01-Anthony-Rojo-Photographe-spectacles-vivants-bordeaux-Jenna-Marvin-2-750x750.jpg\" class=\"attachment-glcr_image_size_square size-glcr_image_size_square lazyload\" alt=\"\" data-srcset=\"https:\/\/anthonyrojo.com\/wp-content\/uploads\/2025\/11\/01-Anthony-Rojo-Photographe-spectacles-vivants-bordeaux-Jenna-Marvin-2-750x750.jpg 750w, https:\/\/anthonyrojo.com\/wp-content\/uploads\/2025\/11\/01-Anthony-Rojo-Photographe-spectacles-vivants-bordeaux-Jenna-Marvin-2-150x150.jpg 150w, https:\/\/anthonyrojo.com\/wp-content\/uploads\/2025\/11\/01-Anthony-Rojo-Photographe-spectacles-vivants-bordeaux-Jenna-Marvin-2-90x90.jpg 90w\" data-sizes=\"(max-width: 750px) 100vw, 750px\" src=\"data:image\/svg+xml;base64,PHN2ZyB3aWR0aD0iMSIgaGVpZ2h0PSIxIiB4bWxucz0iaHR0cDovL3d3dy53My5vcmcvMjAwMC9zdmciPjwvc3ZnPg==\" style=\"--smush-placeholder-width: 750px; --smush-placeholder-aspect-ratio: 750\/750;\" \/><\/a>\n\t\t\t<\/dt><\/dl><br style=\"clear: both\" \/><dl class='gallery-item'>\n\t\t\t<dt class='gallery-icon landscape'>\n\t\t\t\t<a data-elementor-open-lightbox=\"yes\" data-elementor-lightbox-slideshow=\"ce44caa\" data-elementor-lightbox-title=\"Spectacle Deter - Compagnie Sohr\u00e2b Chitan - Service culture Saint-Andr\u00e9-de-Cubzac\" data-e-action-hash=\"#elementor-action%3Aaction%3Dlightbox%26settings%3DeyJpZCI6MzY2MiwidXJsIjoiaHR0cHM6XC9cL2FudGhvbnlyb2pvLmNvbVwvd3AtY29udGVudFwvdXBsb2Fkc1wvMjAyNFwvMDNcLzAxLUFudGhvbnktUm9qby1QaG90b2dyYXBoZS1zcGVjdGFjbGVzLXZpdmFudHMtYm9yZGVhdXgtOS1zY2FsZWQuanBnIiwic2xpZGVzaG93IjoiY2U0NGNhYSJ9\" href='https:\/\/anthonyrojo.com\/wp-content\/uploads\/2024\/03\/01-Anthony-Rojo-Photographe-spectacles-vivants-bordeaux-9-scaled.jpg'><img decoding=\"async\" width=\"750\" height=\"750\" data-src=\"https:\/\/anthonyrojo.com\/wp-content\/uploads\/2024\/03\/01-Anthony-Rojo-Photographe-spectacles-vivants-bordeaux-9-750x750.jpg\" class=\"attachment-glcr_image_size_square size-glcr_image_size_square lazyload\" alt=\"\" data-srcset=\"https:\/\/anthonyrojo.com\/wp-content\/uploads\/2024\/03\/01-Anthony-Rojo-Photographe-spectacles-vivants-bordeaux-9-750x750.jpg 750w, https:\/\/anthonyrojo.com\/wp-content\/uploads\/2024\/03\/01-Anthony-Rojo-Photographe-spectacles-vivants-bordeaux-9-150x150.jpg 150w, https:\/\/anthonyrojo.com\/wp-content\/uploads\/2024\/03\/01-Anthony-Rojo-Photographe-spectacles-vivants-bordeaux-9-90x90.jpg 90w, https:\/\/anthonyrojo.com\/wp-content\/uploads\/2024\/03\/01-Anthony-Rojo-Photographe-spectacles-vivants-bordeaux-9-1300x1300.jpg 1300w\" data-sizes=\"(max-width: 750px) 100vw, 750px\" src=\"data:image\/svg+xml;base64,PHN2ZyB3aWR0aD0iMSIgaGVpZ2h0PSIxIiB4bWxucz0iaHR0cDovL3d3dy53My5vcmcvMjAwMC9zdmciPjwvc3ZnPg==\" style=\"--smush-placeholder-width: 750px; --smush-placeholder-aspect-ratio: 750\/750;\" \/><\/a>\n\t\t\t<\/dt><\/dl><br style=\"clear: both\" \/><dl class='gallery-item'>\n\t\t\t<dt class='gallery-icon landscape'>\n\t\t\t\t<a data-elementor-open-lightbox=\"yes\" data-elementor-lightbox-slideshow=\"ce44caa\" data-elementor-lightbox-title=\"Op\u00e9ra Barble Bleue - Op\u00e9ra National de Bordeaux\" data-e-action-hash=\"#elementor-action%3Aaction%3Dlightbox%26settings%3DeyJpZCI6MzY1OSwidXJsIjoiaHR0cHM6XC9cL2FudGhvbnlyb2pvLmNvbVwvd3AtY29udGVudFwvdXBsb2Fkc1wvMjAyNFwvMDNcLzAxLUFudGhvbnktUm9qby1QaG90b2dyYXBoZS1zcGVjdGFjbGVzLXZpdmFudHMtYm9yZGVhdXgtNi1zY2FsZWQuanBnIiwic2xpZGVzaG93IjoiY2U0NGNhYSJ9\" href='https:\/\/anthonyrojo.com\/wp-content\/uploads\/2024\/03\/01-Anthony-Rojo-Photographe-spectacles-vivants-bordeaux-6-scaled.jpg'><img decoding=\"async\" width=\"750\" height=\"750\" data-src=\"https:\/\/anthonyrojo.com\/wp-content\/uploads\/2024\/03\/01-Anthony-Rojo-Photographe-spectacles-vivants-bordeaux-6-750x750.jpg\" class=\"attachment-glcr_image_size_square size-glcr_image_size_square lazyload\" alt=\"\" data-srcset=\"https:\/\/anthonyrojo.com\/wp-content\/uploads\/2024\/03\/01-Anthony-Rojo-Photographe-spectacles-vivants-bordeaux-6-750x750.jpg 750w, https:\/\/anthonyrojo.com\/wp-content\/uploads\/2024\/03\/01-Anthony-Rojo-Photographe-spectacles-vivants-bordeaux-6-150x150.jpg 150w, https:\/\/anthonyrojo.com\/wp-content\/uploads\/2024\/03\/01-Anthony-Rojo-Photographe-spectacles-vivants-bordeaux-6-90x90.jpg 90w, https:\/\/anthonyrojo.com\/wp-content\/uploads\/2024\/03\/01-Anthony-Rojo-Photographe-spectacles-vivants-bordeaux-6-1300x1300.jpg 1300w\" data-sizes=\"(max-width: 750px) 100vw, 750px\" src=\"data:image\/svg+xml;base64,PHN2ZyB3aWR0aD0iMSIgaGVpZ2h0PSIxIiB4bWxucz0iaHR0cDovL3d3dy53My5vcmcvMjAwMC9zdmciPjwvc3ZnPg==\" style=\"--smush-placeholder-width: 750px; --smush-placeholder-aspect-ratio: 750\/750;\" \/><\/a>\n\t\t\t<\/dt><\/dl><br style=\"clear: both\" \/><dl class='gallery-item'>\n\t\t\t<dt class='gallery-icon landscape'>\n\t\t\t\t<a data-elementor-open-lightbox=\"yes\" data-elementor-lightbox-slideshow=\"ce44caa\" data-elementor-lightbox-title=\"Spectacle Peter Pan - Julie Teuf production TnBA\" data-e-action-hash=\"#elementor-action%3Aaction%3Dlightbox%26settings%3DeyJpZCI6NDgzNSwidXJsIjoiaHR0cHM6XC9cL2FudGhvbnlyb2pvLmNvbVwvd3AtY29udGVudFwvdXBsb2Fkc1wvMjAyNFwvMDNcLzAxLUFudGhvbnktUm9qby1QaG90b2dyYXBoZS1zcGVjdGFjbGVzLXZpdmFudHMtYm9yZGVhdXgtMTYuanBnIiwic2xpZGVzaG93IjoiY2U0NGNhYSJ9\" href='https:\/\/anthonyrojo.com\/wp-content\/uploads\/2024\/03\/01-Anthony-Rojo-Photographe-spectacles-vivants-bordeaux-16.jpg'><img decoding=\"async\" width=\"750\" height=\"750\" data-src=\"https:\/\/anthonyrojo.com\/wp-content\/uploads\/2024\/03\/01-Anthony-Rojo-Photographe-spectacles-vivants-bordeaux-16-750x750.jpg\" class=\"attachment-glcr_image_size_square size-glcr_image_size_square lazyload\" alt=\"\" data-srcset=\"https:\/\/anthonyrojo.com\/wp-content\/uploads\/2024\/03\/01-Anthony-Rojo-Photographe-spectacles-vivants-bordeaux-16-750x750.jpg 750w, https:\/\/anthonyrojo.com\/wp-content\/uploads\/2024\/03\/01-Anthony-Rojo-Photographe-spectacles-vivants-bordeaux-16-150x150.jpg 150w, https:\/\/anthonyrojo.com\/wp-content\/uploads\/2024\/03\/01-Anthony-Rojo-Photographe-spectacles-vivants-bordeaux-16-90x90.jpg 90w, https:\/\/anthonyrojo.com\/wp-content\/uploads\/2024\/03\/01-Anthony-Rojo-Photographe-spectacles-vivants-bordeaux-16-1300x1300.jpg 1300w\" data-sizes=\"(max-width: 750px) 100vw, 750px\" src=\"data:image\/svg+xml;base64,PHN2ZyB3aWR0aD0iMSIgaGVpZ2h0PSIxIiB4bWxucz0iaHR0cDovL3d3dy53My5vcmcvMjAwMC9zdmciPjwvc3ZnPg==\" style=\"--smush-placeholder-width: 750px; --smush-placeholder-aspect-ratio: 750\/750;\" \/><\/a>\n\t\t\t<\/dt><\/dl><br style=\"clear: both\" \/><dl class='gallery-item'>\n\t\t\t<dt class='gallery-icon landscape'>\n\t\t\t\t<a data-elementor-open-lightbox=\"yes\" data-elementor-lightbox-slideshow=\"ce44caa\" data-elementor-lightbox-title=\"Orchestre d&#039;harmonie de Bordeaux - Bordeaux\" data-e-action-hash=\"#elementor-action%3Aaction%3Dlightbox%26settings%3DeyJpZCI6NzE4OSwidXJsIjoiaHR0cHM6XC9cL2FudGhvbnlyb2pvLmNvbVwvd3AtY29udGVudFwvdXBsb2Fkc1wvMjAyNVwvMTFcLzAxLUFudGhvbnktUm9qby1QaG90b2dyYXBoZS1zcGVjdGFjbGVzLXZpdmFudHMtYm9yZGVhdXgtMjAxOS0xLXNjYWxlZC5qcGciLCJzbGlkZXNob3ciOiJjZTQ0Y2FhIn0%3D\" href='https:\/\/anthonyrojo.com\/wp-content\/uploads\/2025\/11\/01-Anthony-Rojo-Photographe-spectacles-vivants-bordeaux-2019-1-scaled.jpg'><img decoding=\"async\" width=\"750\" height=\"750\" data-src=\"https:\/\/anthonyrojo.com\/wp-content\/uploads\/2025\/11\/01-Anthony-Rojo-Photographe-spectacles-vivants-bordeaux-2019-1-750x750.jpg\" class=\"attachment-glcr_image_size_square size-glcr_image_size_square lazyload\" alt=\"\" data-srcset=\"https:\/\/anthonyrojo.com\/wp-content\/uploads\/2025\/11\/01-Anthony-Rojo-Photographe-spectacles-vivants-bordeaux-2019-1-750x750.jpg 750w, https:\/\/anthonyrojo.com\/wp-content\/uploads\/2025\/11\/01-Anthony-Rojo-Photographe-spectacles-vivants-bordeaux-2019-1-150x150.jpg 150w, https:\/\/anthonyrojo.com\/wp-content\/uploads\/2025\/11\/01-Anthony-Rojo-Photographe-spectacles-vivants-bordeaux-2019-1-90x90.jpg 90w, https:\/\/anthonyrojo.com\/wp-content\/uploads\/2025\/11\/01-Anthony-Rojo-Photographe-spectacles-vivants-bordeaux-2019-1-1300x1300.jpg 1300w\" data-sizes=\"(max-width: 750px) 100vw, 750px\" src=\"data:image\/svg+xml;base64,PHN2ZyB3aWR0aD0iMSIgaGVpZ2h0PSIxIiB4bWxucz0iaHR0cDovL3d3dy53My5vcmcvMjAwMC9zdmciPjwvc3ZnPg==\" style=\"--smush-placeholder-width: 750px; --smush-placeholder-aspect-ratio: 750\/750;\" \/><\/a>\n\t\t\t<\/dt><\/dl><br style=\"clear: both\" \/><dl class='gallery-item'>\n\t\t\t<dt class='gallery-icon landscape'>\n\t\t\t\t<a data-elementor-open-lightbox=\"yes\" data-elementor-lightbox-slideshow=\"ce44caa\" data-elementor-lightbox-title=\"Op\u00e9ra Madame Butterfly - Op\u00e9ra National de Bordeaux\" data-e-action-hash=\"#elementor-action%3Aaction%3Dlightbox%26settings%3DeyJpZCI6MzY2NiwidXJsIjoiaHR0cHM6XC9cL2FudGhvbnlyb2pvLmNvbVwvd3AtY29udGVudFwvdXBsb2Fkc1wvMjAyNFwvMDNcLzAxLUFudGhvbnktUm9qby1QaG90b2dyYXBoZS1zcGVjdGFjbGVzLXZpdmFudHMtYm9yZGVhdXgtMTMtc2NhbGVkLmpwZyIsInNsaWRlc2hvdyI6ImNlNDRjYWEifQ%3D%3D\" href='https:\/\/anthonyrojo.com\/wp-content\/uploads\/2024\/03\/01-Anthony-Rojo-Photographe-spectacles-vivants-bordeaux-13-scaled.jpg'><img decoding=\"async\" width=\"750\" height=\"750\" data-src=\"https:\/\/anthonyrojo.com\/wp-content\/uploads\/2024\/03\/01-Anthony-Rojo-Photographe-spectacles-vivants-bordeaux-13-750x750.jpg\" class=\"attachment-glcr_image_size_square size-glcr_image_size_square lazyload\" alt=\"\" data-srcset=\"https:\/\/anthonyrojo.com\/wp-content\/uploads\/2024\/03\/01-Anthony-Rojo-Photographe-spectacles-vivants-bordeaux-13-750x750.jpg 750w, https:\/\/anthonyrojo.com\/wp-content\/uploads\/2024\/03\/01-Anthony-Rojo-Photographe-spectacles-vivants-bordeaux-13-150x150.jpg 150w, https:\/\/anthonyrojo.com\/wp-content\/uploads\/2024\/03\/01-Anthony-Rojo-Photographe-spectacles-vivants-bordeaux-13-90x90.jpg 90w, https:\/\/anthonyrojo.com\/wp-content\/uploads\/2024\/03\/01-Anthony-Rojo-Photographe-spectacles-vivants-bordeaux-13-1300x1300.jpg 1300w\" data-sizes=\"(max-width: 750px) 100vw, 750px\" src=\"data:image\/svg+xml;base64,PHN2ZyB3aWR0aD0iMSIgaGVpZ2h0PSIxIiB4bWxucz0iaHR0cDovL3d3dy53My5vcmcvMjAwMC9zdmciPjwvc3ZnPg==\" style=\"--smush-placeholder-width: 750px; --smush-placeholder-aspect-ratio: 750\/750;\" \/><\/a>\n\t\t\t<\/dt><\/dl><br style=\"clear: both\" \/><dl class='gallery-item'>\n\t\t\t<dt class='gallery-icon landscape'>\n\t\t\t\t<a data-elementor-open-lightbox=\"yes\" data-elementor-lightbox-slideshow=\"ce44caa\" data-elementor-lightbox-title=\"Spectacle &quot;Inclassables&quot; par la Companie La naine rouge dans le cadre du Festival &quot;Bobine de fil&quot; par la Salle des F\u00eates Bordeaux Grand-Parc - Bordeaux\" data-e-action-hash=\"#elementor-action%3Aaction%3Dlightbox%26settings%3DeyJpZCI6NzE3MiwidXJsIjoiaHR0cHM6XC9cL2FudGhvbnlyb2pvLmNvbVwvd3AtY29udGVudFwvdXBsb2Fkc1wvMjAyNVwvMTFcLzAxLUFudGhvbnktUm9qby1QaG90b2dyYXBoZS1zcGVjdGFjbGVzLXZpdmFudHMtYm9yZGVhdXgtMjAxOC1zY2FsZWQuanBnIiwic2xpZGVzaG93IjoiY2U0NGNhYSJ9\" href='https:\/\/anthonyrojo.com\/wp-content\/uploads\/2025\/11\/01-Anthony-Rojo-Photographe-spectacles-vivants-bordeaux-2018-scaled.jpg'><img decoding=\"async\" width=\"750\" height=\"750\" data-src=\"https:\/\/anthonyrojo.com\/wp-content\/uploads\/2025\/11\/01-Anthony-Rojo-Photographe-spectacles-vivants-bordeaux-2018-750x750.jpg\" class=\"attachment-glcr_image_size_square size-glcr_image_size_square lazyload\" alt=\"\" data-srcset=\"https:\/\/anthonyrojo.com\/wp-content\/uploads\/2025\/11\/01-Anthony-Rojo-Photographe-spectacles-vivants-bordeaux-2018-750x750.jpg 750w, https:\/\/anthonyrojo.com\/wp-content\/uploads\/2025\/11\/01-Anthony-Rojo-Photographe-spectacles-vivants-bordeaux-2018-150x150.jpg 150w, https:\/\/anthonyrojo.com\/wp-content\/uploads\/2025\/11\/01-Anthony-Rojo-Photographe-spectacles-vivants-bordeaux-2018-90x90.jpg 90w, https:\/\/anthonyrojo.com\/wp-content\/uploads\/2025\/11\/01-Anthony-Rojo-Photographe-spectacles-vivants-bordeaux-2018-1300x1300.jpg 1300w\" data-sizes=\"(max-width: 750px) 100vw, 750px\" src=\"data:image\/svg+xml;base64,PHN2ZyB3aWR0aD0iMSIgaGVpZ2h0PSIxIiB4bWxucz0iaHR0cDovL3d3dy53My5vcmcvMjAwMC9zdmciPjwvc3ZnPg==\" style=\"--smush-placeholder-width: 750px; --smush-placeholder-aspect-ratio: 750\/750;\" \/><\/a>\n\t\t\t<\/dt><\/dl><br style=\"clear: both\" \/><dl class='gallery-item'>\n\t\t\t<dt class='gallery-icon landscape'>\n\t\t\t\t<a data-elementor-open-lightbox=\"yes\" data-elementor-lightbox-slideshow=\"ce44caa\" data-elementor-lightbox-title=\"Concert Taranta Lanera dans le cadre du Festival &quot;Un \u00e9t\u00e9 au Grand-Parc&quot; par la Salle des F\u00eates Bordeaux Grand-Parc - Bordeaux\" data-e-action-hash=\"#elementor-action%3Aaction%3Dlightbox%26settings%3DeyJpZCI6NzE3MCwidXJsIjoiaHR0cHM6XC9cL2FudGhvbnlyb2pvLmNvbVwvd3AtY29udGVudFwvdXBsb2Fkc1wvMjAyNVwvMTFcLzAxLUFudGhvbnktUm9qby1QaG90b2dyYXBoZS1zcGVjdGFjbGVzLXZpdmFudHMtYm9yZGVhdXgtMjAxNi1zY2FsZWQuanBnIiwic2xpZGVzaG93IjoiY2U0NGNhYSJ9\" href='https:\/\/anthonyrojo.com\/wp-content\/uploads\/2025\/11\/01-Anthony-Rojo-Photographe-spectacles-vivants-bordeaux-2016-scaled.jpg'><img decoding=\"async\" width=\"750\" height=\"750\" data-src=\"https:\/\/anthonyrojo.com\/wp-content\/uploads\/2025\/11\/01-Anthony-Rojo-Photographe-spectacles-vivants-bordeaux-2016-750x750.jpg\" class=\"attachment-glcr_image_size_square size-glcr_image_size_square lazyload\" alt=\"\" data-srcset=\"https:\/\/anthonyrojo.com\/wp-content\/uploads\/2025\/11\/01-Anthony-Rojo-Photographe-spectacles-vivants-bordeaux-2016-750x750.jpg 750w, https:\/\/anthonyrojo.com\/wp-content\/uploads\/2025\/11\/01-Anthony-Rojo-Photographe-spectacles-vivants-bordeaux-2016-150x150.jpg 150w, https:\/\/anthonyrojo.com\/wp-content\/uploads\/2025\/11\/01-Anthony-Rojo-Photographe-spectacles-vivants-bordeaux-2016-90x90.jpg 90w, https:\/\/anthonyrojo.com\/wp-content\/uploads\/2025\/11\/01-Anthony-Rojo-Photographe-spectacles-vivants-bordeaux-2016-1300x1300.jpg 1300w\" data-sizes=\"(max-width: 750px) 100vw, 750px\" src=\"data:image\/svg+xml;base64,PHN2ZyB3aWR0aD0iMSIgaGVpZ2h0PSIxIiB4bWxucz0iaHR0cDovL3d3dy53My5vcmcvMjAwMC9zdmciPjwvc3ZnPg==\" style=\"--smush-placeholder-width: 750px; --smush-placeholder-aspect-ratio: 750\/750;\" \/><\/a>\n\t\t\t<\/dt><\/dl><br style=\"clear: both\" \/><dl class='gallery-item'>\n\t\t\t<dt class='gallery-icon landscape'>\n\t\t\t\t<a data-elementor-open-lightbox=\"yes\" data-elementor-lightbox-slideshow=\"ce44caa\" data-elementor-lightbox-title=\"Concert du groupe &quot;Fantom tribute band&quot; dans le cadre de la soir\u00e9e &quot;Le Bal Fant\u00f4me&quot; par la Salle des F\u00eates Bordeaux Grand-Parc - Bordeaux\" data-e-action-hash=\"#elementor-action%3Aaction%3Dlightbox%26settings%3DeyJpZCI6NzE5NywidXJsIjoiaHR0cHM6XC9cL2FudGhvbnlyb2pvLmNvbVwvd3AtY29udGVudFwvdXBsb2Fkc1wvMjAyNVwvMTFcLzAxLUFudGhvbnktUm9qby1QaG90b2dyYXBoZS1zcGVjdGFjbGVzLXZpdmFudHMtYm9yZGVhdXgtMjAyMS0zLmpwZyIsInNsaWRlc2hvdyI6ImNlNDRjYWEifQ%3D%3D\" href='https:\/\/anthonyrojo.com\/wp-content\/uploads\/2025\/11\/01-Anthony-Rojo-Photographe-spectacles-vivants-bordeaux-2021-3.jpg'><img decoding=\"async\" width=\"750\" height=\"750\" data-src=\"https:\/\/anthonyrojo.com\/wp-content\/uploads\/2025\/11\/01-Anthony-Rojo-Photographe-spectacles-vivants-bordeaux-2021-3-750x750.jpg\" class=\"attachment-glcr_image_size_square size-glcr_image_size_square lazyload\" alt=\"\" data-srcset=\"https:\/\/anthonyrojo.com\/wp-content\/uploads\/2025\/11\/01-Anthony-Rojo-Photographe-spectacles-vivants-bordeaux-2021-3-750x750.jpg 750w, https:\/\/anthonyrojo.com\/wp-content\/uploads\/2025\/11\/01-Anthony-Rojo-Photographe-spectacles-vivants-bordeaux-2021-3-150x150.jpg 150w, https:\/\/anthonyrojo.com\/wp-content\/uploads\/2025\/11\/01-Anthony-Rojo-Photographe-spectacles-vivants-bordeaux-2021-3-90x90.jpg 90w\" data-sizes=\"(max-width: 750px) 100vw, 750px\" src=\"data:image\/svg+xml;base64,PHN2ZyB3aWR0aD0iMSIgaGVpZ2h0PSIxIiB4bWxucz0iaHR0cDovL3d3dy53My5vcmcvMjAwMC9zdmciPjwvc3ZnPg==\" style=\"--smush-placeholder-width: 750px; --smush-placeholder-aspect-ratio: 750\/750;\" \/><\/a>\n\t\t\t<\/dt><\/dl><br style=\"clear: both\" \/><dl class='gallery-item'>\n\t\t\t<dt class='gallery-icon landscape'>\n\t\t\t\t<a data-elementor-open-lightbox=\"yes\" data-elementor-lightbox-slideshow=\"ce44caa\" data-elementor-lightbox-title=\"Spectacle de marionnettes KIBOKO dans le cadre du Festival &quot;Bobine de fil&quot; par la Salle des F\u00eates Bordeaux Grand-Parc - Bordeaux\" data-e-action-hash=\"#elementor-action%3Aaction%3Dlightbox%26settings%3DeyJpZCI6NzE3MSwidXJsIjoiaHR0cHM6XC9cL2FudGhvbnlyb2pvLmNvbVwvd3AtY29udGVudFwvdXBsb2Fkc1wvMjAyNVwvMTFcLzAxLUFudGhvbnktUm9qby1QaG90b2dyYXBoZS1zcGVjdGFjbGVzLXZpdmFudHMtYm9yZGVhdXgtMjAxNy1zY2FsZWQuanBnIiwic2xpZGVzaG93IjoiY2U0NGNhYSJ9\" href='https:\/\/anthonyrojo.com\/wp-content\/uploads\/2025\/11\/01-Anthony-Rojo-Photographe-spectacles-vivants-bordeaux-2017-scaled.jpg'><img decoding=\"async\" width=\"750\" height=\"750\" data-src=\"https:\/\/anthonyrojo.com\/wp-content\/uploads\/2025\/11\/01-Anthony-Rojo-Photographe-spectacles-vivants-bordeaux-2017-750x750.jpg\" class=\"attachment-glcr_image_size_square size-glcr_image_size_square lazyload\" alt=\"\" data-srcset=\"https:\/\/anthonyrojo.com\/wp-content\/uploads\/2025\/11\/01-Anthony-Rojo-Photographe-spectacles-vivants-bordeaux-2017-750x750.jpg 750w, https:\/\/anthonyrojo.com\/wp-content\/uploads\/2025\/11\/01-Anthony-Rojo-Photographe-spectacles-vivants-bordeaux-2017-150x150.jpg 150w, https:\/\/anthonyrojo.com\/wp-content\/uploads\/2025\/11\/01-Anthony-Rojo-Photographe-spectacles-vivants-bordeaux-2017-90x90.jpg 90w, https:\/\/anthonyrojo.com\/wp-content\/uploads\/2025\/11\/01-Anthony-Rojo-Photographe-spectacles-vivants-bordeaux-2017-1300x1300.jpg 1300w\" data-sizes=\"(max-width: 750px) 100vw, 750px\" src=\"data:image\/svg+xml;base64,PHN2ZyB3aWR0aD0iMSIgaGVpZ2h0PSIxIiB4bWxucz0iaHR0cDovL3d3dy53My5vcmcvMjAwMC9zdmciPjwvc3ZnPg==\" style=\"--smush-placeholder-width: 750px; --smush-placeholder-aspect-ratio: 750\/750;\" \/><\/a>\n\t\t\t<\/dt><\/dl><br style=\"clear: both\" \/><dl class='gallery-item'>\n\t\t\t<dt class='gallery-icon landscape'>\n\t\t\t\t<a data-elementor-open-lightbox=\"yes\" data-elementor-lightbox-slideshow=\"ce44caa\" data-elementor-lightbox-title=\"Spectacle participatif - Collectif Silex Artifice Vivant\" data-e-action-hash=\"#elementor-action%3Aaction%3Dlightbox%26settings%3DeyJpZCI6NzE2NywidXJsIjoiaHR0cHM6XC9cL2FudGhvbnlyb2pvLmNvbVwvd3AtY29udGVudFwvdXBsb2Fkc1wvMjAyNVwvMTFcLzAxLUFudGhvbnktUm9qby1QaG90b2dyYXBoZS1zcGVjdGFjbGVzLXZpdmFudHMtYm9yZGVhdXgtMjAxMy1zY2FsZWQuanBnIiwic2xpZGVzaG93IjoiY2U0NGNhYSJ9\" href='https:\/\/anthonyrojo.com\/wp-content\/uploads\/2025\/11\/01-Anthony-Rojo-Photographe-spectacles-vivants-bordeaux-2013-scaled.jpg'><img decoding=\"async\" width=\"750\" height=\"750\" data-src=\"https:\/\/anthonyrojo.com\/wp-content\/uploads\/2025\/11\/01-Anthony-Rojo-Photographe-spectacles-vivants-bordeaux-2013-750x750.jpg\" class=\"attachment-glcr_image_size_square size-glcr_image_size_square lazyload\" alt=\"\" data-srcset=\"https:\/\/anthonyrojo.com\/wp-content\/uploads\/2025\/11\/01-Anthony-Rojo-Photographe-spectacles-vivants-bordeaux-2013-750x750.jpg 750w, https:\/\/anthonyrojo.com\/wp-content\/uploads\/2025\/11\/01-Anthony-Rojo-Photographe-spectacles-vivants-bordeaux-2013-150x150.jpg 150w, https:\/\/anthonyrojo.com\/wp-content\/uploads\/2025\/11\/01-Anthony-Rojo-Photographe-spectacles-vivants-bordeaux-2013-90x90.jpg 90w, https:\/\/anthonyrojo.com\/wp-content\/uploads\/2025\/11\/01-Anthony-Rojo-Photographe-spectacles-vivants-bordeaux-2013-1300x1300.jpg 1300w\" data-sizes=\"(max-width: 750px) 100vw, 750px\" src=\"data:image\/svg+xml;base64,PHN2ZyB3aWR0aD0iMSIgaGVpZ2h0PSIxIiB4bWxucz0iaHR0cDovL3d3dy53My5vcmcvMjAwMC9zdmciPjwvc3ZnPg==\" style=\"--smush-placeholder-width: 750px; --smush-placeholder-aspect-ratio: 750\/750;\" \/><\/a>\n\t\t\t<\/dt><\/dl><br style=\"clear: both\" \/><dl class='gallery-item'>\n\t\t\t<dt class='gallery-icon landscape'>\n\t\t\t\t<a data-elementor-open-lightbox=\"yes\" data-elementor-lightbox-slideshow=\"ce44caa\" data-elementor-lightbox-title=\"Spectacle  Asha et B\u00e9kir, le myst\u00e8re des r\u00e9cits \u00e9vapor\u00e9s&quot; par la Compagnie Bogolem dans le cadre du Festival &quot;Bobine de fil&quot; par la Salle des F\u00eates Bordeaux Grand-Parc - Bordeaux\" data-e-action-hash=\"#elementor-action%3Aaction%3Dlightbox%26settings%3DeyJpZCI6NzE3NiwidXJsIjoiaHR0cHM6XC9cL2FudGhvbnlyb2pvLmNvbVwvd3AtY29udGVudFwvdXBsb2Fkc1wvMjAyNVwvMTFcLzAxLUFudGhvbnktUm9qby1QaG90b2dyYXBoZS1zcGVjdGFjbGVzLXZpdmFudHMtYm9yZGVhdXgtQXNoYS1ldC1CZWtpci1jb21wYWduaWUtYm9nb2xlbS1zY2FsZWQuanBnIiwic2xpZGVzaG93IjoiY2U0NGNhYSJ9\" href='https:\/\/anthonyrojo.com\/wp-content\/uploads\/2025\/11\/01-Anthony-Rojo-Photographe-spectacles-vivants-bordeaux-Asha-et-Bekir-compagnie-bogolem-scaled.jpg'><img decoding=\"async\" width=\"750\" height=\"750\" data-src=\"https:\/\/anthonyrojo.com\/wp-content\/uploads\/2025\/11\/01-Anthony-Rojo-Photographe-spectacles-vivants-bordeaux-Asha-et-Bekir-compagnie-bogolem-750x750.jpg\" class=\"attachment-glcr_image_size_square size-glcr_image_size_square lazyload\" alt=\"\" data-srcset=\"https:\/\/anthonyrojo.com\/wp-content\/uploads\/2025\/11\/01-Anthony-Rojo-Photographe-spectacles-vivants-bordeaux-Asha-et-Bekir-compagnie-bogolem-750x750.jpg 750w, https:\/\/anthonyrojo.com\/wp-content\/uploads\/2025\/11\/01-Anthony-Rojo-Photographe-spectacles-vivants-bordeaux-Asha-et-Bekir-compagnie-bogolem-150x150.jpg 150w, https:\/\/anthonyrojo.com\/wp-content\/uploads\/2025\/11\/01-Anthony-Rojo-Photographe-spectacles-vivants-bordeaux-Asha-et-Bekir-compagnie-bogolem-90x90.jpg 90w, https:\/\/anthonyrojo.com\/wp-content\/uploads\/2025\/11\/01-Anthony-Rojo-Photographe-spectacles-vivants-bordeaux-Asha-et-Bekir-compagnie-bogolem-1300x1300.jpg 1300w\" data-sizes=\"(max-width: 750px) 100vw, 750px\" src=\"data:image\/svg+xml;base64,PHN2ZyB3aWR0aD0iMSIgaGVpZ2h0PSIxIiB4bWxucz0iaHR0cDovL3d3dy53My5vcmcvMjAwMC9zdmciPjwvc3ZnPg==\" style=\"--smush-placeholder-width: 750px; --smush-placeholder-aspect-ratio: 750\/750;\" \/><\/a>\n\t\t\t<\/dt><\/dl><br style=\"clear: both\" \/><dl class='gallery-item'>\n\t\t\t<dt class='gallery-icon landscape'>\n\t\t\t\t<a data-elementor-open-lightbox=\"yes\" data-elementor-lightbox-slideshow=\"ce44caa\" data-elementor-lightbox-title=\"Spectacle de fin d&#039;ann\u00e9e par les \u00e9l\u00e8ves du Cours Florent - Bordeaux\" data-e-action-hash=\"#elementor-action%3Aaction%3Dlightbox%26settings%3DeyJpZCI6NzE3OSwidXJsIjoiaHR0cHM6XC9cL2FudGhvbnlyb2pvLmNvbVwvd3AtY29udGVudFwvdXBsb2Fkc1wvMjAyNVwvMTFcLzAxLUFudGhvbnktUm9qby1QaG90b2dyYXBoZS1zcGVjdGFjbGVzLXZpdmFudHMtYm9yZGVhdXgtQ291cnMtRmxvcmVudC1hLXNjYWxlZC5qcGciLCJzbGlkZXNob3ciOiJjZTQ0Y2FhIn0%3D\" href='https:\/\/anthonyrojo.com\/wp-content\/uploads\/2025\/11\/01-Anthony-Rojo-Photographe-spectacles-vivants-bordeaux-Cours-Florent-a-scaled.jpg'><img decoding=\"async\" width=\"750\" height=\"750\" data-src=\"https:\/\/anthonyrojo.com\/wp-content\/uploads\/2025\/11\/01-Anthony-Rojo-Photographe-spectacles-vivants-bordeaux-Cours-Florent-a-750x750.jpg\" class=\"attachment-glcr_image_size_square size-glcr_image_size_square lazyload\" alt=\"\" data-srcset=\"https:\/\/anthonyrojo.com\/wp-content\/uploads\/2025\/11\/01-Anthony-Rojo-Photographe-spectacles-vivants-bordeaux-Cours-Florent-a-750x750.jpg 750w, https:\/\/anthonyrojo.com\/wp-content\/uploads\/2025\/11\/01-Anthony-Rojo-Photographe-spectacles-vivants-bordeaux-Cours-Florent-a-150x150.jpg 150w, https:\/\/anthonyrojo.com\/wp-content\/uploads\/2025\/11\/01-Anthony-Rojo-Photographe-spectacles-vivants-bordeaux-Cours-Florent-a-90x90.jpg 90w, https:\/\/anthonyrojo.com\/wp-content\/uploads\/2025\/11\/01-Anthony-Rojo-Photographe-spectacles-vivants-bordeaux-Cours-Florent-a-1300x1300.jpg 1300w\" data-sizes=\"(max-width: 750px) 100vw, 750px\" src=\"data:image\/svg+xml;base64,PHN2ZyB3aWR0aD0iMSIgaGVpZ2h0PSIxIiB4bWxucz0iaHR0cDovL3d3dy53My5vcmcvMjAwMC9zdmciPjwvc3ZnPg==\" style=\"--smush-placeholder-width: 750px; --smush-placeholder-aspect-ratio: 750\/750;\" \/><\/a>\n\t\t\t<\/dt><\/dl><br style=\"clear: both\" \/><dl class='gallery-item'>\n\t\t\t<dt class='gallery-icon landscape'>\n\t\t\t\t<a data-elementor-open-lightbox=\"yes\" data-elementor-lightbox-slideshow=\"ce44caa\" data-elementor-lightbox-title=\"Spectacle de fin d&#039;ann\u00e9e par les \u00e9l\u00e8ves du Cours Florent - Bordeaux\" data-e-action-hash=\"#elementor-action%3Aaction%3Dlightbox%26settings%3DeyJpZCI6NzE4MCwidXJsIjoiaHR0cHM6XC9cL2FudGhvbnlyb2pvLmNvbVwvd3AtY29udGVudFwvdXBsb2Fkc1wvMjAyNVwvMTFcLzAxLUFudGhvbnktUm9qby1QaG90b2dyYXBoZS1zcGVjdGFjbGVzLXZpdmFudHMtYm9yZGVhdXgtQ291cnMtRmxvcmVudC1zY2FsZWQuanBnIiwic2xpZGVzaG93IjoiY2U0NGNhYSJ9\" href='https:\/\/anthonyrojo.com\/wp-content\/uploads\/2025\/11\/01-Anthony-Rojo-Photographe-spectacles-vivants-bordeaux-Cours-Florent-scaled.jpg'><img decoding=\"async\" width=\"750\" height=\"750\" data-src=\"https:\/\/anthonyrojo.com\/wp-content\/uploads\/2025\/11\/01-Anthony-Rojo-Photographe-spectacles-vivants-bordeaux-Cours-Florent-750x750.jpg\" class=\"attachment-glcr_image_size_square size-glcr_image_size_square lazyload\" alt=\"\" data-srcset=\"https:\/\/anthonyrojo.com\/wp-content\/uploads\/2025\/11\/01-Anthony-Rojo-Photographe-spectacles-vivants-bordeaux-Cours-Florent-750x750.jpg 750w, https:\/\/anthonyrojo.com\/wp-content\/uploads\/2025\/11\/01-Anthony-Rojo-Photographe-spectacles-vivants-bordeaux-Cours-Florent-150x150.jpg 150w, https:\/\/anthonyrojo.com\/wp-content\/uploads\/2025\/11\/01-Anthony-Rojo-Photographe-spectacles-vivants-bordeaux-Cours-Florent-90x90.jpg 90w, https:\/\/anthonyrojo.com\/wp-content\/uploads\/2025\/11\/01-Anthony-Rojo-Photographe-spectacles-vivants-bordeaux-Cours-Florent-1300x1300.jpg 1300w\" data-sizes=\"(max-width: 750px) 100vw, 750px\" src=\"data:image\/svg+xml;base64,PHN2ZyB3aWR0aD0iMSIgaGVpZ2h0PSIxIiB4bWxucz0iaHR0cDovL3d3dy53My5vcmcvMjAwMC9zdmciPjwvc3ZnPg==\" style=\"--smush-placeholder-width: 750px; --smush-placeholder-aspect-ratio: 750\/750;\" \/><\/a>\n\t\t\t<\/dt><\/dl><br style=\"clear: both\" \/><dl class='gallery-item'>\n\t\t\t<dt class='gallery-icon landscape'>\n\t\t\t\t<a data-elementor-open-lightbox=\"yes\" data-elementor-lightbox-slideshow=\"ce44caa\" data-elementor-lightbox-title=\"Spectacle Les Arnach\u00e9s - Collectif Tarabiscot\u00e9 - Service culture Saint-Andr\u00e9-de-Cubzac\" data-e-action-hash=\"#elementor-action%3Aaction%3Dlightbox%26settings%3DeyJpZCI6MzY1NiwidXJsIjoiaHR0cHM6XC9cL2FudGhvbnlyb2pvLmNvbVwvd3AtY29udGVudFwvdXBsb2Fkc1wvMjAyNFwvMDNcLzAxLUFudGhvbnktUm9qby1QaG90b2dyYXBoZS1zcGVjdGFjbGVzLXZpdmFudHMtYm9yZGVhdXgtMy1zY2FsZWQuanBnIiwic2xpZGVzaG93IjoiY2U0NGNhYSJ9\" href='https:\/\/anthonyrojo.com\/wp-content\/uploads\/2024\/03\/01-Anthony-Rojo-Photographe-spectacles-vivants-bordeaux-3-scaled.jpg'><img decoding=\"async\" width=\"750\" height=\"750\" data-src=\"https:\/\/anthonyrojo.com\/wp-content\/uploads\/2024\/03\/01-Anthony-Rojo-Photographe-spectacles-vivants-bordeaux-3-750x750.jpg\" class=\"attachment-glcr_image_size_square size-glcr_image_size_square lazyload\" alt=\"\" data-srcset=\"https:\/\/anthonyrojo.com\/wp-content\/uploads\/2024\/03\/01-Anthony-Rojo-Photographe-spectacles-vivants-bordeaux-3-750x750.jpg 750w, https:\/\/anthonyrojo.com\/wp-content\/uploads\/2024\/03\/01-Anthony-Rojo-Photographe-spectacles-vivants-bordeaux-3-150x150.jpg 150w, https:\/\/anthonyrojo.com\/wp-content\/uploads\/2024\/03\/01-Anthony-Rojo-Photographe-spectacles-vivants-bordeaux-3-90x90.jpg 90w, https:\/\/anthonyrojo.com\/wp-content\/uploads\/2024\/03\/01-Anthony-Rojo-Photographe-spectacles-vivants-bordeaux-3-1300x1300.jpg 1300w\" data-sizes=\"(max-width: 750px) 100vw, 750px\" src=\"data:image\/svg+xml;base64,PHN2ZyB3aWR0aD0iMSIgaGVpZ2h0PSIxIiB4bWxucz0iaHR0cDovL3d3dy53My5vcmcvMjAwMC9zdmciPjwvc3ZnPg==\" style=\"--smush-placeholder-width: 750px; --smush-placeholder-aspect-ratio: 750\/750;\" \/><\/a>\n\t\t\t<\/dt><\/dl><br style=\"clear: both\" \/><dl class='gallery-item'>\n\t\t\t<dt class='gallery-icon landscape'>\n\t\t\t\t<a data-elementor-open-lightbox=\"yes\" data-elementor-lightbox-slideshow=\"ce44caa\" data-elementor-lightbox-title=\"\u201cLes aventures de Ketchup et Grouy\u00e8re\u201d par la Compagnie Georges - Lalande de Fronsac\" data-e-action-hash=\"#elementor-action%3Aaction%3Dlightbox%26settings%3DeyJpZCI6NzE4MiwidXJsIjoiaHR0cHM6XC9cL2FudGhvbnlyb2pvLmNvbVwvd3AtY29udGVudFwvdXBsb2Fkc1wvMjAyNVwvMTFcLzAxLUFudGhvbnktUm9qby1QaG90b2dyYXBoZS1zcGVjdGFjbGVzLXZpdmFudHMtYm9yZGVhdXgtS2V0Y2h1cC1ldC1Hcm91eWVyZS1zY2FsZWQuanBnIiwic2xpZGVzaG93IjoiY2U0NGNhYSJ9\" href='https:\/\/anthonyrojo.com\/wp-content\/uploads\/2025\/11\/01-Anthony-Rojo-Photographe-spectacles-vivants-bordeaux-Ketchup-et-Grouyere-scaled.jpg'><img decoding=\"async\" width=\"750\" height=\"750\" data-src=\"https:\/\/anthonyrojo.com\/wp-content\/uploads\/2025\/11\/01-Anthony-Rojo-Photographe-spectacles-vivants-bordeaux-Ketchup-et-Grouyere-750x750.jpg\" class=\"attachment-glcr_image_size_square size-glcr_image_size_square lazyload\" alt=\"\" data-srcset=\"https:\/\/anthonyrojo.com\/wp-content\/uploads\/2025\/11\/01-Anthony-Rojo-Photographe-spectacles-vivants-bordeaux-Ketchup-et-Grouyere-750x750.jpg 750w, https:\/\/anthonyrojo.com\/wp-content\/uploads\/2025\/11\/01-Anthony-Rojo-Photographe-spectacles-vivants-bordeaux-Ketchup-et-Grouyere-150x150.jpg 150w, https:\/\/anthonyrojo.com\/wp-content\/uploads\/2025\/11\/01-Anthony-Rojo-Photographe-spectacles-vivants-bordeaux-Ketchup-et-Grouyere-90x90.jpg 90w, https:\/\/anthonyrojo.com\/wp-content\/uploads\/2025\/11\/01-Anthony-Rojo-Photographe-spectacles-vivants-bordeaux-Ketchup-et-Grouyere-1300x1300.jpg 1300w\" data-sizes=\"(max-width: 750px) 100vw, 750px\" src=\"data:image\/svg+xml;base64,PHN2ZyB3aWR0aD0iMSIgaGVpZ2h0PSIxIiB4bWxucz0iaHR0cDovL3d3dy53My5vcmcvMjAwMC9zdmciPjwvc3ZnPg==\" style=\"--smush-placeholder-width: 750px; --smush-placeholder-aspect-ratio: 750\/750;\" \/><\/a>\n\t\t\t<\/dt><\/dl><br style=\"clear: both\" \/><dl class='gallery-item'>\n\t\t\t<dt class='gallery-icon landscape'>\n\t\t\t\t<a data-elementor-open-lightbox=\"yes\" data-elementor-lightbox-slideshow=\"ce44caa\" data-elementor-lightbox-title=\"Spectacle Direction Los Angeles - Compagnie Les Dolphin Apocalypse - Ouverture de saison du Champ de Foire - Saint-Andr\u00e9-de-Cubzac\" data-e-action-hash=\"#elementor-action%3Aaction%3Dlightbox%26settings%3DeyJpZCI6NzE5MiwidXJsIjoiaHR0cHM6XC9cL2FudGhvbnlyb2pvLmNvbVwvd3AtY29udGVudFwvdXBsb2Fkc1wvMjAyNVwvMTFcLzAxLUFudGhvbnktUm9qby1QaG90b2dyYXBoZS1zcGVjdGFjbGVzLXZpdmFudHMtYm9yZGVhdXgtMjAxMi0xLXNjYWxlZC5qcGciLCJzbGlkZXNob3ciOiJjZTQ0Y2FhIn0%3D\" href='https:\/\/anthonyrojo.com\/wp-content\/uploads\/2025\/11\/01-Anthony-Rojo-Photographe-spectacles-vivants-bordeaux-2012-1-scaled.jpg'><img decoding=\"async\" width=\"750\" height=\"750\" data-src=\"https:\/\/anthonyrojo.com\/wp-content\/uploads\/2025\/11\/01-Anthony-Rojo-Photographe-spectacles-vivants-bordeaux-2012-1-750x750.jpg\" class=\"attachment-glcr_image_size_square size-glcr_image_size_square lazyload\" alt=\"\" data-srcset=\"https:\/\/anthonyrojo.com\/wp-content\/uploads\/2025\/11\/01-Anthony-Rojo-Photographe-spectacles-vivants-bordeaux-2012-1-750x750.jpg 750w, https:\/\/anthonyrojo.com\/wp-content\/uploads\/2025\/11\/01-Anthony-Rojo-Photographe-spectacles-vivants-bordeaux-2012-1-150x150.jpg 150w, https:\/\/anthonyrojo.com\/wp-content\/uploads\/2025\/11\/01-Anthony-Rojo-Photographe-spectacles-vivants-bordeaux-2012-1-90x90.jpg 90w, https:\/\/anthonyrojo.com\/wp-content\/uploads\/2025\/11\/01-Anthony-Rojo-Photographe-spectacles-vivants-bordeaux-2012-1-1300x1300.jpg 1300w\" data-sizes=\"(max-width: 750px) 100vw, 750px\" src=\"data:image\/svg+xml;base64,PHN2ZyB3aWR0aD0iMSIgaGVpZ2h0PSIxIiB4bWxucz0iaHR0cDovL3d3dy53My5vcmcvMjAwMC9zdmciPjwvc3ZnPg==\" style=\"--smush-placeholder-width: 750px; --smush-placeholder-aspect-ratio: 750\/750;\" \/><\/a>\n\t\t\t<\/dt><\/dl><br style=\"clear: both\" \/><dl class='gallery-item'>\n\t\t\t<dt class='gallery-icon landscape'>\n\t\t\t\t<a data-elementor-open-lightbox=\"yes\" data-elementor-lightbox-slideshow=\"ce44caa\" data-elementor-lightbox-title=\"dans le cadre du Festival &quot;Un \u00e9t\u00e9 au Grand-Parc&quot; par la Salle des F\u00eates Bordeaux Grand-Parc - Bordeaux\" data-e-action-hash=\"#elementor-action%3Aaction%3Dlightbox%26settings%3DeyJpZCI6NzE5OCwidXJsIjoiaHR0cHM6XC9cL2FudGhvbnlyb2pvLmNvbVwvd3AtY29udGVudFwvdXBsb2Fkc1wvMjAyNVwvMTFcLzAxLUFudGhvbnktUm9qby1QaG90b2dyYXBoZS1zcGVjdGFjbGVzLXZpdmFudHMtYm9yZGVhdXgtMjAxNS0zLmpwZyIsInNsaWRlc2hvdyI6ImNlNDRjYWEifQ%3D%3D\" href='https:\/\/anthonyrojo.com\/wp-content\/uploads\/2025\/11\/01-Anthony-Rojo-Photographe-spectacles-vivants-bordeaux-2015-3.jpg'><img decoding=\"async\" width=\"750\" height=\"750\" data-src=\"https:\/\/anthonyrojo.com\/wp-content\/uploads\/2025\/11\/01-Anthony-Rojo-Photographe-spectacles-vivants-bordeaux-2015-3-750x750.jpg\" class=\"attachment-glcr_image_size_square size-glcr_image_size_square lazyload\" alt=\"\" data-srcset=\"https:\/\/anthonyrojo.com\/wp-content\/uploads\/2025\/11\/01-Anthony-Rojo-Photographe-spectacles-vivants-bordeaux-2015-3-750x750.jpg 750w, https:\/\/anthonyrojo.com\/wp-content\/uploads\/2025\/11\/01-Anthony-Rojo-Photographe-spectacles-vivants-bordeaux-2015-3-150x150.jpg 150w, https:\/\/anthonyrojo.com\/wp-content\/uploads\/2025\/11\/01-Anthony-Rojo-Photographe-spectacles-vivants-bordeaux-2015-3-90x90.jpg 90w\" data-sizes=\"(max-width: 750px) 100vw, 750px\" src=\"data:image\/svg+xml;base64,PHN2ZyB3aWR0aD0iMSIgaGVpZ2h0PSIxIiB4bWxucz0iaHR0cDovL3d3dy53My5vcmcvMjAwMC9zdmciPjwvc3ZnPg==\" style=\"--smush-placeholder-width: 750px; --smush-placeholder-aspect-ratio: 750\/750;\" \/><\/a>\n\t\t\t<\/dt><\/dl><br style=\"clear: both\" \/><dl class='gallery-item'>\n\t\t\t<dt class='gallery-icon landscape'>\n\t\t\t\t<a data-elementor-open-lightbox=\"yes\" data-elementor-lightbox-slideshow=\"ce44caa\" data-elementor-lightbox-title=\"R\u00e9p\u00e9tition participative de danse - Malandain Ballet Biarritz\" data-e-action-hash=\"#elementor-action%3Aaction%3Dlightbox%26settings%3DeyJpZCI6MzY2MCwidXJsIjoiaHR0cHM6XC9cL2FudGhvbnlyb2pvLmNvbVwvd3AtY29udGVudFwvdXBsb2Fkc1wvMjAyNFwvMDNcLzAxLUFudGhvbnktUm9qby1QaG90b2dyYXBoZS1zcGVjdGFjbGVzLXZpdmFudHMtYm9yZGVhdXgtNy1zY2FsZWQuanBnIiwic2xpZGVzaG93IjoiY2U0NGNhYSJ9\" href='https:\/\/anthonyrojo.com\/wp-content\/uploads\/2024\/03\/01-Anthony-Rojo-Photographe-spectacles-vivants-bordeaux-7-scaled.jpg'><img decoding=\"async\" width=\"750\" height=\"750\" data-src=\"https:\/\/anthonyrojo.com\/wp-content\/uploads\/2024\/03\/01-Anthony-Rojo-Photographe-spectacles-vivants-bordeaux-7-750x750.jpg\" class=\"attachment-glcr_image_size_square size-glcr_image_size_square lazyload\" alt=\"\" data-srcset=\"https:\/\/anthonyrojo.com\/wp-content\/uploads\/2024\/03\/01-Anthony-Rojo-Photographe-spectacles-vivants-bordeaux-7-750x750.jpg 750w, https:\/\/anthonyrojo.com\/wp-content\/uploads\/2024\/03\/01-Anthony-Rojo-Photographe-spectacles-vivants-bordeaux-7-150x150.jpg 150w, https:\/\/anthonyrojo.com\/wp-content\/uploads\/2024\/03\/01-Anthony-Rojo-Photographe-spectacles-vivants-bordeaux-7-90x90.jpg 90w, https:\/\/anthonyrojo.com\/wp-content\/uploads\/2024\/03\/01-Anthony-Rojo-Photographe-spectacles-vivants-bordeaux-7-1300x1300.jpg 1300w\" data-sizes=\"(max-width: 750px) 100vw, 750px\" src=\"data:image\/svg+xml;base64,PHN2ZyB3aWR0aD0iMSIgaGVpZ2h0PSIxIiB4bWxucz0iaHR0cDovL3d3dy53My5vcmcvMjAwMC9zdmciPjwvc3ZnPg==\" style=\"--smush-placeholder-width: 750px; --smush-placeholder-aspect-ratio: 750\/750;\" \/><\/a>\n\t\t\t<\/dt><\/dl><br style=\"clear: both\" \/><dl class='gallery-item'>\n\t\t\t<dt class='gallery-icon landscape'>\n\t\t\t\t<a data-elementor-open-lightbox=\"yes\" data-elementor-lightbox-slideshow=\"ce44caa\" data-elementor-lightbox-title=\"Concert du groupe The Wackids - Ouverture de saison du Champ de Foire - Saint-Andr\u00e9-de-Cubzac\" data-e-action-hash=\"#elementor-action%3Aaction%3Dlightbox%26settings%3DeyJpZCI6NzE4NSwidXJsIjoiaHR0cHM6XC9cL2FudGhvbnlyb2pvLmNvbVwvd3AtY29udGVudFwvdXBsb2Fkc1wvMjAyNVwvMTFcLzAxLUFudGhvbnktUm9qby1QaG90b2dyYXBoZS1zcGVjdGFjbGVzLXZpdmFudHMtYm9yZGVhdXgtVGhlLXdhY2tpZHMuanBnIiwic2xpZGVzaG93IjoiY2U0NGNhYSJ9\" href='https:\/\/anthonyrojo.com\/wp-content\/uploads\/2025\/11\/01-Anthony-Rojo-Photographe-spectacles-vivants-bordeaux-The-wackids.jpg'><img decoding=\"async\" width=\"750\" height=\"750\" data-src=\"https:\/\/anthonyrojo.com\/wp-content\/uploads\/2025\/11\/01-Anthony-Rojo-Photographe-spectacles-vivants-bordeaux-The-wackids-750x750.jpg\" class=\"attachment-glcr_image_size_square size-glcr_image_size_square lazyload\" alt=\"\" data-srcset=\"https:\/\/anthonyrojo.com\/wp-content\/uploads\/2025\/11\/01-Anthony-Rojo-Photographe-spectacles-vivants-bordeaux-The-wackids-750x750.jpg 750w, https:\/\/anthonyrojo.com\/wp-content\/uploads\/2025\/11\/01-Anthony-Rojo-Photographe-spectacles-vivants-bordeaux-The-wackids-150x150.jpg 150w, https:\/\/anthonyrojo.com\/wp-content\/uploads\/2025\/11\/01-Anthony-Rojo-Photographe-spectacles-vivants-bordeaux-The-wackids-90x90.jpg 90w, https:\/\/anthonyrojo.com\/wp-content\/uploads\/2025\/11\/01-Anthony-Rojo-Photographe-spectacles-vivants-bordeaux-The-wackids-1300x1300.jpg 1300w\" data-sizes=\"(max-width: 750px) 100vw, 750px\" src=\"data:image\/svg+xml;base64,PHN2ZyB3aWR0aD0iMSIgaGVpZ2h0PSIxIiB4bWxucz0iaHR0cDovL3d3dy53My5vcmcvMjAwMC9zdmciPjwvc3ZnPg==\" style=\"--smush-placeholder-width: 750px; --smush-placeholder-aspect-ratio: 750\/750;\" \/><\/a>\n\t\t\t<\/dt><\/dl><br style=\"clear: both\" \/><dl class='gallery-item'>\n\t\t\t<dt class='gallery-icon landscape'>\n\t\t\t\t<a data-elementor-open-lightbox=\"yes\" data-elementor-lightbox-slideshow=\"ce44caa\" data-elementor-lightbox-title=\"Spectacle Viewing party Luni - Drag queen et Drag king\" data-e-action-hash=\"#elementor-action%3Aaction%3Dlightbox%26settings%3DeyJpZCI6MzY2MywidXJsIjoiaHR0cHM6XC9cL2FudGhvbnlyb2pvLmNvbVwvd3AtY29udGVudFwvdXBsb2Fkc1wvMjAyNFwvMDNcLzAxLUFudGhvbnktUm9qby1QaG90b2dyYXBoZS1zcGVjdGFjbGVzLXZpdmFudHMtYm9yZGVhdXgtMTAtc2NhbGVkLmpwZyIsInNsaWRlc2hvdyI6ImNlNDRjYWEifQ%3D%3D\" href='https:\/\/anthonyrojo.com\/wp-content\/uploads\/2024\/03\/01-Anthony-Rojo-Photographe-spectacles-vivants-bordeaux-10-scaled.jpg'><img decoding=\"async\" width=\"750\" height=\"750\" data-src=\"https:\/\/anthonyrojo.com\/wp-content\/uploads\/2024\/03\/01-Anthony-Rojo-Photographe-spectacles-vivants-bordeaux-10-750x750.jpg\" class=\"attachment-glcr_image_size_square size-glcr_image_size_square lazyload\" alt=\"\" data-srcset=\"https:\/\/anthonyrojo.com\/wp-content\/uploads\/2024\/03\/01-Anthony-Rojo-Photographe-spectacles-vivants-bordeaux-10-750x750.jpg 750w, https:\/\/anthonyrojo.com\/wp-content\/uploads\/2024\/03\/01-Anthony-Rojo-Photographe-spectacles-vivants-bordeaux-10-150x150.jpg 150w, https:\/\/anthonyrojo.com\/wp-content\/uploads\/2024\/03\/01-Anthony-Rojo-Photographe-spectacles-vivants-bordeaux-10-90x90.jpg 90w, https:\/\/anthonyrojo.com\/wp-content\/uploads\/2024\/03\/01-Anthony-Rojo-Photographe-spectacles-vivants-bordeaux-10-1300x1300.jpg 1300w\" data-sizes=\"(max-width: 750px) 100vw, 750px\" src=\"data:image\/svg+xml;base64,PHN2ZyB3aWR0aD0iMSIgaGVpZ2h0PSIxIiB4bWxucz0iaHR0cDovL3d3dy53My5vcmcvMjAwMC9zdmciPjwvc3ZnPg==\" style=\"--smush-placeholder-width: 750px; --smush-placeholder-aspect-ratio: 750\/750;\" \/><\/a>\n\t\t\t<\/dt><\/dl><br style=\"clear: both\" \/><dl class='gallery-item'>\n\t\t\t<dt class='gallery-icon landscape'>\n\t\t\t\t<a data-elementor-open-lightbox=\"yes\" data-elementor-lightbox-slideshow=\"ce44caa\" data-elementor-lightbox-title=\"Spectacle Viewing party Luni - Drag queen et Drag king\" data-e-action-hash=\"#elementor-action%3Aaction%3Dlightbox%26settings%3DeyJpZCI6MzY2NCwidXJsIjoiaHR0cHM6XC9cL2FudGhvbnlyb2pvLmNvbVwvd3AtY29udGVudFwvdXBsb2Fkc1wvMjAyNFwvMDNcLzAxLUFudGhvbnktUm9qby1QaG90b2dyYXBoZS1zcGVjdGFjbGVzLXZpdmFudHMtYm9yZGVhdXgtMTEtc2NhbGVkLmpwZyIsInNsaWRlc2hvdyI6ImNlNDRjYWEifQ%3D%3D\" href='https:\/\/anthonyrojo.com\/wp-content\/uploads\/2024\/03\/01-Anthony-Rojo-Photographe-spectacles-vivants-bordeaux-11-scaled.jpg'><img decoding=\"async\" width=\"750\" height=\"750\" data-src=\"https:\/\/anthonyrojo.com\/wp-content\/uploads\/2024\/03\/01-Anthony-Rojo-Photographe-spectacles-vivants-bordeaux-11-750x750.jpg\" class=\"attachment-glcr_image_size_square size-glcr_image_size_square lazyload\" alt=\"\" data-srcset=\"https:\/\/anthonyrojo.com\/wp-content\/uploads\/2024\/03\/01-Anthony-Rojo-Photographe-spectacles-vivants-bordeaux-11-750x750.jpg 750w, https:\/\/anthonyrojo.com\/wp-content\/uploads\/2024\/03\/01-Anthony-Rojo-Photographe-spectacles-vivants-bordeaux-11-150x150.jpg 150w, https:\/\/anthonyrojo.com\/wp-content\/uploads\/2024\/03\/01-Anthony-Rojo-Photographe-spectacles-vivants-bordeaux-11-90x90.jpg 90w, https:\/\/anthonyrojo.com\/wp-content\/uploads\/2024\/03\/01-Anthony-Rojo-Photographe-spectacles-vivants-bordeaux-11-1300x1300.jpg 1300w\" data-sizes=\"(max-width: 750px) 100vw, 750px\" src=\"data:image\/svg+xml;base64,PHN2ZyB3aWR0aD0iMSIgaGVpZ2h0PSIxIiB4bWxucz0iaHR0cDovL3d3dy53My5vcmcvMjAwMC9zdmciPjwvc3ZnPg==\" style=\"--smush-placeholder-width: 750px; --smush-placeholder-aspect-ratio: 750\/750;\" \/><\/a>\n\t\t\t<\/dt><\/dl><br style=\"clear: both\" \/><dl class='gallery-item'>\n\t\t\t<dt class='gallery-icon landscape'>\n\t\t\t\t<a data-elementor-open-lightbox=\"yes\" data-elementor-lightbox-slideshow=\"ce44caa\" data-elementor-lightbox-title=\"Spectacle Viewing party Luni - Drag queen et Drag king\" data-e-action-hash=\"#elementor-action%3Aaction%3Dlightbox%26settings%3DeyJpZCI6MzY2NSwidXJsIjoiaHR0cHM6XC9cL2FudGhvbnlyb2pvLmNvbVwvd3AtY29udGVudFwvdXBsb2Fkc1wvMjAyNFwvMDNcLzAxLUFudGhvbnktUm9qby1QaG90b2dyYXBoZS1zcGVjdGFjbGVzLXZpdmFudHMtYm9yZGVhdXgtMTItc2NhbGVkLmpwZyIsInNsaWRlc2hvdyI6ImNlNDRjYWEifQ%3D%3D\" href='https:\/\/anthonyrojo.com\/wp-content\/uploads\/2024\/03\/01-Anthony-Rojo-Photographe-spectacles-vivants-bordeaux-12-scaled.jpg'><img decoding=\"async\" width=\"750\" height=\"750\" data-src=\"https:\/\/anthonyrojo.com\/wp-content\/uploads\/2024\/03\/01-Anthony-Rojo-Photographe-spectacles-vivants-bordeaux-12-750x750.jpg\" class=\"attachment-glcr_image_size_square size-glcr_image_size_square lazyload\" alt=\"\" data-srcset=\"https:\/\/anthonyrojo.com\/wp-content\/uploads\/2024\/03\/01-Anthony-Rojo-Photographe-spectacles-vivants-bordeaux-12-750x750.jpg 750w, https:\/\/anthonyrojo.com\/wp-content\/uploads\/2024\/03\/01-Anthony-Rojo-Photographe-spectacles-vivants-bordeaux-12-150x150.jpg 150w, https:\/\/anthonyrojo.com\/wp-content\/uploads\/2024\/03\/01-Anthony-Rojo-Photographe-spectacles-vivants-bordeaux-12-90x90.jpg 90w, https:\/\/anthonyrojo.com\/wp-content\/uploads\/2024\/03\/01-Anthony-Rojo-Photographe-spectacles-vivants-bordeaux-12-1300x1300.jpg 1300w\" data-sizes=\"(max-width: 750px) 100vw, 750px\" src=\"data:image\/svg+xml;base64,PHN2ZyB3aWR0aD0iMSIgaGVpZ2h0PSIxIiB4bWxucz0iaHR0cDovL3d3dy53My5vcmcvMjAwMC9zdmciPjwvc3ZnPg==\" style=\"--smush-placeholder-width: 750px; --smush-placeholder-aspect-ratio: 750\/750;\" \/><\/a>\n\t\t\t<\/dt><\/dl><br style=\"clear: both\" \/>\n\t\t<\/div>\n\t\t<\/div>\n\t\t\t\t\t\t<\/div>\n\t\t\t\t<\/div>\n\t\t\t\t<\/div>\n\t\t<div class=\"elementor-element elementor-element-a7dffaa e-con-full e-flex e-con e-child\" data-id=\"a7dffaa\" data-element_type=\"container\" data-e-type=\"container\" data-settings=\"{&quot;glcr_ext_is_sticky&quot;:&quot;false&quot;}\">\n\t\t\t\t<div class=\"elementor-element elementor-element-bee29c9 glcr-title-align-center glcr-title-orientation--horizontal elementor-widget elementor-widget-glcr_title\" data-id=\"bee29c9\" data-element_type=\"widget\" data-e-type=\"widget\" data-settings=\"{&quot;glcr_ext_is_infinite&quot;:&quot;false&quot;,&quot;glcr_ext_is_scrollme&quot;:&quot;false&quot;}\" data-widget_type=\"glcr_title.default\">\n\t\t\t\t<div class=\"elementor-widget-container\">\n\t\t\t\t\t<div class=\"glcr-title glcr-title-default glcr-scroll--load\"><h5 class=\"glcr-title-heading\">Expositions artistiques<\/h5><\/div>\t\t\t\t<\/div>\n\t\t\t\t<\/div>\n\t\t\t\t<div class=\"elementor-element elementor-element-807be93 gallery-spacing-custom elementor-widget elementor-widget-image-gallery\" data-id=\"807be93\" data-element_type=\"widget\" data-e-type=\"widget\" data-settings=\"{&quot;glcr_ext_is_infinite&quot;:&quot;false&quot;,&quot;glcr_ext_is_scrollme&quot;:&quot;false&quot;}\" data-widget_type=\"image-gallery.default\">\n\t\t\t\t<div class=\"elementor-widget-container\">\n\t\t\t\t\t\t\t<div class=\"elementor-image-gallery\">\n\t\t\t<div id='gallery-5' class='gallery galleryid-3629 gallery-columns-1 gallery-size-glcr_image_size_square'><dl class='gallery-item'>\n\t\t\t<dt class='gallery-icon landscape'>\n\t\t\t\t<a data-elementor-open-lightbox=\"yes\" data-elementor-lightbox-slideshow=\"807be93\" data-elementor-lightbox-title=\"Vernissage de l&#039;exposition \u00ab Qu\u2019allons-nous faire, Jorge ? \u00bfQu\u00e9 vamos a hacer, Jorge? \u00bb au Frac MECA Nouvelle-Aquitaine - Bordeaux\" data-e-action-hash=\"#elementor-action%3Aaction%3Dlightbox%26settings%3DeyJpZCI6NzE2NCwidXJsIjoiaHR0cHM6XC9cL2FudGhvbnlyb2pvLmNvbVwvd3AtY29udGVudFwvdXBsb2Fkc1wvMjAyNVwvMTFcLzEtQW50aG9ueS1Sb2pvLVBob3RvZ3JhcGhlLWV4cG9zaXRpb24tY3VsdHVyZS1ib3JkZWF1eC1GUkFDLU1FQ0EtTk9VVkVMTEUtc2NhbGVkLmpwZyIsInNsaWRlc2hvdyI6IjgwN2JlOTMifQ%3D%3D\" href='https:\/\/anthonyrojo.com\/wp-content\/uploads\/2025\/11\/1-Anthony-Rojo-Photographe-exposition-culture-bordeaux-FRAC-MECA-NOUVELLE-scaled.jpg'><img decoding=\"async\" width=\"750\" height=\"750\" data-src=\"https:\/\/anthonyrojo.com\/wp-content\/uploads\/2025\/11\/1-Anthony-Rojo-Photographe-exposition-culture-bordeaux-FRAC-MECA-NOUVELLE-750x750.jpg\" class=\"attachment-glcr_image_size_square size-glcr_image_size_square lazyload\" alt=\"\" data-srcset=\"https:\/\/anthonyrojo.com\/wp-content\/uploads\/2025\/11\/1-Anthony-Rojo-Photographe-exposition-culture-bordeaux-FRAC-MECA-NOUVELLE-750x750.jpg 750w, https:\/\/anthonyrojo.com\/wp-content\/uploads\/2025\/11\/1-Anthony-Rojo-Photographe-exposition-culture-bordeaux-FRAC-MECA-NOUVELLE-150x150.jpg 150w, https:\/\/anthonyrojo.com\/wp-content\/uploads\/2025\/11\/1-Anthony-Rojo-Photographe-exposition-culture-bordeaux-FRAC-MECA-NOUVELLE-90x90.jpg 90w, https:\/\/anthonyrojo.com\/wp-content\/uploads\/2025\/11\/1-Anthony-Rojo-Photographe-exposition-culture-bordeaux-FRAC-MECA-NOUVELLE-1300x1300.jpg 1300w\" data-sizes=\"(max-width: 750px) 100vw, 750px\" src=\"data:image\/svg+xml;base64,PHN2ZyB3aWR0aD0iMSIgaGVpZ2h0PSIxIiB4bWxucz0iaHR0cDovL3d3dy53My5vcmcvMjAwMC9zdmciPjwvc3ZnPg==\" style=\"--smush-placeholder-width: 750px; --smush-placeholder-aspect-ratio: 750\/750;\" \/><\/a>\n\t\t\t<\/dt><\/dl><br style=\"clear: both\" \/><dl class='gallery-item'>\n\t\t\t<dt class='gallery-icon landscape'>\n\t\t\t\t<a data-elementor-open-lightbox=\"yes\" data-elementor-lightbox-slideshow=\"807be93\" data-elementor-lightbox-title=\"Exposition LASCAUX \u00e0 Cap Sciences - Bordeaux\" data-e-action-hash=\"#elementor-action%3Aaction%3Dlightbox%26settings%3DeyJpZCI6NzE2NSwidXJsIjoiaHR0cHM6XC9cL2FudGhvbnlyb2pvLmNvbVwvd3AtY29udGVudFwvdXBsb2Fkc1wvMjAyNVwvMTFcLzEtQW50aG9ueS1Sb2pvLVBob3RvZ3JhcGhlLWV4cG9zaXRpb24tY3VsdHVyZS1ib3JkZWF1eC1MYXNjYXV4LUNhcC1TY2llbmNlcy1zY2FsZWQuanBnIiwic2xpZGVzaG93IjoiODA3YmU5MyJ9\" href='https:\/\/anthonyrojo.com\/wp-content\/uploads\/2025\/11\/1-Anthony-Rojo-Photographe-exposition-culture-bordeaux-Lascaux-Cap-Sciences-scaled.jpg'><img decoding=\"async\" width=\"750\" height=\"750\" data-src=\"https:\/\/anthonyrojo.com\/wp-content\/uploads\/2025\/11\/1-Anthony-Rojo-Photographe-exposition-culture-bordeaux-Lascaux-Cap-Sciences-750x750.jpg\" class=\"attachment-glcr_image_size_square size-glcr_image_size_square lazyload\" alt=\"\" data-srcset=\"https:\/\/anthonyrojo.com\/wp-content\/uploads\/2025\/11\/1-Anthony-Rojo-Photographe-exposition-culture-bordeaux-Lascaux-Cap-Sciences-750x750.jpg 750w, https:\/\/anthonyrojo.com\/wp-content\/uploads\/2025\/11\/1-Anthony-Rojo-Photographe-exposition-culture-bordeaux-Lascaux-Cap-Sciences-150x150.jpg 150w, https:\/\/anthonyrojo.com\/wp-content\/uploads\/2025\/11\/1-Anthony-Rojo-Photographe-exposition-culture-bordeaux-Lascaux-Cap-Sciences-90x90.jpg 90w, https:\/\/anthonyrojo.com\/wp-content\/uploads\/2025\/11\/1-Anthony-Rojo-Photographe-exposition-culture-bordeaux-Lascaux-Cap-Sciences-1300x1300.jpg 1300w\" data-sizes=\"(max-width: 750px) 100vw, 750px\" src=\"data:image\/svg+xml;base64,PHN2ZyB3aWR0aD0iMSIgaGVpZ2h0PSIxIiB4bWxucz0iaHR0cDovL3d3dy53My5vcmcvMjAwMC9zdmciPjwvc3ZnPg==\" style=\"--smush-placeholder-width: 750px; --smush-placeholder-aspect-ratio: 750\/750;\" \/><\/a>\n\t\t\t<\/dt><\/dl><br style=\"clear: both\" \/><dl class='gallery-item'>\n\t\t\t<dt class='gallery-icon landscape'>\n\t\t\t\t<a data-elementor-open-lightbox=\"yes\" data-elementor-lightbox-slideshow=\"807be93\" data-elementor-lightbox-title=\"Vernissage exposition &quot;Les visions silencieuses&quot; Val\u00e9rie Belin - Mus\u00e9e des Beaux-Arts de Bordeaux\" data-e-action-hash=\"#elementor-action%3Aaction%3Dlightbox%26settings%3DeyJpZCI6NjQ3NywidXJsIjoiaHR0cHM6XC9cL2FudGhvbnlyb2pvLmNvbVwvd3AtY29udGVudFwvdXBsb2Fkc1wvMjAyNFwvMDVcLzEtQW50aG9ueS1Sb2pvLVBob3RvZ3JhcGhlLWV2ZW5lbWVudHMtY3VsdHVyZWxsZXMtYm9yZGVhdXgtMTYtc2NhbGVkLmpwZyIsInNsaWRlc2hvdyI6IjgwN2JlOTMifQ%3D%3D\" href='https:\/\/anthonyrojo.com\/wp-content\/uploads\/2024\/05\/1-Anthony-Rojo-Photographe-evenements-culturelles-bordeaux-16-scaled.jpg'><img decoding=\"async\" width=\"750\" height=\"750\" data-src=\"https:\/\/anthonyrojo.com\/wp-content\/uploads\/2024\/05\/1-Anthony-Rojo-Photographe-evenements-culturelles-bordeaux-16-750x750.jpg\" class=\"attachment-glcr_image_size_square size-glcr_image_size_square lazyload\" alt=\"\" data-srcset=\"https:\/\/anthonyrojo.com\/wp-content\/uploads\/2024\/05\/1-Anthony-Rojo-Photographe-evenements-culturelles-bordeaux-16-750x750.jpg 750w, https:\/\/anthonyrojo.com\/wp-content\/uploads\/2024\/05\/1-Anthony-Rojo-Photographe-evenements-culturelles-bordeaux-16-150x150.jpg 150w, https:\/\/anthonyrojo.com\/wp-content\/uploads\/2024\/05\/1-Anthony-Rojo-Photographe-evenements-culturelles-bordeaux-16-90x90.jpg 90w, https:\/\/anthonyrojo.com\/wp-content\/uploads\/2024\/05\/1-Anthony-Rojo-Photographe-evenements-culturelles-bordeaux-16-1300x1300.jpg 1300w\" data-sizes=\"(max-width: 750px) 100vw, 750px\" src=\"data:image\/svg+xml;base64,PHN2ZyB3aWR0aD0iMSIgaGVpZ2h0PSIxIiB4bWxucz0iaHR0cDovL3d3dy53My5vcmcvMjAwMC9zdmciPjwvc3ZnPg==\" style=\"--smush-placeholder-width: 750px; --smush-placeholder-aspect-ratio: 750\/750;\" \/><\/a>\n\t\t\t<\/dt><\/dl><br style=\"clear: both\" \/><dl class='gallery-item'>\n\t\t\t<dt class='gallery-icon landscape'>\n\t\t\t\t<a data-elementor-open-lightbox=\"yes\" data-elementor-lightbox-slideshow=\"807be93\" data-elementor-lightbox-title=\"Exposition &quot;Les visions silencieuses&quot; Val\u00e9rie Belin - Mus\u00e9e des Beaux-Arts de Bordeaux\" data-e-action-hash=\"#elementor-action%3Aaction%3Dlightbox%26settings%3DeyJpZCI6NjQ3NiwidXJsIjoiaHR0cHM6XC9cL2FudGhvbnlyb2pvLmNvbVwvd3AtY29udGVudFwvdXBsb2Fkc1wvMjAyNFwvMDVcLzEtQW50aG9ueS1Sb2pvLVBob3RvZ3JhcGhlLWV2ZW5lbWVudHMtY3VsdHVyZWxsZXMtYm9yZGVhdXgtMTUtc2NhbGVkLmpwZyIsInNsaWRlc2hvdyI6IjgwN2JlOTMifQ%3D%3D\" href='https:\/\/anthonyrojo.com\/wp-content\/uploads\/2024\/05\/1-Anthony-Rojo-Photographe-evenements-culturelles-bordeaux-15-scaled.jpg'><img decoding=\"async\" width=\"750\" height=\"750\" data-src=\"https:\/\/anthonyrojo.com\/wp-content\/uploads\/2024\/05\/1-Anthony-Rojo-Photographe-evenements-culturelles-bordeaux-15-750x750.jpg\" class=\"attachment-glcr_image_size_square size-glcr_image_size_square lazyload\" alt=\"\" data-srcset=\"https:\/\/anthonyrojo.com\/wp-content\/uploads\/2024\/05\/1-Anthony-Rojo-Photographe-evenements-culturelles-bordeaux-15-750x750.jpg 750w, https:\/\/anthonyrojo.com\/wp-content\/uploads\/2024\/05\/1-Anthony-Rojo-Photographe-evenements-culturelles-bordeaux-15-150x150.jpg 150w, https:\/\/anthonyrojo.com\/wp-content\/uploads\/2024\/05\/1-Anthony-Rojo-Photographe-evenements-culturelles-bordeaux-15-90x90.jpg 90w, https:\/\/anthonyrojo.com\/wp-content\/uploads\/2024\/05\/1-Anthony-Rojo-Photographe-evenements-culturelles-bordeaux-15-1300x1300.jpg 1300w\" data-sizes=\"(max-width: 750px) 100vw, 750px\" src=\"data:image\/svg+xml;base64,PHN2ZyB3aWR0aD0iMSIgaGVpZ2h0PSIxIiB4bWxucz0iaHR0cDovL3d3dy53My5vcmcvMjAwMC9zdmciPjwvc3ZnPg==\" style=\"--smush-placeholder-width: 750px; --smush-placeholder-aspect-ratio: 750\/750;\" \/><\/a>\n\t\t\t<\/dt><\/dl><br style=\"clear: both\" \/><dl class='gallery-item'>\n\t\t\t<dt class='gallery-icon landscape'>\n\t\t\t\t<a data-elementor-open-lightbox=\"yes\" data-elementor-lightbox-slideshow=\"807be93\" data-elementor-lightbox-title=\"Exposition Georges Rousse, Base sous marine - Bordeaux\" data-e-action-hash=\"#elementor-action%3Aaction%3Dlightbox%26settings%3DeyJpZCI6MzY0MSwidXJsIjoiaHR0cHM6XC9cL2FudGhvbnlyb2pvLmNvbVwvd3AtY29udGVudFwvdXBsb2Fkc1wvMjAyNFwvMDNcLzEtQW50aG9ueS1Sb2pvLVBob3RvZ3JhcGhlLWV4cG9zaXRpb24tY3VsdHVyZS1ib3JkZWF1eC0xLXNjYWxlZC5qcGciLCJzbGlkZXNob3ciOiI4MDdiZTkzIn0%3D\" href='https:\/\/anthonyrojo.com\/wp-content\/uploads\/2024\/03\/1-Anthony-Rojo-Photographe-exposition-culture-bordeaux-1-scaled.jpg'><img decoding=\"async\" width=\"750\" height=\"750\" data-src=\"https:\/\/anthonyrojo.com\/wp-content\/uploads\/2024\/03\/1-Anthony-Rojo-Photographe-exposition-culture-bordeaux-1-750x750.jpg\" class=\"attachment-glcr_image_size_square size-glcr_image_size_square lazyload\" alt=\"\" data-srcset=\"https:\/\/anthonyrojo.com\/wp-content\/uploads\/2024\/03\/1-Anthony-Rojo-Photographe-exposition-culture-bordeaux-1-750x750.jpg 750w, https:\/\/anthonyrojo.com\/wp-content\/uploads\/2024\/03\/1-Anthony-Rojo-Photographe-exposition-culture-bordeaux-1-150x150.jpg 150w, https:\/\/anthonyrojo.com\/wp-content\/uploads\/2024\/03\/1-Anthony-Rojo-Photographe-exposition-culture-bordeaux-1-90x90.jpg 90w, https:\/\/anthonyrojo.com\/wp-content\/uploads\/2024\/03\/1-Anthony-Rojo-Photographe-exposition-culture-bordeaux-1-1300x1300.jpg 1300w\" data-sizes=\"(max-width: 750px) 100vw, 750px\" src=\"data:image\/svg+xml;base64,PHN2ZyB3aWR0aD0iMSIgaGVpZ2h0PSIxIiB4bWxucz0iaHR0cDovL3d3dy53My5vcmcvMjAwMC9zdmciPjwvc3ZnPg==\" style=\"--smush-placeholder-width: 750px; --smush-placeholder-aspect-ratio: 750\/750;\" \/><\/a>\n\t\t\t<\/dt><\/dl><br style=\"clear: both\" \/><dl class='gallery-item'>\n\t\t\t<dt class='gallery-icon landscape'>\n\t\t\t\t<a data-elementor-open-lightbox=\"yes\" data-elementor-lightbox-slideshow=\"807be93\" data-elementor-lightbox-title=\"Exposition Sous les mers par National Geographic au Mus\u00e9e Mer Marine - Bordeaux\" data-e-action-hash=\"#elementor-action%3Aaction%3Dlightbox%26settings%3DeyJpZCI6MzY0MiwidXJsIjoiaHR0cHM6XC9cL2FudGhvbnlyb2pvLmNvbVwvd3AtY29udGVudFwvdXBsb2Fkc1wvMjAyNFwvMDNcLzEtQW50aG9ueS1Sb2pvLVBob3RvZ3JhcGhlLWV4cG9zaXRpb24tY3VsdHVyZS1ib3JkZWF1eC0yLXNjYWxlZC5qcGciLCJzbGlkZXNob3ciOiI4MDdiZTkzIn0%3D\" href='https:\/\/anthonyrojo.com\/wp-content\/uploads\/2024\/03\/1-Anthony-Rojo-Photographe-exposition-culture-bordeaux-2-scaled.jpg'><img decoding=\"async\" width=\"750\" height=\"750\" data-src=\"https:\/\/anthonyrojo.com\/wp-content\/uploads\/2024\/03\/1-Anthony-Rojo-Photographe-exposition-culture-bordeaux-2-750x750.jpg\" class=\"attachment-glcr_image_size_square size-glcr_image_size_square lazyload\" alt=\"\" data-srcset=\"https:\/\/anthonyrojo.com\/wp-content\/uploads\/2024\/03\/1-Anthony-Rojo-Photographe-exposition-culture-bordeaux-2-750x750.jpg 750w, https:\/\/anthonyrojo.com\/wp-content\/uploads\/2024\/03\/1-Anthony-Rojo-Photographe-exposition-culture-bordeaux-2-150x150.jpg 150w, https:\/\/anthonyrojo.com\/wp-content\/uploads\/2024\/03\/1-Anthony-Rojo-Photographe-exposition-culture-bordeaux-2-90x90.jpg 90w, https:\/\/anthonyrojo.com\/wp-content\/uploads\/2024\/03\/1-Anthony-Rojo-Photographe-exposition-culture-bordeaux-2-1300x1300.jpg 1300w\" data-sizes=\"(max-width: 750px) 100vw, 750px\" src=\"data:image\/svg+xml;base64,PHN2ZyB3aWR0aD0iMSIgaGVpZ2h0PSIxIiB4bWxucz0iaHR0cDovL3d3dy53My5vcmcvMjAwMC9zdmciPjwvc3ZnPg==\" style=\"--smush-placeholder-width: 750px; --smush-placeholder-aspect-ratio: 750\/750;\" \/><\/a>\n\t\t\t<\/dt><\/dl><br style=\"clear: both\" \/><dl class='gallery-item'>\n\t\t\t<dt class='gallery-icon landscape'>\n\t\t\t\t<a data-elementor-open-lightbox=\"yes\" data-elementor-lightbox-slideshow=\"807be93\" data-elementor-lightbox-title=\"Exposition Keith Haring, the political line au Mus\u00e9e d&#039;Art Moderne de Paris - Paris\" data-e-action-hash=\"#elementor-action%3Aaction%3Dlightbox%26settings%3DeyJpZCI6MzY0MywidXJsIjoiaHR0cHM6XC9cL2FudGhvbnlyb2pvLmNvbVwvd3AtY29udGVudFwvdXBsb2Fkc1wvMjAyNFwvMDNcLzEtQW50aG9ueS1Sb2pvLVBob3RvZ3JhcGhlLWV4cG9zaXRpb24tY3VsdHVyZS1ib3JkZWF1eC0zLXNjYWxlZC5qcGciLCJzbGlkZXNob3ciOiI4MDdiZTkzIn0%3D\" href='https:\/\/anthonyrojo.com\/wp-content\/uploads\/2024\/03\/1-Anthony-Rojo-Photographe-exposition-culture-bordeaux-3-scaled.jpg'><img decoding=\"async\" width=\"750\" height=\"750\" data-src=\"https:\/\/anthonyrojo.com\/wp-content\/uploads\/2024\/03\/1-Anthony-Rojo-Photographe-exposition-culture-bordeaux-3-750x750.jpg\" class=\"attachment-glcr_image_size_square size-glcr_image_size_square lazyload\" alt=\"\" data-srcset=\"https:\/\/anthonyrojo.com\/wp-content\/uploads\/2024\/03\/1-Anthony-Rojo-Photographe-exposition-culture-bordeaux-3-750x750.jpg 750w, https:\/\/anthonyrojo.com\/wp-content\/uploads\/2024\/03\/1-Anthony-Rojo-Photographe-exposition-culture-bordeaux-3-150x150.jpg 150w, https:\/\/anthonyrojo.com\/wp-content\/uploads\/2024\/03\/1-Anthony-Rojo-Photographe-exposition-culture-bordeaux-3-90x90.jpg 90w, https:\/\/anthonyrojo.com\/wp-content\/uploads\/2024\/03\/1-Anthony-Rojo-Photographe-exposition-culture-bordeaux-3-1300x1300.jpg 1300w\" data-sizes=\"(max-width: 750px) 100vw, 750px\" src=\"data:image\/svg+xml;base64,PHN2ZyB3aWR0aD0iMSIgaGVpZ2h0PSIxIiB4bWxucz0iaHR0cDovL3d3dy53My5vcmcvMjAwMC9zdmciPjwvc3ZnPg==\" style=\"--smush-placeholder-width: 750px; --smush-placeholder-aspect-ratio: 750\/750;\" \/><\/a>\n\t\t\t<\/dt><\/dl><br style=\"clear: both\" \/><dl class='gallery-item'>\n\t\t\t<dt class='gallery-icon landscape'>\n\t\t\t\t<a data-elementor-open-lightbox=\"yes\" data-elementor-lightbox-slideshow=\"807be93\" data-elementor-lightbox-title=\"Expostion T-Rex, secrets de famille d&#039;un dinosaure \u00e0 Cap Science - Bordeaux\" data-e-action-hash=\"#elementor-action%3Aaction%3Dlightbox%26settings%3DeyJpZCI6MzY0NCwidXJsIjoiaHR0cHM6XC9cL2FudGhvbnlyb2pvLmNvbVwvd3AtY29udGVudFwvdXBsb2Fkc1wvMjAyNFwvMDNcLzEtQW50aG9ueS1Sb2pvLVBob3RvZ3JhcGhlLWV4cG9zaXRpb24tY3VsdHVyZS1ib3JkZWF1eC00LXNjYWxlZC5qcGciLCJzbGlkZXNob3ciOiI4MDdiZTkzIn0%3D\" href='https:\/\/anthonyrojo.com\/wp-content\/uploads\/2024\/03\/1-Anthony-Rojo-Photographe-exposition-culture-bordeaux-4-scaled.jpg'><img decoding=\"async\" width=\"750\" height=\"750\" data-src=\"https:\/\/anthonyrojo.com\/wp-content\/uploads\/2024\/03\/1-Anthony-Rojo-Photographe-exposition-culture-bordeaux-4-750x750.jpg\" class=\"attachment-glcr_image_size_square size-glcr_image_size_square lazyload\" alt=\"\" data-srcset=\"https:\/\/anthonyrojo.com\/wp-content\/uploads\/2024\/03\/1-Anthony-Rojo-Photographe-exposition-culture-bordeaux-4-750x750.jpg 750w, https:\/\/anthonyrojo.com\/wp-content\/uploads\/2024\/03\/1-Anthony-Rojo-Photographe-exposition-culture-bordeaux-4-150x150.jpg 150w, https:\/\/anthonyrojo.com\/wp-content\/uploads\/2024\/03\/1-Anthony-Rojo-Photographe-exposition-culture-bordeaux-4-90x90.jpg 90w, https:\/\/anthonyrojo.com\/wp-content\/uploads\/2024\/03\/1-Anthony-Rojo-Photographe-exposition-culture-bordeaux-4-1300x1300.jpg 1300w\" data-sizes=\"(max-width: 750px) 100vw, 750px\" src=\"data:image\/svg+xml;base64,PHN2ZyB3aWR0aD0iMSIgaGVpZ2h0PSIxIiB4bWxucz0iaHR0cDovL3d3dy53My5vcmcvMjAwMC9zdmciPjwvc3ZnPg==\" style=\"--smush-placeholder-width: 750px; --smush-placeholder-aspect-ratio: 750\/750;\" \/><\/a>\n\t\t\t<\/dt><\/dl><br style=\"clear: both\" \/><dl class='gallery-item'>\n\t\t\t<dt class='gallery-icon landscape'>\n\t\t\t\t<a data-elementor-open-lightbox=\"yes\" data-elementor-lightbox-slideshow=\"807be93\" data-elementor-lightbox-title=\"Exposition d&#039;automne \u00e0 l&#039;Institut culturel Bernard Magrez - Bordeaux\" data-e-action-hash=\"#elementor-action%3Aaction%3Dlightbox%26settings%3DeyJpZCI6MzY0NSwidXJsIjoiaHR0cHM6XC9cL2FudGhvbnlyb2pvLmNvbVwvd3AtY29udGVudFwvdXBsb2Fkc1wvMjAyNFwvMDNcLzEtQW50aG9ueS1Sb2pvLVBob3RvZ3JhcGhlLWV4cG9zaXRpb24tY3VsdHVyZS1ib3JkZWF1eC01LXNjYWxlZC5qcGciLCJzbGlkZXNob3ciOiI4MDdiZTkzIn0%3D\" href='https:\/\/anthonyrojo.com\/wp-content\/uploads\/2024\/03\/1-Anthony-Rojo-Photographe-exposition-culture-bordeaux-5-scaled.jpg'><img decoding=\"async\" width=\"750\" height=\"750\" data-src=\"https:\/\/anthonyrojo.com\/wp-content\/uploads\/2024\/03\/1-Anthony-Rojo-Photographe-exposition-culture-bordeaux-5-750x750.jpg\" class=\"attachment-glcr_image_size_square size-glcr_image_size_square lazyload\" alt=\"\" data-srcset=\"https:\/\/anthonyrojo.com\/wp-content\/uploads\/2024\/03\/1-Anthony-Rojo-Photographe-exposition-culture-bordeaux-5-750x750.jpg 750w, https:\/\/anthonyrojo.com\/wp-content\/uploads\/2024\/03\/1-Anthony-Rojo-Photographe-exposition-culture-bordeaux-5-150x150.jpg 150w, https:\/\/anthonyrojo.com\/wp-content\/uploads\/2024\/03\/1-Anthony-Rojo-Photographe-exposition-culture-bordeaux-5-90x90.jpg 90w, https:\/\/anthonyrojo.com\/wp-content\/uploads\/2024\/03\/1-Anthony-Rojo-Photographe-exposition-culture-bordeaux-5-1300x1300.jpg 1300w\" data-sizes=\"(max-width: 750px) 100vw, 750px\" src=\"data:image\/svg+xml;base64,PHN2ZyB3aWR0aD0iMSIgaGVpZ2h0PSIxIiB4bWxucz0iaHR0cDovL3d3dy53My5vcmcvMjAwMC9zdmciPjwvc3ZnPg==\" style=\"--smush-placeholder-width: 750px; --smush-placeholder-aspect-ratio: 750\/750;\" \/><\/a>\n\t\t\t<\/dt><\/dl><br style=\"clear: both\" \/><dl class='gallery-item'>\n\t\t\t<dt class='gallery-icon landscape'>\n\t\t\t\t<a data-elementor-open-lightbox=\"yes\" data-elementor-lightbox-slideshow=\"807be93\" data-elementor-lightbox-title=\"Exposition R\u00eaves de Venise \u00e0 l&#039;Institut culturel Bernard Magrez - Bordeaux\" data-e-action-hash=\"#elementor-action%3Aaction%3Dlightbox%26settings%3DeyJpZCI6MzY0NiwidXJsIjoiaHR0cHM6XC9cL2FudGhvbnlyb2pvLmNvbVwvd3AtY29udGVudFwvdXBsb2Fkc1wvMjAyNFwvMDNcLzEtQW50aG9ueS1Sb2pvLVBob3RvZ3JhcGhlLWV4cG9zaXRpb24tY3VsdHVyZS1ib3JkZWF1eC02LXNjYWxlZC5qcGciLCJzbGlkZXNob3ciOiI4MDdiZTkzIn0%3D\" href='https:\/\/anthonyrojo.com\/wp-content\/uploads\/2024\/03\/1-Anthony-Rojo-Photographe-exposition-culture-bordeaux-6-scaled.jpg'><img decoding=\"async\" width=\"750\" height=\"750\" data-src=\"https:\/\/anthonyrojo.com\/wp-content\/uploads\/2024\/03\/1-Anthony-Rojo-Photographe-exposition-culture-bordeaux-6-750x750.jpg\" class=\"attachment-glcr_image_size_square size-glcr_image_size_square lazyload\" alt=\"\" data-srcset=\"https:\/\/anthonyrojo.com\/wp-content\/uploads\/2024\/03\/1-Anthony-Rojo-Photographe-exposition-culture-bordeaux-6-750x750.jpg 750w, https:\/\/anthonyrojo.com\/wp-content\/uploads\/2024\/03\/1-Anthony-Rojo-Photographe-exposition-culture-bordeaux-6-150x150.jpg 150w, https:\/\/anthonyrojo.com\/wp-content\/uploads\/2024\/03\/1-Anthony-Rojo-Photographe-exposition-culture-bordeaux-6-90x90.jpg 90w, https:\/\/anthonyrojo.com\/wp-content\/uploads\/2024\/03\/1-Anthony-Rojo-Photographe-exposition-culture-bordeaux-6-1300x1300.jpg 1300w\" data-sizes=\"(max-width: 750px) 100vw, 750px\" src=\"data:image\/svg+xml;base64,PHN2ZyB3aWR0aD0iMSIgaGVpZ2h0PSIxIiB4bWxucz0iaHR0cDovL3d3dy53My5vcmcvMjAwMC9zdmciPjwvc3ZnPg==\" style=\"--smush-placeholder-width: 750px; --smush-placeholder-aspect-ratio: 750\/750;\" \/><\/a>\n\t\t\t<\/dt><\/dl><br style=\"clear: both\" \/><dl class='gallery-item'>\n\t\t\t<dt class='gallery-icon landscape'>\n\t\t\t\t<a data-elementor-open-lightbox=\"yes\" data-elementor-lightbox-slideshow=\"807be93\" data-elementor-lightbox-title=\"Exposition Expressions urbaines \u00e0 l&#039;Institut culturel Bernard Magrez - Bordeaux\" data-e-action-hash=\"#elementor-action%3Aaction%3Dlightbox%26settings%3DeyJpZCI6MzY0NywidXJsIjoiaHR0cHM6XC9cL2FudGhvbnlyb2pvLmNvbVwvd3AtY29udGVudFwvdXBsb2Fkc1wvMjAyNFwvMDNcLzEtQW50aG9ueS1Sb2pvLVBob3RvZ3JhcGhlLWV4cG9zaXRpb24tY3VsdHVyZS1ib3JkZWF1eC03LXNjYWxlZC5qcGciLCJzbGlkZXNob3ciOiI4MDdiZTkzIn0%3D\" href='https:\/\/anthonyrojo.com\/wp-content\/uploads\/2024\/03\/1-Anthony-Rojo-Photographe-exposition-culture-bordeaux-7-scaled.jpg'><img decoding=\"async\" width=\"750\" height=\"750\" data-src=\"https:\/\/anthonyrojo.com\/wp-content\/uploads\/2024\/03\/1-Anthony-Rojo-Photographe-exposition-culture-bordeaux-7-750x750.jpg\" class=\"attachment-glcr_image_size_square size-glcr_image_size_square lazyload\" alt=\"\" data-srcset=\"https:\/\/anthonyrojo.com\/wp-content\/uploads\/2024\/03\/1-Anthony-Rojo-Photographe-exposition-culture-bordeaux-7-750x750.jpg 750w, https:\/\/anthonyrojo.com\/wp-content\/uploads\/2024\/03\/1-Anthony-Rojo-Photographe-exposition-culture-bordeaux-7-150x150.jpg 150w, https:\/\/anthonyrojo.com\/wp-content\/uploads\/2024\/03\/1-Anthony-Rojo-Photographe-exposition-culture-bordeaux-7-90x90.jpg 90w, https:\/\/anthonyrojo.com\/wp-content\/uploads\/2024\/03\/1-Anthony-Rojo-Photographe-exposition-culture-bordeaux-7-1300x1300.jpg 1300w\" data-sizes=\"(max-width: 750px) 100vw, 750px\" src=\"data:image\/svg+xml;base64,PHN2ZyB3aWR0aD0iMSIgaGVpZ2h0PSIxIiB4bWxucz0iaHR0cDovL3d3dy53My5vcmcvMjAwMC9zdmciPjwvc3ZnPg==\" style=\"--smush-placeholder-width: 750px; --smush-placeholder-aspect-ratio: 750\/750;\" \/><\/a>\n\t\t\t<\/dt><\/dl><br style=\"clear: both\" \/><dl class='gallery-item'>\n\t\t\t<dt class='gallery-icon landscape'>\n\t\t\t\t<a data-elementor-open-lightbox=\"yes\" data-elementor-lightbox-slideshow=\"807be93\" data-elementor-lightbox-title=\"Exposition Oh couleurs ! au Mus\u00e9e des arts d\u00e9coratifs de Bordeaux - Bordeaux\" data-e-action-hash=\"#elementor-action%3Aaction%3Dlightbox%26settings%3DeyJpZCI6MzgxMCwidXJsIjoiaHR0cHM6XC9cL2FudGhvbnlyb2pvLmNvbVwvd3AtY29udGVudFwvdXBsb2Fkc1wvMjAyNFwvMDNcL0FudGhvbnktUm9qby1QaG90b2dyYXBoZS1zcGVjdGFjbGVzLXZpdmFudHMtYm9yZGVhdXgtTVVTRUUtQVJULURFQ08tc2NhbGVkLmpwZyIsInNsaWRlc2hvdyI6IjgwN2JlOTMifQ%3D%3D\" href='https:\/\/anthonyrojo.com\/wp-content\/uploads\/2024\/03\/Anthony-Rojo-Photographe-spectacles-vivants-bordeaux-MUSEE-ART-DECO-scaled.jpg'><img decoding=\"async\" width=\"750\" height=\"750\" data-src=\"https:\/\/anthonyrojo.com\/wp-content\/uploads\/2024\/03\/Anthony-Rojo-Photographe-spectacles-vivants-bordeaux-MUSEE-ART-DECO-750x750.jpg\" class=\"attachment-glcr_image_size_square size-glcr_image_size_square lazyload\" alt=\"\" data-srcset=\"https:\/\/anthonyrojo.com\/wp-content\/uploads\/2024\/03\/Anthony-Rojo-Photographe-spectacles-vivants-bordeaux-MUSEE-ART-DECO-750x750.jpg 750w, https:\/\/anthonyrojo.com\/wp-content\/uploads\/2024\/03\/Anthony-Rojo-Photographe-spectacles-vivants-bordeaux-MUSEE-ART-DECO-150x150.jpg 150w, https:\/\/anthonyrojo.com\/wp-content\/uploads\/2024\/03\/Anthony-Rojo-Photographe-spectacles-vivants-bordeaux-MUSEE-ART-DECO-90x90.jpg 90w, https:\/\/anthonyrojo.com\/wp-content\/uploads\/2024\/03\/Anthony-Rojo-Photographe-spectacles-vivants-bordeaux-MUSEE-ART-DECO-1300x1300.jpg 1300w\" data-sizes=\"(max-width: 750px) 100vw, 750px\" src=\"data:image\/svg+xml;base64,PHN2ZyB3aWR0aD0iMSIgaGVpZ2h0PSIxIiB4bWxucz0iaHR0cDovL3d3dy53My5vcmcvMjAwMC9zdmciPjwvc3ZnPg==\" style=\"--smush-placeholder-width: 750px; --smush-placeholder-aspect-ratio: 750\/750;\" \/><\/a>\n\t\t\t<\/dt><\/dl><br style=\"clear: both\" \/><dl class='gallery-item'>\n\t\t\t<dt class='gallery-icon landscape'>\n\t\t\t\t<a data-elementor-open-lightbox=\"yes\" data-elementor-lightbox-slideshow=\"807be93\" data-elementor-lightbox-title=\"Exposition de Xu Zhen &quot;European Thousand-Arms Classical Sculpture - Nantes\" data-e-action-hash=\"#elementor-action%3Aaction%3Dlightbox%26settings%3DeyJpZCI6MzY0OCwidXJsIjoiaHR0cHM6XC9cL2FudGhvbnlyb2pvLmNvbVwvd3AtY29udGVudFwvdXBsb2Fkc1wvMjAyNFwvMDNcLzEtQW50aG9ueS1Sb2pvLVBob3RvZ3JhcGhlLWV4cG9zaXRpb24tY3VsdHVyZS1ib3JkZWF1eC04LXNjYWxlZC5qcGciLCJzbGlkZXNob3ciOiI4MDdiZTkzIn0%3D\" href='https:\/\/anthonyrojo.com\/wp-content\/uploads\/2024\/03\/1-Anthony-Rojo-Photographe-exposition-culture-bordeaux-8-scaled.jpg'><img decoding=\"async\" width=\"750\" height=\"750\" data-src=\"https:\/\/anthonyrojo.com\/wp-content\/uploads\/2024\/03\/1-Anthony-Rojo-Photographe-exposition-culture-bordeaux-8-750x750.jpg\" class=\"attachment-glcr_image_size_square size-glcr_image_size_square lazyload\" alt=\"\" data-srcset=\"https:\/\/anthonyrojo.com\/wp-content\/uploads\/2024\/03\/1-Anthony-Rojo-Photographe-exposition-culture-bordeaux-8-750x750.jpg 750w, https:\/\/anthonyrojo.com\/wp-content\/uploads\/2024\/03\/1-Anthony-Rojo-Photographe-exposition-culture-bordeaux-8-150x150.jpg 150w, https:\/\/anthonyrojo.com\/wp-content\/uploads\/2024\/03\/1-Anthony-Rojo-Photographe-exposition-culture-bordeaux-8-90x90.jpg 90w, https:\/\/anthonyrojo.com\/wp-content\/uploads\/2024\/03\/1-Anthony-Rojo-Photographe-exposition-culture-bordeaux-8-1300x1300.jpg 1300w\" data-sizes=\"(max-width: 750px) 100vw, 750px\" src=\"data:image\/svg+xml;base64,PHN2ZyB3aWR0aD0iMSIgaGVpZ2h0PSIxIiB4bWxucz0iaHR0cDovL3d3dy53My5vcmcvMjAwMC9zdmciPjwvc3ZnPg==\" style=\"--smush-placeholder-width: 750px; --smush-placeholder-aspect-ratio: 750\/750;\" \/><\/a>\n\t\t\t<\/dt><\/dl><br style=\"clear: both\" \/><dl class='gallery-item'>\n\t\t\t<dt class='gallery-icon landscape'>\n\t\t\t\t<a data-elementor-open-lightbox=\"yes\" data-elementor-lightbox-slideshow=\"807be93\" data-elementor-lightbox-title=\"Exposition de Philippe Ramette &quot;Eloge du d\u00e9placement&quot; - Nantes\" data-e-action-hash=\"#elementor-action%3Aaction%3Dlightbox%26settings%3DeyJpZCI6MzY0OSwidXJsIjoiaHR0cHM6XC9cL2FudGhvbnlyb2pvLmNvbVwvd3AtY29udGVudFwvdXBsb2Fkc1wvMjAyNFwvMDNcLzEtQW50aG9ueS1Sb2pvLVBob3RvZ3JhcGhlLWV4cG9zaXRpb24tY3VsdHVyZS1ib3JkZWF1eC05LXNjYWxlZC5qcGciLCJzbGlkZXNob3ciOiI4MDdiZTkzIn0%3D\" href='https:\/\/anthonyrojo.com\/wp-content\/uploads\/2024\/03\/1-Anthony-Rojo-Photographe-exposition-culture-bordeaux-9-scaled.jpg'><img decoding=\"async\" width=\"750\" height=\"750\" data-src=\"https:\/\/anthonyrojo.com\/wp-content\/uploads\/2024\/03\/1-Anthony-Rojo-Photographe-exposition-culture-bordeaux-9-750x750.jpg\" class=\"attachment-glcr_image_size_square size-glcr_image_size_square lazyload\" alt=\"\" data-srcset=\"https:\/\/anthonyrojo.com\/wp-content\/uploads\/2024\/03\/1-Anthony-Rojo-Photographe-exposition-culture-bordeaux-9-750x750.jpg 750w, https:\/\/anthonyrojo.com\/wp-content\/uploads\/2024\/03\/1-Anthony-Rojo-Photographe-exposition-culture-bordeaux-9-150x150.jpg 150w, https:\/\/anthonyrojo.com\/wp-content\/uploads\/2024\/03\/1-Anthony-Rojo-Photographe-exposition-culture-bordeaux-9-90x90.jpg 90w, https:\/\/anthonyrojo.com\/wp-content\/uploads\/2024\/03\/1-Anthony-Rojo-Photographe-exposition-culture-bordeaux-9-1300x1300.jpg 1300w\" data-sizes=\"(max-width: 750px) 100vw, 750px\" src=\"data:image\/svg+xml;base64,PHN2ZyB3aWR0aD0iMSIgaGVpZ2h0PSIxIiB4bWxucz0iaHR0cDovL3d3dy53My5vcmcvMjAwMC9zdmciPjwvc3ZnPg==\" style=\"--smush-placeholder-width: 750px; --smush-placeholder-aspect-ratio: 750\/750;\" \/><\/a>\n\t\t\t<\/dt><\/dl><br style=\"clear: both\" \/><dl class='gallery-item'>\n\t\t\t<dt class='gallery-icon landscape'>\n\t\t\t\t<a data-elementor-open-lightbox=\"yes\" data-elementor-lightbox-slideshow=\"807be93\" data-elementor-lightbox-title=\"Exposition permanente au Mus\u00e9e d&#039;Aquitaine - Bordeaux\" data-e-action-hash=\"#elementor-action%3Aaction%3Dlightbox%26settings%3DeyJpZCI6MzY1MCwidXJsIjoiaHR0cHM6XC9cL2FudGhvbnlyb2pvLmNvbVwvd3AtY29udGVudFwvdXBsb2Fkc1wvMjAyNFwvMDNcLzEtQW50aG9ueS1Sb2pvLVBob3RvZ3JhcGhlLWV4cG9zaXRpb24tY3VsdHVyZS1ib3JkZWF1eC0xMC1zY2FsZWQuanBnIiwic2xpZGVzaG93IjoiODA3YmU5MyJ9\" href='https:\/\/anthonyrojo.com\/wp-content\/uploads\/2024\/03\/1-Anthony-Rojo-Photographe-exposition-culture-bordeaux-10-scaled.jpg'><img decoding=\"async\" width=\"750\" height=\"750\" data-src=\"https:\/\/anthonyrojo.com\/wp-content\/uploads\/2024\/03\/1-Anthony-Rojo-Photographe-exposition-culture-bordeaux-10-750x750.jpg\" class=\"attachment-glcr_image_size_square size-glcr_image_size_square lazyload\" alt=\"\" data-srcset=\"https:\/\/anthonyrojo.com\/wp-content\/uploads\/2024\/03\/1-Anthony-Rojo-Photographe-exposition-culture-bordeaux-10-750x750.jpg 750w, https:\/\/anthonyrojo.com\/wp-content\/uploads\/2024\/03\/1-Anthony-Rojo-Photographe-exposition-culture-bordeaux-10-150x150.jpg 150w, https:\/\/anthonyrojo.com\/wp-content\/uploads\/2024\/03\/1-Anthony-Rojo-Photographe-exposition-culture-bordeaux-10-90x90.jpg 90w, https:\/\/anthonyrojo.com\/wp-content\/uploads\/2024\/03\/1-Anthony-Rojo-Photographe-exposition-culture-bordeaux-10-1300x1300.jpg 1300w\" data-sizes=\"(max-width: 750px) 100vw, 750px\" src=\"data:image\/svg+xml;base64,PHN2ZyB3aWR0aD0iMSIgaGVpZ2h0PSIxIiB4bWxucz0iaHR0cDovL3d3dy53My5vcmcvMjAwMC9zdmciPjwvc3ZnPg==\" style=\"--smush-placeholder-width: 750px; --smush-placeholder-aspect-ratio: 750\/750;\" \/><\/a>\n\t\t\t<\/dt><\/dl><br style=\"clear: both\" \/><dl class='gallery-item'>\n\t\t\t<dt class='gallery-icon landscape'>\n\t\t\t\t<a data-elementor-open-lightbox=\"yes\" data-elementor-lightbox-slideshow=\"807be93\" data-elementor-lightbox-title=\"Anniversaire du Capc Mus\u00e9e d&#039;art contemporain - Bordeaux\" data-e-action-hash=\"#elementor-action%3Aaction%3Dlightbox%26settings%3DeyJpZCI6MzY1MSwidXJsIjoiaHR0cHM6XC9cL2FudGhvbnlyb2pvLmNvbVwvd3AtY29udGVudFwvdXBsb2Fkc1wvMjAyNFwvMDNcLzEtQW50aG9ueS1Sb2pvLVBob3RvZ3JhcGhlLWV4cG9zaXRpb24tY3VsdHVyZS1ib3JkZWF1eC0xMS1zY2FsZWQuanBnIiwic2xpZGVzaG93IjoiODA3YmU5MyJ9\" href='https:\/\/anthonyrojo.com\/wp-content\/uploads\/2024\/03\/1-Anthony-Rojo-Photographe-exposition-culture-bordeaux-11-scaled.jpg'><img decoding=\"async\" width=\"750\" height=\"750\" data-src=\"https:\/\/anthonyrojo.com\/wp-content\/uploads\/2024\/03\/1-Anthony-Rojo-Photographe-exposition-culture-bordeaux-11-750x750.jpg\" class=\"attachment-glcr_image_size_square size-glcr_image_size_square lazyload\" alt=\"\" data-srcset=\"https:\/\/anthonyrojo.com\/wp-content\/uploads\/2024\/03\/1-Anthony-Rojo-Photographe-exposition-culture-bordeaux-11-750x750.jpg 750w, https:\/\/anthonyrojo.com\/wp-content\/uploads\/2024\/03\/1-Anthony-Rojo-Photographe-exposition-culture-bordeaux-11-150x150.jpg 150w, https:\/\/anthonyrojo.com\/wp-content\/uploads\/2024\/03\/1-Anthony-Rojo-Photographe-exposition-culture-bordeaux-11-90x90.jpg 90w, https:\/\/anthonyrojo.com\/wp-content\/uploads\/2024\/03\/1-Anthony-Rojo-Photographe-exposition-culture-bordeaux-11-1300x1300.jpg 1300w\" data-sizes=\"(max-width: 750px) 100vw, 750px\" src=\"data:image\/svg+xml;base64,PHN2ZyB3aWR0aD0iMSIgaGVpZ2h0PSIxIiB4bWxucz0iaHR0cDovL3d3dy53My5vcmcvMjAwMC9zdmciPjwvc3ZnPg==\" style=\"--smush-placeholder-width: 750px; --smush-placeholder-aspect-ratio: 750\/750;\" \/><\/a>\n\t\t\t<\/dt><\/dl><br style=\"clear: both\" \/><dl class='gallery-item'>\n\t\t\t<dt class='gallery-icon landscape'>\n\t\t\t\t<a data-elementor-open-lightbox=\"yes\" data-elementor-lightbox-slideshow=\"807be93\" data-elementor-lightbox-title=\"Exposition sur le commerce triangulaire, Mus\u00e9e d&#039;Aquitaine - Bordeaux\" data-e-action-hash=\"#elementor-action%3Aaction%3Dlightbox%26settings%3DeyJpZCI6MzY1MiwidXJsIjoiaHR0cHM6XC9cL2FudGhvbnlyb2pvLmNvbVwvd3AtY29udGVudFwvdXBsb2Fkc1wvMjAyNFwvMDNcLzEtQW50aG9ueS1Sb2pvLVBob3RvZ3JhcGhlLWV4cG9zaXRpb24tY3VsdHVyZS1ib3JkZWF1eC0xMi1zY2FsZWQuanBnIiwic2xpZGVzaG93IjoiODA3YmU5MyJ9\" href='https:\/\/anthonyrojo.com\/wp-content\/uploads\/2024\/03\/1-Anthony-Rojo-Photographe-exposition-culture-bordeaux-12-scaled.jpg'><img decoding=\"async\" width=\"750\" height=\"750\" data-src=\"https:\/\/anthonyrojo.com\/wp-content\/uploads\/2024\/03\/1-Anthony-Rojo-Photographe-exposition-culture-bordeaux-12-750x750.jpg\" class=\"attachment-glcr_image_size_square size-glcr_image_size_square lazyload\" alt=\"\" data-srcset=\"https:\/\/anthonyrojo.com\/wp-content\/uploads\/2024\/03\/1-Anthony-Rojo-Photographe-exposition-culture-bordeaux-12-750x750.jpg 750w, https:\/\/anthonyrojo.com\/wp-content\/uploads\/2024\/03\/1-Anthony-Rojo-Photographe-exposition-culture-bordeaux-12-150x150.jpg 150w, https:\/\/anthonyrojo.com\/wp-content\/uploads\/2024\/03\/1-Anthony-Rojo-Photographe-exposition-culture-bordeaux-12-90x90.jpg 90w, https:\/\/anthonyrojo.com\/wp-content\/uploads\/2024\/03\/1-Anthony-Rojo-Photographe-exposition-culture-bordeaux-12-1300x1300.jpg 1300w\" data-sizes=\"(max-width: 750px) 100vw, 750px\" src=\"data:image\/svg+xml;base64,PHN2ZyB3aWR0aD0iMSIgaGVpZ2h0PSIxIiB4bWxucz0iaHR0cDovL3d3dy53My5vcmcvMjAwMC9zdmciPjwvc3ZnPg==\" style=\"--smush-placeholder-width: 750px; --smush-placeholder-aspect-ratio: 750\/750;\" \/><\/a>\n\t\t\t<\/dt><\/dl><br style=\"clear: both\" \/><dl class='gallery-item'>\n\t\t\t<dt class='gallery-icon landscape'>\n\t\t\t\t<a data-elementor-open-lightbox=\"yes\" data-elementor-lightbox-slideshow=\"807be93\" data-elementor-lightbox-title=\"Exposition sur le commerce triangulaire, Mus\u00e9e d&#039;Aquitaine - Bordeaux\" data-e-action-hash=\"#elementor-action%3Aaction%3Dlightbox%26settings%3DeyJpZCI6MzY1MywidXJsIjoiaHR0cHM6XC9cL2FudGhvbnlyb2pvLmNvbVwvd3AtY29udGVudFwvdXBsb2Fkc1wvMjAyNFwvMDNcLzEtQW50aG9ueS1Sb2pvLVBob3RvZ3JhcGhlLWV4cG9zaXRpb24tY3VsdHVyZS1ib3JkZWF1eC0xMy1zY2FsZWQuanBnIiwic2xpZGVzaG93IjoiODA3YmU5MyJ9\" href='https:\/\/anthonyrojo.com\/wp-content\/uploads\/2024\/03\/1-Anthony-Rojo-Photographe-exposition-culture-bordeaux-13-scaled.jpg'><img decoding=\"async\" width=\"750\" height=\"750\" data-src=\"https:\/\/anthonyrojo.com\/wp-content\/uploads\/2024\/03\/1-Anthony-Rojo-Photographe-exposition-culture-bordeaux-13-750x750.jpg\" class=\"attachment-glcr_image_size_square size-glcr_image_size_square lazyload\" alt=\"\" data-srcset=\"https:\/\/anthonyrojo.com\/wp-content\/uploads\/2024\/03\/1-Anthony-Rojo-Photographe-exposition-culture-bordeaux-13-750x750.jpg 750w, https:\/\/anthonyrojo.com\/wp-content\/uploads\/2024\/03\/1-Anthony-Rojo-Photographe-exposition-culture-bordeaux-13-150x150.jpg 150w, https:\/\/anthonyrojo.com\/wp-content\/uploads\/2024\/03\/1-Anthony-Rojo-Photographe-exposition-culture-bordeaux-13-90x90.jpg 90w, https:\/\/anthonyrojo.com\/wp-content\/uploads\/2024\/03\/1-Anthony-Rojo-Photographe-exposition-culture-bordeaux-13-1300x1300.jpg 1300w\" data-sizes=\"(max-width: 750px) 100vw, 750px\" src=\"data:image\/svg+xml;base64,PHN2ZyB3aWR0aD0iMSIgaGVpZ2h0PSIxIiB4bWxucz0iaHR0cDovL3d3dy53My5vcmcvMjAwMC9zdmciPjwvc3ZnPg==\" style=\"--smush-placeholder-width: 750px; --smush-placeholder-aspect-ratio: 750\/750;\" \/><\/a>\n\t\t\t<\/dt><\/dl><br style=\"clear: both\" \/>\n\t\t<\/div>\n\t\t<\/div>\n\t\t\t\t\t\t<\/div>\n\t\t\t\t<\/div>\n\t\t\t\t<\/div>\n\t\t<div class=\"elementor-element elementor-element-b8aad4e e-con-full e-flex e-con e-child\" data-id=\"b8aad4e\" data-element_type=\"container\" data-e-type=\"container\" data-settings=\"{&quot;glcr_ext_is_sticky&quot;:&quot;false&quot;}\">\n\t\t\t\t<div class=\"elementor-element elementor-element-ddec9c5 glcr-title-align-center glcr-title-orientation--horizontal elementor-widget elementor-widget-glcr_title\" data-id=\"ddec9c5\" data-element_type=\"widget\" data-e-type=\"widget\" data-settings=\"{&quot;glcr_ext_is_infinite&quot;:&quot;false&quot;,&quot;glcr_ext_is_scrollme&quot;:&quot;false&quot;}\" data-widget_type=\"glcr_title.default\">\n\t\t\t\t<div class=\"elementor-widget-container\">\n\t\t\t\t\t<div class=\"glcr-title glcr-title-default glcr-scroll--load\"><h5 class=\"glcr-title-heading\">\u00c9v\u00e9nementiels culturels<\/h5><\/div>\t\t\t\t<\/div>\n\t\t\t\t<\/div>\n\t\t\t\t<div class=\"elementor-element elementor-element-c788cb4 gallery-spacing-custom elementor-widget elementor-widget-image-gallery\" data-id=\"c788cb4\" data-element_type=\"widget\" data-e-type=\"widget\" data-settings=\"{&quot;glcr_ext_is_infinite&quot;:&quot;false&quot;,&quot;glcr_ext_is_scrollme&quot;:&quot;false&quot;}\" data-widget_type=\"image-gallery.default\">\n\t\t\t\t<div class=\"elementor-widget-container\">\n\t\t\t\t\t\t\t<div class=\"elementor-image-gallery\">\n\t\t\t<div id='gallery-6' class='gallery galleryid-3629 gallery-columns-1 gallery-size-glcr_image_size_square'><dl class='gallery-item'>\n\t\t\t<dt class='gallery-icon landscape'>\n\t\t\t\t<a data-elementor-open-lightbox=\"yes\" data-elementor-lightbox-slideshow=\"c788cb4\" data-elementor-lightbox-title=\"Festival Mecanik Paradize - Toulouse\" data-e-action-hash=\"#elementor-action%3Aaction%3Dlightbox%26settings%3DeyJpZCI6MzY2OCwidXJsIjoiaHR0cHM6XC9cL2FudGhvbnlyb2pvLmNvbVwvd3AtY29udGVudFwvdXBsb2Fkc1wvMjAyNFwvMDNcLzEtQW50aG9ueS1Sb2pvLVBob3RvZ3JhcGhlLWV2ZW5lbWVudHMtY3VsdHVyZWxsZXMtYm9yZGVhdXgtMS1zY2FsZWQuanBnIiwic2xpZGVzaG93IjoiYzc4OGNiNCJ9\" href='https:\/\/anthonyrojo.com\/wp-content\/uploads\/2024\/03\/1-Anthony-Rojo-Photographe-evenements-culturelles-bordeaux-1-scaled.jpg'><img decoding=\"async\" width=\"750\" height=\"750\" data-src=\"https:\/\/anthonyrojo.com\/wp-content\/uploads\/2024\/03\/1-Anthony-Rojo-Photographe-evenements-culturelles-bordeaux-1-750x750.jpg\" class=\"attachment-glcr_image_size_square size-glcr_image_size_square lazyload\" alt=\"\" data-srcset=\"https:\/\/anthonyrojo.com\/wp-content\/uploads\/2024\/03\/1-Anthony-Rojo-Photographe-evenements-culturelles-bordeaux-1-750x750.jpg 750w, https:\/\/anthonyrojo.com\/wp-content\/uploads\/2024\/03\/1-Anthony-Rojo-Photographe-evenements-culturelles-bordeaux-1-150x150.jpg 150w, https:\/\/anthonyrojo.com\/wp-content\/uploads\/2024\/03\/1-Anthony-Rojo-Photographe-evenements-culturelles-bordeaux-1-90x90.jpg 90w, https:\/\/anthonyrojo.com\/wp-content\/uploads\/2024\/03\/1-Anthony-Rojo-Photographe-evenements-culturelles-bordeaux-1-1300x1300.jpg 1300w\" data-sizes=\"(max-width: 750px) 100vw, 750px\" src=\"data:image\/svg+xml;base64,PHN2ZyB3aWR0aD0iMSIgaGVpZ2h0PSIxIiB4bWxucz0iaHR0cDovL3d3dy53My5vcmcvMjAwMC9zdmciPjwvc3ZnPg==\" style=\"--smush-placeholder-width: 750px; --smush-placeholder-aspect-ratio: 750\/750;\" \/><\/a>\n\t\t\t<\/dt><\/dl><br style=\"clear: both\" \/><dl class='gallery-item'>\n\t\t\t<dt class='gallery-icon landscape'>\n\t\t\t\t<a data-elementor-open-lightbox=\"yes\" data-elementor-lightbox-slideshow=\"c788cb4\" data-elementor-lightbox-title=\"Festival Mecanik Paradize - Toulouse\" data-e-action-hash=\"#elementor-action%3Aaction%3Dlightbox%26settings%3DeyJpZCI6MzY2OSwidXJsIjoiaHR0cHM6XC9cL2FudGhvbnlyb2pvLmNvbVwvd3AtY29udGVudFwvdXBsb2Fkc1wvMjAyNFwvMDNcLzEtQW50aG9ueS1Sb2pvLVBob3RvZ3JhcGhlLWV2ZW5lbWVudHMtY3VsdHVyZWxsZXMtYm9yZGVhdXgtMi1zY2FsZWQuanBnIiwic2xpZGVzaG93IjoiYzc4OGNiNCJ9\" href='https:\/\/anthonyrojo.com\/wp-content\/uploads\/2024\/03\/1-Anthony-Rojo-Photographe-evenements-culturelles-bordeaux-2-scaled.jpg'><img decoding=\"async\" width=\"750\" height=\"750\" data-src=\"https:\/\/anthonyrojo.com\/wp-content\/uploads\/2024\/03\/1-Anthony-Rojo-Photographe-evenements-culturelles-bordeaux-2-750x750.jpg\" class=\"attachment-glcr_image_size_square size-glcr_image_size_square lazyload\" alt=\"\" data-srcset=\"https:\/\/anthonyrojo.com\/wp-content\/uploads\/2024\/03\/1-Anthony-Rojo-Photographe-evenements-culturelles-bordeaux-2-750x750.jpg 750w, https:\/\/anthonyrojo.com\/wp-content\/uploads\/2024\/03\/1-Anthony-Rojo-Photographe-evenements-culturelles-bordeaux-2-150x150.jpg 150w, https:\/\/anthonyrojo.com\/wp-content\/uploads\/2024\/03\/1-Anthony-Rojo-Photographe-evenements-culturelles-bordeaux-2-90x90.jpg 90w, https:\/\/anthonyrojo.com\/wp-content\/uploads\/2024\/03\/1-Anthony-Rojo-Photographe-evenements-culturelles-bordeaux-2-1300x1300.jpg 1300w\" data-sizes=\"(max-width: 750px) 100vw, 750px\" src=\"data:image\/svg+xml;base64,PHN2ZyB3aWR0aD0iMSIgaGVpZ2h0PSIxIiB4bWxucz0iaHR0cDovL3d3dy53My5vcmcvMjAwMC9zdmciPjwvc3ZnPg==\" style=\"--smush-placeholder-width: 750px; --smush-placeholder-aspect-ratio: 750\/750;\" \/><\/a>\n\t\t\t<\/dt><\/dl><br style=\"clear: both\" \/><dl class='gallery-item'>\n\t\t\t<dt class='gallery-icon landscape'>\n\t\t\t\t<a data-elementor-open-lightbox=\"yes\" data-elementor-lightbox-slideshow=\"c788cb4\" data-elementor-lightbox-title=\"Festival Mecanik Paradize - Toulouse\" data-e-action-hash=\"#elementor-action%3Aaction%3Dlightbox%26settings%3DeyJpZCI6MzY3MCwidXJsIjoiaHR0cHM6XC9cL2FudGhvbnlyb2pvLmNvbVwvd3AtY29udGVudFwvdXBsb2Fkc1wvMjAyNFwvMDNcLzEtQW50aG9ueS1Sb2pvLVBob3RvZ3JhcGhlLWV2ZW5lbWVudHMtY3VsdHVyZWxsZXMtYm9yZGVhdXgtMy1zY2FsZWQuanBnIiwic2xpZGVzaG93IjoiYzc4OGNiNCJ9\" href='https:\/\/anthonyrojo.com\/wp-content\/uploads\/2024\/03\/1-Anthony-Rojo-Photographe-evenements-culturelles-bordeaux-3-scaled.jpg'><img decoding=\"async\" width=\"750\" height=\"750\" data-src=\"https:\/\/anthonyrojo.com\/wp-content\/uploads\/2024\/03\/1-Anthony-Rojo-Photographe-evenements-culturelles-bordeaux-3-750x750.jpg\" class=\"attachment-glcr_image_size_square size-glcr_image_size_square lazyload\" alt=\"\" data-srcset=\"https:\/\/anthonyrojo.com\/wp-content\/uploads\/2024\/03\/1-Anthony-Rojo-Photographe-evenements-culturelles-bordeaux-3-750x750.jpg 750w, https:\/\/anthonyrojo.com\/wp-content\/uploads\/2024\/03\/1-Anthony-Rojo-Photographe-evenements-culturelles-bordeaux-3-150x150.jpg 150w, https:\/\/anthonyrojo.com\/wp-content\/uploads\/2024\/03\/1-Anthony-Rojo-Photographe-evenements-culturelles-bordeaux-3-90x90.jpg 90w, https:\/\/anthonyrojo.com\/wp-content\/uploads\/2024\/03\/1-Anthony-Rojo-Photographe-evenements-culturelles-bordeaux-3-1300x1300.jpg 1300w\" data-sizes=\"(max-width: 750px) 100vw, 750px\" src=\"data:image\/svg+xml;base64,PHN2ZyB3aWR0aD0iMSIgaGVpZ2h0PSIxIiB4bWxucz0iaHR0cDovL3d3dy53My5vcmcvMjAwMC9zdmciPjwvc3ZnPg==\" style=\"--smush-placeholder-width: 750px; --smush-placeholder-aspect-ratio: 750\/750;\" \/><\/a>\n\t\t\t<\/dt><\/dl><br style=\"clear: both\" \/><dl class='gallery-item'>\n\t\t\t<dt class='gallery-icon landscape'>\n\t\t\t\t<a data-elementor-open-lightbox=\"yes\" data-elementor-lightbox-slideshow=\"c788cb4\" data-elementor-lightbox-title=\"Festival Mecanik Paradize - Toulouse\" data-e-action-hash=\"#elementor-action%3Aaction%3Dlightbox%26settings%3DeyJpZCI6MzY3MSwidXJsIjoiaHR0cHM6XC9cL2FudGhvbnlyb2pvLmNvbVwvd3AtY29udGVudFwvdXBsb2Fkc1wvMjAyNFwvMDNcLzEtQW50aG9ueS1Sb2pvLVBob3RvZ3JhcGhlLWV2ZW5lbWVudHMtY3VsdHVyZWxsZXMtYm9yZGVhdXgtNC1zY2FsZWQuanBnIiwic2xpZGVzaG93IjoiYzc4OGNiNCJ9\" href='https:\/\/anthonyrojo.com\/wp-content\/uploads\/2024\/03\/1-Anthony-Rojo-Photographe-evenements-culturelles-bordeaux-4-scaled.jpg'><img decoding=\"async\" width=\"750\" height=\"750\" data-src=\"https:\/\/anthonyrojo.com\/wp-content\/uploads\/2024\/03\/1-Anthony-Rojo-Photographe-evenements-culturelles-bordeaux-4-750x750.jpg\" class=\"attachment-glcr_image_size_square size-glcr_image_size_square lazyload\" alt=\"\" data-srcset=\"https:\/\/anthonyrojo.com\/wp-content\/uploads\/2024\/03\/1-Anthony-Rojo-Photographe-evenements-culturelles-bordeaux-4-750x750.jpg 750w, https:\/\/anthonyrojo.com\/wp-content\/uploads\/2024\/03\/1-Anthony-Rojo-Photographe-evenements-culturelles-bordeaux-4-150x150.jpg 150w, https:\/\/anthonyrojo.com\/wp-content\/uploads\/2024\/03\/1-Anthony-Rojo-Photographe-evenements-culturelles-bordeaux-4-90x90.jpg 90w, https:\/\/anthonyrojo.com\/wp-content\/uploads\/2024\/03\/1-Anthony-Rojo-Photographe-evenements-culturelles-bordeaux-4-1300x1300.jpg 1300w\" data-sizes=\"(max-width: 750px) 100vw, 750px\" src=\"data:image\/svg+xml;base64,PHN2ZyB3aWR0aD0iMSIgaGVpZ2h0PSIxIiB4bWxucz0iaHR0cDovL3d3dy53My5vcmcvMjAwMC9zdmciPjwvc3ZnPg==\" style=\"--smush-placeholder-width: 750px; --smush-placeholder-aspect-ratio: 750\/750;\" \/><\/a>\n\t\t\t<\/dt><\/dl><br style=\"clear: both\" \/><dl class='gallery-item'>\n\t\t\t<dt class='gallery-icon landscape'>\n\t\t\t\t<a data-elementor-open-lightbox=\"yes\" data-elementor-lightbox-slideshow=\"c788cb4\" data-elementor-lightbox-title=\"Festival Mecanik Paradize - Toulouse\" data-e-action-hash=\"#elementor-action%3Aaction%3Dlightbox%26settings%3DeyJpZCI6MzY3MiwidXJsIjoiaHR0cHM6XC9cL2FudGhvbnlyb2pvLmNvbVwvd3AtY29udGVudFwvdXBsb2Fkc1wvMjAyNFwvMDNcLzEtQW50aG9ueS1Sb2pvLVBob3RvZ3JhcGhlLWV2ZW5lbWVudHMtY3VsdHVyZWxsZXMtYm9yZGVhdXgtNS1zY2FsZWQuanBnIiwic2xpZGVzaG93IjoiYzc4OGNiNCJ9\" href='https:\/\/anthonyrojo.com\/wp-content\/uploads\/2024\/03\/1-Anthony-Rojo-Photographe-evenements-culturelles-bordeaux-5-scaled.jpg'><img decoding=\"async\" width=\"750\" height=\"750\" data-src=\"https:\/\/anthonyrojo.com\/wp-content\/uploads\/2024\/03\/1-Anthony-Rojo-Photographe-evenements-culturelles-bordeaux-5-750x750.jpg\" class=\"attachment-glcr_image_size_square size-glcr_image_size_square lazyload\" alt=\"\" data-srcset=\"https:\/\/anthonyrojo.com\/wp-content\/uploads\/2024\/03\/1-Anthony-Rojo-Photographe-evenements-culturelles-bordeaux-5-750x750.jpg 750w, https:\/\/anthonyrojo.com\/wp-content\/uploads\/2024\/03\/1-Anthony-Rojo-Photographe-evenements-culturelles-bordeaux-5-150x150.jpg 150w, https:\/\/anthonyrojo.com\/wp-content\/uploads\/2024\/03\/1-Anthony-Rojo-Photographe-evenements-culturelles-bordeaux-5-90x90.jpg 90w, https:\/\/anthonyrojo.com\/wp-content\/uploads\/2024\/03\/1-Anthony-Rojo-Photographe-evenements-culturelles-bordeaux-5-1300x1300.jpg 1300w\" data-sizes=\"(max-width: 750px) 100vw, 750px\" src=\"data:image\/svg+xml;base64,PHN2ZyB3aWR0aD0iMSIgaGVpZ2h0PSIxIiB4bWxucz0iaHR0cDovL3d3dy53My5vcmcvMjAwMC9zdmciPjwvc3ZnPg==\" style=\"--smush-placeholder-width: 750px; --smush-placeholder-aspect-ratio: 750\/750;\" \/><\/a>\n\t\t\t<\/dt><\/dl><br style=\"clear: both\" \/><dl class='gallery-item'>\n\t\t\t<dt class='gallery-icon landscape'>\n\t\t\t\t<a data-elementor-open-lightbox=\"yes\" data-elementor-lightbox-slideshow=\"c788cb4\" data-elementor-lightbox-title=\"Festival Agora biennale d&#039;architecture, oeuvre monumentale en carton par Olivier Grosset\u00eate - Bordeaux\" data-e-action-hash=\"#elementor-action%3Aaction%3Dlightbox%26settings%3DeyJpZCI6MzY3MywidXJsIjoiaHR0cHM6XC9cL2FudGhvbnlyb2pvLmNvbVwvd3AtY29udGVudFwvdXBsb2Fkc1wvMjAyNFwvMDNcLzEtQW50aG9ueS1Sb2pvLVBob3RvZ3JhcGhlLWV2ZW5lbWVudHMtY3VsdHVyZWxsZXMtYm9yZGVhdXgtNi1zY2FsZWQuanBnIiwic2xpZGVzaG93IjoiYzc4OGNiNCJ9\" href='https:\/\/anthonyrojo.com\/wp-content\/uploads\/2024\/03\/1-Anthony-Rojo-Photographe-evenements-culturelles-bordeaux-6-scaled.jpg'><img decoding=\"async\" width=\"750\" height=\"750\" data-src=\"https:\/\/anthonyrojo.com\/wp-content\/uploads\/2024\/03\/1-Anthony-Rojo-Photographe-evenements-culturelles-bordeaux-6-750x750.jpg\" class=\"attachment-glcr_image_size_square size-glcr_image_size_square lazyload\" alt=\"\" data-srcset=\"https:\/\/anthonyrojo.com\/wp-content\/uploads\/2024\/03\/1-Anthony-Rojo-Photographe-evenements-culturelles-bordeaux-6-750x750.jpg 750w, https:\/\/anthonyrojo.com\/wp-content\/uploads\/2024\/03\/1-Anthony-Rojo-Photographe-evenements-culturelles-bordeaux-6-150x150.jpg 150w, https:\/\/anthonyrojo.com\/wp-content\/uploads\/2024\/03\/1-Anthony-Rojo-Photographe-evenements-culturelles-bordeaux-6-90x90.jpg 90w, https:\/\/anthonyrojo.com\/wp-content\/uploads\/2024\/03\/1-Anthony-Rojo-Photographe-evenements-culturelles-bordeaux-6-1300x1300.jpg 1300w\" data-sizes=\"(max-width: 750px) 100vw, 750px\" src=\"data:image\/svg+xml;base64,PHN2ZyB3aWR0aD0iMSIgaGVpZ2h0PSIxIiB4bWxucz0iaHR0cDovL3d3dy53My5vcmcvMjAwMC9zdmciPjwvc3ZnPg==\" style=\"--smush-placeholder-width: 750px; --smush-placeholder-aspect-ratio: 750\/750;\" \/><\/a>\n\t\t\t<\/dt><\/dl><br style=\"clear: both\" \/><dl class='gallery-item'>\n\t\t\t<dt class='gallery-icon landscape'>\n\t\t\t\t<a data-elementor-open-lightbox=\"yes\" data-elementor-lightbox-slideshow=\"c788cb4\" data-elementor-lightbox-title=\"Rencontre avec l&#039;Artiste JR \u00e0 l&#039;Institut Culturel Bernard Magrez - Bordeaux\" data-e-action-hash=\"#elementor-action%3Aaction%3Dlightbox%26settings%3DeyJpZCI6MzY3NCwidXJsIjoiaHR0cHM6XC9cL2FudGhvbnlyb2pvLmNvbVwvd3AtY29udGVudFwvdXBsb2Fkc1wvMjAyNFwvMDNcLzEtQW50aG9ueS1Sb2pvLVBob3RvZ3JhcGhlLWV2ZW5lbWVudHMtY3VsdHVyZWxsZXMtYm9yZGVhdXgtNy1zY2FsZWQuanBnIiwic2xpZGVzaG93IjoiYzc4OGNiNCJ9\" href='https:\/\/anthonyrojo.com\/wp-content\/uploads\/2024\/03\/1-Anthony-Rojo-Photographe-evenements-culturelles-bordeaux-7-scaled.jpg'><img decoding=\"async\" width=\"750\" height=\"750\" data-src=\"https:\/\/anthonyrojo.com\/wp-content\/uploads\/2024\/03\/1-Anthony-Rojo-Photographe-evenements-culturelles-bordeaux-7-750x750.jpg\" class=\"attachment-glcr_image_size_square size-glcr_image_size_square lazyload\" alt=\"\" data-srcset=\"https:\/\/anthonyrojo.com\/wp-content\/uploads\/2024\/03\/1-Anthony-Rojo-Photographe-evenements-culturelles-bordeaux-7-750x750.jpg 750w, https:\/\/anthonyrojo.com\/wp-content\/uploads\/2024\/03\/1-Anthony-Rojo-Photographe-evenements-culturelles-bordeaux-7-150x150.jpg 150w, https:\/\/anthonyrojo.com\/wp-content\/uploads\/2024\/03\/1-Anthony-Rojo-Photographe-evenements-culturelles-bordeaux-7-90x90.jpg 90w, https:\/\/anthonyrojo.com\/wp-content\/uploads\/2024\/03\/1-Anthony-Rojo-Photographe-evenements-culturelles-bordeaux-7-1300x1300.jpg 1300w\" data-sizes=\"(max-width: 750px) 100vw, 750px\" src=\"data:image\/svg+xml;base64,PHN2ZyB3aWR0aD0iMSIgaGVpZ2h0PSIxIiB4bWxucz0iaHR0cDovL3d3dy53My5vcmcvMjAwMC9zdmciPjwvc3ZnPg==\" style=\"--smush-placeholder-width: 750px; --smush-placeholder-aspect-ratio: 750\/750;\" \/><\/a>\n\t\t\t<\/dt><\/dl><br style=\"clear: both\" \/><dl class='gallery-item'>\n\t\t\t<dt class='gallery-icon landscape'>\n\t\t\t\t<a data-elementor-open-lightbox=\"yes\" data-elementor-lightbox-slideshow=\"c788cb4\" data-elementor-lightbox-title=\"Conf\u00e9rence par l&#039;A Agence culturelle de Nouvelle-Aquitaine \u00e0 la MECA - Bordeaux\" data-e-action-hash=\"#elementor-action%3Aaction%3Dlightbox%26settings%3DeyJpZCI6NzE2MiwidXJsIjoiaHR0cHM6XC9cL2FudGhvbnlyb2pvLmNvbVwvd3AtY29udGVudFwvdXBsb2Fkc1wvMjAyNVwvMTFcLzAxLUFudGhvbnktUm9qby1QaG90b2dyYXBoZS1zcGVjdGFjbGVzLXZpdmFudHMtQS1BZ2VuY2UtY3VsdHVyZWxsZS1NZWNhLUJvcmRlYXV4LTEtc2NhbGVkLmpwZyIsInNsaWRlc2hvdyI6ImM3ODhjYjQifQ%3D%3D\" href='https:\/\/anthonyrojo.com\/wp-content\/uploads\/2025\/11\/01-Anthony-Rojo-Photographe-spectacles-vivants-A-Agence-culturelle-Meca-Bordeaux-1-scaled.jpg'><img decoding=\"async\" width=\"750\" height=\"750\" data-src=\"https:\/\/anthonyrojo.com\/wp-content\/uploads\/2025\/11\/01-Anthony-Rojo-Photographe-spectacles-vivants-A-Agence-culturelle-Meca-Bordeaux-1-750x750.jpg\" class=\"attachment-glcr_image_size_square size-glcr_image_size_square lazyload\" alt=\"\" data-srcset=\"https:\/\/anthonyrojo.com\/wp-content\/uploads\/2025\/11\/01-Anthony-Rojo-Photographe-spectacles-vivants-A-Agence-culturelle-Meca-Bordeaux-1-750x750.jpg 750w, https:\/\/anthonyrojo.com\/wp-content\/uploads\/2025\/11\/01-Anthony-Rojo-Photographe-spectacles-vivants-A-Agence-culturelle-Meca-Bordeaux-1-150x150.jpg 150w, https:\/\/anthonyrojo.com\/wp-content\/uploads\/2025\/11\/01-Anthony-Rojo-Photographe-spectacles-vivants-A-Agence-culturelle-Meca-Bordeaux-1-90x90.jpg 90w, https:\/\/anthonyrojo.com\/wp-content\/uploads\/2025\/11\/01-Anthony-Rojo-Photographe-spectacles-vivants-A-Agence-culturelle-Meca-Bordeaux-1-1300x1300.jpg 1300w\" data-sizes=\"(max-width: 750px) 100vw, 750px\" src=\"data:image\/svg+xml;base64,PHN2ZyB3aWR0aD0iMSIgaGVpZ2h0PSIxIiB4bWxucz0iaHR0cDovL3d3dy53My5vcmcvMjAwMC9zdmciPjwvc3ZnPg==\" style=\"--smush-placeholder-width: 750px; --smush-placeholder-aspect-ratio: 750\/750;\" \/><\/a>\n\t\t\t<\/dt><\/dl><br style=\"clear: both\" \/><dl class='gallery-item'>\n\t\t\t<dt class='gallery-icon landscape'>\n\t\t\t\t<a data-elementor-open-lightbox=\"yes\" data-elementor-lightbox-slideshow=\"c788cb4\" data-elementor-lightbox-title=\"Cremaill\u00e8re de Bo\u00eete Noire \u00e0 la Base sous marine  par l&#039;association Le Grand Incendie et D\u00e9zip - Bordeaux\" data-e-action-hash=\"#elementor-action%3Aaction%3Dlightbox%26settings%3DeyJpZCI6NzE1OSwidXJsIjoiaHR0cHM6XC9cL2FudGhvbnlyb2pvLmNvbVwvd3AtY29udGVudFwvdXBsb2Fkc1wvMjAyNVwvMTFcLzEtQW50aG9ueS1Sb2pvLVBob3RvZ3JhcGhlLWV2ZW5lbWVudHMtY3VsdHVyZWxsZXMtYm9yZGVhdXgtYm9pdGUtbm9pcmUtbGUtZ3JhbmQtaW5jZW5kaWUtMS1zY2FsZWQuanBnIiwic2xpZGVzaG93IjoiYzc4OGNiNCJ9\" href='https:\/\/anthonyrojo.com\/wp-content\/uploads\/2025\/11\/1-Anthony-Rojo-Photographe-evenements-culturelles-bordeaux-boite-noire-le-grand-incendie-1-scaled.jpg'><img decoding=\"async\" width=\"750\" height=\"750\" data-src=\"https:\/\/anthonyrojo.com\/wp-content\/uploads\/2025\/11\/1-Anthony-Rojo-Photographe-evenements-culturelles-bordeaux-boite-noire-le-grand-incendie-1-750x750.jpg\" class=\"attachment-glcr_image_size_square size-glcr_image_size_square lazyload\" alt=\"\" data-srcset=\"https:\/\/anthonyrojo.com\/wp-content\/uploads\/2025\/11\/1-Anthony-Rojo-Photographe-evenements-culturelles-bordeaux-boite-noire-le-grand-incendie-1-750x750.jpg 750w, https:\/\/anthonyrojo.com\/wp-content\/uploads\/2025\/11\/1-Anthony-Rojo-Photographe-evenements-culturelles-bordeaux-boite-noire-le-grand-incendie-1-150x150.jpg 150w, https:\/\/anthonyrojo.com\/wp-content\/uploads\/2025\/11\/1-Anthony-Rojo-Photographe-evenements-culturelles-bordeaux-boite-noire-le-grand-incendie-1-90x90.jpg 90w, https:\/\/anthonyrojo.com\/wp-content\/uploads\/2025\/11\/1-Anthony-Rojo-Photographe-evenements-culturelles-bordeaux-boite-noire-le-grand-incendie-1-1300x1300.jpg 1300w\" data-sizes=\"(max-width: 750px) 100vw, 750px\" src=\"data:image\/svg+xml;base64,PHN2ZyB3aWR0aD0iMSIgaGVpZ2h0PSIxIiB4bWxucz0iaHR0cDovL3d3dy53My5vcmcvMjAwMC9zdmciPjwvc3ZnPg==\" style=\"--smush-placeholder-width: 750px; --smush-placeholder-aspect-ratio: 750\/750;\" \/><\/a>\n\t\t\t<\/dt><\/dl><br style=\"clear: both\" \/><dl class='gallery-item'>\n\t\t\t<dt class='gallery-icon landscape'>\n\t\t\t\t<a data-elementor-open-lightbox=\"yes\" data-elementor-lightbox-slideshow=\"c788cb4\" data-elementor-lightbox-title=\"Soir\u00e9e caritative Music For Brain \u00e0 l&#039;Institut Culturel Bernard Magrez - Bordeaux\" data-e-action-hash=\"#elementor-action%3Aaction%3Dlightbox%26settings%3DeyJpZCI6MzY3NSwidXJsIjoiaHR0cHM6XC9cL2FudGhvbnlyb2pvLmNvbVwvd3AtY29udGVudFwvdXBsb2Fkc1wvMjAyNFwvMDNcLzEtQW50aG9ueS1Sb2pvLVBob3RvZ3JhcGhlLWV2ZW5lbWVudHMtY3VsdHVyZWxsZXMtYm9yZGVhdXgtOC1zY2FsZWQuanBnIiwic2xpZGVzaG93IjoiYzc4OGNiNCJ9\" href='https:\/\/anthonyrojo.com\/wp-content\/uploads\/2024\/03\/1-Anthony-Rojo-Photographe-evenements-culturelles-bordeaux-8-scaled.jpg'><img decoding=\"async\" width=\"750\" height=\"750\" data-src=\"https:\/\/anthonyrojo.com\/wp-content\/uploads\/2024\/03\/1-Anthony-Rojo-Photographe-evenements-culturelles-bordeaux-8-750x750.jpg\" class=\"attachment-glcr_image_size_square size-glcr_image_size_square lazyload\" alt=\"\" data-srcset=\"https:\/\/anthonyrojo.com\/wp-content\/uploads\/2024\/03\/1-Anthony-Rojo-Photographe-evenements-culturelles-bordeaux-8-750x750.jpg 750w, https:\/\/anthonyrojo.com\/wp-content\/uploads\/2024\/03\/1-Anthony-Rojo-Photographe-evenements-culturelles-bordeaux-8-150x150.jpg 150w, https:\/\/anthonyrojo.com\/wp-content\/uploads\/2024\/03\/1-Anthony-Rojo-Photographe-evenements-culturelles-bordeaux-8-90x90.jpg 90w, https:\/\/anthonyrojo.com\/wp-content\/uploads\/2024\/03\/1-Anthony-Rojo-Photographe-evenements-culturelles-bordeaux-8-1300x1300.jpg 1300w\" data-sizes=\"(max-width: 750px) 100vw, 750px\" src=\"data:image\/svg+xml;base64,PHN2ZyB3aWR0aD0iMSIgaGVpZ2h0PSIxIiB4bWxucz0iaHR0cDovL3d3dy53My5vcmcvMjAwMC9zdmciPjwvc3ZnPg==\" style=\"--smush-placeholder-width: 750px; --smush-placeholder-aspect-ratio: 750\/750;\" \/><\/a>\n\t\t\t<\/dt><\/dl><br style=\"clear: both\" \/><dl class='gallery-item'>\n\t\t\t<dt class='gallery-icon landscape'>\n\t\t\t\t<a data-elementor-open-lightbox=\"yes\" data-elementor-lightbox-slideshow=\"c788cb4\" data-elementor-lightbox-title=\"Halloween au Mus\u00e9e d&#039;Aquitaine - Bordeaux\" data-e-action-hash=\"#elementor-action%3Aaction%3Dlightbox%26settings%3DeyJpZCI6NzE2MCwidXJsIjoiaHR0cHM6XC9cL2FudGhvbnlyb2pvLmNvbVwvd3AtY29udGVudFwvdXBsb2Fkc1wvMjAyNVwvMTFcLzEtQW50aG9ueS1Sb2pvLVBob3RvZ3JhcGhlLWV2ZW5lbWVudHMtY3VsdHVyZWxsZXMtYm9yZGVhdXgtTXVzZWUtYXF1aXRhaW5lLXNjYWxlZC5qcGciLCJzbGlkZXNob3ciOiJjNzg4Y2I0In0%3D\" href='https:\/\/anthonyrojo.com\/wp-content\/uploads\/2025\/11\/1-Anthony-Rojo-Photographe-evenements-culturelles-bordeaux-Musee-aquitaine-scaled.jpg'><img decoding=\"async\" width=\"750\" height=\"750\" data-src=\"https:\/\/anthonyrojo.com\/wp-content\/uploads\/2025\/11\/1-Anthony-Rojo-Photographe-evenements-culturelles-bordeaux-Musee-aquitaine-750x750.jpg\" class=\"attachment-glcr_image_size_square size-glcr_image_size_square lazyload\" alt=\"\" data-srcset=\"https:\/\/anthonyrojo.com\/wp-content\/uploads\/2025\/11\/1-Anthony-Rojo-Photographe-evenements-culturelles-bordeaux-Musee-aquitaine-750x750.jpg 750w, https:\/\/anthonyrojo.com\/wp-content\/uploads\/2025\/11\/1-Anthony-Rojo-Photographe-evenements-culturelles-bordeaux-Musee-aquitaine-150x150.jpg 150w, https:\/\/anthonyrojo.com\/wp-content\/uploads\/2025\/11\/1-Anthony-Rojo-Photographe-evenements-culturelles-bordeaux-Musee-aquitaine-90x90.jpg 90w, https:\/\/anthonyrojo.com\/wp-content\/uploads\/2025\/11\/1-Anthony-Rojo-Photographe-evenements-culturelles-bordeaux-Musee-aquitaine-1300x1300.jpg 1300w\" data-sizes=\"(max-width: 750px) 100vw, 750px\" src=\"data:image\/svg+xml;base64,PHN2ZyB3aWR0aD0iMSIgaGVpZ2h0PSIxIiB4bWxucz0iaHR0cDovL3d3dy53My5vcmcvMjAwMC9zdmciPjwvc3ZnPg==\" style=\"--smush-placeholder-width: 750px; --smush-placeholder-aspect-ratio: 750\/750;\" \/><\/a>\n\t\t\t<\/dt><\/dl><br style=\"clear: both\" \/><dl class='gallery-item'>\n\t\t\t<dt class='gallery-icon landscape'>\n\t\t\t\t<a data-elementor-open-lightbox=\"yes\" data-elementor-lightbox-slideshow=\"c788cb4\" data-elementor-lightbox-title=\"Chantier m\u00e9di\u00e9val de Guyenne - Lalande de Fronsac\" data-e-action-hash=\"#elementor-action%3Aaction%3Dlightbox%26settings%3DeyJpZCI6NzE2MSwidXJsIjoiaHR0cHM6XC9cL2FudGhvbnlyb2pvLmNvbVwvd3AtY29udGVudFwvdXBsb2Fkc1wvMjAyNVwvMTFcLzEtQW50aG9ueS1Sb2pvLVBob3RvZ3JhcGhlLWV2ZW5lbWVudHMtY3VsdHVyZWxsZXMtY2hhbnRpZXItbWVkaWV2YWwtZGUtZ3V5ZW5uZS1zY2FsZWQuanBnIiwic2xpZGVzaG93IjoiYzc4OGNiNCJ9\" href='https:\/\/anthonyrojo.com\/wp-content\/uploads\/2025\/11\/1-Anthony-Rojo-Photographe-evenements-culturelles-chantier-medieval-de-guyenne-scaled.jpg'><img decoding=\"async\" width=\"750\" height=\"750\" data-src=\"https:\/\/anthonyrojo.com\/wp-content\/uploads\/2025\/11\/1-Anthony-Rojo-Photographe-evenements-culturelles-chantier-medieval-de-guyenne-750x750.jpg\" class=\"attachment-glcr_image_size_square size-glcr_image_size_square lazyload\" alt=\"\" data-srcset=\"https:\/\/anthonyrojo.com\/wp-content\/uploads\/2025\/11\/1-Anthony-Rojo-Photographe-evenements-culturelles-chantier-medieval-de-guyenne-750x750.jpg 750w, https:\/\/anthonyrojo.com\/wp-content\/uploads\/2025\/11\/1-Anthony-Rojo-Photographe-evenements-culturelles-chantier-medieval-de-guyenne-150x150.jpg 150w, https:\/\/anthonyrojo.com\/wp-content\/uploads\/2025\/11\/1-Anthony-Rojo-Photographe-evenements-culturelles-chantier-medieval-de-guyenne-90x90.jpg 90w, https:\/\/anthonyrojo.com\/wp-content\/uploads\/2025\/11\/1-Anthony-Rojo-Photographe-evenements-culturelles-chantier-medieval-de-guyenne-1300x1300.jpg 1300w\" data-sizes=\"(max-width: 750px) 100vw, 750px\" src=\"data:image\/svg+xml;base64,PHN2ZyB3aWR0aD0iMSIgaGVpZ2h0PSIxIiB4bWxucz0iaHR0cDovL3d3dy53My5vcmcvMjAwMC9zdmciPjwvc3ZnPg==\" style=\"--smush-placeholder-width: 750px; --smush-placeholder-aspect-ratio: 750\/750;\" \/><\/a>\n\t\t\t<\/dt><\/dl><br style=\"clear: both\" \/><dl class='gallery-item'>\n\t\t\t<dt class='gallery-icon landscape'>\n\t\t\t\t<a data-elementor-open-lightbox=\"yes\" data-elementor-lightbox-slideshow=\"c788cb4\" data-elementor-lightbox-title=\"Evenement caritatif Octobre rose - Bordeaux\" data-e-action-hash=\"#elementor-action%3Aaction%3Dlightbox%26settings%3DeyJpZCI6MzY3NiwidXJsIjoiaHR0cHM6XC9cL2FudGhvbnlyb2pvLmNvbVwvd3AtY29udGVudFwvdXBsb2Fkc1wvMjAyNFwvMDNcLzEtQW50aG9ueS1Sb2pvLVBob3RvZ3JhcGhlLWV2ZW5lbWVudHMtY3VsdHVyZWxsZXMtYm9yZGVhdXgtOS1zY2FsZWQuanBnIiwic2xpZGVzaG93IjoiYzc4OGNiNCJ9\" href='https:\/\/anthonyrojo.com\/wp-content\/uploads\/2024\/03\/1-Anthony-Rojo-Photographe-evenements-culturelles-bordeaux-9-scaled.jpg'><img decoding=\"async\" width=\"750\" height=\"750\" data-src=\"https:\/\/anthonyrojo.com\/wp-content\/uploads\/2024\/03\/1-Anthony-Rojo-Photographe-evenements-culturelles-bordeaux-9-750x750.jpg\" class=\"attachment-glcr_image_size_square size-glcr_image_size_square lazyload\" alt=\"\" data-srcset=\"https:\/\/anthonyrojo.com\/wp-content\/uploads\/2024\/03\/1-Anthony-Rojo-Photographe-evenements-culturelles-bordeaux-9-750x750.jpg 750w, https:\/\/anthonyrojo.com\/wp-content\/uploads\/2024\/03\/1-Anthony-Rojo-Photographe-evenements-culturelles-bordeaux-9-150x150.jpg 150w, https:\/\/anthonyrojo.com\/wp-content\/uploads\/2024\/03\/1-Anthony-Rojo-Photographe-evenements-culturelles-bordeaux-9-90x90.jpg 90w, https:\/\/anthonyrojo.com\/wp-content\/uploads\/2024\/03\/1-Anthony-Rojo-Photographe-evenements-culturelles-bordeaux-9-1300x1300.jpg 1300w\" data-sizes=\"(max-width: 750px) 100vw, 750px\" src=\"data:image\/svg+xml;base64,PHN2ZyB3aWR0aD0iMSIgaGVpZ2h0PSIxIiB4bWxucz0iaHR0cDovL3d3dy53My5vcmcvMjAwMC9zdmciPjwvc3ZnPg==\" style=\"--smush-placeholder-width: 750px; --smush-placeholder-aspect-ratio: 750\/750;\" \/><\/a>\n\t\t\t<\/dt><\/dl><br style=\"clear: both\" \/><dl class='gallery-item'>\n\t\t\t<dt class='gallery-icon landscape'>\n\t\t\t\t<a data-elementor-open-lightbox=\"yes\" data-elementor-lightbox-slideshow=\"c788cb4\" data-elementor-lightbox-title=\"F\u00eate du Fleuve - Bordeaux\" data-e-action-hash=\"#elementor-action%3Aaction%3Dlightbox%26settings%3DeyJpZCI6MzY3NywidXJsIjoiaHR0cHM6XC9cL2FudGhvbnlyb2pvLmNvbVwvd3AtY29udGVudFwvdXBsb2Fkc1wvMjAyNFwvMDNcLzEtQW50aG9ueS1Sb2pvLVBob3RvZ3JhcGhlLWV2ZW5lbWVudHMtY3VsdHVyZWxsZXMtYm9yZGVhdXgtMTAtc2NhbGVkLmpwZyIsInNsaWRlc2hvdyI6ImM3ODhjYjQifQ%3D%3D\" href='https:\/\/anthonyrojo.com\/wp-content\/uploads\/2024\/03\/1-Anthony-Rojo-Photographe-evenements-culturelles-bordeaux-10-scaled.jpg'><img decoding=\"async\" width=\"750\" height=\"750\" data-src=\"https:\/\/anthonyrojo.com\/wp-content\/uploads\/2024\/03\/1-Anthony-Rojo-Photographe-evenements-culturelles-bordeaux-10-750x750.jpg\" class=\"attachment-glcr_image_size_square size-glcr_image_size_square lazyload\" alt=\"\" data-srcset=\"https:\/\/anthonyrojo.com\/wp-content\/uploads\/2024\/03\/1-Anthony-Rojo-Photographe-evenements-culturelles-bordeaux-10-750x750.jpg 750w, https:\/\/anthonyrojo.com\/wp-content\/uploads\/2024\/03\/1-Anthony-Rojo-Photographe-evenements-culturelles-bordeaux-10-150x150.jpg 150w, https:\/\/anthonyrojo.com\/wp-content\/uploads\/2024\/03\/1-Anthony-Rojo-Photographe-evenements-culturelles-bordeaux-10-90x90.jpg 90w, https:\/\/anthonyrojo.com\/wp-content\/uploads\/2024\/03\/1-Anthony-Rojo-Photographe-evenements-culturelles-bordeaux-10-1300x1300.jpg 1300w\" data-sizes=\"(max-width: 750px) 100vw, 750px\" src=\"data:image\/svg+xml;base64,PHN2ZyB3aWR0aD0iMSIgaGVpZ2h0PSIxIiB4bWxucz0iaHR0cDovL3d3dy53My5vcmcvMjAwMC9zdmciPjwvc3ZnPg==\" style=\"--smush-placeholder-width: 750px; --smush-placeholder-aspect-ratio: 750\/750;\" \/><\/a>\n\t\t\t<\/dt><\/dl><br style=\"clear: both\" \/><dl class='gallery-item'>\n\t\t\t<dt class='gallery-icon landscape'>\n\t\t\t\t<a data-elementor-open-lightbox=\"yes\" data-elementor-lightbox-slideshow=\"c788cb4\" data-elementor-lightbox-title=\"F\u00eate du vin - Bordeaux\" data-e-action-hash=\"#elementor-action%3Aaction%3Dlightbox%26settings%3DeyJpZCI6MzY3OCwidXJsIjoiaHR0cHM6XC9cL2FudGhvbnlyb2pvLmNvbVwvd3AtY29udGVudFwvdXBsb2Fkc1wvMjAyNFwvMDNcLzEtQW50aG9ueS1Sb2pvLVBob3RvZ3JhcGhlLWV2ZW5lbWVudHMtY3VsdHVyZWxsZXMtYm9yZGVhdXgtMTEtc2NhbGVkLmpwZyIsInNsaWRlc2hvdyI6ImM3ODhjYjQifQ%3D%3D\" href='https:\/\/anthonyrojo.com\/wp-content\/uploads\/2024\/03\/1-Anthony-Rojo-Photographe-evenements-culturelles-bordeaux-11-scaled.jpg'><img decoding=\"async\" width=\"750\" height=\"750\" data-src=\"https:\/\/anthonyrojo.com\/wp-content\/uploads\/2024\/03\/1-Anthony-Rojo-Photographe-evenements-culturelles-bordeaux-11-750x750.jpg\" class=\"attachment-glcr_image_size_square size-glcr_image_size_square lazyload\" alt=\"\" data-srcset=\"https:\/\/anthonyrojo.com\/wp-content\/uploads\/2024\/03\/1-Anthony-Rojo-Photographe-evenements-culturelles-bordeaux-11-750x750.jpg 750w, https:\/\/anthonyrojo.com\/wp-content\/uploads\/2024\/03\/1-Anthony-Rojo-Photographe-evenements-culturelles-bordeaux-11-150x150.jpg 150w, https:\/\/anthonyrojo.com\/wp-content\/uploads\/2024\/03\/1-Anthony-Rojo-Photographe-evenements-culturelles-bordeaux-11-90x90.jpg 90w, https:\/\/anthonyrojo.com\/wp-content\/uploads\/2024\/03\/1-Anthony-Rojo-Photographe-evenements-culturelles-bordeaux-11-1300x1300.jpg 1300w\" data-sizes=\"(max-width: 750px) 100vw, 750px\" src=\"data:image\/svg+xml;base64,PHN2ZyB3aWR0aD0iMSIgaGVpZ2h0PSIxIiB4bWxucz0iaHR0cDovL3d3dy53My5vcmcvMjAwMC9zdmciPjwvc3ZnPg==\" style=\"--smush-placeholder-width: 750px; --smush-placeholder-aspect-ratio: 750\/750;\" \/><\/a>\n\t\t\t<\/dt><\/dl><br style=\"clear: both\" \/><dl class='gallery-item'>\n\t\t\t<dt class='gallery-icon landscape'>\n\t\t\t\t<a data-elementor-open-lightbox=\"yes\" data-elementor-lightbox-slideshow=\"c788cb4\" data-elementor-lightbox-title=\"Travers\u00e9e de Bordeaux \u00e0 la nage - Bordeaux\" data-e-action-hash=\"#elementor-action%3Aaction%3Dlightbox%26settings%3DeyJpZCI6MzY3OSwidXJsIjoiaHR0cHM6XC9cL2FudGhvbnlyb2pvLmNvbVwvd3AtY29udGVudFwvdXBsb2Fkc1wvMjAyNFwvMDNcLzEtQW50aG9ueS1Sb2pvLVBob3RvZ3JhcGhlLWV2ZW5lbWVudHMtY3VsdHVyZWxsZXMtYm9yZGVhdXgtMTItc2NhbGVkLmpwZyIsInNsaWRlc2hvdyI6ImM3ODhjYjQifQ%3D%3D\" href='https:\/\/anthonyrojo.com\/wp-content\/uploads\/2024\/03\/1-Anthony-Rojo-Photographe-evenements-culturelles-bordeaux-12-scaled.jpg'><img decoding=\"async\" width=\"750\" height=\"750\" data-src=\"https:\/\/anthonyrojo.com\/wp-content\/uploads\/2024\/03\/1-Anthony-Rojo-Photographe-evenements-culturelles-bordeaux-12-750x750.jpg\" class=\"attachment-glcr_image_size_square size-glcr_image_size_square lazyload\" alt=\"\" data-srcset=\"https:\/\/anthonyrojo.com\/wp-content\/uploads\/2024\/03\/1-Anthony-Rojo-Photographe-evenements-culturelles-bordeaux-12-750x750.jpg 750w, https:\/\/anthonyrojo.com\/wp-content\/uploads\/2024\/03\/1-Anthony-Rojo-Photographe-evenements-culturelles-bordeaux-12-150x150.jpg 150w, https:\/\/anthonyrojo.com\/wp-content\/uploads\/2024\/03\/1-Anthony-Rojo-Photographe-evenements-culturelles-bordeaux-12-90x90.jpg 90w, https:\/\/anthonyrojo.com\/wp-content\/uploads\/2024\/03\/1-Anthony-Rojo-Photographe-evenements-culturelles-bordeaux-12-1300x1300.jpg 1300w\" data-sizes=\"(max-width: 750px) 100vw, 750px\" src=\"data:image\/svg+xml;base64,PHN2ZyB3aWR0aD0iMSIgaGVpZ2h0PSIxIiB4bWxucz0iaHR0cDovL3d3dy53My5vcmcvMjAwMC9zdmciPjwvc3ZnPg==\" style=\"--smush-placeholder-width: 750px; --smush-placeholder-aspect-ratio: 750\/750;\" \/><\/a>\n\t\t\t<\/dt><\/dl><br style=\"clear: both\" \/><dl class='gallery-item'>\n\t\t\t<dt class='gallery-icon landscape'>\n\t\t\t\t<a data-elementor-open-lightbox=\"yes\" data-elementor-lightbox-slideshow=\"c788cb4\" data-elementor-lightbox-title=\"Festival Evento, Maison sur la Garonne par l&#039;Op\u00e9ra Paga\u00ef - Bordeaux\" data-e-action-hash=\"#elementor-action%3Aaction%3Dlightbox%26settings%3DeyJpZCI6MzY4MCwidXJsIjoiaHR0cHM6XC9cL2FudGhvbnlyb2pvLmNvbVwvd3AtY29udGVudFwvdXBsb2Fkc1wvMjAyNFwvMDNcLzEtQW50aG9ueS1Sb2pvLVBob3RvZ3JhcGhlLWV2ZW5lbWVudHMtY3VsdHVyZWxsZXMtYm9yZGVhdXgtMTMuanBnIiwic2xpZGVzaG93IjoiYzc4OGNiNCJ9\" href='https:\/\/anthonyrojo.com\/wp-content\/uploads\/2024\/03\/1-Anthony-Rojo-Photographe-evenements-culturelles-bordeaux-13.jpg'><img decoding=\"async\" width=\"750\" height=\"750\" data-src=\"https:\/\/anthonyrojo.com\/wp-content\/uploads\/2024\/03\/1-Anthony-Rojo-Photographe-evenements-culturelles-bordeaux-13-750x750.jpg\" class=\"attachment-glcr_image_size_square size-glcr_image_size_square lazyload\" alt=\"\" data-srcset=\"https:\/\/anthonyrojo.com\/wp-content\/uploads\/2024\/03\/1-Anthony-Rojo-Photographe-evenements-culturelles-bordeaux-13-750x750.jpg 750w, https:\/\/anthonyrojo.com\/wp-content\/uploads\/2024\/03\/1-Anthony-Rojo-Photographe-evenements-culturelles-bordeaux-13-150x150.jpg 150w, https:\/\/anthonyrojo.com\/wp-content\/uploads\/2024\/03\/1-Anthony-Rojo-Photographe-evenements-culturelles-bordeaux-13-90x90.jpg 90w, https:\/\/anthonyrojo.com\/wp-content\/uploads\/2024\/03\/1-Anthony-Rojo-Photographe-evenements-culturelles-bordeaux-13-1300x1300.jpg 1300w\" data-sizes=\"(max-width: 750px) 100vw, 750px\" src=\"data:image\/svg+xml;base64,PHN2ZyB3aWR0aD0iMSIgaGVpZ2h0PSIxIiB4bWxucz0iaHR0cDovL3d3dy53My5vcmcvMjAwMC9zdmciPjwvc3ZnPg==\" style=\"--smush-placeholder-width: 750px; --smush-placeholder-aspect-ratio: 750\/750;\" \/><\/a>\n\t\t\t<\/dt><\/dl><br style=\"clear: both\" \/><dl class='gallery-item'>\n\t\t\t<dt class='gallery-icon landscape'>\n\t\t\t\t<a data-elementor-open-lightbox=\"yes\" data-elementor-lightbox-slideshow=\"c788cb4\" data-elementor-lightbox-title=\"C\u00e9r\u00e9monie d&#039;ouverture Festival Evento - Bordeaux\" data-e-action-hash=\"#elementor-action%3Aaction%3Dlightbox%26settings%3DeyJpZCI6MzY4MSwidXJsIjoiaHR0cHM6XC9cL2FudGhvbnlyb2pvLmNvbVwvd3AtY29udGVudFwvdXBsb2Fkc1wvMjAyNFwvMDNcLzEtQW50aG9ueS1Sb2pvLVBob3RvZ3JhcGhlLWV2ZW5lbWVudHMtY3VsdHVyZWxsZXMtYm9yZGVhdXgtMTQtc2NhbGVkLmpwZyIsInNsaWRlc2hvdyI6ImM3ODhjYjQifQ%3D%3D\" href='https:\/\/anthonyrojo.com\/wp-content\/uploads\/2024\/03\/1-Anthony-Rojo-Photographe-evenements-culturelles-bordeaux-14-scaled.jpg'><img decoding=\"async\" width=\"750\" height=\"750\" data-src=\"https:\/\/anthonyrojo.com\/wp-content\/uploads\/2024\/03\/1-Anthony-Rojo-Photographe-evenements-culturelles-bordeaux-14-750x750.jpg\" class=\"attachment-glcr_image_size_square size-glcr_image_size_square lazyload\" alt=\"\" data-srcset=\"https:\/\/anthonyrojo.com\/wp-content\/uploads\/2024\/03\/1-Anthony-Rojo-Photographe-evenements-culturelles-bordeaux-14-750x750.jpg 750w, https:\/\/anthonyrojo.com\/wp-content\/uploads\/2024\/03\/1-Anthony-Rojo-Photographe-evenements-culturelles-bordeaux-14-150x150.jpg 150w, https:\/\/anthonyrojo.com\/wp-content\/uploads\/2024\/03\/1-Anthony-Rojo-Photographe-evenements-culturelles-bordeaux-14-90x90.jpg 90w, https:\/\/anthonyrojo.com\/wp-content\/uploads\/2024\/03\/1-Anthony-Rojo-Photographe-evenements-culturelles-bordeaux-14-1300x1300.jpg 1300w\" data-sizes=\"(max-width: 750px) 100vw, 750px\" src=\"data:image\/svg+xml;base64,PHN2ZyB3aWR0aD0iMSIgaGVpZ2h0PSIxIiB4bWxucz0iaHR0cDovL3d3dy53My5vcmcvMjAwMC9zdmciPjwvc3ZnPg==\" style=\"--smush-placeholder-width: 750px; --smush-placeholder-aspect-ratio: 750\/750;\" \/><\/a>\n\t\t\t<\/dt><\/dl><br style=\"clear: both\" \/>\n\t\t<\/div>\n\t\t<\/div>\n\t\t\t\t\t\t<\/div>\n\t\t\t\t<\/div>\n\t\t\t\t<\/div>\n\t\t\t\t<\/div>\n\t\t\t\t<\/div>\n\t\t\t\t<\/div>\n\t\t","protected":false},"excerpt":{"rendered":"<p>Culture et cie ! Je photographie l\u2019Art l\u00e0 o\u00f9 il s\u2019exprime, qu\u2019il soit accroch\u00e9, jou\u00e9, expos\u00e9 ou v\u00e9cu dans la rue, sur sc\u00e8ne ou en salle. Je vous propose mon regard au service de vos actions culturelles et en pr\u00e9serve l&rsquo;instant. Spectacles vivants Expositions artistiques \u00c9v\u00e9nementiels culturels Pour plus de [&hellip;]<\/p>\n","protected":false},"author":1,"featured_media":0,"parent":0,"menu_order":0,"comment_status":"closed","ping_status":"closed","template":"elementor_header_footer","meta":{"footnotes":""},"class_list":["post-3629","page","type-page","status-publish","hentry"],"_links":{"self":[{"href":"https:\/\/anthonyrojo.com\/index.php?rest_route=\/wp\/v2\/pages\/3629","targetHints":{"allow":["GET"]}}],"collection":[{"href":"https:\/\/anthonyrojo.com\/index.php?rest_route=\/wp\/v2\/pages"}],"about":[{"href":"https:\/\/anthonyrojo.com\/index.php?rest_route=\/wp\/v2\/types\/page"}],"author":[{"embeddable":true,"href":"https:\/\/anthonyrojo.com\/index.php?rest_route=\/wp\/v2\/users\/1"}],"replies":[{"embeddable":true,"href":"https:\/\/anthonyrojo.com\/index.php?rest_route=%2Fwp%2Fv2%2Fcomments&post=3629"}],"version-history":[{"count":492,"href":"https:\/\/anthonyrojo.com\/index.php?rest_route=\/wp\/v2\/pages\/3629\/revisions"}],"predecessor-version":[{"id":7826,"href":"https:\/\/anthonyrojo.com\/index.php?rest_route=\/wp\/v2\/pages\/3629\/revisions\/7826"}],"wp:attachment":[{"href":"https:\/\/anthonyrojo.com\/index.php?rest_route=%2Fwp%2Fv2%2Fmedia&parent=3629"}],"curies":[{"name":"wp","href":"https:\/\/api.w.org\/{rel}","templated":true}]}}