{"id":2380,"date":"2024-03-02T20:16:55","date_gmt":"2024-03-02T19:16:55","guid":{"rendered":"https:\/\/anthonyrojo.com\/?page_id=2380"},"modified":"2026-04-14T09:39:21","modified_gmt":"2026-04-14T07:39:21","slug":"a-propos-de-moi","status":"publish","type":"page","link":"https:\/\/anthonyrojo.com\/?page_id=2380","title":{"rendered":"A propos de moi"},"content":{"rendered":"\t\t<div data-elementor-type=\"wp-page\" data-elementor-id=\"2380\" class=\"elementor elementor-2380\">\n\t\t\t\t<div class=\"elementor-element elementor-element-ce30f79 e-flex e-con-boxed elementor-invisible e-con e-parent\" data-id=\"ce30f79\" data-element_type=\"container\" data-e-type=\"container\" data-settings=\"{&quot;background_background&quot;:&quot;video&quot;,&quot;background_play_on_mobile&quot;:&quot;yes&quot;,&quot;animation&quot;:&quot;fadeIn&quot;,&quot;background_video_link&quot;:&quot;https:\\\/\\\/youtu.be\\\/KKYkOEpJ0Q8&quot;,&quot;background_video_start&quot;:1,&quot;background_video_end&quot;:8,&quot;glcr_ext_is_sticky&quot;:&quot;false&quot;}\">\n\t\t\t\t\t<div class=\"e-con-inner\">\n\t\t<div class=\"elementor-background-video-container\">\n\t\t\t\t\t\t\t<div class=\"elementor-background-video-embed\" role=\"presentation\"><\/div>\n\t\t\t\t\t\t<\/div>\t\t\t<\/div>\n\t\t\t\t<\/div>\n\t\t<div class=\"elementor-element elementor-element-c9b73ea e-flex e-con-boxed e-con e-parent\" data-id=\"c9b73ea\" data-element_type=\"container\" data-e-type=\"container\" data-settings=\"{&quot;background_background&quot;:&quot;classic&quot;,&quot;glcr_ext_is_sticky&quot;:&quot;false&quot;}\">\n\t\t\t\t\t<div class=\"e-con-inner\">\n\t\t<div class=\"elementor-element elementor-element-8243a83 e-con-full e-flex e-con e-child\" data-id=\"8243a83\" data-element_type=\"container\" data-e-type=\"container\" data-settings=\"{&quot;glcr_ext_is_sticky&quot;:&quot;false&quot;}\">\n\t\t\t\t<div class=\"elementor-element elementor-element-e00cf48 elementor-invisible elementor-widget elementor-widget-image\" data-id=\"e00cf48\" data-element_type=\"widget\" data-e-type=\"widget\" data-settings=\"{&quot;_animation&quot;:&quot;fadeInUp&quot;,&quot;glcr_ext_is_infinite&quot;:&quot;false&quot;,&quot;glcr_ext_is_scrollme&quot;:&quot;false&quot;}\" data-widget_type=\"image.default\">\n\t\t\t\t<div class=\"elementor-widget-container\">\n\t\t\t\t\t\t\t\t\t\t\t\t\t\t\t<img fetchpriority=\"high\" decoding=\"async\" width=\"512\" height=\"512\" src=\"https:\/\/anthonyrojo.com\/wp-content\/uploads\/2024\/03\/cropped-Logo-Anthony-Rojo-Photographe-Bordeaux3.png\" class=\"attachment-large size-large wp-image-2445\" alt=\"\" srcset=\"https:\/\/anthonyrojo.com\/wp-content\/uploads\/2024\/03\/cropped-Logo-Anthony-Rojo-Photographe-Bordeaux3.png 512w, https:\/\/anthonyrojo.com\/wp-content\/uploads\/2024\/03\/cropped-Logo-Anthony-Rojo-Photographe-Bordeaux3-300x300.png 300w, https:\/\/anthonyrojo.com\/wp-content\/uploads\/2024\/03\/cropped-Logo-Anthony-Rojo-Photographe-Bordeaux3-150x150.png 150w, https:\/\/anthonyrojo.com\/wp-content\/uploads\/2024\/03\/cropped-Logo-Anthony-Rojo-Photographe-Bordeaux3-90x90.png 90w, https:\/\/anthonyrojo.com\/wp-content\/uploads\/2024\/03\/cropped-Logo-Anthony-Rojo-Photographe-Bordeaux3-270x270.png 270w, https:\/\/anthonyrojo.com\/wp-content\/uploads\/2024\/03\/cropped-Logo-Anthony-Rojo-Photographe-Bordeaux3-192x192.png 192w, https:\/\/anthonyrojo.com\/wp-content\/uploads\/2024\/03\/cropped-Logo-Anthony-Rojo-Photographe-Bordeaux3-180x180.png 180w, https:\/\/anthonyrojo.com\/wp-content\/uploads\/2024\/03\/cropped-Logo-Anthony-Rojo-Photographe-Bordeaux3-32x32.png 32w\" sizes=\"(max-width: 512px) 100vw, 512px\" \/>\t\t\t\t\t\t\t\t\t\t\t\t\t\t\t<\/div>\n\t\t\t\t<\/div>\n\t\t\t\t<div class=\"elementor-element elementor-element-7000767 elementor-invisible elementor-widget elementor-widget-glcr_animated_content\" data-id=\"7000767\" data-element_type=\"widget\" data-e-type=\"widget\" data-settings=\"{&quot;_animation&quot;:&quot;fadeInUp&quot;,&quot;glcr_ext_is_infinite&quot;:&quot;false&quot;,&quot;glcr_ext_is_scrollme&quot;:&quot;false&quot;}\" data-widget_type=\"glcr_animated_content.default\">\n\t\t\t\t<div class=\"elementor-widget-container\">\n\t\t\t\t\t<div class=\"glcr-animated-content glcr--animated-by-letter glcr--alignment-center glcr-scroll--load glcr--appear-from-bottom\"><h2 class=\"glcr-ac-title\"><span class=\"glcr-ac-word-holder\">Bienvenue<\/span> <span class=\"glcr-ac-word-holder\">!<\/span><\/h2><\/div>\t\t\t\t<\/div>\n\t\t\t\t<\/div>\n\t\t\t\t<div class=\"elementor-element elementor-element-6258972 elementor-invisible elementor-widget elementor-widget-glcr_animated_content\" data-id=\"6258972\" data-element_type=\"widget\" data-e-type=\"widget\" data-settings=\"{&quot;_animation&quot;:&quot;fadeInUp&quot;,&quot;glcr_ext_is_infinite&quot;:&quot;false&quot;,&quot;glcr_ext_is_scrollme&quot;:&quot;false&quot;}\" data-widget_type=\"glcr_animated_content.default\">\n\t\t\t\t<div class=\"elementor-widget-container\">\n\t\t\t\t\t<div class=\"glcr-animated-content glcr--alignment-center glcr-scroll--load glcr--appear-from-bottom\"><div class=\"glcr-ac-title\">Je suis Anthony Rojo, photographe et graphiste bas\u00e9 \u00e0 Bordeaux et en Haute Gironde sp\u00e9cialis\u00e9 dans les reportages photos, notamment dans le milieu culturel ! \n<\/div><\/div>\t\t\t\t<\/div>\n\t\t\t\t<\/div>\n\t\t\t\t<div class=\"elementor-element elementor-element-860b972 elementor-invisible elementor-widget elementor-widget-glcr_animated_content\" data-id=\"860b972\" data-element_type=\"widget\" data-e-type=\"widget\" data-settings=\"{&quot;_animation&quot;:&quot;fadeInUp&quot;,&quot;glcr_ext_is_infinite&quot;:&quot;false&quot;,&quot;glcr_ext_is_scrollme&quot;:&quot;false&quot;}\" data-widget_type=\"glcr_animated_content.default\">\n\t\t\t\t<div class=\"elementor-widget-container\">\n\t\t\t\t\t<div class=\"glcr-animated-content glcr--alignment-center glcr-scroll--load glcr--appear-from-bottom\"><div class=\"glcr-ac-title\">Mon parcours d\u00e9bute sous l'\u00e8re de la photographie argentique, et de la transition de ce m\u00e9tier vers le num\u00e9rique. Photographe pour la presse quotidienne durant de nombreuses ann\u00e9es, j'ai eu le privil\u00e8ge de photographier de nombreux spectacles, expositions et \u00e9v\u00e9nements en lien direct avec les actrices et les acteurs du monde culturel sur le territoire de la Nouvelle-Aquitaine.\n<\/div><\/div>\t\t\t\t<\/div>\n\t\t\t\t<\/div>\n\t\t\t\t<div class=\"elementor-element elementor-element-809a661 elementor-invisible elementor-widget elementor-widget-glcr_animated_content\" data-id=\"809a661\" data-element_type=\"widget\" data-e-type=\"widget\" data-settings=\"{&quot;_animation&quot;:&quot;fadeInUp&quot;,&quot;glcr_ext_is_infinite&quot;:&quot;false&quot;,&quot;glcr_ext_is_scrollme&quot;:&quot;false&quot;}\" data-widget_type=\"glcr_animated_content.default\">\n\t\t\t\t<div class=\"elementor-widget-container\">\n\t\t\t\t\t<div class=\"glcr-animated-content glcr--alignment-center glcr-scroll--load glcr--appear-from-bottom\"><div class=\"glcr-ac-title\">Depuis une quinzaine d'ann\u00e9es, je d\u00e9veloppe \u00e9galement ma cr\u00e9ativit\u00e9 comme graphiste\/photographe pour des collectivit\u00e9s territoriales afin de cr\u00e9er du contenu pour leurs diff\u00e9rents supports : maquettes \/ motion design \/ photographies \/ vid\u00e9os...<\/div><\/div>\t\t\t\t<\/div>\n\t\t\t\t<\/div>\n\t\t\t\t<div class=\"elementor-element elementor-element-82e57a0 elementor-invisible elementor-widget elementor-widget-glcr_animated_content\" data-id=\"82e57a0\" data-element_type=\"widget\" data-e-type=\"widget\" data-settings=\"{&quot;_animation&quot;:&quot;fadeInUp&quot;,&quot;glcr_ext_is_infinite&quot;:&quot;false&quot;,&quot;glcr_ext_is_scrollme&quot;:&quot;false&quot;}\" data-widget_type=\"glcr_animated_content.default\">\n\t\t\t\t<div class=\"elementor-widget-container\">\n\t\t\t\t\t<div class=\"glcr-animated-content glcr--alignment-center glcr-scroll--load glcr--appear-from-bottom\"><div class=\"glcr-ac-title\">Vous \u00eates un.e Responsable de communication, un.e Community manager une entreprise ou bien un M\u00e9dia je vous apporte mon expertise pour valoriser vos actions et vos \u00e9v\u00e9nements et r\u00e9pondre ainsi aux besoins photographiques de vos diff\u00e9rents supports.\n<\/div><\/div>\t\t\t\t<\/div>\n\t\t\t\t<\/div>\n\t\t\t\t<\/div>\n\t\t<div class=\"elementor-element elementor-element-0d390fd e-con-full e-flex e-con e-child\" data-id=\"0d390fd\" data-element_type=\"container\" data-e-type=\"container\" data-settings=\"{&quot;glcr_ext_is_sticky&quot;:&quot;false&quot;}\">\n\t\t\t\t<div class=\"elementor-element elementor-element-a2e3a85 elementor-invisible elementor-widget elementor-widget-image\" data-id=\"a2e3a85\" data-element_type=\"widget\" data-e-type=\"widget\" data-settings=\"{&quot;_animation&quot;:&quot;fadeInUp&quot;,&quot;glcr_ext_is_infinite&quot;:&quot;false&quot;,&quot;glcr_ext_is_scrollme&quot;:&quot;false&quot;}\" data-widget_type=\"image.default\">\n\t\t\t\t<div class=\"elementor-widget-container\">\n\t\t\t\t\t\t\t\t\t\t\t\t\t\t\t\t<a href=\"https:\/\/anthonyrojo.com\/wp-content\/uploads\/2024\/05\/Anthony-Portrait-Carre.jpg\" data-elementor-open-lightbox=\"yes\" data-e-action-hash=\"#elementor-action%3Aaction%3Dlightbox%26settings%3DeyJpZCI6NjQ2OCwidXJsIjoiaHR0cHM6XC9cL2FudGhvbnlyb2pvLmNvbVwvd3AtY29udGVudFwvdXBsb2Fkc1wvMjAyNFwvMDVcL0FudGhvbnktUG9ydHJhaXQtQ2FycmUuanBnIn0%3D\">\n\t\t\t\t\t\t\t<img decoding=\"async\" width=\"1024\" height=\"1024\" data-src=\"https:\/\/anthonyrojo.com\/wp-content\/uploads\/2024\/05\/Anthony-Portrait-Carre-1024x1024.jpg\" class=\"attachment-large size-large wp-image-6468 lazyload\" alt=\"\" data-srcset=\"https:\/\/anthonyrojo.com\/wp-content\/uploads\/2024\/05\/Anthony-Portrait-Carre-1024x1024.jpg 1024w, https:\/\/anthonyrojo.com\/wp-content\/uploads\/2024\/05\/Anthony-Portrait-Carre-300x300.jpg 300w, https:\/\/anthonyrojo.com\/wp-content\/uploads\/2024\/05\/Anthony-Portrait-Carre-150x150.jpg 150w, https:\/\/anthonyrojo.com\/wp-content\/uploads\/2024\/05\/Anthony-Portrait-Carre-768x768.jpg 768w, https:\/\/anthonyrojo.com\/wp-content\/uploads\/2024\/05\/Anthony-Portrait-Carre-90x90.jpg 90w, https:\/\/anthonyrojo.com\/wp-content\/uploads\/2024\/05\/Anthony-Portrait-Carre-750x750.jpg 750w, https:\/\/anthonyrojo.com\/wp-content\/uploads\/2024\/05\/Anthony-Portrait-Carre-1300x1300.jpg 1300w, https:\/\/anthonyrojo.com\/wp-content\/uploads\/2024\/05\/Anthony-Portrait-Carre.jpg 1500w\" data-sizes=\"(max-width: 1024px) 100vw, 1024px\" src=\"data:image\/svg+xml;base64,PHN2ZyB3aWR0aD0iMSIgaGVpZ2h0PSIxIiB4bWxucz0iaHR0cDovL3d3dy53My5vcmcvMjAwMC9zdmciPjwvc3ZnPg==\" style=\"--smush-placeholder-width: 1024px; --smush-placeholder-aspect-ratio: 1024\/1024;\" \/>\t\t\t\t\t\t\t\t<\/a>\n\t\t\t\t\t\t\t\t\t\t\t\t\t\t\t<\/div>\n\t\t\t\t<\/div>\n\t\t\t\t<div class=\"elementor-element elementor-element-483c61d elementor-invisible elementor-widget elementor-widget-glcr_animated_content\" data-id=\"483c61d\" data-element_type=\"widget\" data-e-type=\"widget\" data-settings=\"{&quot;_animation&quot;:&quot;fadeInUp&quot;,&quot;glcr_ext_is_infinite&quot;:&quot;false&quot;,&quot;glcr_ext_is_scrollme&quot;:&quot;false&quot;}\" data-widget_type=\"glcr_animated_content.default\">\n\t\t\t\t<div class=\"elementor-widget-container\">\n\t\t\t\t\t<div class=\"glcr-animated-content glcr--alignment-center glcr-scroll--load glcr--appear-from-bottom\"><h6 class=\"glcr-ac-title\">Mon objectif : susciter l'interet de votre public avec la symbiose de l\u2019information et de l\u2019esthetique photographique.<\/h6><\/div>\t\t\t\t<\/div>\n\t\t\t\t<\/div>\n\t\t\t\t<\/div>\n\t\t\t\t\t<\/div>\n\t\t\t\t<\/div>\n\t\t<div class=\"elementor-element elementor-element-beeac55 e-flex e-con-boxed e-con e-parent\" data-id=\"beeac55\" data-element_type=\"container\" data-e-type=\"container\" data-settings=\"{&quot;background_background&quot;:&quot;classic&quot;,&quot;glcr_ext_is_sticky&quot;:&quot;false&quot;}\">\n\t\t\t\t\t<div class=\"e-con-inner\">\n\t\t<div class=\"elementor-element elementor-element-606584d e-con-full e-flex e-con e-child\" data-id=\"606584d\" data-element_type=\"container\" data-e-type=\"container\" data-settings=\"{&quot;background_background&quot;:&quot;classic&quot;,&quot;glcr_ext_is_sticky&quot;:&quot;false&quot;}\">\n\t\t\t\t<div class=\"elementor-element elementor-element-eb724a6 elementor-view-default elementor-invisible elementor-widget elementor-widget-icon\" data-id=\"eb724a6\" data-element_type=\"widget\" data-e-type=\"widget\" data-settings=\"{&quot;_animation&quot;:&quot;fadeIn&quot;,&quot;glcr_ext_is_infinite&quot;:&quot;false&quot;,&quot;glcr_ext_is_scrollme&quot;:&quot;false&quot;}\" data-widget_type=\"icon.default\">\n\t\t\t\t<div class=\"elementor-widget-container\">\n\t\t\t\t\t\t\t<div class=\"elementor-icon-wrapper\">\n\t\t\t<div class=\"elementor-icon\">\n\t\t\t<svg aria-hidden=\"true\" class=\"e-font-icon-svg e-fas-circle\" viewBox=\"0 0 512 512\" xmlns=\"http:\/\/www.w3.org\/2000\/svg\"><path d=\"M256 8C119 8 8 119 8 256s111 248 248 248 248-111 248-248S393 8 256 8z\"><\/path><\/svg>\t\t\t<\/div>\n\t\t<\/div>\n\t\t\t\t\t\t<\/div>\n\t\t\t\t<\/div>\n\t\t\t\t<div class=\"elementor-element elementor-element-d58e9ba elementor-widget__width-initial glcr-title-orientation--horizontal glcr-title-align-left elementor-widget elementor-widget-glcr_title\" data-id=\"d58e9ba\" data-element_type=\"widget\" data-e-type=\"widget\" data-settings=\"{&quot;glcr_ext_is_infinite&quot;:&quot;false&quot;,&quot;glcr_ext_is_scrollme&quot;:&quot;false&quot;}\" data-widget_type=\"glcr_title.default\">\n\t\t\t\t<div class=\"elementor-widget-container\">\n\t\t\t\t\t<div class=\"glcr-title glcr-title-default glcr-scroll--load\"><div class=\"glcr-title-subtitle\"><span>Etude<\/span><\/div><h3 class=\"glcr-title-heading\">C.A.P. Photographie<\/h3><\/div>\t\t\t\t<\/div>\n\t\t\t\t<\/div>\n\t\t\t\t<\/div>\n\t\t<div class=\"elementor-element elementor-element-29fb606 e-con-full e-flex e-con e-child\" data-id=\"29fb606\" data-element_type=\"container\" data-e-type=\"container\" data-settings=\"{&quot;background_background&quot;:&quot;classic&quot;,&quot;glcr_ext_is_sticky&quot;:&quot;false&quot;}\">\n\t\t\t\t<div class=\"elementor-element elementor-element-1e2d6f8 elementor-view-default elementor-invisible elementor-widget elementor-widget-icon\" data-id=\"1e2d6f8\" data-element_type=\"widget\" data-e-type=\"widget\" data-settings=\"{&quot;_animation&quot;:&quot;fadeIn&quot;,&quot;_animation_delay&quot;:200,&quot;glcr_ext_is_infinite&quot;:&quot;false&quot;,&quot;glcr_ext_is_scrollme&quot;:&quot;false&quot;}\" data-widget_type=\"icon.default\">\n\t\t\t\t<div class=\"elementor-widget-container\">\n\t\t\t\t\t\t\t<div class=\"elementor-icon-wrapper\">\n\t\t\t<div class=\"elementor-icon\">\n\t\t\t<svg aria-hidden=\"true\" class=\"e-font-icon-svg e-fas-circle\" viewBox=\"0 0 512 512\" xmlns=\"http:\/\/www.w3.org\/2000\/svg\"><path d=\"M256 8C119 8 8 119 8 256s111 248 248 248 248-111 248-248S393 8 256 8z\"><\/path><\/svg>\t\t\t<\/div>\n\t\t<\/div>\n\t\t\t\t\t\t<\/div>\n\t\t\t\t<\/div>\n\t\t\t\t<div class=\"elementor-element elementor-element-445d3ce glcr-title-orientation--horizontal glcr-title-align-left elementor-widget elementor-widget-glcr_title\" data-id=\"445d3ce\" data-element_type=\"widget\" data-e-type=\"widget\" data-settings=\"{&quot;glcr_ext_is_infinite&quot;:&quot;false&quot;,&quot;glcr_ext_is_scrollme&quot;:&quot;false&quot;}\" data-widget_type=\"glcr_title.default\">\n\t\t\t\t<div class=\"elementor-widget-container\">\n\t\t\t\t\t<div class=\"glcr-title glcr-title-default glcr-scroll--load\"><div class=\"glcr-title-subtitle\"><span>Etude<\/span><\/div><h3 class=\"glcr-title-heading\">D.U.T. Communication<\/h3><\/div>\t\t\t\t<\/div>\n\t\t\t\t<\/div>\n\t\t\t\t<\/div>\n\t\t<div class=\"elementor-element elementor-element-03b7a2b e-con-full e-flex e-con e-child\" data-id=\"03b7a2b\" data-element_type=\"container\" data-e-type=\"container\" data-settings=\"{&quot;background_background&quot;:&quot;classic&quot;,&quot;glcr_ext_is_sticky&quot;:&quot;false&quot;}\">\n\t\t\t\t<div class=\"elementor-element elementor-element-9455d5a elementor-view-default elementor-invisible elementor-widget elementor-widget-icon\" data-id=\"9455d5a\" data-element_type=\"widget\" data-e-type=\"widget\" data-settings=\"{&quot;_animation&quot;:&quot;fadeIn&quot;,&quot;_animation_delay&quot;:300,&quot;glcr_ext_is_infinite&quot;:&quot;false&quot;,&quot;glcr_ext_is_scrollme&quot;:&quot;false&quot;}\" data-widget_type=\"icon.default\">\n\t\t\t\t<div class=\"elementor-widget-container\">\n\t\t\t\t\t\t\t<div class=\"elementor-icon-wrapper\">\n\t\t\t<div class=\"elementor-icon\">\n\t\t\t<svg aria-hidden=\"true\" class=\"e-font-icon-svg e-fas-circle\" viewBox=\"0 0 512 512\" xmlns=\"http:\/\/www.w3.org\/2000\/svg\"><path d=\"M256 8C119 8 8 119 8 256s111 248 248 248 248-111 248-248S393 8 256 8z\"><\/path><\/svg>\t\t\t<\/div>\n\t\t<\/div>\n\t\t\t\t\t\t<\/div>\n\t\t\t\t<\/div>\n\t\t\t\t<div class=\"elementor-element elementor-element-cc5142b glcr-title-orientation--horizontal glcr-title-align-left elementor-widget elementor-widget-glcr_title\" data-id=\"cc5142b\" data-element_type=\"widget\" data-e-type=\"widget\" data-settings=\"{&quot;glcr_ext_is_infinite&quot;:&quot;false&quot;,&quot;glcr_ext_is_scrollme&quot;:&quot;false&quot;}\" data-widget_type=\"glcr_title.default\">\n\t\t\t\t<div class=\"elementor-widget-container\">\n\t\t\t\t\t<div class=\"glcr-title glcr-title-default glcr-scroll--load\"><div class=\"glcr-title-subtitle\"><span>+ de 20 ans d'exp\u00e9rience<\/span><\/div><h3 class=\"glcr-title-heading\">photographe de reportage \/ presse et freelance<\/h3><\/div>\t\t\t\t<\/div>\n\t\t\t\t<\/div>\n\t\t\t\t<\/div>\n\t\t<div class=\"elementor-element elementor-element-f103cd5 e-con-full e-flex e-con e-child\" data-id=\"f103cd5\" data-element_type=\"container\" data-e-type=\"container\" data-settings=\"{&quot;background_background&quot;:&quot;classic&quot;,&quot;glcr_ext_is_sticky&quot;:&quot;false&quot;}\">\n\t\t\t\t<div class=\"elementor-element elementor-element-5e28fcc elementor-view-default elementor-invisible elementor-widget elementor-widget-icon\" data-id=\"5e28fcc\" data-element_type=\"widget\" data-e-type=\"widget\" data-settings=\"{&quot;_animation&quot;:&quot;fadeIn&quot;,&quot;_animation_delay&quot;:400,&quot;glcr_ext_is_infinite&quot;:&quot;false&quot;,&quot;glcr_ext_is_scrollme&quot;:&quot;false&quot;}\" data-widget_type=\"icon.default\">\n\t\t\t\t<div class=\"elementor-widget-container\">\n\t\t\t\t\t\t\t<div class=\"elementor-icon-wrapper\">\n\t\t\t<div class=\"elementor-icon\">\n\t\t\t<svg aria-hidden=\"true\" class=\"e-font-icon-svg e-fas-circle\" viewBox=\"0 0 512 512\" xmlns=\"http:\/\/www.w3.org\/2000\/svg\"><path d=\"M256 8C119 8 8 119 8 256s111 248 248 248 248-111 248-248S393 8 256 8z\"><\/path><\/svg>\t\t\t<\/div>\n\t\t<\/div>\n\t\t\t\t\t\t<\/div>\n\t\t\t\t<\/div>\n\t\t\t\t<div class=\"elementor-element elementor-element-52a027f glcr-title-orientation--horizontal glcr-title-align-left elementor-widget elementor-widget-glcr_title\" data-id=\"52a027f\" data-element_type=\"widget\" data-e-type=\"widget\" data-settings=\"{&quot;glcr_ext_is_infinite&quot;:&quot;false&quot;,&quot;glcr_ext_is_scrollme&quot;:&quot;false&quot;}\" data-widget_type=\"glcr_title.default\">\n\t\t\t\t<div class=\"elementor-widget-container\">\n\t\t\t\t\t<div class=\"glcr-title glcr-title-default glcr-scroll--load\"><div class=\"glcr-title-subtitle\"><span>+ de 15 ans d'exp\u00e9rience<\/span><\/div><h3 class=\"glcr-title-heading\">photographe \/ graphiste pour des collectivites et des associations<\/h3><\/div>\t\t\t\t<\/div>\n\t\t\t\t<\/div>\n\t\t\t\t<\/div>\n\t\t\t\t\t<\/div>\n\t\t\t\t<\/div>\n\t\t<div class=\"elementor-element elementor-element-2d6aeac e-flex e-con-boxed e-con e-parent\" data-id=\"2d6aeac\" data-element_type=\"container\" data-e-type=\"container\" data-settings=\"{&quot;background_background&quot;:&quot;classic&quot;,&quot;glcr_ext_is_sticky&quot;:&quot;false&quot;}\">\n\t\t\t\t\t<div class=\"e-con-inner\">\n\t\t<div class=\"elementor-element elementor-element-4d1ad45 e-con-full e-flex e-con e-child\" data-id=\"4d1ad45\" data-element_type=\"container\" data-e-type=\"container\" data-settings=\"{&quot;glcr_ext_is_sticky&quot;:&quot;false&quot;}\">\n\t\t\t\t<div class=\"elementor-element elementor-element-3e4a11e elementor-widget elementor-widget-glcr_animated_content\" data-id=\"3e4a11e\" data-element_type=\"widget\" data-e-type=\"widget\" data-settings=\"{&quot;glcr_ext_is_infinite&quot;:&quot;false&quot;,&quot;glcr_ext_is_scrollme&quot;:&quot;false&quot;}\" data-widget_type=\"glcr_animated_content.default\">\n\t\t\t\t<div class=\"elementor-widget-container\">\n\t\t\t\t\t<div class=\"glcr-animated-content glcr--animated-by-letter glcr--alignment-center glcr-scroll--load glcr--appear-from-bottom\"><h6 class=\"glcr-ac-title\"><span class=\"glcr-ac-word-holder\">Expositions<\/span><\/h6><\/div>\t\t\t\t<\/div>\n\t\t\t\t<\/div>\n\t\t\t\t<div class=\"elementor-element elementor-element-9b6777a elementor-widget elementor-widget-text-editor\" data-id=\"9b6777a\" data-element_type=\"widget\" data-e-type=\"widget\" data-settings=\"{&quot;glcr_ext_is_infinite&quot;:&quot;false&quot;,&quot;glcr_ext_is_scrollme&quot;:&quot;false&quot;}\" data-widget_type=\"text-editor.default\">\n\t\t\t\t<div class=\"elementor-widget-container\">\n\t\t\t\t\t\t\t\t\t<p style=\"text-align: center; margin: 0;\"><a href=\"https:\/\/anthonyrojo.com\/?page_id=6794\" target=\"_blank\" rel=\"noopener\"><span style=\"color: #004388;\"><strong>&gt; PASSIONS SINGULI\u00c8RES, UN AUTRE REGARD SUR L&rsquo;AUTISME<\/strong><\/span><\/a><\/p><p style=\"text-align: center; margin: 0;\"><i><span style=\"font-weight: 400;\">S\u00e9rie de portraits photo et vid\u00e9o de personnalit\u00e9s TSA (Trouble du Spectre de l\u2019Autisme) avec l\u2019objet de leur passion pour mettre en lumi\u00e8re leur singularit\u00e9 et leur talent. En partenariat avec l\u2019association LINK LIBOURNE et sa pr\u00e9sidente Sophie Raoult.<\/span><\/i><\/p><p style=\"text-align: center; margin: 0;\"><i><span style=\"font-weight: 400;\"><strong><br \/>M\u00e9diath\u00e8que \u00e0 Libourne<\/strong><br \/>&#8211; 11 et 18 avril 2026 dans le cadre de la Quinzaine du Vivre Ensemble<\/span><\/i><\/p><p style=\"text-align: center; margin: 0;\"><i><span style=\"font-weight: 400;\"><strong>\u00a0<\/strong><\/span><\/i><\/p><p style=\"text-align: center; margin: 0;\"><i><span style=\"font-weight: 400;\"><strong>Cap Sciences \u00e0 Bordeaux<\/strong> <br \/>&#8211; 11 et 12 octobre 2025 dans le cadre de la F\u00eate de la science<\/span><\/i><\/p><p style=\"text-align: center; margin: 0;\"><i><span style=\"font-weight: 400;\"><strong><br \/>Th\u00e9\u00e2tre Le Liburnia \u00e0 Libourne<\/strong> <br \/>&#8211; 5 avril 2025 dans le cadre du Festival Le Spectre Artistique<\/span><\/i><\/p><p style=\"text-align: center; margin: 0;\"><span style=\"color: #004388;\"><strong>\u00a0<\/strong><\/span><\/p><p style=\"text-align: center; margin: 0;\"><span style=\"color: #004388;\"><strong>&gt; <a style=\"color: #004388;\" href=\"https:\/\/bordeauxartcontemporain.com\/evenement\/regards\/\" target=\"_blank\" rel=\"noopener\"><i>REGARDS des photographes sur la cr\u00e9ation contemporaine bordelaise, dans le cadre du Mois de la photo \u00e0 Bordeaux<\/i><\/a><\/strong><\/span><\/p><p style=\"text-align: center; margin: 0;\"><i><b>&#8211; 10 avril au 15 mai 2025, Atelier les Glaci\u00e8res \u00e0 Bordeaux<\/b><\/i><\/p><p style=\"text-align: center; margin: 0;\"><i><span style=\"font-weight: 400;\">Exposition collective organis\u00e9e par le \u201cGroupe des cinq\u201d. D\u00e9couvrir l&rsquo;art contemporain \u00e0 Bordeaux \u00e0 travers les regards d&rsquo;artistes qui capturent des \u0153uvres embl\u00e9matiques de la ville sous un angle innovant, m\u00ealant photographie, sculpture et installation.<\/span><\/i><\/p><p style=\"text-align: center; margin: 0;\"><span style=\"color: #004388;\"><strong><br \/>&gt; <a style=\"color: #004388;\" href=\"https:\/\/maisoneco.bordeaux-metropole.fr\/mini-expo-sur-les-murs-de-la-maison-les-abeilles-sauvages-jusquau-24-octobre-2021\" target=\"_blank\" rel=\"noopener\">LES ABEILLES SAUVAGES<\/a><\/strong><\/span><\/p><p style=\"text-align: center; margin: 0;\"><em><b>&#8211; 14 ao\u00fbt au 24 octobre 2021, Maison \u00c9cocitoyenne, Bordeaux.\u00a0<\/b><\/em><\/p><p style=\"text-align: center; margin: 0;\"><em>Exposition p\u00e9dagogique r\u00e9alis\u00e9e par la Maison \u00e9cocitoyenne et Bordeaux M\u00e9tropole. Graphisme et photographies.<\/em><\/p><p style=\"text-align: center; margin: 0;\"><strong><span style=\"color: #004388;\">\u00a0<\/span><\/strong><\/p><p style=\"text-align: center; margin: 0;\"><strong><span style=\"color: #004388;\">&gt; <a style=\"color: #004388;\" href=\"https:\/\/vimeo.com\/122294854\" target=\"_blank\" rel=\"noopener\">IMPROBABILIS, LE V\u00c9G\u00c9TAL SOUS LES OBUS<\/a><\/span><\/strong><\/p><p style=\"text-align: center; margin: 0;\"><em>Exposition photographique r\u00e9alis\u00e9e en collaboration avec le paysagiste DPLG et botaniste Nicolas Deshais-Fernandez. En partenariat avec la Base sous-marine de Bordeaux, le Jardin botanique de Bordeaux, Darwin \u00c9cosyst\u00e8me, Bordeaux M\u00e9tropole et TBM.<\/em><\/p><p style=\"text-align: center; margin: 0;\"><strong>\u00a0<\/strong><\/p><p style=\"text-align: center; margin: 0;\"><strong>H\u00f4tel de Coulanges &#8211; Paris<\/strong>\u00a0<\/p><p style=\"text-align: center; margin: 0;\"><em>&#8211; du 9 au 20 septembre 2021 dans le cadre de la Paris Design Week<\/em><\/p><p style=\"text-align: center; margin: 0;\"><strong>\u00a0<\/strong><\/p><p style=\"text-align: center; margin: 0;\"><strong>Jardin d&rsquo;agronomie tropicale &#8211; Paris<\/strong>\u00a0<\/p><p style=\"text-align: center; margin: 0;\"><em>&#8211; du 29 au 30 septembre 2018 dans le cadre de la manifestation V&rsquo;\u00eele Fertile<\/em><\/p><p style=\"text-align: center; margin: 0;\"><em><a href=\"https:\/\/umcebo.com\/la-galerie\/\"><strong>Galerie Umcebo &#8211; Paris<\/strong><\/a>\u00a0<\/em><\/p><p style=\"text-align: center; margin: 0;\"><em>&#8211; du 29 mai au 13 juillet 2018<\/em><\/p><p style=\"text-align: center; margin: 0;\"><em>\u00a0<\/em><\/p><p style=\"text-align: center; margin: 0;\"><em><strong><a href=\"http:\/\/urlz.fr\/5Jb6\">Jardin botanique &#8211; Saint-Jean de Luz<\/a><\/strong>\u00a0<\/em><\/p><p style=\"text-align: center; margin: 0;\"><em>&#8211; du 9 septembre au 29 octobre 2017<\/em><\/p><p style=\"text-align: center; margin: 0;\"><em>\u00a0<\/em><\/p><p style=\"text-align: center; margin: 0;\"><em><strong><a href=\"https:\/\/www.google.fr\/url?sa=t&amp;rct=j&amp;q=&amp;esrc=s&amp;source=web&amp;cd=1&amp;ved=0ahUKEwjrmrmGrZzUAhVKXhoKHUR7AAoQFggqMAA&amp;url=http%3A%2F%2Fwww.bouscat.fr%2Ffileadmin%2Fuser_upload%2Ffichiers%2FPUBLICATION%2Fvie_de_la_cite%2FBOUSCAT_La_Source_Programme_A-M-J_17_Web.pdf&amp;usg=AFQjCNE3xybMHLsgSNHF1RhvDPNz9Fpd5Q&amp;sig2=f7gldMlIGm_XvvV1wSrnvg&amp;cad=rja\" target=\"_blank\" rel=\"noopener\">La Maison de la vie \u00e9cocitoyenne &#8211; Le Bouscat<\/a><\/strong>\u00a0<\/em><\/p><p style=\"text-align: center; margin: 0;\"><em>&#8211; Mai 2017<\/em><\/p><p style=\"text-align: center; margin: 0;\"><em>\u00a0<\/em><\/p><p style=\"text-align: center; margin: 0;\"><em><strong><a href=\"https:\/\/www.facebook.com\/events\/361894934207799\/\" target=\"_blank\" rel=\"noopener\">L&rsquo;Ourcq Blanc &#8211; Paris<\/a><\/strong>\u00a0<\/em><\/p><p style=\"text-align: center; margin: 0;\"><em>&#8211; 20\/21\/22 avril 2017<\/em><\/p><p style=\"text-align: center; margin: 0;\"><em>\u00a0<\/em><\/p><p style=\"text-align: center; margin: 0;\"><em><strong><a href=\"http:\/\/www.bassins-a-flot.fr\/la-maison-du-projet-vous-accueille\/\" target=\"_blank\" rel=\"noopener\">Maison du projet des Bassins \u00e0 flot &#8211; Bordeaux<\/a><\/strong>\u00a0<\/em><\/p><p style=\"text-align: center; margin: 0;\"><em>&#8211; du 12 septembre au 20 octobre 2016<\/em><\/p><p style=\"text-align: center; margin: 0;\"><em><strong>\u00a0<\/strong><\/em><\/p><p style=\"text-align: center; margin: 0;\"><em><strong>Atelier Meraki &#8211; Paris<\/strong>\u00a0<\/em><\/p><p style=\"text-align: center; margin: 0;\"><em>&#8211; du 16 au 18 octobre 2015,\u00a0<\/em><\/p><p style=\"text-align: center; margin: 0;\"><em>exposition collective pour le <a href=\"https:\/\/www.facebook.com\/events\/688330287970634\/\" target=\"_blank\" rel=\"noopener\">PLI Festival<\/a><\/em><\/p><p style=\"text-align: center; margin: 0;\"><em><strong>\u00a0<\/strong><\/em><\/p><p style=\"text-align: center; margin: 0;\"><em><strong>Base sous-marine &#8211; Bordeaux<\/strong>\u00a0<\/em><\/p><p style=\"text-align: center; margin: 0;\"><em>&#8211; du 5 juin au 15 juillet 2015,\u00a0<\/em><\/p><p style=\"text-align: center; margin: 0;\"><em>exposition collective pour Jardin d\u00e9voil\u00e9 de la Base sous-marine<\/em><\/p><p style=\"text-align: center; margin: 0;\"><em><strong>\u00a0<\/strong><\/em><\/p><p style=\"text-align: center; margin: 0;\"><em><strong>Jardin botanique &#8211; Bordeaux<\/strong>\u00a0<\/em><\/p><p style=\"text-align: center; margin: 0;\"><em>&#8211; du 2 juin au 1er novembre 2015,\u00a0<\/em><\/p><p style=\"text-align: center; margin: 0;\"><em>exposition personnelle durant 5 mois<\/em><\/p><p style=\"text-align: center; margin: 0;\"><strong><span style=\"color: #004388;\">\u00a0<\/span><\/strong><\/p><p style=\"text-align: center; margin: 0;\"><strong><span style=\"color: #004388;\">&gt; ICI D&rsquo;EXPO<\/span><\/strong><\/p><p style=\"text-align: center; margin: 0;\"><em><b>&#8211; Mars\/Avril 2014,\u00a0<\/b><\/em><\/p><p style=\"text-align: center; margin: 0;\"><em>exposition de la s\u00e9rie \u00ab\u00a0Il \u00e9tait une fois\u00a0\u00bb salle Espace Aquitaine<\/em><\/p><p style=\"text-align: center; margin: 0;\"><strong><span style=\"color: #004388;\">\u00a0<\/span><\/strong><\/p><p style=\"text-align: center; margin: 0;\"><strong><span style=\"color: #004388;\">&gt; EXP\u00c9RIENCE N\u00b02 : M\u00c9TAMORPHOSE<\/span><\/strong><\/p><p style=\"text-align: center; margin: 0;\"><em><b>&#8211; du 27 juin au 26 septembre 2013\u00a0<\/b><\/em><\/p><p style=\"text-align: center; margin: 0;\"><em>au CCAS de Bordeaux, 74 cours Saint-Louis<\/em><\/p><p style=\"text-align: center; margin: 0;\"><strong><span style=\"color: #004388;\">\u00a0<\/span><\/strong><\/p><p style=\"text-align: center; margin: 0;\"><strong><span style=\"color: #004388;\">&gt; PLURI[ELLES] &#8211; LA CR\u00c9ATION AU F\u00c9MININ<\/span><\/strong><\/p><p style=\"text-align: center; margin: 0;\"><em><b>&#8211; du 8 au 23 mars 2013\u00a0<\/b><\/em><\/p><p style=\"text-align: center; margin: 0;\"><em>au Centre d&rsquo;Animation de Saint-Michel\u00a0<\/em><em style=\"font-size: 13px;\">(Commande de la Mairie de Bordeaux pour la Journ\u00e9e internationale des droits des Femmes)<\/em><\/p><p style=\"text-align: center; margin: 0;\"><span style=\"color: #004388;\"><strong>\u00a0<\/strong><\/span><\/p><p style=\"text-align: center; margin: 0;\"><span style=\"color: #004388;\"><strong>&gt; SOIR\u00c9E DE LANCEMENT LE BEAU M<\/strong><\/span><\/p><p style=\"text-align: center; margin: 0;\"><em><b>&#8211; Janvier\/Mars 2013,\u00a0<\/b><\/em><\/p><p style=\"text-align: center; margin: 0;\"><em>\u00e0 l&rsquo;Oenolimit, Bordeaux<\/em><\/p><p style=\"text-align: center; margin: 0;\"><strong><span style=\"color: #004388;\">\u00a0<\/span><\/strong><\/p><p style=\"text-align: center; margin: 0;\"><strong><span style=\"color: #004388;\">&gt; <a style=\"color: #004388;\" href=\"http:\/\/anthonyrojo.canalblog.com\/archives\/2012\/10\/03\/25233038.html\" target=\"_blank\" rel=\"noopener\">LES MERCREDIS PHOTOGRAPHIQUES<\/a><\/span><\/strong><\/p><p style=\"text-align: center; margin: 0;\"><em><b>&#8211; Octobre 2012,\u00a0<\/b><\/em><\/p><p style=\"text-align: center; margin: 0;\"><em>s\u00e9rie \u00ab\u00a0Barcelona\u00a0\u00bb, Maison de la Photo, Bordeaux<\/em><\/p><p style=\"text-align: center; margin: 0;\"><span style=\"color: #004388;\"><strong>\u00a0<\/strong><\/span><\/p><p style=\"text-align: center; margin: 0;\"><span style=\"color: #004388;\"><strong>&gt; OPUS BOH\u00c8ME<\/strong><\/span><\/p><p style=\"text-align: center; margin: 0;\"><em><b>&#8211; Septembre 2012,<\/b> Journ\u00e9es du patrimoine,\u00a0<\/em><\/p><p style=\"text-align: center; margin: 0;\"><em>exposition collective \u00ab\u00a0Mais qu&rsquo;est-ce qui se tram\u00a0\u00bb, \u00e0 D\u00e9p\u00f4ts TBC<\/em><br \/><em><b>&#8211; Juin 2012,<\/b> exposition collective \u00ab\u00a0Quel beau M\u00a0\u00bb, au Pearl<\/em><br \/><em>&#8211; Avril 2012, exposition collective \u00ab\u00a0Mais qu&rsquo;est-ce qui se tram\u00a0\u00bb, \u00e0 L&rsquo;\u00c9picure<\/em><\/p><p style=\"text-align: center; margin: 0;\"><strong><span style=\"color: #004388;\">\u00a0<\/span><\/strong><\/p><p style=\"text-align: center; margin: 0;\"><strong><span style=\"color: #004388;\">&gt; LA LIBERT\u00c9 DANS LA VILLE<\/span><\/strong><\/p><p style=\"text-align: center; margin: 0;\"><em><b>&#8211; Avril 2012, <\/b>exposition collective Espace Beaurepaire, Paris<\/em><\/p><p style=\"text-align: center; margin: 0;\"><strong><span style=\"color: #004388;\">\u00a0<\/span><\/strong><\/p><p style=\"text-align: center; margin: 0;\"><strong><span style=\"color: #004388;\">&gt; SWING ART FESTIVAL<\/span><\/strong><\/p><p style=\"text-align: center; margin: 0;\"><em><b>&#8211; F\u00e9vrier 2012, <\/b>exposition collective, Halle des Chartrons, Bordeaux<\/em><\/p><p style=\"text-align: center; margin: 0;\"><strong><span style=\"color: #004388;\">\u00a0<\/span><\/strong><\/p><p style=\"text-align: center; margin: 0;\"><strong><span style=\"color: #004388;\">&gt; <a style=\"color: #004388;\" href=\"http:\/\/anthonyrojo.canalblog.com\/archives\/2012\/02\/14\/23506417.html\" target=\"_blank\" rel=\"noopener\">PARIS, JE T&rsquo;AIME<\/a><\/span><\/strong><\/p><p style=\"text-align: center; margin: 0;\"><em><b>&#8211; F\u00e9vrier 2012, <\/b>exposition collective Parcours artistique, Paris<\/em><\/p>\t\t\t\t\t\t\t\t<\/div>\n\t\t\t\t<\/div>\n\t\t\t\t<\/div>\n\t\t<div class=\"elementor-element elementor-element-a397cb2 e-con-full e-flex e-con e-child\" data-id=\"a397cb2\" data-element_type=\"container\" data-e-type=\"container\" data-settings=\"{&quot;glcr_ext_is_sticky&quot;:&quot;false&quot;}\">\n\t\t\t\t<div class=\"elementor-element elementor-element-030b241 elementor-widget elementor-widget-glcr_animated_content\" data-id=\"030b241\" data-element_type=\"widget\" data-e-type=\"widget\" data-settings=\"{&quot;glcr_ext_is_infinite&quot;:&quot;false&quot;,&quot;glcr_ext_is_scrollme&quot;:&quot;false&quot;}\" data-widget_type=\"glcr_animated_content.default\">\n\t\t\t\t<div class=\"elementor-widget-container\">\n\t\t\t\t\t<div class=\"glcr-animated-content glcr--animated-by-letter glcr--alignment-center glcr-scroll--load glcr--appear-from-bottom\"><h6 class=\"glcr-ac-title\"><span class=\"glcr-ac-word-holder\">Publications<\/span><\/h6><\/div>\t\t\t\t<\/div>\n\t\t\t\t<\/div>\n\t\t\t\t<div class=\"elementor-element elementor-element-70da20a elementor-widget elementor-widget-text-editor\" data-id=\"70da20a\" data-element_type=\"widget\" data-e-type=\"widget\" data-settings=\"{&quot;glcr_ext_is_infinite&quot;:&quot;false&quot;,&quot;glcr_ext_is_scrollme&quot;:&quot;false&quot;}\" data-widget_type=\"text-editor.default\">\n\t\t\t\t<div class=\"elementor-widget-container\">\n\t\t\t\t\t\t\t\t\t<p style=\"text-align: center; margin: 0;\"><strong><span style=\"color: #004388;\">LIVRES<\/span><\/strong><\/p><p style=\"text-align: center; margin: 0;\"><em>&gt; <a href=\"https:\/\/www.mollat.com\/livres\/2423972\/deshais-fernandez-nicolas-improbabilis-le-vegetal-sous-les-obus\" target=\"_blank\" rel=\"noopener\">Improbabilis le v\u00e9g\u00e9tal sous les obus &#8211; Edition Hakea Collina<\/a><\/em><\/p><p style=\"text-align: center; margin: 0;\"><em>&gt; <a href=\"https:\/\/www.mollat.com\/livres\/1778470\/resonances-daniele-martinez-et-la-base-sous-marine-2000-2015-bordeaux\" target=\"_blank\" rel=\"noopener\">R\u00e9sonances, Dani\u00e8le Martinez et la Base sous marine &#8211; Edition AEdition<\/a><\/em><\/p><p style=\"text-align: center; margin: 0;\"><strong><span style=\"color: #004388;\">\u00a0<\/span><\/strong><em><a href=\"https:\/\/wildproject.org\/livres\/refuges-periurbains\" target=\"_blank\" rel=\"noopener\">&gt; <i><span style=\"font-weight: 400;\">Refuges p\u00e9riurbains : Un art \u00e0 habiter &#8211; Edition Wildproject<\/span><\/i><\/a><\/em><\/p><p style=\"text-align: center; margin: 0;\"><strong><span style=\"color: #004388;\"><br \/>PRESSE<\/span><\/strong><\/p><p style=\"text-align: center; margin: 0;\"><em>&gt; <a href=\"https:\/\/rue89bordeaux.com\/2025\/09\/avec-company-brillant-musical-sur-le-couple-bordeaux-prend-enfin-un-air-de-broadway\/\" target=\"_blank\" rel=\"noopener\">Rue89 Bordeaux<\/a><\/em><\/p><p style=\"text-align: center; margin: 0;\"><em>&gt; <a href=\"http:\/\/www.sudouest.fr\/\" target=\"_blank\" rel=\"noopener\">Sud-Ouest<\/a><\/em><\/p><p style=\"text-align: center; margin: 0;\"><em>&gt; <a href=\"https:\/\/www.hautegironde.fr\/\" target=\"_blank\" rel=\"noopener\">Haute-Gironde<\/a><\/em><\/p><p style=\"text-align: center; margin: 0;\"><em>&gt; <a href=\"https:\/\/lopinion.com\/articles\/culture\/22248_toulouse-halle-de-la-machine-programme-printemps\" target=\"_blank\" rel=\"noopener\">L&rsquo;opinion<\/a><\/em><\/p><p style=\"text-align: center; margin: 0;\"><em>&gt; <a href=\"http:\/\/www.bordeaux7.com\/\" target=\"_blank\" rel=\"noopener\">DirectMatinBordeaux7<\/a><\/em><\/p><p style=\"text-align: center; margin: 0;\"><em>&gt; Aqui.fr Magazine<\/em><\/p><p style=\"text-align: center; margin: 0;\"><em>&gt; <a href=\"http:\/\/tempsreel.nouvelobs.com\/\" target=\"_blank\" rel=\"noopener\">Le Nouvel Observateur<\/a><\/em><\/p><p style=\"text-align: center; margin: 0;\"><em>&gt; TMV La Rochelle<br \/>&gt; Radio Classique<br \/>&gt; <a href=\"https:\/\/www.diapasonmag.fr\/critiques\/a-bordeaux-lode-a-la-nature-de-la-flute-enchantee-63288.html#item=2\" target=\"_blank\" rel=\"noopener\">Diapason<\/a><br \/>&gt; <a href=\"https:\/\/www.olyrix.com\/articles\/production\/8883\/la-flute-enchantee-mozart-duval-opera-bordeaux-25-mars-2026-article-critique-compte-rendu-swensen-duval-orchestre-national-aquitaine-choeur-jeune-academie-vocale-caputo-mancini-villalon-knecht-teitgen-dolie-baez-vidal-rabec-goussot-cirel-defontenay\" target=\"_blank\" rel=\"noopener\">Olyrix<\/a><\/em><\/p><p style=\"text-align: center; margin: 0;\"><em>&gt; <a href=\"https:\/\/www.transfuge.fr\/2026\/03\/26\/une-flute-enchantee-a-bordeaux\/\" target=\"_blank\" rel=\"noopener\">Transfuge<\/a><\/em><\/p><p style=\"text-align: center; margin: 0;\"><em>&gt; <a href=\"https:\/\/www.classykeo.com\/2026\/03\/26\/une-flute-initiatique-enchante-bordeaux\/\" target=\"_blank\" rel=\"noopener\">Classykeo<\/a><\/em><\/p><p style=\"text-align: center; margin: 0;\"><em>&gt; <a href=\"https:\/\/www.premiereloge-opera.com\/article\/compte-rendu\/production\/2026\/03\/29\/flute-enchantee-bordeaux-critique-omar-mancini-elena-villalon-thomas-dolie-jean-teitgen-julia-knecht-marie-petit-despierres-mathias-vidal-joseph-swensen-julien-duval\/\" target=\"_blank\" rel=\"noopener\">Premiere loge<\/a><\/em><\/p><p style=\"text-align: center; margin: 0;\"><strong><span style=\"color: #004388;\">\u00a0<\/span><\/strong><\/p><p style=\"text-align: center; margin: 0;\"><strong><span style=\"color: #004388;\">EDITION<\/span><\/strong><\/p><p style=\"text-align: center; margin: 0;\"><em>&gt; Book MAGIs<\/em><\/p><p style=\"text-align: center; margin: 0;\"><em>&gt; PLI, revue d&rsquo;architecture et d&rsquo;\u00e9dition<\/em><\/p><p style=\"text-align: center; margin: 0;\"><em>&gt; Le Beau M<\/em><\/p><p style=\"text-align: center; margin: 0;\"><strong><span style=\"color: #004388;\">\u00a0<\/span><\/strong><\/p><p style=\"text-align: center; margin: 0;\"><strong><span style=\"color: #004388;\">MAGAZINES<\/span><\/strong><\/p><p style=\"text-align: center; margin: 0;\"><em>&gt; <a href=\"http:\/\/www.sudouest.fr\/lemag\/\" target=\"_blank\" rel=\"noopener\">Sud-Ouest Magazine<\/a><\/em><br \/><em>&gt; Magazine JUNKPAGE<\/em><br \/><em>&gt; <a href=\"http:\/\/www.elle.fr\/\" target=\"_blank\" rel=\"noopener\">Magazine ELLE<\/a><\/em><br \/><em>&gt; Bordeaux Magazine<\/em><br \/><em>&gt; <a href=\"http:\/\/www.maison-deco.com\/magazine-art-decoration\" target=\"_blank\" rel=\"noopener\">Art et d\u00e9coration<\/a><\/em><br \/><em>&gt; <a href=\"http:\/\/facesb.fr\/\" target=\"_blank\" rel=\"noopener\">Faces B<\/a><\/em><br \/><em>&gt; <a href=\"http:\/\/www.journal-du-design.fr\/art\/improbabilis-le-vegetal-sous-les-obus-61418\/\" target=\"_blank\" rel=\"noopener\">Le journal du design<\/a><\/em><br \/><em>&gt; <a href=\"https:\/\/www.facebook.com\/VivreBordeaux\/\" target=\"_blank\" rel=\"noopener\">Vivre Bordeaux<\/a><\/em><br \/><em>&gt; Journal de Bordeaux M\u00e9tropole<\/em><br \/><em>&gt; Bordeaux D\u00e9lices<\/em><\/p><p style=\"text-align: center; margin: 0;\"><a href=\"https:\/\/www.saintandredecubzac.fr\/\" target=\"_blank\" rel=\"noopener\"><em>&gt; <i><span style=\"font-weight: 400;\">Saint-Andr\u00e9-de-Cubzac &amp; Vous<\/span><\/i><\/em><\/a><br \/><em>&gt; Objectif Aquitaine<\/em><br \/><em>&gt; What Magazine<\/em><br \/><em>&gt; <a href=\"http:\/\/espritmetis.wordpress.com\/magazines-en-ligne\/\" target=\"_blank\" rel=\"noopener\">Esprit Metis<\/a><\/em><br \/><em>&gt; HAPPE:N &#8211; Webzine Culturel<\/em><br \/><em>&gt; Venir \u00e0 bordeaux.com<\/em><br \/><em>&gt; &#8230;<\/em><\/p>\t\t\t\t\t\t\t\t<\/div>\n\t\t\t\t<\/div>\n\t\t\t\t<\/div>\n\t\t\t\t\t<\/div>\n\t\t\t\t<\/div>\n\t\t\t\t<\/div>\n\t\t","protected":false},"excerpt":{"rendered":"<p>Bienvenue ! Je suis Anthony Rojo, photographe et graphiste bas\u00e9 \u00e0 Bordeaux et en Haute Gironde sp\u00e9cialis\u00e9 dans les reportages photos, notamment dans le milieu culturel ! Mon parcours d\u00e9bute sous l&rsquo;\u00e8re de la photographie argentique, et de la transition de ce m\u00e9tier vers le num\u00e9rique. Photographe pour la presse [&hellip;]<\/p>\n","protected":false},"author":1,"featured_media":0,"parent":0,"menu_order":0,"comment_status":"closed","ping_status":"closed","template":"elementor_header_footer","meta":{"footnotes":""},"class_list":["post-2380","page","type-page","status-publish","hentry"],"_links":{"self":[{"href":"https:\/\/anthonyrojo.com\/index.php?rest_route=\/wp\/v2\/pages\/2380","targetHints":{"allow":["GET"]}}],"collection":[{"href":"https:\/\/anthonyrojo.com\/index.php?rest_route=\/wp\/v2\/pages"}],"about":[{"href":"https:\/\/anthonyrojo.com\/index.php?rest_route=\/wp\/v2\/types\/page"}],"author":[{"embeddable":true,"href":"https:\/\/anthonyrojo.com\/index.php?rest_route=\/wp\/v2\/users\/1"}],"replies":[{"embeddable":true,"href":"https:\/\/anthonyrojo.com\/index.php?rest_route=%2Fwp%2Fv2%2Fcomments&post=2380"}],"version-history":[{"count":390,"href":"https:\/\/anthonyrojo.com\/index.php?rest_route=\/wp\/v2\/pages\/2380\/revisions"}],"predecessor-version":[{"id":7879,"href":"https:\/\/anthonyrojo.com\/index.php?rest_route=\/wp\/v2\/pages\/2380\/revisions\/7879"}],"wp:attachment":[{"href":"https:\/\/anthonyrojo.com\/index.php?rest_route=%2Fwp%2Fv2%2Fmedia&parent=2380"}],"curies":[{"name":"wp","href":"https:\/\/api.w.org\/{rel}","templated":true}]}}